{"id":509,"date":"2016-07-12T19:10:19","date_gmt":"2016-07-12T19:10:19","guid":{"rendered":"http:\/\/www.fvr.edu.br\/fvr\/site\/?page_id=509"},"modified":"2025-10-23T17:48:21","modified_gmt":"2025-10-23T20:48:21","slug":"pedagogia","status":"publish","type":"page","link":"https:\/\/portal.unisepe.com.br\/saolourenco\/pedagogia\/","title":{"rendered":"Pedagogia"},"content":{"rendered":"<p style=\"text-align: justify;\"><strong><img loading=\"lazy\" decoding=\"async\" class=\" wp-image-256 alignleft\" src=\"http:\/\/portal.unisepe.com.br\/saolourenco\/wp-content\/uploads\/sites\/10005\/2018\/09\/logo_pedagogia.png\" alt=\"pedagogia\" width=\"135\" height=\"124\" \/>Concep\u00e7\u00e3o do curso<\/strong><\/p>\n<p style=\"text-align: justify;\">O Curso de Pedagogia oferece a seus licenciados a habilita\u00e7\u00e3o em Educa\u00e7\u00e3o Infantil e habilita\u00e7\u00e3o para o Ensino Fundamental nas s\u00e9ries iniciais e disciplinas pedag\u00f3gicas. O curso visa a forma\u00e7\u00e3o do profissional para atuar plenamente na fun\u00e7\u00e3o de Pedagogo.<br \/>\nDentro dos objetivos que regem o Curso de Pedagogia do\u00a0<span data-teams=\"true\">Centro Universit\u00e1rio<\/span> S\u00e3o Louren\u00e7o est\u00e1 a miss\u00e3o de preparar os profissionais que, na escola ou em outros espa\u00e7os de atua\u00e7\u00e3o pedag\u00f3gica, possam assumir a responsabilidade de auxiliar na educa\u00e7\u00e3o dos cidad\u00e3os.<br \/>\nO Curso prop\u00f5e que os pressupostos te\u00f3ricos devem ser buscados, discutidos e analisados em suas implica\u00e7\u00f5es e contextos de origem para que possam ser repensados e utilizados na multiplicidade das pr\u00e1ticas pedag\u00f3gicas para as quais os educadores s\u00e3o exigidos na contemporaneidade.<br \/>\nEntende tamb\u00e9m que a pr\u00e1tica pedag\u00f3gica \u00e9 fonte inesgot\u00e1vel de gera\u00e7\u00e3o de novos conhecimentos e novas teorias e, para tanto, promove incentivos na \u00e1rea de pesquisa educacional, inserindo seus alunos em projetos multidisciplinares para a busca de novos conhecimentos, na perspectiva de que ensino e pesquisa caminham juntos, entrela\u00e7ados e interdependentes.<br \/>\nAtrav\u00e9s da proposi\u00e7\u00e3o de atividades diversificadas como mesas redondas, semin\u00e1rios, visitas t\u00e9cnicas e produ\u00e7\u00e3o cient\u00edfica, o curso contempla uma abordagem din\u00e2mica de seus conte\u00fados, como o pr\u00f3prio processo pedag\u00f3gico deve ser.<br \/>\nO Curso de Pedagogia do\u00a0<span data-teams=\"true\">Centro Universit\u00e1rio<\/span> S\u00e3o Louren\u00e7o destaca, enfim, que a faculdade, apesar de ser o locus privilegiado da aquisi\u00e7\u00e3o e constru\u00e7\u00e3o do conhecimento, n\u00e3o deve se encastelar em seus muros, mas abrir-se para a comunidade participando e promovendo parcerias, eventos, debates e projetos que possam contribuir com o desenvolvimento e a forma\u00e7\u00e3o de profissionais da educa\u00e7\u00e3o atuantes na regi\u00e3o, no Estado e no Pa\u00eds.<\/p>\n<p>&nbsp;<\/p>\n<p><iframe loading=\"lazy\" title=\"PEDAGOGIA - FSL\" width=\"500\" height=\"281\" src=\"https:\/\/www.youtube.com\/embed\/vY5UxvsAgQA?feature=oembed\" frameborder=\"0\" allow=\"accelerometer; autoplay; clipboard-write; encrypted-media; gyroscope; picture-in-picture; web-share\" referrerpolicy=\"strict-origin-when-cross-origin\" allowfullscreen><\/iframe><\/p>\n<p><strong>SAIBA MAIS &#8230;<\/strong><\/p>\n<p><iframe loading=\"lazy\" title=\"PEDAGOGIA SL 2020\" width=\"500\" height=\"281\" src=\"https:\/\/www.youtube.com\/embed\/Z8ypTqRqC-A?feature=oembed\" frameborder=\"0\" allow=\"accelerometer; autoplay; clipboard-write; encrypted-media; gyroscope; picture-in-picture; web-share\" referrerpolicy=\"strict-origin-when-cross-origin\" allowfullscreen><\/iframe><\/p>\n<p>&nbsp;<\/p>\n<h3>Voc\u00ea tamb\u00e9m pode ser parte desta hist\u00f3ria de sucesso! Venha para a UniSL.<\/h3>\n<p><iframe loading=\"lazy\" title=\"Story Marcelo Fernandes  - Pedagogia\" width=\"500\" height=\"281\" src=\"https:\/\/www.youtube.com\/embed\/hGQJsFAmFik?feature=oembed\" frameborder=\"0\" allow=\"accelerometer; autoplay; clipboard-write; encrypted-media; gyroscope; picture-in-picture; web-share\" referrerpolicy=\"strict-origin-when-cross-origin\" allowfullscreen><\/iframe><\/p>\n","protected":false},"excerpt":{"rendered":"<p>Concep\u00e7\u00e3o do curso O Curso de Pedagogia oferece a seus licenciados a habilita\u00e7\u00e3o em Educa\u00e7\u00e3o Infantil e habilita\u00e7\u00e3o para o Ensino Fundamental nas s\u00e9ries iniciais e disciplinas pedag\u00f3gicas. O curso visa a forma\u00e7\u00e3o do profissional para atuar plenamente na fun\u00e7\u00e3o de Pedagogo. Dentro dos objetivos que regem o Curso de<\/p>\n","protected":false},"author":1,"featured_media":0,"parent":0,"menu_order":0,"comment_status":"closed","ping_status":"closed","template":"templates\/template-curso_menu_vertical.php","meta":{"footnotes":""},"categories":[],"tags":[],"class_list":["post-509","page","type-page","status-publish","hentry"],"_links":{"self":[{"href":"https:\/\/portal.unisepe.com.br\/saolourenco\/wp-json\/wp\/v2\/pages\/509","targetHints":{"allow":["GET"]}}],"collection":[{"href":"https:\/\/portal.unisepe.com.br\/saolourenco\/wp-json\/wp\/v2\/pages"}],"about":[{"href":"https:\/\/portal.unisepe.com.br\/saolourenco\/wp-json\/wp\/v2\/types\/page"}],"author":[{"embeddable":true,"href":"https:\/\/portal.unisepe.com.br\/saolourenco\/wp-json\/wp\/v2\/users\/1"}],"replies":[{"embeddable":true,"href":"https:\/\/portal.unisepe.com.br\/saolourenco\/wp-json\/wp\/v2\/comments?post=509"}],"version-history":[{"count":4,"href":"https:\/\/portal.unisepe.com.br\/saolourenco\/wp-json\/wp\/v2\/pages\/509\/revisions"}],"predecessor-version":[{"id":6829,"href":"https:\/\/portal.unisepe.com.br\/saolourenco\/wp-json\/wp\/v2\/pages\/509\/revisions\/6829"}],"wp:attachment":[{"href":"https:\/\/portal.unisepe.com.br\/saolourenco\/wp-json\/wp\/v2\/media?parent=509"}],"wp:term":[{"taxonomy":"category","embeddable":true,"href":"https:\/\/portal.unisepe.com.br\/saolourenco\/wp-json\/wp\/v2\/categories?post=509"},{"taxonomy":"post_tag","embeddable":true,"href":"https:\/\/portal.unisepe.com.br\/saolourenco\/wp-json\/wp\/v2\/tags?post=509"}],"curies":[{"name":"wp","href":"https:\/\/api.w.org\/{rel}","templated":true}]}}