{"id":6070,"date":"2019-11-28T11:33:07","date_gmt":"2019-11-28T14:33:07","guid":{"rendered":"http:\/\/portal.unisepe.com.br\/unifia\/?page_id=6070"},"modified":"2019-11-28T11:35:20","modified_gmt":"2019-11-28T14:35:20","slug":"o-que-fazer-curso-tecnico-ou-faculdade","status":"publish","type":"page","link":"https:\/\/portal.unisepe.com.br\/unifia\/o-que-fazer-curso-tecnico-ou-faculdade\/","title":{"rendered":"O que fazer? Curso t\u00e9cnico ou Faculdade?"},"content":{"rendered":"<p><a href=\"http:\/\/portal.unisepe.com.br\/unifia\/wp-content\/uploads\/sites\/10001\/2019\/11\/33.png\"><img loading=\"lazy\" decoding=\"async\" src=\"http:\/\/portal.unisepe.com.br\/unifia\/wp-content\/uploads\/sites\/10001\/2019\/11\/33.png\" alt=\"\" width=\"500\" height=\"375\" class=\"size-full wp-image-6071 aligncenter\" srcset=\"https:\/\/portal.unisepe.com.br\/unifia\/wp-content\/uploads\/sites\/10001\/2019\/11\/33.png 500w, https:\/\/portal.unisepe.com.br\/unifia\/wp-content\/uploads\/sites\/10001\/2019\/11\/33-300x225.png 300w\" sizes=\"auto, (max-width: 500px) 100vw, 500px\" \/><\/a><\/p>\n<p>&nbsp;<\/p>\n<p><span>Para responder esta pergunta e fazer a escolha certa, voc\u00ea precisa saber EXATAMENTE\u00a0<\/span><b>qual a diferen\u00e7a entre um curso t\u00e9cnico e uma faculdade.<\/b><\/p>\n<p><span>Vamos l\u00e1!<\/span><\/p>\n<p>&nbsp;<\/p>\n<h4><b>CURSO T\u00c9CNICO<\/b><\/h4>\n<p><span>O\u00a0<\/span><a href=\"https:\/\/www.fiec.com.br\/\"><b>curso t\u00e9cnico<\/b><\/a><span>\u00a0\u00e9 de n\u00edvel\u00a0<\/span><b>M\u00c9DIO<\/b><span>, portanto\u00a0<\/span><b>N\u00c3O<\/b><span>\u00a0\u00e9 considerada\u00a0<\/span><b>uma gradua\u00e7\u00e3o<\/b><span>\u00a0(faculdade) e essa \u00e9 sua principal desvantagem em rela\u00e7\u00e3o ao Ensino Superior, pois n\u00e3o te permitir\u00e1 avan\u00e7ar e fazer, por exemplo, uma p\u00f3s-gradua\u00e7\u00e3o em seguida.\u00a0<\/span><\/p>\n<p><span>A dura\u00e7\u00e3o do curso t\u00e9cnico varia entre dois meses a tr\u00eas anos.\u00a0<\/span><\/p>\n<p><span>Existem tr\u00eas modalidades diferentes:\u00a0<\/span><\/p>\n<p><b>Curso t\u00e9cnico integrado \u2013<span>\u00a0<\/span><\/b><span>Algumas institui\u00e7\u00f5es de ensino oferecem o curso t\u00e9cnico junto do Ensino M\u00e9dio, portanto voc\u00ea cursa as duas coisas ao mesmo tempo, o que pode ser um diferencial para quem nunca trabalhou e est\u00e1 tentando ingressar no mercado de trabalho. Voc\u00ea precisa ter conclu\u00eddo o Ensino Fundamental para faz\u00ea-lo.\u00a0\u00a0<\/span><\/p>\n<p><b>Curso t\u00e9cnico concomitante \u2013<span>\u00a0<\/span><\/b><span>Neste caso, voc\u00ea estuda o Ensino M\u00e9dio numa escola e num determinado per\u00edodo e o Ensino T\u00e9cnico em outra institui\u00e7\u00e3o e em outro hor\u00e1rio. Para isso, voc\u00ea precisa, pelo menos, estar matriculado no primeiro ano do Ensino M\u00e9dio.\u00a0<\/span><\/p>\n<p><b>Curso t\u00e9cnico profissionalizante ou subsequente \u2013<span>\u00a0<\/span><\/b><span>Para este, voc\u00ea precisa ter conclu\u00eddo o Ensino M\u00e9dio. A dura\u00e7\u00e3o \u00e9 de, no m\u00e1ximo, dois anos divididos em m\u00f3dulos.\u00a0<\/span><\/p>\n<p><span>Em todos os casos, o objetivo \u00e9 a PROFISSIONALIZA\u00c7\u00c3O.<\/span><\/p>\n<h4><b>FACULDADE<\/b><\/h4>\n<p><a href=\"https:\/\/www.faculdademax.edu.br\/cursos\/cursos\/graduacao\/?__hstc=78895947.80b1662c3b1f42eaba45f1af035fc725.1574884746192.1574897367084.1574951049908.3&amp;__hssc=78895947.1.1574951049908&amp;__hsfp=3145728963\"><b>Gradua\u00e7\u00e3o<\/b><\/a><span>\u00a0\u00e9 a faculdade! E por faculdade tamb\u00e9m pode ser entendida a parte f\u00edsica da institui\u00e7\u00e3o de ensino, onde s\u00e3o oferecidos diversos cursos de n\u00edvel\u00a0<\/span><b>SUPERIOR<\/b><span>.\u00a0\u00a0<\/span><\/p>\n<p><span>O que a faculdade prop\u00f5e: ajuda a desenvolver seu dom, seu talento, seu potencial para fazer algo com compet\u00eancia e habilidade\u00a0 em prol da sociedade e de seu projeto de vida.\u00a0<\/span><\/p>\n<p><span>A\u00a0<\/span><a href=\"http:\/\/faagroh.edu.br\/?__hstc=78895947.80b1662c3b1f42eaba45f1af035fc725.1574884746192.1574897367084.1574951049908.3&amp;__hssc=78895947.1.1574951049908&amp;__hsfp=3145728963\"><b>faculdade<\/b><\/a><span>, gradua\u00e7\u00e3o ou\u00a0<\/span><a href=\"http:\/\/www.faj.br\/?__hstc=78895947.80b1662c3b1f42eaba45f1af035fc725.1574884746192.1574897367084.1574951049908.3&amp;__hssc=78895947.1.1574951049908&amp;__hsfp=3145728963\"><b>Ensino Superior<\/b><\/a><span>\u00a0varia de dois a seis anos <\/span><span>. S\u00e3o in\u00fameros cursos nas \u00e1reas de Exatas, Humanas, Sa\u00fade, etc. e tamb\u00e9m encontra-se em tr\u00eas modalidades diferentes:<\/span><\/p>\n<h4><b>Bacharelado<\/b><\/h4>\n<p><span>O objetivo do bacharelado \u00e9 formar um profissional com conhecimentos s\u00f3lidos que se estendem a v\u00e1rios campos relacionadas \u00e0 sua \u00e1rea de forma\u00e7\u00e3o.\u00a0<\/span><\/p>\n<p><span>Os cursos de bacharelado s\u00e3o oferecidos tanto em faculdades p\u00fablicas como privadas, nos formatos presencial e\u00a0<\/span><a href=\"https:\/\/unija.edu.br\/?__hstc=78895947.80b1662c3b1f42eaba45f1af035fc725.1574884746192.1574897367084.1574951049908.3&amp;__hssc=78895947.1.1574951049908&amp;__hsfp=3145728963\"><b>\u00e0 dist\u00e2ncia<\/b><\/a><b>.<\/b><\/p>\n<h4><b>Licenciatura<\/b><\/h4>\n<p><span>O objetivo da licenciatura \u00e9 formar\u00a0professores e educadores, ou<\/span><span>\u00a0seja, profissionais focados na forma\u00e7\u00e3o de crian\u00e7as e adolescentes em escolas p\u00fablicas ou particulares no Ensino Fundamental ou M\u00e9dio, dependendo de sua \u00e1rea de atua\u00e7\u00e3o.\u00a0<\/span><\/p>\n<h4><b>Tecn\u00f3logo<\/b><\/h4>\n<p><span>Tecn\u00f3logo \u00e9 gradua\u00e7\u00e3o? \u00c9 sim<\/span><\/p>\n<p><span>Tecn\u00f3logo pode fazer p\u00f3s-gradua\u00e7\u00e3o? Pode sim<\/span><\/p>\n<p><span>Quem \u00e9 formado em Tecn\u00f3logo pode fazer MBA? Pode tamb\u00e9m!<\/span><\/p>\n<p><span>Quem fez tecn\u00f3logo pode fazer mestrado no exterior? Sim<\/span><\/p>\n<p><span>O curso tecn\u00f3logo \u00e9 de n\u00edvel\u00a0<\/span><b>SUPERIOR<span>\u00a0<\/span><\/b><span>e dura no m\u00e1ximo tr\u00eas anos. \u00c9 muito bem valorizado, pois \u00e9 voltado para atender as necessidades do mercado de trabalho.\u00a0<\/span><\/p>\n<p><span>Lembre-se: para cursar qualquer uma dessas modalidades, \u00e9 necess\u00e1rio ter conclu\u00eddo o Ensino M\u00e9dio.\u00a0<\/span><\/p>\n<p><span>Escolha o que melhor se encaixa com seu perfil ou com sua necessidade e v\u00e1 sem medo!<\/span><\/p>\n<p><a href=\"http:\/\/portal.unisepe.com.br\/unifia\/wp-content\/uploads\/sites\/10001\/2019\/11\/0001.png\"><img loading=\"lazy\" decoding=\"async\" src=\"http:\/\/portal.unisepe.com.br\/unifia\/wp-content\/uploads\/sites\/10001\/2019\/11\/0001.png\" alt=\"\" width=\"105\" height=\"114\" class=\"wp-image-6076 alignleft\" srcset=\"https:\/\/portal.unisepe.com.br\/unifia\/wp-content\/uploads\/sites\/10001\/2019\/11\/0001.png 491w, https:\/\/portal.unisepe.com.br\/unifia\/wp-content\/uploads\/sites\/10001\/2019\/11\/0001-277x300.png 277w\" sizes=\"auto, (max-width: 105px) 100vw, 105px\" \/><\/a><\/p>\n","protected":false},"excerpt":{"rendered":"<p>&nbsp; Para responder esta pergunta e fazer a escolha certa, voc\u00ea precisa saber EXATAMENTE\u00a0qual a diferen\u00e7a entre um curso t\u00e9cnico e uma faculdade. Vamos l\u00e1! &nbsp; CURSO T\u00c9CNICO O\u00a0curso t\u00e9cnico\u00a0\u00e9 de n\u00edvel\u00a0M\u00c9DIO, portanto\u00a0N\u00c3O\u00a0\u00e9 considerada\u00a0uma gradua\u00e7\u00e3o\u00a0(faculdade) e essa \u00e9 sua principal desvantagem em rela\u00e7\u00e3o ao Ensino Superior, pois n\u00e3o te permitir\u00e1<\/p>\n","protected":false},"author":2,"featured_media":0,"parent":0,"menu_order":0,"comment_status":"closed","ping_status":"closed","template":"","meta":{"footnotes":""},"categories":[],"tags":[],"class_list":["post-6070","page","type-page","status-publish","hentry"],"_links":{"self":[{"href":"https:\/\/portal.unisepe.com.br\/unifia\/wp-json\/wp\/v2\/pages\/6070","targetHints":{"allow":["GET"]}}],"collection":[{"href":"https:\/\/portal.unisepe.com.br\/unifia\/wp-json\/wp\/v2\/pages"}],"about":[{"href":"https:\/\/portal.unisepe.com.br\/unifia\/wp-json\/wp\/v2\/types\/page"}],"author":[{"embeddable":true,"href":"https:\/\/portal.unisepe.com.br\/unifia\/wp-json\/wp\/v2\/users\/2"}],"replies":[{"embeddable":true,"href":"https:\/\/portal.unisepe.com.br\/unifia\/wp-json\/wp\/v2\/comments?post=6070"}],"version-history":[{"count":4,"href":"https:\/\/portal.unisepe.com.br\/unifia\/wp-json\/wp\/v2\/pages\/6070\/revisions"}],"predecessor-version":[{"id":6077,"href":"https:\/\/portal.unisepe.com.br\/unifia\/wp-json\/wp\/v2\/pages\/6070\/revisions\/6077"}],"wp:attachment":[{"href":"https:\/\/portal.unisepe.com.br\/unifia\/wp-json\/wp\/v2\/media?parent=6070"}],"wp:term":[{"taxonomy":"category","embeddable":true,"href":"https:\/\/portal.unisepe.com.br\/unifia\/wp-json\/wp\/v2\/categories?post=6070"},{"taxonomy":"post_tag","embeddable":true,"href":"https:\/\/portal.unisepe.com.br\/unifia\/wp-json\/wp\/v2\/tags?post=6070"}],"curies":[{"name":"wp","href":"https:\/\/api.w.org\/{rel}","templated":true}]}}