{"id":7528,"date":"2022-01-03T15:55:23","date_gmt":"2022-01-03T18:55:23","guid":{"rendered":"https:\/\/portal.unisepe.com.br\/unifia\/?page_id=7528"},"modified":"2023-01-25T14:11:48","modified_gmt":"2023-01-25T17:11:48","slug":"ano-2022","status":"publish","type":"page","link":"https:\/\/portal.unisepe.com.br\/unifia\/direito-em-foco\/ano-2022\/","title":{"rendered":"Ano 2022"},"content":{"rendered":"<h6>Artigos<\/h6>\n<p>&nbsp;<\/p>\n<ul>\n<li><a href=\"https:\/\/portal.unisepe.com.br\/unifia\/wp-content\/uploads\/sites\/10001\/2022\/02\/EDUCA\u00c7\u00c3O-AMBIENTAL-E-O-DIREITO-AMBIENTAL-NA-AQUAPONIA-p\u00e1g-1-\u00e0-11.pdf\" target=\"_blank\" rel=\"noopener noreferrer\">EDUCA\u00c7\u00c3O AMBIENTAL E O DIREITO AMBIENTAL NA AQUAPONIA. &#8211; p\u00e1g 01 \u00e0 11<\/a><br \/>\n<em>Erick Willy Weissenberg Batista<br \/>\nSoraia Castellano.<\/em><\/li>\n<\/ul>\n<hr \/>\n<ul>\n<li><a href=\"https:\/\/portal.unisepe.com.br\/unifia\/wp-content\/uploads\/sites\/10001\/2022\/03\/TECENDO-REDES-GARANTINDO-DIREITOS-p\u00e1g-12-\u00e0-23.pdf\" target=\"_blank\" rel=\"noopener noreferrer\">TECENDO REDES, GARANTINDO DIREITOS. &#8211; p\u00e1g 12 \u00e0 23<\/a><br \/>\n<em>Jenifer Bicudo Ribeiro<br \/>\nJirlane S. V. de Almeida<br \/>\nSilmara Quintana.<\/em><\/li>\n<\/ul>\n<hr \/>\n<ul>\n<li><a href=\"https:\/\/portal.unisepe.com.br\/unifia\/wp-content\/uploads\/sites\/10001\/2022\/03\/A-EXCEPCIONALIDADE-DO-CONTROLE-JUDICIAL-SOBRE-O-M\u00c9RITO-ADMINISTRATIVO-ACOMETIDO-PELO-DESVIO-DE-FINALIDADE-E-O-CASO-\u201cALEXANDRE-RAMAGEM\u201d-p\u00e1g-24-a-47.pdf\" target=\"_blank\" rel=\"noopener noreferrer\">A EXCEPCIONALIDADE DO CONTROLE JUDICIAL SOBRE O M\u00c9RITO ADMINISTRATIVO ACOMETIDO PELO DESVIO DE FINALIDADE E O CASO \u201cALEXANDRE RAMAGEM\u201d &#8211; p\u00e1g 24 \u00e0 47<\/a><br \/>\n<em>Ryan Fonseca Theodoro<br \/>\nGeraldo Luiz Vianna<\/em><\/li>\n<\/ul>\n<hr \/>\n<ul>\n<li><a href=\"https:\/\/portal.unisepe.com.br\/unifia\/wp-content\/uploads\/sites\/10001\/2022\/06\/ANA-CATARINA-CARDOSO-A-CONSTRU\u00c7\u00c3O-DOS-DIREITOS-HUMANOS-DA-POPULA\u00c7\u00c3O-LGBTQIA-OS-DESAFIOS-PARA-O-SEU-RECONHECIMENTO-p\u00e1g-48-a-64.pdf\" target=\"_blank\" rel=\"noopener noreferrer\">A CONSTRU\u00c7\u00c3O DOS DIREITOS HUMANOS DA POPULA\u00c7\u00c3O LGBTQIA+: OS DESAFIOS PARA O SEU RECONHECIMENTO &#8211; p\u00e1g 48 \u00e0 64<\/a><br \/>\n<em>Ana Catarina Cardoso de Almeida<br \/>\nCaroline Alves Salvador<\/em><\/li>\n<\/ul>\n<hr \/>\n<ul>\n<li><a href=\"https:\/\/portal.unisepe.com.br\/unifia\/wp-content\/uploads\/sites\/10001\/2022\/06\/CINTHIA-MUNIZ-RIBEIRO-VIOL\u00caNCIA-OBST\u00c9TRICA-ARTIGO-p\u00e1g-65-a-83.pdf\" target=\"_blank\" rel=\"noopener noreferrer\">VIOL\u00caNCIA OBST\u00c9TRICA: BREVE AN\u00c1LISE DOS ASPECTOS JUR\u00cdDICOS DA RESPONSABILIDADE CIVIL A LUZ DOS DIREITOS FUNDAMENTAIS &#8211; p\u00e1g 65 \u00e0 83<\/a><br \/>\n<em>Cinthia Muniz Ribeiro<br \/>\nCaroline Alves Salvador<\/em><\/li>\n<\/ul>\n<hr \/>\n<ul>\n<li><a href=\"https:\/\/portal.unisepe.com.br\/unifia\/wp-content\/uploads\/sites\/10001\/2022\/06\/Cristiano-Jos\u00e9-Martins-de-Oliveira-Compet\u00eancia-pr\u00f3pria-de-arrecada\u00e7\u00e3o-tribut\u00e1ria-dos-munic\u00edpios-p\u00e1g-84-a-102.pdf\" target=\"_blank\" rel=\"noopener noreferrer\">COMPET\u00caNCIA PR\u00d3PRIA DE ARRECADA\u00c7\u00c3O TRIBUT\u00c1RIA DOS MUNIC\u00cdPIOS &#8211; p\u00e1g 84 \u00e0 102<\/a><br \/>\n<em>Cristiano Jos\u00e9 Martins de Oliveira<\/em><\/li>\n<\/ul>\n<hr \/>\n<ul>\n<li><a href=\"https:\/\/portal.unisepe.com.br\/unifia\/wp-content\/uploads\/sites\/10001\/2022\/06\/GABRIELA-RODRIGUES-BENEVIDES-ROCHE-A-I-LEGALIDADE-DA-INTERCEPTA\u00c7\u00c3O-TELEF\u00d4NICA-COMO-MEIO-DE-PROVA-NO-PROCESSO-PENAL-FRENTE-OS-DIREITOS-CONSTITUCIONAIS-p\u00e1g-103-a-114.pdf\" target=\"_blank\" rel=\"noopener noreferrer\">A (I) LEGALIDADE DA INTERCEPTA\u00c7\u00c3O TELEF\u00d4NICA COMO MEIO DE PROVA NO PROCESSO PENAL FRENTE OS DIREITOS CONSTITUCIONAIS &#8211; p\u00e1g 103 \u00e0 114<\/a><br \/>\n<em>Gabriela Rodrigues Benevides Roche<br \/>\nSoraia Castellano<\/em><\/li>\n<\/ul>\n<hr \/>\n<ul>\n<li><a href=\"https:\/\/portal.unisepe.com.br\/unifia\/wp-content\/uploads\/sites\/10001\/2022\/06\/GIOVANA-ALCINI-AZEVEDO-PRIVACIDADE-INFANTIL-NA-ERA-DIGITAL-E-A-PR\u00c1TICA-DO-SHARENTING-DESDOBRAMENTO-E-A-NECESSIDADE-DE-TUTELA-JUR\u00cdDICA-SOBRE-O-TEMA-p\u00e1g-115-a-131.pdf\" target=\"_blank\" rel=\"noopener noreferrer\">PRIVACIDADE INFANTIL NA ERA DIGITAL E A PR\u00c1TICA DO SHARENTING: DESDOBRAMENTOS E A NECESSIDADE DE TUTELA JUR\u00cdDICA SOBRE O TEMA &#8211; p\u00e1g 115 \u00e0 131<\/a><br \/>\n<em>Giovana Alcini Azevedo<br \/>\nDenis Carlos de Paula Arteaga<\/em><\/li>\n<\/ul>\n<hr \/>\n<ul>\n<li><a href=\"https:\/\/portal.unisepe.com.br\/unifia\/wp-content\/uploads\/sites\/10001\/2022\/06\/GISLAINE-DE-OLIVEIRA-GON\u00c7ALVES-PLURIPARENTALIDADE-E-SEUS-ASPECTOS-NA-DIN\u00c2MICA-FAMILIAR-P\u00d3S-MODERNA-p\u00e1g-132-a-144.pdf\" target=\"_blank\" rel=\"noopener noreferrer\">PLURIPARENTALIDADE E SEUS ASPECTOS NA DIN\u00c2MICA FAMILIAR P\u00d3S-MODERNA &#8211; p\u00e1g 132 \u00e0 144<\/a><br \/>\n<em>Gislaine de Oliveira Gon\u00e7alves<br \/>\nDenis Carlos de Paula Arteaga<\/em><\/li>\n<\/ul>\n<hr \/>\n<ul>\n<li><a href=\"https:\/\/portal.unisepe.com.br\/unifia\/wp-content\/uploads\/sites\/10001\/2022\/06\/GIULIA-CARNEIRO-DUARTE-A-GUARDA-COMPARTILHADA-COMO-MEIO-DE-PREVINIR-A-ALIENA\u00c7\u00c3O-PARENTAL-p\u00e1g-145-a-160.pdf\" target=\"_blank\" rel=\"noopener noreferrer\">A GUARDA COMPARTILHADA COMO MEIO DE PREVENIR A ALIENA\u00c7\u00c3O PARENTAL &#8211; p\u00e1g 145 \u00e0 160<\/a><br \/>\n<em>Giulia Carneiro Duarte<br \/>\nManoel Abrah\u00e3o Neto<\/em><\/li>\n<\/ul>\n<hr \/>\n<ul>\n<li><a href=\"https:\/\/portal.unisepe.com.br\/unifia\/wp-content\/uploads\/sites\/10001\/2022\/06\/JULIA-CRISTINA-GODKE-A-INFLU\u00caNCIA-DA-M\u00cdDIA-NAS-DECIS\u00d5ES-PROFERIDAS-PELO-TRIBUNAL-DO-J\u00daRI-p\u00e1g-161-a-174.pdf\" target=\"_blank\" rel=\"noopener noreferrer\">A INFLU\u00caNCIA DA M\u00cdDIA NAS DECIS\u00d5ES PROFERIDAS PELO TRIBUNAL DO J\u00daRI &#8211; p\u00e1g 161 \u00e0 174<\/a><br \/>\n<em>Julia Cristina Godke<br \/>\nSoraia Castellano<\/em><\/li>\n<\/ul>\n<hr \/>\n<ul>\n<li><a href=\"https:\/\/portal.unisepe.com.br\/unifia\/wp-content\/uploads\/sites\/10001\/2022\/06\/LUIZ-HIRAM-CAPOTE-FRAN\u00c7A-A-INEFIC\u00c1CIA-DOS-INSTRUMENTOS-DE-RESSOCIALIZA\u00c7\u00c3O-DO-SISTEMA-PENITENCI\u00c1RIO-BRASILEIRO-p\u00e1g-175-a-193.pdf\" target=\"_blank\" rel=\"noopener noreferrer\">A INEFIC\u00c1CIA DOS INSTRUMENTOS DE RESSOCIALIZA\u00c7\u00c3O DO SISTEMA PENITENCI\u00c1RIO BRASILEIRO &#8211; p\u00e1g 175 \u00e0 193<\/a><br \/>\n<em>Luiz Hiram Capote Fran\u00e7a<br \/>\nSoraia Castellano<\/em><\/li>\n<\/ul>\n<hr \/>\n<ul>\n<li><a href=\"https:\/\/portal.unisepe.com.br\/unifia\/wp-content\/uploads\/sites\/10001\/2022\/06\/MARCELO-AUGUSTO-MIYOSHI-CHAGAS-BITCOIN-COMO-SALVAGUARDA-AOS-DIREITOS-HUMANOS-p\u00e1g-194-a-205.pdf\" target=\"_blank\" rel=\"noopener noreferrer\">BITCOIN COMO SALVAGUARDA AOS DIREITOS HUMANOS &#8211; p\u00e1g 194 \u00e0 205<\/a><br \/>\n<em>Marcelo Augusto Miyoshi Chagas<br \/>\nRenaldo Rodrigues J\u00fanior<\/em><\/li>\n<\/ul>\n<hr \/>\n<ul>\n<li><a href=\"https:\/\/portal.unisepe.com.br\/unifia\/wp-content\/uploads\/sites\/10001\/2022\/06\/MARCOS-ROG\u00c9RIO-VIDIGAL-AS-IMPLICA\u00c7\u00d5ES-JUR\u00cdDICAS-DOS-ALIMENTOS-COMPENSAT\u00d3RIOS-p\u00e1g-206-a-222.pdf\" target=\"_blank\" rel=\"noopener noreferrer\">AS IMPLICA\u00c7\u00d5ES JUR\u00cdDICAS DOS ALIMENTOS COMPENSAT\u00d3RIOS E O DEVER DE M\u00daTUA ASSIST\u00caNCIA REC\u00cdPROCA ENTRE EX-C\u00d4NJUGES AP\u00d3S O ROMPIMENTO DA SOCIEDADE CONJUGAL &#8211; p\u00e1g 206 \u00e0 222<\/a><br \/>\n<em>Marcos Rog\u00e9rio Vidigal<br \/>\nMaria Eduarda Pereira Lins dos Santos<\/em><\/li>\n<\/ul>\n<hr \/>\n<ul>\n<li><a href=\"https:\/\/portal.unisepe.com.br\/unifia\/wp-content\/uploads\/sites\/10001\/2022\/06\/TATIANA-DA-SILVA-GUERRA-EUTAN\u00c1SIA-DIREITO-\u00c1-VIDA-X-DIGNIDADE-DA-PESSOA-HUMANA-p\u00e1g-223-a-234.pdf\" target=\"_blank\" rel=\"noopener noreferrer\">EUTAN\u00c1SIA \u2013 DIREITO \u00c0 VIDA X DIGNIDADE DA PESSOA HUMANA &#8211; p\u00e1g 223 \u00e0 234<\/a><br \/>\n<em>Tatiana da Silva Guerra<br \/>\nSoraia Castellano<\/em><\/li>\n<\/ul>\n<hr \/>\n<ul>\n<li><a href=\"https:\/\/portal.unisepe.com.br\/unifia\/wp-content\/uploads\/sites\/10001\/2022\/06\/THAIS-SANCHES-ALVES-ABANDONO-AFETIVO-E-RESPONSABILIDADE-CIVIL-p\u00e1g-235-a-253.pdf\" target=\"_blank\" rel=\"noopener noreferrer\">ABANDONO AFETIVO E RESPONSABILIDADE CIVIL:<br \/>\nA FALTA DE CUIDADO COMO ATO IL\u00cdCITO \u00c0 LUZ DO ENTENDIMENTO JURISPRUDENCIAL DO STJ &#8211; p\u00e1g 235 \u00e0 253<\/a><br \/>\n<em>Thais Sanches Alves<br \/>\nNara Mariano Pereira Xavier Rego<\/em><\/li>\n<\/ul>\n<hr \/>\n<ul>\n<li><a href=\"https:\/\/portal.unisepe.com.br\/unifia\/wp-content\/uploads\/sites\/10001\/2022\/06\/THAMIRES-ALVES-CAMPOS-RESPONSABILIDADE-CIVIL-NO-E-COMMERCE-p\u00e1g-254-a-266.pdf\" target=\"_blank\" rel=\"noopener noreferrer\">RESPONSABILIDADE CIVIL NO E-COMMERCE &#8211; p\u00e1g 254 \u00e0 266<\/a><br \/>\n<em>Thamires Alves Campos<br \/>\nManoel Abrahao Neto<\/em><\/li>\n<\/ul>\n<hr \/>\n<ul>\n<li><a href=\"https:\/\/portal.unisepe.com.br\/unifia\/wp-content\/uploads\/sites\/10001\/2022\/06\/NOVAS-RELA\u00c7\u00d5ES-DE-TRABALHO-p\u00e1g-267-a-284.pdf\" target=\"_blank\" rel=\"noopener noreferrer\">NOVAS RELA\u00c7\u00d5ES DE TRABALHO: UMA AN\u00c1LISE DO IMPACTO DA PANDEMIA DO COVID-19 NA LEGISLA\u00c7\u00c3O TRABALHISTA &#8211; p\u00e1g 267 \u00e0 284<\/a><br \/>\n<em>Luan de Carvalho Anselmo<br \/>\nLeandro Abdalla Ferrer<\/em><\/li>\n<\/ul>\n<hr \/>\n<ul>\n<li><a href=\"https:\/\/portal.unisepe.com.br\/unifia\/wp-content\/uploads\/sites\/10001\/2022\/07\/SOBRE-\u201cELES-OS-JU\u00cdZES-VISTOS-POR-UM-ADVOGADO\u201d-DE-PIERO-CALAMANDREI-1889-1956-p\u00e1g-285-a-288.pdf\" target=\"_blank\" rel=\"noopener noreferrer\">SOBRE \u201cELES, OS JU\u00cdZES, VISTOS POR UM ADVOGADO\u201d, DE PIERO CALAMANDREI (1889-1956) &#8211; p\u00e1g 285 \u00e0 288<\/a><br \/>\n<em>Rog\u00e9rio Duarte Fernandes dos Passos<\/em><\/li>\n<\/ul>\n<hr \/>\n<ul>\n<li><a href=\"https:\/\/portal.unisepe.com.br\/unifia\/wp-content\/uploads\/sites\/10001\/2022\/09\/A-CRISE-DE-REPRESENTATIVIDADE-ATRAVES-DA-DRAMATURGIA-DE-DIAS-GOMES-EM-O-BEM-AMADO-p\u00e1g-289-a-295.pdf\" target=\"_blank\" rel=\"noopener noreferrer\">A CRISE DE REPRESENTATIVIDADE ATRAV\u00c9S DA<br \/>\nDRAMATURGIA DE DIAS GOMES EM \u201cO BEM AMADO\u201d &#8211; p\u00e1g 289 \u00e0 295<\/a><br \/>\n<em>TOMAZI, Leandro Affonso<\/em><\/li>\n<\/ul>\n<hr \/>\n","protected":false},"excerpt":{"rendered":"<p>Artigos &nbsp; EDUCA\u00c7\u00c3O AMBIENTAL E O DIREITO AMBIENTAL NA AQUAPONIA. &#8211; p\u00e1g 01 \u00e0 11 Erick Willy Weissenberg Batista Soraia Castellano. TECENDO REDES, GARANTINDO DIREITOS. &#8211; p\u00e1g 12 \u00e0 23 Jenifer Bicudo Ribeiro Jirlane S. V. de Almeida Silmara Quintana. A EXCEPCIONALIDADE DO CONTROLE JUDICIAL SOBRE O M\u00c9RITO ADMINISTRATIVO ACOMETIDO<\/p>\n","protected":false},"author":2,"featured_media":0,"parent":2722,"menu_order":0,"comment_status":"closed","ping_status":"closed","template":"templates\/template-pagina_menu_vertical.php","meta":{"footnotes":""},"categories":[],"tags":[],"class_list":["post-7528","page","type-page","status-publish","hentry"],"_links":{"self":[{"href":"https:\/\/portal.unisepe.com.br\/unifia\/wp-json\/wp\/v2\/pages\/7528","targetHints":{"allow":["GET"]}}],"collection":[{"href":"https:\/\/portal.unisepe.com.br\/unifia\/wp-json\/wp\/v2\/pages"}],"about":[{"href":"https:\/\/portal.unisepe.com.br\/unifia\/wp-json\/wp\/v2\/types\/page"}],"author":[{"embeddable":true,"href":"https:\/\/portal.unisepe.com.br\/unifia\/wp-json\/wp\/v2\/users\/2"}],"replies":[{"embeddable":true,"href":"https:\/\/portal.unisepe.com.br\/unifia\/wp-json\/wp\/v2\/comments?post=7528"}],"version-history":[{"count":24,"href":"https:\/\/portal.unisepe.com.br\/unifia\/wp-json\/wp\/v2\/pages\/7528\/revisions"}],"predecessor-version":[{"id":8312,"href":"https:\/\/portal.unisepe.com.br\/unifia\/wp-json\/wp\/v2\/pages\/7528\/revisions\/8312"}],"up":[{"embeddable":true,"href":"https:\/\/portal.unisepe.com.br\/unifia\/wp-json\/wp\/v2\/pages\/2722"}],"wp:attachment":[{"href":"https:\/\/portal.unisepe.com.br\/unifia\/wp-json\/wp\/v2\/media?parent=7528"}],"wp:term":[{"taxonomy":"category","embeddable":true,"href":"https:\/\/portal.unisepe.com.br\/unifia\/wp-json\/wp\/v2\/categories?post=7528"},{"taxonomy":"post_tag","embeddable":true,"href":"https:\/\/portal.unisepe.com.br\/unifia\/wp-json\/wp\/v2\/tags?post=7528"}],"curies":[{"name":"wp","href":"https:\/\/api.w.org\/{rel}","templated":true}]}}