{"id":7532,"date":"2022-01-03T15:57:07","date_gmt":"2022-01-03T18:57:07","guid":{"rendered":"https:\/\/portal.unisepe.com.br\/unifia\/?page_id=7532"},"modified":"2022-11-16T17:44:54","modified_gmt":"2022-11-16T20:44:54","slug":"ano-2022","status":"publish","type":"page","link":"https:\/\/portal.unisepe.com.br\/unifia\/gestao-em-foco\/ano-2022\/","title":{"rendered":"Ano 2022"},"content":{"rendered":"<h6>Artigos<\/h6>\n<p>&nbsp;<\/p>\n<ul>\n<li><a href=\"https:\/\/portal.unisepe.com.br\/unifia\/wp-content\/uploads\/sites\/10001\/2022\/02\/Aquaponia-do-VR-estudos-iniciais-econ\u00f4micos-p\u00e1g-1-\u00e0-28.pdf\" target=\"_blank\" rel=\"noopener noreferrer\">SISTEMA DE AQUAPONIA NO VALE DO RIBEIRA: ESTUDOS ECON\u00d4MICOS INICIAIS &#8211; p\u00e1g 1 \u00e0 28<\/a><br \/>\n<em>Oct\u00e1vio Forti Neto<br \/>\n<\/em><\/li>\n<\/ul>\n<hr \/>\n<ul>\n<li><a href=\"https:\/\/portal.unisepe.com.br\/unifia\/wp-content\/uploads\/sites\/10001\/2022\/03\/OS-REFLEXOS-DA-PANDEMIA-DE-COVID-19-NA-GEST\u00c3O-P\u00daBLICA-DE-SA\u00daDE-p\u00e1g-29-\u00e0-45.pdf\" target=\"_blank\" rel=\"noopener noreferrer\">OS REFLEXOS DA PANDEMIA DE COVID-19 NA GEST\u00c3O P\u00daBLICA DE SA\u00daDE &#8211; p\u00e1g 29 \u00e0 45<\/a><br \/>\n<em>TOMAZI, Leandro Affonso<br \/>\n<\/em><\/li>\n<\/ul>\n<hr \/>\n<ul>\n<li><a href=\"https:\/\/portal.unisepe.com.br\/unifia\/wp-content\/uploads\/sites\/10001\/2022\/03\/ESTUDO-DE-CASO-DA-GEST\u00c3O-DE-ATIVOS-UTILIZANDO-OS-CONCEITOS-DE-MANUTEN\u00c7\u00c3O-CENTRADA-NA-CONFIABILIDADE-E-NA-CONDI\u00c7\u00c3O-p\u00e1g-46-\u00e0-55.pdf\" target=\"_blank\" rel=\"noopener noreferrer\">ESTUDO DE CASO DA GEST\u00c3O DE ATIVOS UTILIZANDO OS CONCEITOS DE MANUTEN\u00c7\u00c3O CENTRADA NA CONFIABILIDADE E NA CONDI\u00c7\u00c3O &#8211; p\u00e1g 46 \u00e0 55<\/a><br \/>\n<em>Rodrigo Kronemberger Siesler<br \/>\nMarcio Zamboti Fortes<br \/>\n<\/em><\/li>\n<\/ul>\n<hr \/>\n<ul>\n<li><a href=\"https:\/\/portal.unisepe.com.br\/unifia\/wp-content\/uploads\/sites\/10001\/2022\/03\/CIRCUNST\u00c2NCIAS-PARA-NEGOCIA\u00c7\u00c3O-56-a-72.pdf\" target=\"_blank\" rel=\"noopener noreferrer\">CIRCUNST\u00c2NCIAS PARA NEGOCIA\u00c7\u00c3O DE CONTRATOS DE MERCADO FUTURO NO VALE DO RIBEIRA &#8211; p\u00e1g 56 \u00e0 72<\/a><br \/>\n<em>DE OLIVEIRA, Andr\u00e9 Florencio Andrade.<br \/>\nGRANJEIRO, Jeferson Brambati<br \/>\nNAGATSUKA, Divane Alves da Silva<br \/>\nRAO, Eduardo Martins<br \/>\nRIBEIRO, Andr\u00e9 Flor\u00eancio Andrade<br \/>\nVALENTIM, Jeferson da Silva.<br \/>\n<\/em><\/li>\n<\/ul>\n<hr \/>\n<ul>\n<li><a href=\"https:\/\/portal.unisepe.com.br\/unifia\/wp-content\/uploads\/sites\/10001\/2022\/03\/GERENCIAMENTO-DE-RESULTADOS-E-CONDUTA-\u00c9TICA-73-a-85.pdf\" target=\"_blank\" rel=\"noopener noreferrer\">GERENCIAMENTO DE RESULTADOS E CONDUTA \u00c9TICA &#8211; p\u00e1g 73 \u00e0 85<\/a><br \/>\n<em>ABREU, Bruna Noemia Souza<br \/>\nCORREA, Marcon Alexander<br \/>\nDE QUEIROZ, Maria do Socorro Lima<br \/>\nLIMA, Igor Gabriel<br \/>\nMACIEL, Melissa dos Santos<br \/>\nVIDIGAL, Paulo Roberto<br \/>\n<\/em><\/li>\n<\/ul>\n<hr \/>\n<ul>\n<li><a href=\"https:\/\/portal.unisepe.com.br\/unifia\/wp-content\/uploads\/sites\/10001\/2022\/03\/PRINC\u00cdPIOS-\u00c9TICOS-E-A-SUA-APLICA\u00c7\u00c3O-NA-VIS\u00c3O-DOS-CONTADORES-86-a-95.pdf\" target=\"_blank\" rel=\"noopener noreferrer\">PRINC\u00cdPIOS \u00c9TICOS E A SUA APLICA\u00c7\u00c3O NA VIS\u00c3O DOS CONTADORES &#8211; p\u00e1g 86 \u00e0 95<\/a><br \/>\n<em>ALVES, Emely Grazielli Mazolini<br \/>\nLIMA, Igor Gabriel<br \/>\nGRANJEIRO, Jeferson Brambati<br \/>\nNAGATSUKA, Divane Alves da.Silva<br \/>\nVIDIGAL, Paulo. Roberto <\/em><\/li>\n<\/ul>\n<hr \/>\n<ul>\n<li><a href=\"https:\/\/portal.unisepe.com.br\/unifia\/wp-content\/uploads\/sites\/10001\/2022\/03\/EMPREENDEDORISMO-FEMININO-96-a-108.pdf\" target=\"_blank\" rel=\"noopener noreferrer\">EMPREENDEDORISMO FEMININO &#8211; p\u00e1g 96 \u00e0 108<\/a><br \/>\n<em>ANTUNES, Stefanny Raissa Alves<br \/>\nMACHADO, Jucilene Ribeiro<br \/>\nMASCARENHAS, Carlos Cesar<br \/>\nNAGATSUKA, Divane Alves da Silva<br \/>\nOLIVEIRA, Felipe. Mateus<br \/>\nMACHADO, Victor Andrade<br \/>\n<\/em><\/li>\n<\/ul>\n<hr \/>\n<ul>\n<li><a href=\"https:\/\/portal.unisepe.com.br\/unifia\/wp-content\/uploads\/sites\/10001\/2022\/03\/GEST\u00c3O-POR-COMPET\u00caNCIA-NA-PANDEMIA-109-a-115.pdf\" target=\"_blank\" rel=\"noopener noreferrer\">GEST\u00c3O POR COMPET\u00caNCIA NA PANDEMIA &#8211; p\u00e1g 109 \u00e0 115<\/a><br \/>\n<em>MORAES, Tatiana Romano Coltre<br \/>\nPERNICE, Michele Abib<br \/>\nMASCARENHAS, Carlos Cesar<br \/>\nMACHADO, Victor Andrade<br \/>\nNAGATSUKA, Divane Alves da Silva.<br \/>\nOLIVEIRA, Felipe Mateus<br \/>\n<\/em><\/li>\n<\/ul>\n<hr \/>\n<ul>\n<li><a href=\"https:\/\/portal.unisepe.com.br\/unifia\/wp-content\/uploads\/sites\/10001\/2022\/03\/CIDADES-INTELIGENTES-116-a-128.pdf\" target=\"_blank\" rel=\"noopener noreferrer\">CIDADES INTELIGENTES UMA AN\u00c1LISE DO VALE DO RIBEIRA &#8211; p\u00e1g 116 \u00e0 128<\/a><br \/>\n<em>FORTI NETO, Octavio2<br \/>\nGON\u00c7ALVES, Paulo Roberto Carneiro<br \/>\nPAULA. Zenilton Camargo<br \/>\nPEREIRA, Luiz Gustavo Muniz Mota<br \/>\nMACHADO, Victor. Andrade<br \/>\nTEIXEIRA, Gustavo Siqueira<br \/>\n<\/em><\/li>\n<\/ul>\n<hr \/>\n<ul>\n<li><a href=\"https:\/\/portal.unisepe.com.br\/unifia\/wp-content\/uploads\/sites\/10001\/2022\/03\/IMPORT\u00c2NCIA-DA-SMART-CITY-129-a-138.pdf\" target=\"_blank\" rel=\"noopener noreferrer\">IMPORT\u00c2NCIA DA SMART CITY PARA O DESENVOLVIMENTO ECON\u00d4MICO E SUSTENT\u00c1VEL EM CIDADES DE PEQUENO, M\u00c9DIO E GRANDE PORTE &#8211; p\u00e1g 129 \u00e0 138<\/a><br \/>\n<em>DE CASTRO, Leonardo Mendon\u00e7a<br \/>\nFORTI NETO, Octavio<br \/>\nMACHADO, Victor Andrade<br \/>\nMENDES, Raneri da Silva<br \/>\nSOUZA, Vandernil Leandro<br \/>\nTORRES, Lenon Rossi<br \/>\n<\/em><\/li>\n<\/ul>\n<hr \/>\n<ul>\n<li><a href=\"https:\/\/portal.unisepe.com.br\/unifia\/wp-content\/uploads\/sites\/10001\/2022\/03\/O-PAPEL-DAS-FERRAMENTAS-139-a-149.pdf\" target=\"_blank\" rel=\"noopener noreferrer\">O PAPEL DAS FERRAMENTAS GERENCIAIS NAS EMPRESAS DE REGISTRO, SP &#8211; p\u00e1g 139 \u00e0 149<\/a><br \/>\n<em>FORTI NETO, Octavio<br \/>\nDE OLIVEIRA, Igor Kelvin Freitas<br \/>\nKURINO, Lucas Ryonosuke Ribeiro<br \/>\nOLIVEIRA, Felipe. Mateus<br \/>\nROSA, Nicolas da Silva<br \/>\n<\/em><\/li>\n<\/ul>\n<hr \/>\n<ul>\n<li><a href=\"https:\/\/portal.unisepe.com.br\/unifia\/wp-content\/uploads\/sites\/10001\/2022\/03\/OS-DESAFIOS-DA-OBSERV\u00c2NCIA-150-a-157.pdf\" target=\"_blank\" rel=\"noopener noreferrer\">OS DESAFIOS DA OBSERV\u00c2NCIA DOS ASPECTOS ERGON\u00d4MICOS NA PREVEN\u00c7\u00c3O DE ACIDENTES EM UMA ATIVIDADE REALIZADA EM HOME-OFFICE &#8211; p\u00e1g 150 \u00e0 157<\/a><br \/>\n<em>DE VASCONCELOS, Tabata Michaela Rodrigues Giraldi<br \/>\nGIACCHETTI, Patricia Lima Nogueira.<br \/>\nLIMA NETO, OTAVIO2<br \/>\nNAGATSUKA, Divane Alves da Silva<br \/>\nVIDIGAL, P.R.<br \/>\n<\/em><\/li>\n<\/ul>\n<hr \/>\n<ul>\n<li><a href=\"https:\/\/portal.unisepe.com.br\/unifia\/wp-content\/uploads\/sites\/10001\/2022\/03\/A-IMPORT\u00c2NCIA-DE-UMA-ADMINISTRA\u00c7\u00c3O-158-a166.pdf\" target=\"_blank\" rel=\"noopener noreferrer\">A IMPORT\u00c2NCIA DE UMA ADMINISTRA\u00c7\u00c3O P\u00daBLICA EFICAZ E TRANSPARENTE COM O USO DA TECNOLOGIA &#8211; p\u00e1g 158 \u00e0 166<\/a><br \/>\n<em>BATISTA, Luis Henrique<br \/>\nGIACCHETTI, Patricia Lima Nogueira<br \/>\nLIMA NETO, Otavio<br \/>\nNAGATSUKA, Divane Alves da Silva<br \/>\nSANTOS, Pamela Marcela. Dantas<br \/>\nVIDIGAL, Paulo Roberto<br \/>\n<\/em><\/li>\n<\/ul>\n<hr \/>\n<ul>\n<li><a href=\"https:\/\/portal.unisepe.com.br\/unifia\/wp-content\/uploads\/sites\/10001\/2022\/03\/IBGE-e-SEBRAE-APONTAM-167-a-173.pdf\" target=\"_blank\" rel=\"noopener noreferrer\">IBGE E SEBRAE APONTAM DECL\u00cdNIOS DAS EMPRESAS NO BRASIL &#8211; p\u00e1g 167 \u00e0 173<\/a><br \/>\n<em>CRISTINO, Maria Fernanda de Barros<br \/>\nGIACCHETTI, Patr\u00edcia Lima Nogueira<br \/>\nOLIVEIRA, \u00c2ngelo Antonio Guerra. de<br \/>\nOLIVEIRA, S. dos Santos<br \/>\nRODRIGUES JUNIOR, Renaldo<br \/>\n<\/em><\/li>\n<\/ul>\n<hr \/>\n<ul>\n<li><a href=\"https:\/\/portal.unisepe.com.br\/unifia\/wp-content\/uploads\/sites\/10001\/2022\/03\/O-PAPEL-DA-TESOURARIA-174-a-187.pdf\" target=\"_blank\" rel=\"noopener noreferrer\">O PAPEL DA TESOURARIA NA CONTABILIDADE P\u00daBLICA &#8211; p\u00e1g 174 \u00e0 187<\/a><br \/>\n<em>ARAUJO, Lilian Kelly<br \/>\nDOS SANTOS, Erica Caroline Thom\u00e9<br \/>\nGRANJEIRO, Jeferson Brambati<br \/>\nGIANCHETTI, Patr\u00edcia Lima Nogueira<br \/>\nPENHA, Milene Silva<br \/>\nRODRIGUES JUNIOR, Renaldo<br \/>\n<\/em><\/li>\n<\/ul>\n<hr \/>\n<ul>\n<li><a href=\"https:\/\/portal.unisepe.com.br\/unifia\/wp-content\/uploads\/sites\/10001\/2022\/03\/A-IMPORT\u00c2NCIA-DA-MOTIVA\u00c7\u00c3O-NO-AMBIENTE-188-a-198.pdf\" target=\"_blank\" rel=\"noopener noreferrer\">A IMPORT\u00c2NCIA DA MOTIVA\u00c7\u00c3O NO AMBIENTE ORGANIZACIONAL DE ACORDO COM FREDERICK HERZBERG &#8211; p\u00e1g 188 \u00e0 198<\/a><br \/>\n<em>DA SILVA, Victoria Moreira<br \/>\nDOMINGUES, Pamela Nardes<br \/>\nGIACCHETTI, Patr\u00edcia Lima Nogueira<br \/>\nLIMA, Ana Julia Hanczranyk de Oliveira<br \/>\nMATIAS, Isadora Eva da Silva<br \/>\nRODRIGUES. JUNIOR, Renaldo<br \/>\n<\/em><\/li>\n<\/ul>\n<hr \/>\n<ul>\n<li><a href=\"https:\/\/portal.unisepe.com.br\/unifia\/wp-content\/uploads\/sites\/10001\/2022\/03\/IMPACTO-DA-PANDEMIA-NA-ECONOMIA-199-a-205.pdf\" target=\"_blank\" rel=\"noopener noreferrer\">IMPACTO DA PANDEMIA NA ECONOMIA BRASILEIRA &#8211; p\u00e1g 199 \u00e0 205<\/a><br \/>\n<em>LIMA NETO, Otavio<br \/>\nMARTNS, Mariana Nayara Antunes de Lima<br \/>\nMARTINS, Warlon da Silva<br \/>\nNAGATSUKA, Divane Alves da Silva<br \/>\nR\u00c1O, Eduardo Martins<br \/>\nRODRIGUES JUNIOR, Renaldo<br \/>\n<\/em><\/li>\n<\/ul>\n<hr \/>\n<ul>\n<li><a href=\"https:\/\/portal.unisepe.com.br\/unifia\/wp-content\/uploads\/sites\/10001\/2022\/03\/O-FLUXO-DE-CAIXA-COMO-ESTRAT\u00c9GIA-206-a-218.pdf\" target=\"_blank\" rel=\"noopener noreferrer\">O FLUXO DE CAIXA COMO ESTRAT\u00c9GIA DE FINAN\u00c7AS E MITIGA\u00c7\u00c3O DE RISCOS EM EMPRESAS FAMILIARES DA CAFEICULTURA &#8211; p\u00e1g 206 \u00e0 218<\/a><br \/>\n<em>DE AGUIAR, Matheus Alves<br \/>\nGRANJEIRO, Jeferson Brambati<br \/>\nGIACCHETTI, Patr\u00edcia Lima Nogueira<br \/>\nLIMA, Igor Gabriel<br \/>\nR\u00c1O, Eduardo Martins<br \/>\nRODRIGUES JUNIOR, Renaldo<br \/>\n<\/em><\/li>\n<\/ul>\n<hr \/>\n<ul>\n<li><a href=\"https:\/\/portal.unisepe.com.br\/unifia\/wp-content\/uploads\/sites\/10001\/2022\/03\/16-OS-DESAFIOS-DA-\u00c9TICA-E-DA-MORAL-NOS-TEMPOS-ATUAIS-219-a-225.pdf\" target=\"_blank\" rel=\"noopener noreferrer\">OS DESAFIOS DA \u00c9TICA E DA MORAL NOS TEMPOS ATUAIS &#8211; p\u00e1g 219 \u00e0 225<\/a><br \/>\n<em>SANTOS, Bruno da Silva<br \/>\nRODRIGUES JUNIOR, Renaldo<br \/>\nGIACCHETTI, Patr\u00edcia Lima Nogueira<br \/>\nVIDIGAL, Paulo Roberto<br \/>\nFORTI NETO, Oct\u00e1vio<br \/>\nLIMA NETO, Ot\u00e1vio<br \/>\n<\/em><\/li>\n<\/ul>\n<hr \/>\n<ul>\n<li><a href=\"https:\/\/portal.unisepe.com.br\/unifia\/wp-content\/uploads\/sites\/10001\/2022\/03\/OS-EFEITOS-DA-PIR\u00c2MIDE-DE-MASLOW-226-a-235.pdf\" target=\"_blank\" rel=\"noopener noreferrer\">OS EFEITOS DA PIR\u00c2MIDE DE MASLOW NO DESENVOLVIMENTO DO PROFISSIONAL DE ADMINISTRA\u00c7\u00c3O &#8211; p\u00e1g 226 \u00e0 235<\/a><br \/>\n<em>DA SILVA, Victoria Moreira<br \/>\nDOMINGUES, Pamela Nardes<br \/>\nLIMA, Ana Julia Hanczranyk de Oliveira<br \/>\nMATIAS, Isadora Eva da Silva<br \/>\nRODRIGUES. JUNIOR, Renaldo<br \/>\nVIDIGAL, Paulo Roberto<br \/>\n<\/em><\/li>\n<\/ul>\n<hr \/>\n<ul>\n<li><a href=\"https:\/\/portal.unisepe.com.br\/unifia\/wp-content\/uploads\/sites\/10001\/2022\/03\/GEST\u00c3O-POR-COMPET\u00caCIA-NA-PANDEMIA-236-a-247.pdf\" target=\"_blank\" rel=\"noopener noreferrer\">GEST\u00c3O POR COMPET\u00caNCIA NA PANDEMIA &#8211; p\u00e1g 236 \u00e0 247<\/a><br \/>\n<em>ARAUJO, Jo\u00e3o Apoleu<br \/>\nDA SILVA, Ana Maria<br \/>\nDA SILVA, Jo\u00e3o Fraz\u00e3o<br \/>\nRODRIGUES JUNIOR, Renaldo<br \/>\nMACHADO, Victor Andrade<br \/>\nMASCARENHAS, Carlos Cesar<br \/>\n<\/em><\/li>\n<\/ul>\n<hr \/>\n<ul>\n<li><a href=\"https:\/\/portal.unisepe.com.br\/unifia\/wp-content\/uploads\/sites\/10001\/2022\/03\/PLANEJAMENTO-DE-MAT\u00c9RIA-PRIMA-EM-IND\u00daSTRIA-248-a-255.pdf\" target=\"_blank\" rel=\"noopener noreferrer\">PLANEJAMENTO DE MAT\u00c9RIA PRIMA EM IND\u00daSTRIA T\u00caXTIL DO SETOR DE DECORA\u00c7\u00c3O &#8211; p\u00e1g 248 \u00e0 255<\/a><br \/>\n<em>CRUZ, Danilo Egidio<br \/>\nFORTI NETO, Octavio<br \/>\nLIMA NETO, Otavio<br \/>\nMACEDO, Everton Thiago Moreira<br \/>\nVIDIGAL, Paulo Roberto<br \/>\n<\/em><\/li>\n<\/ul>\n<hr \/>\n<ul>\n<li><a href=\"https:\/\/portal.unisepe.com.br\/unifia\/wp-content\/uploads\/sites\/10001\/2022\/03\/20-UM-ESTUDO-SOBRE-A-GEST\u00c3O-DOS-INSUMOS-NA-CRIA\u00c7\u00c3O-DE-GADO-DE-CORTE-EM-PEQUENAS-PROPRIEDADES-256-a-266.pdf\" target=\"_blank\" rel=\"noopener noreferrer\">UM ESTUDO SOBRE A GEST\u00c3O DOS INSUMOS NA CRIA\u00c7\u00c3O DE GADO DE CORTE EM PEQUENAS PROPRIEDADES &#8211; p\u00e1g 256 \u00e0 266<\/a><br \/>\n<em>BATISTA, Luis Henrique<br \/>\nCRUZ, Danilo Egidio<br \/>\nLIMA NETO, Otavio<br \/>\nMAY, Aparecida Mendes<br \/>\nOLIVEIRA. Felipe Mateus<br \/>\nVIDIGAL, Paulo Roberto<br \/>\n<\/em><\/li>\n<\/ul>\n<hr \/>\n<ul>\n<li><a href=\"https:\/\/portal.unisepe.com.br\/unifia\/wp-content\/uploads\/sites\/10001\/2022\/03\/PLANEJAMENTO-DE-CARREIRA-E-SUA-INFLU\u00caNCIA-267-a-274.pdf\" target=\"_blank\" rel=\"noopener noreferrer\">PLANEJAMENTO DE CARREIRA E SUA INFLU\u00caNCIA NO DESENVOLVIMENTO PROFISSIONAL DO COLABORADOR &#8211; p\u00e1g 267 \u00e0 274<\/a><br \/>\n<em>BEL\u00c9M, Sara Jaqueline Ribeiro<br \/>\nDE CASTRO, Jessiane Muniz<br \/>\nMACEDO, Everton Thiago Moreira<br \/>\nMACHADO, Victor Andrade<br \/>\nMAY, Aparecida Mendes<br \/>\nTEIXEIRA, Ana Maria Ramos<br \/>\n<\/em><\/li>\n<\/ul>\n<hr \/>\n<ul>\n<li><a href=\"https:\/\/portal.unisepe.com.br\/unifia\/wp-content\/uploads\/sites\/10001\/2022\/03\/A-IMPORT\u00c2NCIA-DE-MANTER-E-TER-OS-FUNCION\u00c1RIOS-275-a-283.pdf\" target=\"_blank\" rel=\"noopener noreferrer\">A IMPORT\u00c2NCIA DE MANTER E TER OS FUNCION\u00c1RIOS MOTIVADOS &#8211; p\u00e1g 275 \u00e0 283<\/a><br \/>\n<em>FORTI NETO, Octavio<br \/>\nGRANJEIRO, Jeferson Brambati<br \/>\nMAY, Aparecida Mendes<br \/>\nMACEDO, Everton Thiago Moreira<br \/>\nNAGATSUKA, Divane Alves da Silva<br \/>\nSILVANO, Giovani Tavares Barboza<br \/>\n<\/em><\/li>\n<\/ul>\n<hr \/>\n<ul>\n<li><a href=\"https:\/\/portal.unisepe.com.br\/unifia\/wp-content\/uploads\/sites\/10001\/2022\/03\/AS-DIFICULDADES-QUE-AS-EMPRESA-EMPRENTAM-284-a-292.pdf\" target=\"_blank\" rel=\"noopener noreferrer\">AS DIFICULDADE QUE AS EMPRESAS EMPRENTAM COM A FALTA DE INVESTIMENTOS EM TENOLOGIA UM ESTUDO NUMA PEQUENA EMPRESA DE ALFENAS, MINAS GERAIS &#8211; p\u00e1g 284 \u00e0 292<\/a><br \/>\n<em>MASCARENHAS, Carlos Cesar<br \/>\nMACHADO, Victor Andrade<br \/>\nMAY, Aparecida Mendes<br \/>\nMOREIRA, Everton Thiago Moreira<br \/>\nREIS, Carlos Eduardo<br \/>\nR\u00c1O, Eduardo Martins<br \/>\n<\/em><\/li>\n<\/ul>\n<hr \/>\n<ul>\n<li><a href=\"https:\/\/portal.unisepe.com.br\/unifia\/wp-content\/uploads\/sites\/10001\/2022\/03\/OS-IMPACTOS-DA-PANDEMIA-NO-CAPITAL-293-a-308.pdf\" target=\"_blank\" rel=\"noopener noreferrer\">OS IMPACTOS DA PANDEMIA NO CAPITAL DE GIRO DAS PEQUENAS EMPRESAS DA CIDADE DE REGISTRO &#8211; p\u00e1g 293 \u00e0 308<\/a><br \/>\n<em>ALVES, Alessandro Pereira<br \/>\nBATISTA, Luis Henrique<br \/>\nOLIVEIRA, Felipe Mateus<br \/>\nPONTES, Vinicius de Lima<br \/>\nR\u00c1O, Eduardo Martins<br \/>\nVASS\u00c3O, Thalissa Cavalheiro<br \/>\n<\/em><\/li>\n<\/ul>\n<hr \/>\n<ul>\n<li><a href=\"https:\/\/portal.unisepe.com.br\/unifia\/wp-content\/uploads\/sites\/10001\/2022\/03\/A-BOLSA-DE-VALORES-E-OS-NOVOS-INVESTIDORES-309-a-320.pdf\" target=\"_blank\" rel=\"noopener noreferrer\">A BOLSA DE VALORES E OS NOVOS INVESTIDORES NOS TEMPOS ATUAIS &#8211; p\u00e1g 309 \u00e0 320<\/a><br \/>\n<em>CRUZ NETO, Douglas de Souza<br \/>\nFERREIRA, Arthur Sumaqueiro<br \/>\nMASCARENHAS, Carlos Cesar<br \/>\nMAY, Aparecida Mendes<br \/>\nVASS\u00c3O, Thalissa Cavalheiro<br \/>\nR\u00c1O, Eduardo Martins<br \/>\n<\/em><\/li>\n<\/ul>\n<hr \/>\n<ul>\n<li><a href=\"https:\/\/portal.unisepe.com.br\/unifia\/wp-content\/uploads\/sites\/10001\/2022\/03\/LOG\u00cdSTICA-INTERNACIONAL-321-a-339.pdf\" target=\"_blank\" rel=\"noopener noreferrer\">LOG\u00cdSTICA INTERNACIONAL \u2013 CRISES DOS CONT\u00caINERES &#8211; p\u00e1g 321 \u00e0 339<\/a><br \/>\n<em>BATISTA, Luis Henrique<br \/>\nMASCARENHAS, Carlos Cesar<br \/>\nMAY, Aparecida Mendes<br \/>\nOLIVEIRA, Guilherme Dias<br \/>\nR\u00c1O, Eduardo Martins<br \/>\nRIBEIRO, Alessandro de Lima<br \/>\n<\/em><\/li>\n<\/ul>\n<hr \/>\n<ul>\n<li><a href=\"https:\/\/portal.unisepe.com.br\/unifia\/wp-content\/uploads\/sites\/10001\/2022\/03\/TELETRABALHO-EM-TEMPOS-DE-PANDEMIA-340-a-354.pdf\" target=\"_blank\" rel=\"noopener noreferrer\">TELETRABALHO EM TEMPOS DE PANDEMIA &#8211; p\u00e1g 340 \u00e0 354<\/a><br \/>\n<em>BORGMAN, Angela Maria<br \/>\nLIMA, Igor Gabriel<br \/>\nMAY, Aparecida Mendes<br \/>\nSIM\u00c3O, Pamela Christina Fernandes<br \/>\n<\/em><\/li>\n<\/ul>\n<hr \/>\n<ul>\n<li><a href=\"https:\/\/portal.unisepe.com.br\/unifia\/wp-content\/uploads\/sites\/10001\/2022\/05\/PLANEJAMENTO-TRIBUT\u00c1RIO-ESTUDO-DO-REGIME-TRIBUT\u00c1RIO-MENOS-ONEROSO-PARA-UMA-EMPRESA-COMERCIAL-DE-TABACO-p\u00e1g-355-\u00e0-381.pdf\" target=\"_blank\" rel=\"noopener noreferrer\">PLANEJAMENTO TRIBUT\u00c1RIO: ESTUDO DO REGIME TRIBUT\u00c1RIO MENOS ONEROSO PARA UMA EMPRESA COMERCIAL DE TABACO &#8211; p\u00e1g 355 \u00e0 381<\/a><br \/>\n<em>Mari\u00e9li L\u00facia Serafin<br \/>\nClari Schuh<br \/>\nMarco Aur\u00e9lio Batista de Sousa<br \/>\n<\/em><\/li>\n<\/ul>\n<hr \/>\n<ul>\n<li><a href=\"https:\/\/portal.unisepe.com.br\/unifia\/wp-content\/uploads\/sites\/10001\/2022\/05\/IMPORT\u00c2NCA-DA-CONTABILIDADE-APLICADA-\u00c0-GEST\u00c3O-FINANCEIRA-P\u00e1g-382-a-391.pdf\" target=\"_blank\" rel=\"noopener noreferrer\">IMPORT\u00c2NCA DA CONTABILIDADE APLICADA \u00c0 GEST\u00c3O FINANCEIRA &#8211; p\u00e1g 382 \u00e0 391<\/a><br \/>\n<em>Anderson Frezzato<br \/>\nTiago Ferreira C\u00e9zar<br \/>\n<\/em><\/li>\n<\/ul>\n<hr \/>\n<ul>\n<li><a href=\"https:\/\/portal.unisepe.com.br\/unifia\/wp-content\/uploads\/sites\/10001\/2022\/06\/O-IMPACTO-DA-CONTABILIDADE-DIGITAL-NOS-ESCRITO-p\u00e1g-392-a-405.pdf\" target=\"_blank\" rel=\"noopener noreferrer\">O IMPACTO DA CONTABILIDADE DIGITAL NOS ESCRIT\u00d3RIOS CONT\u00c1BEIS COM BASE EM QUATRO ESCRIT\u00d3RIOS DE PEDREIRA &#8211; p\u00e1g 392 \u00e0 405<\/a><br \/>\n<em>Jos\u00e9 Augusto Grassi<br \/>\nLinda Helena<br \/>\nMaiara Cristina<br \/>\nMargarida Lemos<br \/>\n<\/em><\/li>\n<\/ul>\n<hr \/>\n<ul>\n<li><a href=\"https:\/\/portal.unisepe.com.br\/unifia\/wp-content\/uploads\/sites\/10001\/2022\/06\/POPULA\u00c7\u00c3O-EM-SITUA\u00c7\u00c3O-DE-RUA-E-DIREITOS-SOCIAIS-p\u00e1g-406-a-437.pdf\" target=\"_blank\" rel=\"noopener noreferrer\">POPULA\u00c7\u00c3O EM SITUA\u00c7\u00c3O DE RUA E DIREITOS SOCIAIS &#8211; p\u00e1g 406 \u00e0 437<\/a><br \/>\n<em>Andrea Cristina Mecenero<br \/>\nRegina C\u00e9lia da Silva Alves<br \/>\nProf\u00aa Ma. Silmara Quintana<br \/>\n<\/em><\/li>\n<\/ul>\n<hr \/>\n<ul>\n<li><a href=\"https:\/\/portal.unisepe.com.br\/unifia\/wp-content\/uploads\/sites\/10001\/2022\/09\/A-GEST\u00c3O-DA-DIVERSIDADE-NAS-EMPRESAS-p\u00e1g-438-a-446.pdf\" target=\"_blank\" rel=\"noopener noreferrer\">A GEST\u00c3O DA DIVERSIDADE NAS EMPRESAS &#8211; p\u00e1g 438 \u00e0 446<\/a><br \/>\n<em>TOMAZI, Leandro Affonso<br \/>\n<\/em><\/li>\n<\/ul>\n<hr \/>\n<ul>\n<li><a href=\"https:\/\/portal.unisepe.com.br\/unifia\/wp-content\/uploads\/sites\/10001\/2022\/09\/MONITORAMENTO-DA-VARIABILIDADE-ESPACIAL-DOS-FATORES-DE-PRODU\u00c7\u00c3O-AGR\u00cdCOLA-UTILIZANDO-T\u00c9CNICAS-DE-AGRICULTURA-DE-PRECIS\u00c3O-p\u00e1g-447-a-457.pdf\" target=\"_blank\" rel=\"noopener noreferrer\">MONITORAMENTO DA VARIABILIDADE ESPACIAL DOS FATORES DE PRODU\u00c7\u00c3O AGR\u00cdCOLA UTILIZANDO T\u00c9CNICAS DE AGRICULTURA DE PRECIS\u00c3O &#8211; p\u00e1g 447 \u00e0 457<\/a><br \/>\n<em>Eduardo Vicente do Prado<br \/>\n<\/em><\/li>\n<\/ul>\n<hr \/>\n<ul>\n<li><a href=\"https:\/\/portal.unisepe.com.br\/unifia\/wp-content\/uploads\/sites\/10001\/2022\/09\/EMPREENDEDORISMO-OBST\u00c1CULOS-DENTRO-DA-PANDEMIA-p\u00e1g-458-a-464.pdf\" target=\"_blank\" rel=\"noopener noreferrer\">EMPREENDEDORISMO: OBST\u00c1CULOS DENTRO DA PANDEMIA &#8211; p\u00e1g 458 \u00e0 464<\/a><br \/>\n<em>Alexandre Ribeiro Pardine<br \/>\nAu\u00e1 Nimboet\u00e9 Samuel dos Santos<br \/>\nDanielli Cristina Pinheiro de Sales Santana<br \/>\nGabriel Pouza Musumeci<br \/>\nMelissa Lopes Silva<br \/>\nPamella Rodrigues<br \/>\nVanessa Silva Costa Almeida<br \/>\nMirian Mazini Rodrigues<br \/>\n<\/em><\/li>\n<\/ul>\n<hr \/>\n<ul>\n<li><a href=\"https:\/\/portal.unisepe.com.br\/unifia\/wp-content\/uploads\/sites\/10001\/2022\/09\/MARKETING-DIGITAL-EM-TEMPOS-DE-PANDEMIA-p\u00e1g-465-a-471.pdf\" target=\"_blank\" rel=\"noopener noreferrer\">MARKETING DIGITAL EM TEMPOS DE PANDEMIA &#8211; p\u00e1g 465 \u00e0 471<\/a><br \/>\n<em>Jo\u00e3o Pedro<br \/>\nKatiane Victoria<br \/>\nLarissa Rom\u00e3o<br \/>\nProf. Fleuri C\u00e2ndido Queiroz<br \/>\nProf. Lucio Sergio dos Santos<br \/>\n<\/em><\/li>\n<\/ul>\n<hr \/>\n<ul>\n<li><a href=\"https:\/\/portal.unisepe.com.br\/unifia\/wp-content\/uploads\/sites\/10001\/2022\/09\/RESPONSABILIDADE-E-\u00c9TICA-SOCIAL-p\u00e1g-472-a-477.pdf\" target=\"_blank\" rel=\"noopener noreferrer\">RESPONSABILIDADE E \u00c9TICA SOCIAL &#8211; p\u00e1g 472 \u00e0 477<\/a><br \/>\n<em>Jackeline Menezes<br \/>\nGiovanna Beatriz dos Santos Gon\u00e7alves<br \/>\nSebasti\u00e3o Jos\u00e9 Estevam<br \/>\nFleuri C\u00e2ndido Queiroz<br \/>\nCelso Amorim Morcelli<br \/>\n<\/em><\/li>\n<\/ul>\n<hr \/>\n<ul>\n<li><a href=\"https:\/\/portal.unisepe.com.br\/unifia\/wp-content\/uploads\/sites\/10001\/2022\/09\/A-CONTRIBUI\u00c7\u00c3O-DA-GEST\u00c3O-DE-PESSOAS-PARA-O-AVAN\u00c7O-DAS-EQUIPES-DE-TRABALHO-p\u00e1g-478-a-482.pdf\" target=\"_blank\" rel=\"noopener noreferrer\">A CONTRIBUI\u00c7\u00c3O DA GEST\u00c3O DE PESSOAS PARA O AVAN\u00c7O DAS EQUIPES DE TRABALHO &#8211; p\u00e1g 478 \u00e0 482<\/a><br \/>\n<em>Ariane Ferreira<br \/>\nGiulia Fran\u00e7a<br \/>\nLuiz Henrique<br \/>\nIsabelly Ribeiro<br \/>\nJo\u00e3o Felipe<br \/>\nRoberta Moreira<br \/>\nProf. Lucio Sergio dos Santos<br \/>\nProf. Fleuri C\u00e2ndido Queiroz<br \/>\n<\/em><\/li>\n<\/ul>\n<hr \/>\n<ul>\n<li><a href=\"https:\/\/portal.unisepe.com.br\/unifia\/wp-content\/uploads\/sites\/10001\/2022\/09\/INOVA\u00c7\u00c3O-INGRESSO-DO-SUCESSO-PARA-A-SUA-EMPRESA\u202f-p\u00e1g-483-a-490.pdf\" target=\"_blank\" rel=\"noopener noreferrer\">INOVA\u00c7\u00c3O: INGRESSO DO SUCESSO PARA A SUA EMPRESA &#8211; p\u00e1g 483 \u00e0 490<\/a><br \/>\n<em>Fabiano Coimbra<br \/>\nPatr\u00edcia Eliane dos Santos<br \/>\nRosane Rumanski de Almeida<br \/>\nProfa. Ma. Katia Domingues Blotta<br \/>\nProf\u00aa. Ma.Michele Abib Pernice<br \/>\n<\/em><\/li>\n<\/ul>\n<hr \/>\n<ul>\n<li><a href=\"https:\/\/portal.unisepe.com.br\/unifia\/wp-content\/uploads\/sites\/10001\/2022\/09\/T\u00c9CNICAS-DE-CI\u00caNCIAS-DOS-DADOS-APLICADAS-\u00c0-AGRICULTURA-p\u00e1g-491-a-498.pdf\" target=\"_blank\" rel=\"noopener noreferrer\">T\u00c9CNICAS DE CI\u00caNCIAS DOS DADOS APLICADAS \u00c0 AGRICULTURA &#8211; p\u00e1g 491 \u00e0 498<\/a><br \/>\n<em>Eduardo Vicente do Prado<br \/>\n<\/em><\/li>\n<\/ul>\n<hr \/>\n<ul>\n<li><a href=\"https:\/\/portal.unisepe.com.br\/unifia\/wp-content\/uploads\/sites\/10001\/2022\/11\/O-MARKETING-NO-DESENVOLVIMENTO-DE-PRODUTO-p\u00e1g-499-a-502.pdf\" target=\"_blank\" rel=\"noopener noreferrer\">O MARKETING NO DESENVOLVIMENTO DE PRODUTO &#8211; p\u00e1g 499 \u00e0 502<\/a><br \/>\n<em>Isabelli Matos Santos<br \/>\nKauan Pereira Reis de Souza<br \/>\nProf. Ma. Michele Abib Pernice e<br \/>\nProf. Dr. Sebasti\u00e3o Jos\u00e9 Estevam<br \/>\n<\/em><\/li>\n<\/ul>\n<hr \/>\n<ul>\n<li><a href=\"https:\/\/portal.unisepe.com.br\/unifia\/wp-content\/uploads\/sites\/10001\/2022\/11\/CICLO-DE-VIDA-DO-PRODUTO-p\u00e1g-503-a-511.pdf\" target=\"_blank\" rel=\"noopener noreferrer\">CICLO DE VIDA DO PRODUTO: AN\u00c1LISE DO CICLO DE VIDA DO PRODUTO E CLASSIFICA\u00c7\u00c3O DE CLIENTES COMO FERRAMENTAS PARA PLANEJAR ESTRAT\u00c9GIAS DE VENDAS &#8211; p\u00e1g 503 \u00e0 511<\/a><br \/>\n<em>Ingrid de Oliveira Ribeiro<br \/>\nMarco Antonio do Amaral Monteiro<br \/>\nProf. Ma. Michele Abib Pernice e<br \/>\nProf. Dr. Sebasti\u00e3o Jos\u00e9 Estevam<br \/>\n<\/em><\/li>\n<\/ul>\n<hr \/>\n<ul>\n<li><a href=\"https:\/\/portal.unisepe.com.br\/unifia\/wp-content\/uploads\/sites\/10001\/2022\/11\/INOVA\u00c7\u00c3O-E-COMPETITIVIDADE-COM-MOTOR-DO-DESENVOLVIMENTO-ORGANIZACIONAL-p\u00e1g-512-a-520.pdf\" target=\"_blank\" rel=\"noopener noreferrer\">INOVA\u00c7\u00c3O E COMPETITIVIDADE COM MOTOR DO DESENVOLVIMENTO ORGANIZACIONAL &#8211; p\u00e1g 512 \u00e0 520<\/a><br \/>\n<em>Morghana Andrade de Almeida Santos<br \/>\nAdriano Castro de Oliveira<br \/>\nProf. Dr. Claudio Neves Lopes<br \/>\nProf. Ma. Michele Pernice<br \/>\n<\/em><\/li>\n<\/ul>\n<hr \/>\n<ul>\n<li><a href=\"https:\/\/portal.unisepe.com.br\/unifia\/wp-content\/uploads\/sites\/10001\/2022\/11\/UMA-ANA_LISE-DA-MOTIVAC_A_O-FUNCIONAL-DAS-EMPRESAS-DE-AMPARO-SP.pdf\" target=\"_blank\" rel=\"noopener noreferrer\">UMA AN\u00c1LISE DA MOTIVA\u00c7\u00c3O FUNCIONAL DAS EMPRESAS DE AMPARO-SP &#8211; p\u00e1g 521 \u00e0 541<\/a><br \/>\n<em>Beatriz Nucci de Lima<br \/>\nBianca Maria de Jesus<br \/>\nC\u00edntia dos Santos Silva Miranda<br \/>\nJos\u00e9 Augusto Grassi<br \/>\nT\u00e9rcio de Miranda<br \/>\n<\/em><\/li>\n<\/ul>\n<hr \/>\n<ul>\n<li><a href=\"https:\/\/portal.unisepe.com.br\/unifia\/wp-content\/uploads\/sites\/10001\/2022\/11\/O-PLANEJAMENTO-S-USTENT\u00c1VEL-PODE-ATAR-A-TECNOLOGIA-EM-UM-MUNDO-CONTEMPOR\u00c2NEO-p\u00e1g-542-a-545.docx.pdf\" target=\"_blank\" rel=\"noopener noreferrer\">O PLANEJAMENTO SUSTENT\u00c1VEL PODE ATAR A TECNOLOGIA EM UM MUNDO CONTEMPOR\u00c2NEO? &#8211; p\u00e1g 542 \u00e0 545<\/a><br \/>\n<em>Erik Jesus de Faria Santana<br \/>\nRicardo Nakamura<br \/>\n<\/em><\/li>\n<\/ul>\n<hr \/>\n","protected":false},"excerpt":{"rendered":"<p>Artigos &nbsp; SISTEMA DE AQUAPONIA NO VALE DO RIBEIRA: ESTUDOS ECON\u00d4MICOS INICIAIS &#8211; p\u00e1g 1 \u00e0 28 Oct\u00e1vio Forti Neto OS REFLEXOS DA PANDEMIA DE COVID-19 NA GEST\u00c3O P\u00daBLICA DE SA\u00daDE &#8211; p\u00e1g 29 \u00e0 45 TOMAZI, Leandro Affonso ESTUDO DE CASO DA GEST\u00c3O DE ATIVOS UTILIZANDO OS CONCEITOS DE<\/p>\n","protected":false},"author":2,"featured_media":0,"parent":2940,"menu_order":0,"comment_status":"closed","ping_status":"closed","template":"templates\/template-pagina_menu_vertical.php","meta":{"footnotes":""},"categories":[],"tags":[],"class_list":["post-7532","page","type-page","status-publish","hentry"],"_links":{"self":[{"href":"https:\/\/portal.unisepe.com.br\/unifia\/wp-json\/wp\/v2\/pages\/7532","targetHints":{"allow":["GET"]}}],"collection":[{"href":"https:\/\/portal.unisepe.com.br\/unifia\/wp-json\/wp\/v2\/pages"}],"about":[{"href":"https:\/\/portal.unisepe.com.br\/unifia\/wp-json\/wp\/v2\/types\/page"}],"author":[{"embeddable":true,"href":"https:\/\/portal.unisepe.com.br\/unifia\/wp-json\/wp\/v2\/users\/2"}],"replies":[{"embeddable":true,"href":"https:\/\/portal.unisepe.com.br\/unifia\/wp-json\/wp\/v2\/comments?post=7532"}],"version-history":[{"count":26,"href":"https:\/\/portal.unisepe.com.br\/unifia\/wp-json\/wp\/v2\/pages\/7532\/revisions"}],"predecessor-version":[{"id":8233,"href":"https:\/\/portal.unisepe.com.br\/unifia\/wp-json\/wp\/v2\/pages\/7532\/revisions\/8233"}],"up":[{"embeddable":true,"href":"https:\/\/portal.unisepe.com.br\/unifia\/wp-json\/wp\/v2\/pages\/2940"}],"wp:attachment":[{"href":"https:\/\/portal.unisepe.com.br\/unifia\/wp-json\/wp\/v2\/media?parent=7532"}],"wp:term":[{"taxonomy":"category","embeddable":true,"href":"https:\/\/portal.unisepe.com.br\/unifia\/wp-json\/wp\/v2\/categories?post=7532"},{"taxonomy":"post_tag","embeddable":true,"href":"https:\/\/portal.unisepe.com.br\/unifia\/wp-json\/wp\/v2\/tags?post=7532"}],"curies":[{"name":"wp","href":"https:\/\/api.w.org\/{rel}","templated":true}]}}