{"id":1119,"date":"2016-12-02T14:02:41","date_gmt":"2016-12-02T14:02:41","guid":{"rendered":"http:\/\/portal.unisepe.com.br\/univr\/?page_id=1119"},"modified":"2024-03-19T09:09:18","modified_gmt":"2024-03-19T12:09:18","slug":"livros-links-interessantes","status":"publish","type":"page","link":"https:\/\/portal.unisepe.com.br\/univr\/biblioteca\/livros-links-interessantes\/","title":{"rendered":"Livros e links interessantes"},"content":{"rendered":"<p><strong>Agronomia<\/strong><\/p>\n<ul>\n<li><a href=\"https:\/\/www.scielo.br\/j\/rae\/a\/w6cmxVRdNvfdRZFjchxJkMf\/\" target=\"_blank\" rel=\"noopener noreferrer\"> A ind\u00fastria de m\u00e1quinas agr\u00edcolas no Brasil &#8211; origens e evolu\u00e7\u00e3o. <\/a><\/li>\n<li><a href=\"https:\/\/books.scielo.org\/id\/2hfcy\/pdf\/rodrigues-9786558240112.pdf\" target=\"_blank\" rel=\"noopener noreferrer\"> A trajet\u00f3ria da cana-de-a\u00e7\u00facar no Brasil: perspectivas geogr\u00e1fica, hist\u00f3rica e ambiental <\/a><\/li>\n<li><a href=\"https:\/\/www.scielo.br\/j\/rbf\/a\/JYccYNhsk9jKYS8FMHKDnmy\/\" target=\"_blank\" rel=\"noopener noreferrer\"> Aduba\u00e7\u00e3o verde em pomar c\u00edtrico<\/a><\/li>\n<li><a href=\"https:\/\/livrariaepamig.com.br\/wp-content\/uploads\/2023\/03\/IA-248.pdf\" target=\"_blank\" rel=\"noopener noreferrer\"> Agroneg\u00f3cio da Cacha\u00e7a<\/a><\/li>\n<li><a href=\"https:\/\/www.embrapa.br\/busca-de-publicacoes\/-\/publicacao\/273755\/algodao-o-produtor-pergunta-a-embrapa-responde\" target=\"_blank\" rel=\"noopener noreferrer\"> Algod\u00e3o: o produtor pergunta, a Embrapa responde<\/a><\/li>\n<li><a href=\"https:\/\/www.embrapa.br\/busca-de-publicacoes\/-\/publicacao\/1126176\/ambiencia-nas-instalacoes-para-producao-de-leite\" target=\"_blank\" rel=\"noopener noreferrer\"> Ambi\u00eancia nas instala\u00e7\u00f5es para produ\u00e7\u00e3o de leite<\/a><\/li>\n<li><a href=\"https:\/\/www.embrapa.br\/busca-de-publicacoes\/-\/publicacao\/897243\/boas-praticas-agropecuarias-bovinos-de-corte-manual-de-orientacoes\" target=\"_blank\" rel=\"noopener noreferrer\"> Boas pr\u00e1ticas agropecu\u00e1rias: bovinos de corte: manual de orienta\u00e7\u00f5es<\/a><\/li>\n<li><a href=\"https:\/\/www.abcsem.com.br\/upload\/arquivos\/IN_9_-_2005.pdf\" target=\"_blank\" rel=\"noopener noreferrer\"> Minist\u00e9rio da Agricultura, pecu\u00e1ria e abastecimento. Lei n\u00ba5.153 de 23 de julho de 2004<\/a><\/li>\n<li><a href=\"https:\/\/www2.camara.leg.br\/legin\/fed\/decret\/1930-1939\/decreto-23569-11-dezembro-1933-503453-norma-pe.html#:~:text=EMENTA%3A%20Regula%20o%20exerc%C3%ADcio%20das,de%20arquiteto%20e%20de%20agrimensor.&amp;text=Vide%20Norma(s)%3A,Legislativo)%20%2D%20(Altera%C3%A7%C3%A3o).\" target=\"_blank\" rel=\"noopener noreferrer\"> Decreto n\u00b0 23.569. Regulamenta a Profiss\u00e3o de Engenheiro Agr\u00f4nomo.<\/a><\/li>\n<li><a href=\"https:\/\/www2.camara.leg.br\/legin\/fed\/lei\/1989\/lei-7802-11-julho-1989-356807-publicacaooriginal-1-pl.html\" target=\"_blank\" rel=\"noopener noreferrer\"> Lei Federal n\u00ba 7.802, de 11 de julho de 1989 &#8211; Lei n\u00ba 9.974 de 2000; e Decreto n\u00ba 4.074 de 2002.PDF<\/a><\/li>\n<li><a href=\"https:\/\/www.cnabrasil.org.br\/assets\/arquivos\/188_Cafe_formacao_da_lavoura.pdf\" target=\"_blank\" rel=\"noopener noreferrer\"> Caf\u00e9: forma\u00e7\u00e3o da lavoura\/ Servi\u00e7o Nacional de Aprendizagem Rural &#8211; SANAR<\/a><\/li>\n<li><a href=\"https:\/\/www.crea-pr.org.br\/ws\/codigo-de-etica-do-profissional-da-engenharia-da-agronomia-da-geologia-da-geografia-e-da-meteorologia\/\" target=\"_blank\" rel=\"noopener noreferrer\"> C\u00d3DIGO de \u00c9tica do Profissional da Engenharia, da Agronomia, da Geologia, da Geografia e da Meteorologia &#8211; CREA<\/a><\/li>\n<li><a href=\"https:\/\/www.ufpe.br\/documents\/39451\/1778670\/philips-go1.pdf\" target=\"_blank\" rel=\"noopener noreferrer\"> COMISS\u00c3O BRASILEIRA DE GEOD\u00c9SIA. A Proje\u00e7\u00e3o Geod\u00e9sica de Gauss e as Coordenadas UTM.<\/a><\/li>\n<li><a href=\"https:\/\/www.epamig.br\/itap\/wp-content\/uploads\/2020\/07\/Cercas-eletrificadas.pdf\" target=\"_blank\" rel=\"noopener noreferrer\"> Constru\u00e7\u00e3o e instala\u00e7\u00e3o de cercas eletrificadas &#8211; EPAMIG<\/a><\/li>\n<li><a href=\"https:\/\/livrariaepamig.com.br\/wp-content\/uploads\/2023\/02\/IA-251-Controle-biologico-de-pragas-doencas-e-plantas-invasoras.pdf\" target=\"_blank\" rel=\"noopener noreferrer\"> Controle biol\u00f3gico de pragas, doen\u00e7as e plantas invasoras &#8211; EPAMIG<\/a><\/li>\n<li><a href=\"https:\/\/www.embrapa.br\/busca-de-publicacoes\/-\/publicacao\/704118\/controle-de-plantas-daninhas-no-cafezal\" target=\"_blank\" rel=\"noopener noreferrer\"> Controle de plantas daninhas no cafezal &#8211; EMBRAPA<\/a><\/li>\n<li><a href=\"http:\/\/alerta.cpac.embrapa.br\/publicacoes\/2014\/alerta16012014\/informe_agropecuario_34_276_2013.pdf\" target=\"_blank\" rel=\"noopener noreferrer\"> Defesa vegetal e sustentabilidade para o agroneg\u00f3cio &#8211; EPAMIG<\/a><\/li>\n<li><a href=\"http:\/\/www.sapc.embrapa.br\/arquivos\/consorcio\/publicacoes_tecnicas\/folder_doencascafeeiro.pdf\" target=\"_blank\" rel=\"noopener noreferrer\"> Doen\u00e7as do cafeeiro &#8211; Embrapa<\/a><\/li>\n<li><a href=\"https:\/\/livrariaepamig.com.br\/wp-content\/uploads\/2023\/02\/BT-103-Doencas-do-cafeeiro-diagnose-e-controle-.pdf\" target=\"_blank\" rel=\"noopener noreferrer\"> Doen\u00e7as do cafeeiro: diagnose e controle &#8211; EPAMIG<\/a><\/li>\n<li><a href=\"https:\/\/repositorio.ipea.gov.br\/bitstream\/11058\/10063\/1\/td_2564.pdf\" target=\"_blank\" rel=\"noopener noreferrer\"> ESTADO E DESENVOLVIMENTO RURAL &#8211; IPEA, 1990.<\/a><\/li>\n<li><a href=\"https:\/\/livrariaepamig.com.br\/wp-content\/uploads\/2023\/03\/IA-227.pdf\" target=\"_blank\" rel=\"noopener noreferrer\"> Floricultura: tecnologias, qualidade e diversifica\u00e7\u00e3o. EPAMIG<\/a><\/li>\n<li><a href=\"https:\/\/ainfo.cnptia.embrapa.br\/digital\/bitstream\/item\/101772\/1\/500perguntasgadoleite.pdf\" target=\"_blank\" rel=\"noopener noreferrer\"> Gado leiteiro: perguntas e resposta &#8211; EMBRAPA<\/a><\/li>\n<li><a href=\"https:\/\/www.alice.cnptia.embrapa.br\/handle\/doc\/468161\" target=\"_blank\" rel=\"noopener noreferrer\"> Girassol no brasil \u2013 Embrapa.<\/a><\/li>\n<li><a href=\"https:\/\/pt.scribd.com\/doc\/317045370\/Instalacoes-Eletricas-apostila-Pirelli-parte-1-pdf\" target=\"_blank\" rel=\"noopener noreferrer\"> Instala\u00e7\u00f5es el\u00e9tricas residenciais. ELEKTRO\/PIRELLI.<\/a><\/li>\n<li><a href=\"https:\/\/ainfo.cnptia.embrapa.br\/digital\/bitstream\/item\/221450\/1\/24189-62299-1-PB.pdf\" target=\"_blank\" rel=\"noopener noreferrer\">Instala\u00e7\u00f5es Rurais e Pr\u00e1ticas de Bem-Estar Animal na Produ\u00e7\u00e3o de Bovinos de Corte em Propriedades Rurais do Munic\u00edpio de Dom Pedrito-RS<\/a><\/li>\n<li><a href=\"https:\/\/www.sindical.com.br\/images\/boletins\/boletim200_iac.pdf\" target=\"_blank\" rel=\"noopener noreferrer\">Instru\u00e7\u00f5es Agr\u00edcolas para as Principais Culturas Econ\u00f4micas &#8211; IACI<\/a><\/li>\n<li><a href=\"https:\/\/www.livrariaepamig.com.br\/wp-content\/uploads\/2023\/03\/IA-259.pdf\" target=\"_blank\" rel=\"noopener noreferrer\">Irriga\u00e7\u00e3o &#8211; EPAMIG<\/a><\/li>\n<li><a href=\"https:\/\/www.camara.leg.br\/proposicoesWeb\/prop_mostrarintegra;jsessionid=A37ADC279023849F7B142E470E96BCA6.node1?codteor=216570&amp;filename=LegislacaoCitada+-PL+3477\/2004\" target=\"_blank\" rel=\"noopener noreferrer\">Lei n\u00ba10.711 de 05 de agosto de 2003, MAPA<\/a><\/li>\n<li><a href=\"https:\/\/www.gov.br\/agricultura\/pt-br\/assuntos\/insumos-agropecuarios\/insumos-agricolas\/sementes-e-mudas\/publicacoes-sementes-e-mudas\/manual-de-analise-sanitaria-de-sementes\" target=\"_blank\" rel=\"noopener noreferrer\">Manual de an\u00e1lise sanit\u00e1ria de sementes &#8211; MAPA, 2009<\/a><\/li>\n<li><a href=\"https:\/\/www.embrapa.br\/busca-de-publicacoes\/-\/publicacao\/1085209\/manual-de-metodos-de-analise-de-solo\" target=\"_blank\" rel=\"noopener noreferrer\">Manual de m\u00e9todos de an\u00e1lise do solo &#8211; EMPRAPA<\/a><\/li>\n<li><a href=\"https:\/\/www.cdhu.sp.gov.br\/documents\/20143\/37009\/manual-de-paisagismo.pdf\/d491a326-1880-52ce-6ea0-d17673c1ef7e\" target=\"_blank\" rel=\"noopener noreferrer\">Manual de paisagismo &#8211; CDHU<\/a><\/li>\n<li><a href=\"www.sistemafaep.org.br\/wp-content\/uploads\/2021\/11\/PR.0338-Melhoramento-Genetico-em-Rebanhos-Leiteiros.pdf\" target=\"_blank\" rel=\"noopener noreferrer\">Melhoramento gen\u00e9tico em bovinocultura de Leite, SANAR, 2018<\/a><\/li>\n<li><a href=\"https:\/\/www.bibliotecaagptea.org.br\/agricultura\/olericultura\/livros\/OLERICULTURA%20BASICA%20INSTALACAO%20DA%20LAVOURA.pdf\" target=\"_blank\" rel=\"noopener noreferrer\">Olericultura b\u00e1sica instala\u00e7\u00e3o da lavoura<\/a><\/li>\n<li><a href=\"https:\/\/sistemafaep.org.br\/wp-content\/uploads\/2021\/05\/PR.0315-Olericultura-Planejamento-da-Producao_web.pdf\" target=\"_blank\" rel=\"noopener noreferrer\">Olericultura: planejamento da produ\u00e7\u00e3o, do plantio \u00e0 comercializa\u00e7\u00e3o, SANAR: Curitiba, 2016<\/a><\/li>\n<li><a href=\"https:\/\/reflexaoacademica.com.br\/assets\/ebooks\/L1MJnm30194PxS2FZXVs3hb4856Hy6av.pdf\" target=\"_blank\" rel=\"noopener noreferrer\">Per\u00edcia e avalia\u00e7\u00e3o ambiental: um olhar pela legisla\u00e7\u00e3o<\/a><\/li>\n<li><a href=\"https:\/\/www.epamig.br\/ilct\/wp-content\/uploads\/2020\/07\/LEITE-E-DERIVADOS-TECNOLOGIAS-PADR%C3%95ES-DE-IDENTIDADE-E-QUALIDADE.pdf\" target=\"_blank\" rel=\"noopener noreferrer\">Leite e derivados: tecnologias, padr\u00f5es de identidade e qualidade &#8211; EPAMIG<\/a><\/li>\n<li><a href=\"https:\/\/livrariaepamig.com.br\/wp-content\/uploads\/2023\/02\/IA-280.pdf\" target=\"_blank\" rel=\"noopener noreferrer\">Pragas do cafeeiro: bioecologia e manejo integrado &#8211; EPAMIG<\/a><\/li>\n<li><a href=\"www.seduc.ce.gov.br\/wp-content\/uploads\/sites\/37\/2011\/01\/agroindstria_processamento_de_carnes.pdf\" target=\"_blank\" rel=\"noopener noreferrer\">Processamento de Carnes. Secretaria de educa\u00e7\u00e3o do Cear\u00e1 &#8211; SEDUC<\/a><\/li>\n<li><a href=\"https:\/\/revistas.unoeste.br\/index.php\/ca\/article\/view\/592\" target=\"_blank\" rel=\"noopener noreferrer\">Produ\u00e7\u00e3o de caf\u00e9 sombreado<\/a><\/li>\n<li><a href=\"https:\/\/www.gov.br\/agricultura\/pt-br\/assuntos\/insumos-agropecuarios\/arquivos-publicacoes-insumos\/2946_regras_analise__sementes.pdf\" target=\"_blank\" rel=\"noopener noreferrer\">Regras para an\u00e1lise de sementes &#8211; MAPA, 2009<\/a><\/li>\n<li><a href=\"http:\/\/www2.ufac.br\/labmec\/menu\/disciplinas\/mecanizacao-agricola\/mecanizacao-agricola\/selecao-e-custo-operacional-de-maquinas-agricolas.pdf\" target=\"_blank\" rel=\"noopener noreferrer\">Sele\u00e7\u00e3o e custo operacional de m\u00e1quinas agr\u00edcolas. EMBRAPA Acre, 2000 pdf<\/a><\/li>\n<li><a href=\"https:\/\/www.embrapa.br\/solos\/busca-de-publicacoes\/-\/publicacao\/1094003\/sistema-brasileiro-de-classificacao-de-solos\" target=\"_blank\" rel=\"noopener noreferrer\">Sistema brasileiro de classifica\u00e7\u00e3o dos solos. EMBRAPA<\/a><\/li>\n<li><a href=\"https:\/\/ainfo.cnptia.embrapa.br\/digital\/bitstream\/item\/49622\/1\/SID-DOCUMENTOS-353-SISTEMA-DE-PRODUCAO-PARA-A-CULTURA-DA-CANA-DE-ACUCAR-CDU-633-61.pdf\" target=\"_blank\" rel=\"noopener noreferrer\">Sistema de Produ\u00e7\u00e3o para a Cultura da Cana de-A\u00e7\u00facar Zona da Mata. EMBRAPA<\/a><\/li>\n<li><a href=\"https:\/\/livrariaepamig.com.br\/wp-content\/uploads\/2023\/02\/IA-298.pdf\" target=\"_blank\" rel=\"noopener noreferrer\">Inova\u00e7\u00f5es tecnol\u00f3gicas para a produ\u00e7\u00e3o de feij\u00e3o &#8211; EPAMIG<\/a><\/li>\n<li><a href=\"https:\/\/www.gov.br\/agricultura\/pt-br\/assuntos\/sustentabilidade\/agricultura-de-baixa-emissao-de-carbono\/suinocultura-abc\/publicacoes-de-suinocultura\/tecnologias-de-producao-mais-limpa-e-aproveitamento-economico-dos-residuos-da-producao-de-suinos.pdf\" target=\"_blank\" rel=\"noopener noreferrer\">Suinocultura de baixa emiss\u00e3o de carbono: tecnologias de produ\u00e7\u00e3o mais limpa e aproveitamento econ\u00f4mico dos res\u00edduos da produ\u00e7\u00e3o de su\u00ednos &#8211; MAPA, 2016 <\/a><\/li>\n<li><a href=\"https:\/\/www.embrapa.br\/documents\/1355242\/1529323\/Su%C3%ADnos+e+Aves+18-1998.pdf\/597ebe75-b480-4139-84be-5153be6bb3c6\" target=\"_blank\" rel=\"noopener noreferrer\">Su\u00ednos e aves &#8211; EMBRAPA<\/a><\/li>\n<li><a href=\"http:\/\/www.faglionipaineis.com\/resources\/pirelli.pdf\" target=\"_blank\" rel=\"noopener noreferrer\">Tabelas de dimensionamento de condutores el\u00e9tricos &#8211; PIRELLI<\/a><\/li>\n<li><a href=\"https:\/\/www.scielo.br\/j\/rbspa\/a\/zrsddbNQGp5mTkDLnRGmFLm\/?format=pdf&amp;lang=pt\" target=\"_blank\" rel=\"noopener noreferrer\">Zootecnia de precis\u00e3o: princ\u00edpios b\u00e1sicos e atualidades na suinocultura<\/a><\/li>\n<\/ul>\n<hr \/>\n<p><strong>Biomedicina<\/strong><\/p>\n<ul>\n<li><a href=\"https:\/\/cfbm.gov.br\/codigo-de-etica-da-profissao-de-biomedico\/\" target=\"_blank\" rel=\"noopener noreferrer\">C\u00f3digo de \u00c9tica da Profiss\u00e3o de Biom\u00e9dico<\/a><\/li>\n<li><a href=\"https:\/\/crbm1.gov.br\/site2019\/wp-content\/uploads\/2021\/06\/Manual_do_Biomedico_2021_V4.pdf\" target=\"_blank\" rel=\"noopener noreferrer\">Manual do Biom\u00e9dico<\/a><\/li>\n<\/ul>\n<hr \/>\n<p><strong>Ci\u00eancias Biol\u00f3gicas<\/strong><\/p>\n<ul>\n<li><a href=\"https:\/\/www.gov.br\/icmbio\/pt-br\/centrais-de-conteudo\/publicacoes\/publicacoes-diversas\/livro_vermelho_2018_vol1.pdf\" target=\"_blank\" rel=\"noopener noreferrer\">Livro vermelho: fauna brasileira amea\u00e7ada de extin\u00e7\u00e3o. 2018. v.1<\/a><\/li>\n<li><a href=\"https:\/\/www.gov.br\/icmbio\/pt-br\/centrais-de-conteudo\/publicacoes\/publicacoes-diversas\/livro_vermelho_2018_vol2.pdf\" target=\"_blank\" rel=\"noopener noreferrer\">Livro vermelho da fauna brasileira amea\u00e7ada de extin\u00e7\u00e3o. v.2 &#8211; mam\u00edferos. 2018.<\/a><\/li>\n<li><a href=\"https:\/\/www.gov.br\/icmbio\/pt-br\/centrais-de-conteudo\/publicacoes\/publicacoes-diversas\/livro_vermelho_2018_vol3.pdf\" target=\"_blank\" rel=\"noopener noreferrer\">Livro vermelho da fauna brasileira amea\u00e7ada de extin\u00e7\u00e3o. v.3 \u2013 aves. 2018.\u00a0<\/a><\/li>\n<li><a href=\"https:\/\/www.gov.br\/icmbio\/pt-br\/centrais-de-conteudo\/publicacoes\/publicacoes-diversas\/livro_vermelho_2018_vol4.pdf\" target=\"_blank\" rel=\"noopener noreferrer\">Livro vermelho da fauna brasileira amea\u00e7ada de extin\u00e7\u00e3o. v.4 \u2013 r\u00e9pteis. 2018.<\/a><\/li>\n<li><a href=\"https:\/\/www.gov.br\/icmbio\/pt-br\/centrais-de-conteudo\/publicacoes\/publicacoes-diversas\/livro_vermelho_2018_vol5.pdf\" target=\"_blank\" rel=\"noopener noreferrer\">Livro vermelho da fauna brasileira amea\u00e7ada de extin\u00e7\u00e3o. v.5 \u2013 anf\u00edbios. 2018.<\/a><\/li>\n<li><a href=\"https:\/\/www.gov.br\/icmbio\/pt-br\/centrais-de-conteudo\/publicacoes\/publicacoes-diversas\/livro_vermelho_2018_vol6.pdf\" target=\"_blank\" rel=\"noopener noreferrer\">Livro vermelho da fauna brasileira amea\u00e7ada de extin\u00e7\u00e3o. v.6 \u2013 peixes.<\/a><\/li>\n<li><a href=\"https:\/\/www.gov.br\/icmbio\/pt-br\/centrais-de-conteudo\/publicacoes\/publicacoes-diversas\/livro_vermelho_2018_vol7.pdf\" target=\"_blank\" rel=\"noopener noreferrer\">Livro vermelho da fauna brasileira amea\u00e7ada de extin\u00e7\u00e3o. v.7 \u2013 invertebrados. 2018.<\/a><\/li>\n<li><a href=\"https:\/\/www.planalto.gov.br\/ccivil_03\/leis\/l9985.htm\" target=\"_blank\" rel=\"noopener noreferrer\">Sistema Nacional de Unidades de Conserva\u00e7\u00e3o da Natureza (SNUC)<\/a><\/li>\n<li><a href=\"https:\/\/www.planalto.gov.br\/ccivil_03\/_ato2007-2010\/2010\/lei\/l12305.htm\" target=\"_blank\" rel=\"noopener noreferrer\">Pol\u00edtica Nacional de Res\u00edduos S\u00f3lidos<\/a><\/li>\n<li><a href=\"https:\/\/www.gov.br\/mma\/pt-br\/acesso-a-informacao\/acoes-e-programas\/agendaambientalurbana\/lixao-zero\/plano_nacional_de_residuos_solidos-1.pdf\" target=\"_blank\" rel=\"noopener noreferrer\">Plano nacional de Res\u00edduos S\u00f3lidos<\/a><\/li>\n<li><a href=\"https:\/\/smastr20.blob.core.windows.net\/download\/Plano-de-Residuos-Solidos_CONSULTA-PUBLICA.pdf\" target=\"_blank\" rel=\"noopener noreferrer\">Plano de Res\u00edduoS S\u00f3lidos do Estado de S\u00e3o Paulo<\/a><\/li>\n<li><a href=\"https:\/\/repositorio.ipea.gov.br\/bitstream\/11058\/7413\/1\/td_2268.PDF\" target=\"_blank\" rel=\"noopener noreferrer\">A Organiza\u00e7\u00e3o coletiva de catadores de material recicl\u00e1vel no brasil: dilemas e potencialidades sob a \u00f3tica da economia solid\u00e1ria<\/a><\/li>\n<li><a href=\"https:\/\/www.icmbio.gov.br\/cbc\/images\/stories\/Publica%C3%A7%C3%B5es\/restaura%C3%A7%C3%A3o\/Guia-de-Restauracao-Ecologica_digital.pdf\" target=\"_blank\" rel=\"noopener noreferrer\">Guia de restaura\u00e7\u00e3o ecol\u00f3gica para gestores de unidades de conserva\u00e7\u00e3o. Brasilia: Instituto Chico Mendes, 2021.<\/a><\/li>\n<li><a href=\"http:\/\/conama.mma.gov.br\/?option=com_sisconama&amp;task=arquivo.download&amp;id=237\" target=\"_blank\" rel=\"noopener noreferrer\">RESOLU\u00c7\u00c3O CONAMA n\u00ba 237, de 19 de dezembro de 1997.<\/a><\/li>\n<li><a href=\"https:\/\/acervo.socioambiental.org\/sites\/default\/files\/documents\/22D00058.pdf\" target=\"_blank\" rel=\"noopener noreferrer\">Diagn\u00f3stico Ambiental Participativo do Vale do Ribeira e Litoral Sul de S\u00e3o Paulo. S\u00e3o Paulo: Secretaria do Meio Ambiente. 1998.<\/a><\/li>\n<\/ul>\n<hr \/>\n<p><strong>Educa\u00e7\u00e3o Especial<\/strong><\/p>\n<ul>\n<li><a href=\"https:\/\/www2.senado.leg.br\/bdsf\/bitstream\/handle\/id\/534718\/eca_1ed.pdf\" target=\"_blank\" rel=\"noopener noreferrer\">BRASIL. Estatuto da crian\u00e7a e do adolescente. Normativas internacionais. Conselho nacional dos direitos da crian\u00e7a e do adolescente. Bras\u00edlia: Conanda, 2021.<\/a><\/li>\n<li><a href=\"http:\/\/portal.mec.gov.br\/dmdocuments\/direitosfundamentais.pdf\" target=\"_blank\" rel=\"noopener noreferrer\">Crit\u00e9rios para um atendimento em creches que respeite os direitos fundamentais das crian\u00e7as.<\/a><\/li>\n<li><a href=\"http:\/\/portal.mec.gov.br\/pet\/192-secretarias-112877938\/seesp-esducacao-especial-2091755988\/12654-saberes-e-praticas-da-inclusao-educacao-infantil\" target=\"_blank\" rel=\"noopener noreferrer\">BRASIL. Educa\u00e7\u00e3o Infantil: Saberes e pr\u00e1ticas da inclus\u00e3o. Bras\u00edlia: Minist\u00e9rio da Educa\u00e7\u00e3o, 2006. (Cole\u00e7\u00e3o Completa).<\/a><\/li>\n<li><a href=\"https:\/\/proex.ufsc.br\/files\/2016\/04\/Pol%C3%ADtica-Nacional-de-Extens%C3%A3o-Universit%C3%A1ria-e-book.pdf\" target=\"_blank\" rel=\"noopener noreferrer\">FORPROEX. Pol\u00edtica Nacional de Extens\u00e3o Universit\u00e1ria. Manaus: Forproex, 2012.<\/a><\/li>\n<li><a href=\"https:\/\/www2.senado.leg.br\/bdsf\/bitstream\/handle\/id\/70320\/65.pdf\" target=\"_blank\" rel=\"noopener noreferrer\">BRASIL. Lei de Diretrizes e Bases da Educa\u00e7\u00e3o Nacional 9394\/96, Bras\u00edlia, 1996.<\/a><\/li>\n<li><a href=\"https:\/\/www2.camara.leg.br\/legin\/fed\/lei\/2015\/lei-13146-6-julho-2015-781174-normaatualizada-pl.pdf\" target=\"_blank\" rel=\"noopener noreferrer\">BRASIL. Lei n\u00ba 13146, de 6 de julho de 2015. Institui a Lei Brasileira de Inclus\u00e3o da Pessoa com Defici\u00eancia, 2015.<\/a><\/li>\n<li><a href=\"http:\/\/www.dominiopublico.gov.br\/download\/texto\/me002217.pdf\" target=\"_blank\" rel=\"noopener noreferrer\">BRASIL. Direito \u00e0 Educa\u00e7\u00e3o \u2013 necessidades educacionais especiais: subs\u00eddios para atua\u00e7\u00e3o do Minist\u00e9rio P\u00fablico Brasileiro. Bras\u00edlia: Minist\u00e9rio da Educa\u00e7\u00e3o, 2001.<\/a><\/li>\n<li><a href=\"http:\/\/www.inicepg.univap.br\/cd\/INIC_2019\/anais\/arquivos\/0245_0063_02.pdf\" target=\"_blank\" rel=\"noopener noreferrer\">XXI Encontro Latinoamericano de P\u00f3s-Gradua\u00e7\u00e3o. O Local frente ao Global: Pesquisa, Ci\u00eancia e os Povos Ind\u00edgenas no Brasil.<\/a><\/li>\n<li><a href=\"http:\/\/www.pcdlegal.com.br\/convencaoonu\/wp-content\/themes\/convencaoonu\/downloads\/ONU_Cartilha.pdf\" target=\"_blank\" rel=\"noopener noreferrer\">ONU. Conven\u00e7\u00e3o sobre os Direitos das Pessoas com Defici\u00eancia, aprovada pela Assembleia Geral da ONU em dezembro de 2006.<\/a><\/li>\n<li><a href=\"https:\/\/www2.senado.leg.br\/bdsf\/bitstream\/handle\/id\/518231\/CF88_Livro_EC91_2016.pdf\" target=\"_blank\" rel=\"noopener noreferrer\">BRASIL. Constitui\u00e7\u00e3o da Rep\u00fablica Federativa do Brasil. S\u00e3o Paulo: Saraiva, 2016<\/a><\/li>\n<li><a href=\"http:\/\/portal.mec.gov.br\/index.php?option=com_docman&amp;view=download&amp;alias=428-diretrizes-publicacao&amp;Itemid=30192\" target=\"_blank\" rel=\"noopener noreferrer\">BRASIL. Minist\u00e9rio da Educa\u00e7\u00e3o. Secretaria de Educa\u00e7\u00e3o Especial. Diretrizes Operacionais da Educa\u00e7\u00e3o Especial para o Atendimento Educacional Especializado na Educa\u00e7\u00e3o B\u00e1sica. Bras\u00edlia: MEC\/SEESP, 2009.<\/a><\/li>\n<li><a href=\"https:\/\/www.amnoroeste.org.br\/uploads\/1535\/arquivos\/1643441_Parametros_Nacionais.pdf\" target=\"_blank\" rel=\"noopener noreferrer\">BRASIL. Minist\u00e9rio da Educa\u00e7\u00e3o. Secretaria de Educa\u00e7\u00e3o B\u00e1sica Par\u00e2metros nacionais de qualidade para a educa\u00e7\u00e3o infantil\/Minist\u00e9rio da Educa\u00e7\u00e3o. Secretaria de Educa\u00e7\u00e3o B\u00e1sica. Bras\u00edlia. DF, 2018.<\/a><\/li>\n<li><a href=\"http:\/\/portal.mec.gov.br\/docman\/outubro-2020-pdf\/164841-rcp001-20\/file\" target=\"_blank\" rel=\"noopener noreferrer\">BRASIL. Resolu\u00e7\u00e3o CNE\/CP N\u00ba 1, de 27 de outubro de 2020. Disp\u00f5e sobre as Diretrizes Curriculares Nacionais para a Forma\u00e7\u00e3o Continuada de Professores da Educa\u00e7\u00e3o B\u00e1sica e institui a Base Nacional Comum para a Forma\u00e7\u00e3o Continuada de Professores da Educa\u00e7\u00e3o B\u00e1sica (BNC-Forma\u00e7\u00e3o Continuada).<\/a><\/li>\n<li><a href=\"https:\/\/normativasconselhos.mec.gov.br\/normativa\/pdf\/CNE_RES_CNECESN72018.pdf\" target=\"_blank\" rel=\"noopener noreferrer\">BRASIL. MEC. CNE. CES. Resolu\u00e7\u00e3o N\u00ba 7, de 18 de dezembro de 2018. Estabelece as Diretrizes para a Extens\u00e3o na Educa\u00e7\u00e3o Superior Brasileira e regimenta o disposto na Meta 12.7 da Lei n\u00ba 13.005\/2014, que aprova o Plano Nacional de Educa\u00e7\u00e3o 2014-2024 e d\u00e1 outras providencias.<\/a><\/li>\n<li><a href=\"http:\/\/portal.mec.gov.br\/docman\/agosto-2017-pdf\/70431-res-cne-cp-002-03072015-pdf\/file\" target=\"_blank\" rel=\"noopener noreferrer\">BRASIL. Resolu\u00e7\u00e3o CNE\/CP N\u00ba 2, de 1\u00ba de julho de 2015. Define as Diretrizes Curriculares Nacionais para a forma\u00e7\u00e3o inicial em n\u00edvel superior (cursos de licenciatura, cursos de forma\u00e7\u00e3o pedag\u00f3gica para graduados e cursos de segunda licenciatura) e para a forma\u00e7\u00e3o continuada.<\/a><\/li>\n<li><a href=\"https:\/\/www.unifesp.br\/reitoria\/proec\/images\/PROEX\/pps\/livros\/01_Forum_proreitores_COOPMED.pdf\" target=\"_blank\" rel=\"noopener noreferrer\">I FORPROEX &#8211; Encontro de Pr\u00f3-reitores de Extens\u00e3o das Universidades P\u00fablicas Brasileiras, Bras\u00edlia. Conceito de extens\u00e3o, institucionaliza\u00e7\u00e3o e financiamento, 1987.<\/a><\/li>\n<li><a href=\"https:\/\/www.gov.br\/mdh\/pt-br\/assuntos\/noticias\/2021\/julho\/trinta-e-um-anos-do-estatuto-da-crianca-e-do-adolescente-confira-as-novas-acoes-para-fortalecer-o-eca\/ECA2021_Digital.pdf\" target=\"_blank\" rel=\"noopener noreferrer\">BRASIL. Estatuto da Crian\u00e7a e do Adolescente. Lei 8.069\/1990. Brasil:1990.<\/a><\/li>\n<li><a href=\"http:\/\/www.scielo.br\/pdf\/cp\/v45n155\/1980-5314-cp-45-155-00012.pdf\" target=\"_blank\" rel=\"noopener noreferrer\">Defici\u00eancia m\u00faltipla: forma\u00e7\u00e3o de professores e processos de ensino-aprendizagem.<\/a><\/li>\n<li><a href=\"http:\/\/www.scielo.br\/scielo.php?script=sci_arttext&amp;pid=S0101-32622000000100004&amp;lng=pt&amp;nrm=iso\" target=\"_blank\" rel=\"noopener noreferrer\">Marcas da hist\u00f3ria social no discurso de um sujeito: uma contribui\u00e7\u00e3o para a discuss\u00e3o a respeito da constitui\u00e7\u00e3o social da pessoa com defici\u00eancia.<\/a><\/li>\n<li><a href=\"http:\/\/www.scielo.br\/scielo.php?script=sci_arttext&amp;pid=S1516-44462003000200012&amp;lng=pt&amp;nrm=iso\" target=\"_blank\" rel=\"noopener noreferrer\">S\u00edndrome de Rett<\/a><\/li>\n<li><a href=\"http:\/\/portal.mec.gov.br\/seb\/arquivos\/pdf\/livro01.pdf\" target=\"_blank\" rel=\"noopener noreferrer\">BRASIL. Par\u00e2metros Curriculares Nacionais: Introdu\u00e7\u00e3o<\/a><\/li>\n<li><a href=\"http:\/\/portal.mec.gov.br\/seb\/arquivos\/pdf\/livro02.pdf\" target=\"_blank\" rel=\"noopener noreferrer\">BRASIL. Par\u00e2metros Curriculares Nacionais: L\u00edngua Portuguesa<\/a><\/li>\n<li><a href=\"http:\/\/portal.mec.gov.br\/seb\/arquivos\/pdf\/livro03.pdf\" target=\"_blank\" rel=\"noopener noreferrer\">BRASIL. Par\u00e2metros Curriculares Nacionais: Matem\u00e1tica<\/a><\/li>\n<li><a href=\"http:\/\/portal.mec.gov.br\/seb\/arquivos\/pdf\/livro04.pdf\" target=\"_blank\" rel=\"noopener noreferrer\">BRASIL. Par\u00e2metros Curriculares Nacionais: Ci\u00eancias Naturais<\/a><\/li>\n<li><a href=\"http:\/\/portal.mec.gov.br\/seb\/arquivos\/pdf\/livro051.pdf\" target=\"_blank\" rel=\"noopener noreferrer\">BRASIL. Par\u00e2metros Curriculares Nacionais: Hist\u00f3ria e Geografia<\/a><\/li>\n<li><a href=\"http:\/\/portal.mec.gov.br\/seb\/arquivos\/pdf\/livro052.pdf\" target=\"_blank\" rel=\"noopener noreferrer\">BRASIL. Par\u00e2metros Curriculares Nacionais: Caracteriza\u00e7\u00e3o da \u00e1rea de geografia<\/a><\/li>\n<li><a href=\"https:\/\/www.scielo.br\/j\/er\/a\/hh4xryQjgNLxhS5gh3gwzGN\/?format=pdf&amp;lang=pt\" target=\"_blank\" rel=\"noopener noreferrer\">Concep\u00e7\u00f5es sobre os procedimentos de interven\u00e7\u00e3o e avalia\u00e7\u00e3o de profissionais em estimula\u00e7\u00e3o precoce.<\/a><\/li>\n<li><a href=\"https:\/\/bvsms.saude.gov.br\/bvs\/publicacoes\/diretrizes_atencao_reabilitacao_pessoa_autismo.pdf\" target=\"_blank\" rel=\"noopener noreferrer\">BRASIL. MINIST\u00c9RIO DA SA\u00daDE. Secretaria de Aten\u00e7\u00e3o \u00e0 Sa\u00fade. Departamento de A\u00e7\u00f5es Program\u00e1ticas Estrat\u00e9gicas. Diretrizes de aten\u00e7\u00e3o \u00e0 reabilita\u00e7\u00e3o da pessoa com transtornos do espectro do autismo.<\/a><\/li>\n<li><a href=\"https:\/\/trocandosaberes.com.br\/wp-content\/uploads\/2019\/02\/Cartilha-Orienta%C3%A7%C3%A3o-e-Mobilidade.pdf\" target=\"_blank\" rel=\"noopener noreferrer\">BRASIL. Minist\u00e9rio da Educa\u00e7\u00e3o. Secretaria de Educa\u00e7\u00e3o Especial. Orienta\u00e7\u00e3o e mobilidade: conhecimentos b\u00e1sicos para a inclus\u00e3o do deficiente visual.<\/a><\/li>\n<li><a href=\"http:\/\/portal.mec.gov.br\/seesp\/arquivos\/pdf\/def_visual_1.pdf\" target=\"_blank\" rel=\"noopener noreferrer\">BRASIL. Minist\u00e9rio da Educa\u00e7\u00e3o. Secretaria de Educa\u00e7\u00e3o Especial. Programa de Capacita\u00e7\u00e3o de Recursos Humanos do Ensino Fundamental: defici\u00eancia visual.<\/a><\/li>\n<li><a href=\"http:\/\/portal.mec.gov.br\/arquivos\/pdf\/politicaeducespecial.pdf\" target=\"_blank\" rel=\"noopener noreferrer\">BRASIL. Minist\u00e9rio da Educa\u00e7\u00e3o. Pol\u00edtica Nacional de Educa\u00e7\u00e3o Especial na perspectiva da Educa\u00e7\u00e3o Inclusiva. 2008.<\/a><\/li>\n<li><a href=\"https:\/\/crianca.mppr.mp.br\/arquivos\/File\/publi\/mec\/manual_escolas_deficientes.pdf\" target=\"_blank\" rel=\"noopener noreferrer\">BRASIL. Manual de acessibilidade espacial para escolas: o direito \u00e0 escola acess\u00edvel. Bras\u00edlia: MEC\/ SEESP, 2009.115 p.<\/a><\/li>\n<li><a href=\"https:\/\/www.udesc.br\/arquivos\/udesc\/documentos\/Lei_n__10_436__de_24_de_abril_de_2002_15226896225947_7091.pdf\" target=\"_blank\" rel=\"noopener noreferrer\">BRASIL. Minist\u00e9rio da Educa\u00e7\u00e3o. Secretaria de Educa\u00e7\u00e3o Especial. Lei n\u00ba. 10.436, disp\u00f5e sobre a L\u00edngua Brasileira de Sinais &#8211; LIBRAS e d\u00e1 outras provid\u00eancias. Publicada no Di\u00e1rio Oficial da Uni\u00e3o em 24\/04\/2002.<\/a><\/li>\n<li><a href=\"https:\/\/www.udesc.br\/arquivos\/udesc\/documentos\/Lei_n__10_436__de_24_de_abril_de_2002_15226896225947_7091.pdf\" target=\"_blank\" rel=\"noopener noreferrer\">BRASIL. Decreto n\u00ba 5.626. Regulamenta a Lei n\u00ba 10.436, de 24 de abril de 2002, que disp\u00f5e sobre a L\u00edngua Brasileira de Sinais Libras, e o art. 18 da Lei n\u00ba 10.098, de 19 de dezembro de 2000. Publicada no Di\u00e1rio Oficial da Uni\u00e3o em 22\/12\/2005.<\/a><\/li>\n<li><a href=\"http:\/\/portal.mec.gov.br\/seesp\/arquivos\/pdf\/construindo.pdf\" target=\"_blank\" rel=\"noopener noreferrer\">BRASIL. Minist\u00e9rio da Educa\u00e7\u00e3o. Secretaria de Educa\u00e7\u00e3o Especial. Projeto Escola Viva &#8211; Garantindo o acesso e perman\u00eancia de todos os alunos na escola &#8211; Alunos com necessidades educacionais especiais. Bras\u00edlia: MEC\/SEESP, 2000.<\/a><\/li>\n<li><a href=\"http:\/\/portal.mec.gov.br\/dmdocuments\/rceb004_09.pdf\" target=\"_blank\" rel=\"noopener noreferrer\">BRASIL. Resolu\u00e7\u00e3o N\u00ba 4, de 2 de outubro de 2009. Diretrizes Operacionais para o Atendimento Educacional Especializado na Educa\u00e7\u00e3o B\u00e1sica, modalidade Educa\u00e7\u00e3o Especial. Di\u00e1rio Oficial [da]Rep\u00fablica Federativa do Brasil, Poder Executivo, Bras\u00edlia, DF, 5 out. 2009<\/a><\/li>\n<li><a href=\"http:\/\/basenacionalcomum.mec.gov.br\/images\/BNCC_EI_EF_110518_versaofinal_site.pdf\" target=\"_blank\" rel=\"noopener noreferrer\">BRASIL. BASE NACIONAL COMUM CURRICULAR \u2013 BNCC. Bras\u00edlia, 2018<\/a><\/li>\n<li><a href=\"http:\/\/portal.mec.gov.br\/index.php?option=com_docman&amp;view=download&amp;alias=6726-marcos-politicos-legais&amp;Itemid=30192\" target=\"_blank\" rel=\"noopener noreferrer\">BRASIL. Minist\u00e9rio da Educa\u00e7\u00e3o. Secret\u00e1ria de Educa\u00e7\u00e3o Especial. Marcos Pol\u00edticos-Legais da Educa\u00e7\u00e3o Especial na Perspectiva da Educa\u00e7\u00e3o Inclusiva. Bras\u00edlia: Secretaria de Educa\u00e7\u00e3o Especial, 2010<\/a><\/li>\n<li><a href=\"http:\/\/portal.mec.gov.br\/cne\/arquivos\/pdf\/CES0067.pdf\" target=\"_blank\" rel=\"noopener noreferrer\">BRASIL. Parecer N\u00ba 67\/2003 do CNE\/CES, estabelece um referencial para as Diretrizes Curriculares Nacionais dos Cursos de Gradua\u00e7\u00e3o<\/a><\/li>\n<li><a href=\"http:\/\/www.uel.br\/eventos\/congressomultidisciplinar\/pages\/arquivos\/anais\/2013\/AT16-2013\/AT16-022.pdf\" target=\"_blank\" rel=\"noopener noreferrer\">BRASIL. Minist\u00e9rio da Educa\u00e7\u00e3o. Educa\u00e7\u00e3o infantil: saberes e pr\u00e1ticas da inclus\u00e3o: dificuldades acentuadas de aprendizagem: defici\u00eancia m\u00faltipla.4. ed. Bras\u00edlia: MEC, Secretaria de Educa\u00e7\u00e3o Especial, 2006<\/a><\/li>\n<li><a href=\"http:\/\/portal.mec.gov.br\/arquivos\/pdf\/politicaeducespecial.pdf\" target=\"_blank\" rel=\"noopener noreferrer\">BRASIL. Minist\u00e9rio da Educa\u00e7\u00e3o. Secretaria de Educa\u00e7\u00e3o Especial. Pol\u00edtica Nacional de Educa\u00e7\u00e3o Especial na Perspectiva da Educa\u00e7\u00e3o Inclusiva. Inclus\u00e3o.<\/a><\/li>\n<li><a href=\"https:\/\/central3.to.gov.br\/arquivo\/292572\/\" target=\"_blank\" rel=\"noopener noreferrer\">SEESP\/ SEED\/ MEC. A Educa\u00e7\u00e3o Especial na Perspectiva da Inclus\u00e3o Escolar: O Atendimento Educacional Especializado para Estudantes com Defici\u00eancia Intelectual, Fasc\u00edculo II, Bras\u00edlia, 2010.<\/a><\/li>\n<li><a href=\"http:\/\/www.educadores.diaadia.pr.gov.br\/arquivos\/File\/diretrizes\/dce_eja.pdf\" target=\"_blank\" rel=\"noopener noreferrer\">BRASIL. MEC. Proposta Curricular Educa\u00e7\u00e3o de Jovens e Adultos. Ensino Fundamental, Bras\u00edlia: SEF, 2001.<\/a><\/li>\n<li><a href=\"https:\/\/bvsms.saude.gov.br\/bvs\/publicacoes\/diretrizes_estimulacao_criancas_0a3anos_neuropsicomotor.pdf\" target=\"_blank\" rel=\"noopener noreferrer\">BRASIL. Diretrizes educacionais sobre estimula\u00e7\u00e3o precoce. Bras\u00edlia: Minist\u00e9rio da Educa\u00e7\u00e3o, Secretaria de Educa\u00e7\u00e3o Especial, 1995.<\/a><\/li>\n<li><a href=\"http:\/\/portal.mec.gov.br\/seesp\/arquivos\/pdf\/rec_adaptados.pdf\" target=\"_blank\" rel=\"noopener noreferrer\">BRASIL. Portal de ajudas t\u00e9cnicas para educa\u00e7\u00e3o: equipamento e material pedag\u00f3gico especial para educa\u00e7\u00e3o, capacita\u00e7\u00e3o e recrea\u00e7\u00e3o da pessoa com defici\u00eancia f\u00edsica: recursos pedag\u00f3gicos adaptados\/Secretaria de Educa\u00e7\u00e3o Especial &#8211; Bras\u00edlia: MEC\/ SEESP, 2002, fasc\u00edculo 1. 56p.<\/a><\/li>\n<li><a href=\"https:\/\/www2.senado.leg.br\/bdsf\/bitstream\/handle\/id\/10\/732313.pdf?sequence=4&amp;isAllowed=y\" target=\"_blank\" rel=\"noopener noreferrer\">BRASIL. Decreto no.5296. Regulamenta as Leis Nos. 10.048\/ 2000, e 10.098\/2000, e d\u00e1 outras provid\u00eancias. Bras\u00edlia: 2004.<\/a><\/li>\n<li><a href=\"https:\/\/normativasconselhos.mec.gov.br\/normativa\/pdf\/CNE_RES_CNECPN22017.pdf\" target=\"_blank\" rel=\"noopener noreferrer\">BRASIL. RESOLU\u00c7\u00c3O CNE\/CP N\u00ba 2, DE 22 DE DEZEMBRO DE 2017, institui e orienta a implanta\u00e7\u00e3o da Base Nacional Comum Curricular, a ser respeitada obrigatoriamente ao longo das etapas e respectivas modalidades no \u00e2mbito da Educa\u00e7\u00e3o B\u00e1sica. DF, 2017.<\/a><\/li>\n<li><a href=\"https:\/\/www.scielo.br\/j\/csc\/a\/gC9mfszPzk79xVZ3gdLK7yp\/?format=pdf&amp;lang=pt\" target=\"_blank\" rel=\"noopener noreferrer\">Apontamentos cr\u00edticos sobre estigma e medicaliza\u00e7\u00e3o \u00e0 luz da psicologia e da antropologia.<\/a><\/li>\n<li><a href=\"https:\/\/www.scielo.br\/j\/csc\/a\/nqv3K7JRXxmrBvq5DcQ88Qz\/?format=pdf&amp;lang=pt\" target=\"_blank\" rel=\"noopener noreferrer\">Um panorama sobre as varia\u00e7\u00f5es em torno do conceito de medicaliza\u00e7\u00e3o entre 1950-2010.<\/a><\/li>\n<li><a href=\"https:\/\/central3.to.gov.br\/arquivo\/292572\/\" target=\"_blank\" rel=\"noopener noreferrer\">A Educa\u00e7\u00e3o Especial na Perspectiva da Inclus\u00e3o Escolar: o atendimento educacional especializado para alunos com defici\u00eancia intelectual.<\/a><\/li>\n<li><a href=\"https:\/\/repositorio.ufscar.br\/handle\/ufscar\/3070?show=full\" target=\"_blank\" rel=\"noopener noreferrer\">Planejamento educacional individualizado na educa\u00e7\u00e3o especial: propostas oficiais da It\u00e1lia, Fran\u00e7a, Estados Unidos e Espanha.<\/a><\/li>\n<li><a href=\"https:\/\/maragabrilli.com.br\/servicos\/servicos-educacao\/\" target=\"_blank\" rel=\"noopener noreferrer\">BRASIL. Minist\u00e9rio da Educa\u00e7\u00e3o. Secretaria de Educa\u00e7\u00e3o Continuada, Alfabetiza\u00e7\u00e3o, Diversidade e Inclus\u00e3o. Nota T\u00e9cnica Conjunta n\u00b0 02\/2015\/MEC\/SECA\/DPEE \u2013SEB\/DICEI, 2015<\/a><\/li>\n<li><a href=\"https:\/\/www.scielo.br\/j\/edur\/a\/kjw6ycd5qY688cL3Hh6JmKf\/?format=pdf&amp;lang=pt\" target=\"_blank\" rel=\"noopener noreferrer\">FORMA\u00c7\u00c3O de educadores de jovens e adultos. Belo Horizonte: Aut\u00eantica\/SECAD-MEC\/ UNESCO, 2006.<\/a><\/li>\n<li><a href=\"https:\/\/repositorio.ufc.br\/handle\/riufc\/47611\" target=\"_blank\" rel=\"noopener noreferrer\">Ensino e educa\u00e7\u00e3o especial.<\/a><\/li>\n<li><a href=\"http:\/\/portal.mec.gov.br\/seesp\/arquivos\/pdf\/lei9394_ldbn1.pdf\" target=\"_blank\" rel=\"noopener noreferrer\">BRASIL, Lei n\u00ba 9394, de 20 de dezembro de 1996. Estabelece as Diretrizes e Bases da Educa\u00e7\u00e3o Nacional. Di\u00e1rio Oficial da Uni\u00e3o. Bras\u00edlia, n\u00ba 248, 1996.<\/a><\/li>\n<li><a href=\"http:\/\/portal.mec.gov.br\/seesp\/arquivos\/pdf\/salamanca.pdf\" target=\"_blank\" rel=\"noopener noreferrer\">BRASIL. Declara\u00e7\u00e3o de Salamanca e linha de a\u00e7\u00e3o sobre necessidades educativas especiais. Bras\u00edlia: CORDE, 1994.<\/a><\/li>\n<li><a href=\"https:\/\/repositorio.ufc.br\/handle\/riufc\/43211\" target=\"_blank\" rel=\"noopener noreferrer\">Pol\u00edticas de inclus\u00e3o escolar e estrat\u00e9gias pedag\u00f3gicas no atendimento educacional especializado.<\/a><\/li>\n<li><a href=\"http:\/\/portal.mec.gov.br\/index.php?option=com_docman&amp;view=download&amp;alias=1015-subsidios-para-diretrizes-curriculares-nacionais-para-a-educacao-basica&amp;Itemid=30192\" target=\"_blank\" rel=\"noopener noreferrer\">BRASIL. Subs\u00eddios para diretrizes curriculares nacionais para a educa\u00e7\u00e3o b\u00e1sica. Bras\u00edlia: Minist\u00e9rio da Educa\u00e7\u00e3o, 2009.<\/a><\/li>\n<li><a href=\"https:\/\/www.scielo.br\/j\/es\/a\/XmtyvfQsqcSNLqhZcSPGWhx\/?format=pdf&amp;lang=pt\" target=\"_blank\" rel=\"noopener noreferrer\">Diretrizes curriculares nacionais para o ensino fundamental de 9 anos e o Plano Nacional de Educa\u00e7\u00e3o: abrindo a discuss\u00e3o.<\/a><\/li>\n<li><a href=\"https:\/\/periodicosrefoc.com.br\/jornal\/index.php\/2\/article\/view\/27\/28\" target=\"_blank\" rel=\"noopener noreferrer\">Pondera\u00e7\u00f5es Epistemol\u00f3gicas acerca do Curr\u00edculo Funcional.<\/a><\/li>\n<li><a href=\"http:\/\/portal.mec.gov.br\/seesp\/arquivos\/pdf\/deficienciamultipla.pdf\" target=\"_blank\" rel=\"noopener noreferrer\">Educa\u00e7\u00e3o Infantil. Saberes e pr\u00e1tica: Dificuldades Acentuadas de Aprendizagem \u2013 Defici\u00eancia M\u00faltipla<\/a><\/li>\n<li><a href=\"http:\/\/portal.mec.gov.br\/seesp\/arquivos\/pdf\/dificuldadesdeaprendizagem.pdf\" target=\"_blank\" rel=\"noopener noreferrer\">Educa\u00e7\u00e3o Infantil. Saberes e pratica da inclus\u00e3o: dificuldades acentuadas de Aprendizagem ou Limita\u00e7\u00f5es no Processo de Desenvolvimento<\/a><\/li>\n<li><a href=\"https:\/\/periodicos.puc-campinas.edu.br\/reveducacao\/article\/view\/284\/267\" target=\"_blank\" rel=\"noopener noreferrer\">Apresenta\u00e7\u00e3o e an\u00e1lise das defini\u00e7\u00f5es de defici\u00eancia mental propostas pela AAMR: Associa\u00e7\u00e3o Americana de Retardo Mental de 1908 a 2002.<\/a><\/li>\n<li><a href=\"http:\/\/portal.mec.gov.br\/seb\/arquivos\/pdf\/portugues.pdf\" target=\"_blank\" rel=\"noopener noreferrer\">BRASIL. Par\u00e2metros Curriculares Nacionais &#8211; L\u00edngua Portuguesa. Ciclo I. Bras\u00edlia: MEC, 1998.<\/a><\/li>\n<li><a href=\"https:\/\/www.scielo.br\/j\/ccedes\/a\/V9C4DP9Fq9bWBcXszfWsWJC\/?format=pdf&amp;lang=pt\" target=\"_blank\" rel=\"noopener noreferrer\">A forma\u00e7\u00e3o de docentes para a educa\u00e7\u00e3o inclusiva e os poss\u00edveis impactos na escolariza\u00e7\u00e3o de educandos com defici\u00eancias.<\/a><\/li>\n<li><a href=\"https:\/\/urbanismoemeioambiente.fortaleza.ce.gov.br\/images\/urbanismo-e-meio-ambiente\/infocidade\/lei_federal_n%C2%BA_10.098-2000.pdf\" target=\"_blank\" rel=\"noopener noreferrer\">BRASIL. Lei Federal 10.098. Estabelece normas gerais e crit\u00e9rios b\u00e1sicos para a promo\u00e7\u00e3o da acessibilidade das pessoas portadoras de defici\u00eancia ou com mobilidade reduzida, e d\u00e1 outras provid\u00eancias. Bras\u00edlia: 2000.<\/a><\/li>\n<li><a href=\"https:\/\/www.novaconcursos.com.br\/blog\/pdf\/referencial-curricular-nacional-educacao-infantil-pref-limeira-sp.pdf\" target=\"_blank\" rel=\"noopener noreferrer\">BRASIL. MEC. Referencial Curricular Nacional de Educa\u00e7\u00e3o Infantil. Bras\u00edlia, 1988. 3v.<\/a><\/li>\n<li><a href=\"http:\/\/portal.mec.gov.br\/seed\/arquivos\/pdf\/deficienciavisual.pdf\" target=\"_blank\" rel=\"noopener noreferrer\">Defici\u00eancia visual. Bras\u00edlia: MEC. Secretaria de Educa\u00e7\u00e3o a Dist\u00e2ncia, 2000.<\/a><\/li>\n<li><a href=\"https:\/\/www.uniapaemg.org.br\/wp-content\/uploads\/2018\/04\/HistOria_de_Vida_de_alunos_com_deficiEncia_intelectual_percurso_escolar_e_a_constitui%C3%A7Ao_do_sujeito_Tese_de_Doutorado.pdf\" target=\"_blank\" rel=\"noopener noreferrer\">Hist\u00f3ria de Vida de alunos com defici\u00eancia intelectual: percurso escolar e a constitui\u00e7\u00e3o do sujeito. Tese (Doutorado), 2012.<\/a><\/li>\n<li><a href=\"http:\/\/portal.mec.gov.br\/seb\/arquivos\/pdf\/Ensfund\/noveanorienger.pdf\" target=\"_blank\" rel=\"noopener noreferrer\">BRASIL. Secretaria de Educa\u00e7\u00e3o B\u00e1sica. Departamento de Pol\u00edticas de Educa\u00e7\u00e3o Infantil e Ensino Fundamental. Coordena\u00e7\u00e3o Geral do Ensino Fundamental. Ensino Fundamental de nove anos \u2013 orienta\u00e7\u00f5es gerais.<\/a><\/li>\n<li><a href=\"http:\/\/portal.mec.gov.br\/seesp\/arquivos\/pdf\/avaliacao.pdf\" target=\"_blank\" rel=\"noopener noreferrer\">BRASIL. Saberes e pr\u00e1ticas da inclus\u00e3o: Avalia\u00e7\u00e3o para identifica\u00e7\u00e3o das necessidades educacionais especiais. Minist\u00e9rio da Educa\u00e7\u00e3o: Bras\u00edlia, 2006<\/a><\/li>\n<li><a href=\"http:\/\/portal.mec.gov.br\/seb\/arquivos\/pdf\/Apresentacao%20miolo.pdf\" target=\"_blank\" rel=\"noopener noreferrer\">BRASIL. Referencial Curricular Nacional para as Escolas Ind\u00edgenas. Bras\u00edlia: MEC\/ SEF, 2002.<\/a><\/li>\n<li><a href=\"http:\/\/portal.mec.gov.br\/seesp\/arquivos\/pdf\/diretrizes.pdf\" target=\"_blank\" rel=\"noopener noreferrer\">BRASIL. Diretrizes curriculares nacionais para a Educa\u00e7\u00e3o Especial. Bras\u00edlia: Minist\u00e9rio da Educa\u00e7\u00e3o, 1998.<\/a><\/li>\n<li><a href=\"https:\/\/www.gov.br\/mec\/pt-br\/media\/publicacoes\/semesp\/deficienciafisica.pdf\" target=\"_blank\" rel=\"noopener noreferrer\">BRASIL. Educa\u00e7\u00e3o Infantil: Saberes e pr\u00e1ticas da inclus\u00e3o: dificuldades de comunica\u00e7\u00e3o e sinaliza\u00e7\u00e3o: defici\u00eancia f\u00edsica. Bras\u00edlia: MEC, SEESP, 2006.<\/a><\/li>\n<li><a href=\"http:\/\/portal.mec.gov.br\/seesp\/arquivos\/pdf\/const_escolasinclusivas.pdf\" target=\"_blank\" rel=\"noopener noreferrer\">BRASIL. Minist\u00e9rio da Educa\u00e7\u00e3o. Saberes e pr\u00e1ticas da inclus\u00e3o: avalia\u00e7\u00e3o para a identifica\u00e7\u00e3o das necessidades educacionais especiais. Bras\u00edlia: Minist\u00e9rio da Educa\u00e7\u00e3o, 2006.<\/a><\/li>\n<\/ul>\n<hr \/>\n<p><strong>Enfermagem<\/strong><\/p>\n<ul>\n<li><a href=\"http:\/\/biblioteca.cofen.gov.br\/wp-content\/uploads\/2017\/05\/Manual-de-cuidados-paliativos-ANCP.pdf\" target=\"_blank\" rel=\"noopener noreferrer\">Manual de cuidados paliativos. 2017<\/a><\/li>\n<li><a href=\"https:\/\/cuidadospaliativos.org\/uploads\/2020\/12\/Manual-Cuidados-Paliativos.pdf\" target=\"_blank\" rel=\"noopener noreferrer\">Manual de cuidados paliativos. 2020<\/a><\/li>\n<li><a href=\"https:\/\/www.researchgate.net\/profile\/Paula-Sapeta\/publication\/311102009_Dor_Total_vs_Sofrimento_a_Interface_com_os_Cuidados_Paliativos\/links\/583da4e708aeda69680705c1\/Dor-Total-vs-Sofrimento-a-Interface-com-os-Cuidados-Paliativos.pdf\" target=\"_blank\" rel=\"noopener noreferrer\">Dor Total vs Sofrimento: a Interface com os Cuidados Paliativos<\/a><\/li>\n<li><a href=\"https:\/\/www.scielo.br\/j\/tce\/a\/vpS9FyhFCgFLbtGjnVBQVLK\/?format=pdf&amp;lang=pt\" target=\"_blank\" rel=\"noopener noreferrer\">O Conhecimento de estrat\u00e9gias de comunica\u00e7\u00e3o no atendimento \u00e0 dimens\u00e3o emocional em cuidados paliativos.<\/a><\/li>\n<li><a href=\"https:\/\/telessaude.hc.ufmg.br\/wp-content\/uploads\/2016\/07\/CUIDADOS-PALIATIVOS_LIVRO.pdf\" target=\"_blank\" rel=\"noopener noreferrer\">Cuidados Paliativos<\/a><\/li>\n<li><a href=\"https:\/\/www.inca.gov.br\/sites\/ufu.sti.inca.local\/files\/media\/document\/completo_serie_cuidados_paliativos_volume_1.pdf\" target=\"_blank\" rel=\"noopener noreferrer\">A Avalia\u00e7\u00e3o do paciente em cuidados paliativos. V. 1<\/a><\/li>\n<li><a href=\"http:\/\/files.bvs.br\/upload\/S\/1806-0013\/2010\/v11n3\/a1470.pdf\" target=\"_blank\" rel=\"noopener noreferrer\">A import\u00e2ncia dos cuidados paliativos na enfermagem<\/a><\/li>\n<\/ul>\n<hr \/>\n<p><strong>Farm\u00e1cia<\/strong><\/p>\n<ul>\n<li><a href=\"https:\/\/www.gov.br\/anvisa\/pt-br\/assuntos\/farmacopeia\/formulario-fitoterapico\/arquivos\/2021-fffb2-final-c-capa2.pdf\" target=\"_blank\" rel=\"noopener noreferrer\">ANVISA. Formul\u00e1rio Fitoter\u00e1pico. 2021 <\/a><\/li>\n<li><a href=\"https:\/\/www.gov.br\/anvisa\/pt-br\/assuntos\/farmacopeia\/farmacopeia-homeopatica\/arquivos\/8048json-file-1\" target=\"_blank\" rel=\"noopener noreferrer\">ANVISA. Farmacopeia Homeop\u00e1tica Brasileira. 2011 <\/a><\/li>\n<li><a href=\"https:\/\/bvsms.saude.gov.br\/bvs\/saudelegis\/cns\/2004\/res0338_06_05_2004.html\" target=\"_blank\" rel=\"noopener noreferrer\">Brasil. Minist\u00e9rio da Sa\u00fade. RESOLU\u00c7\u00c3O RDC n. 338, de 06 de maio de 2004. <\/a><\/li>\n<li><a href=\"https:\/\/bvsms.saude.gov.br\/bvs\/publicacoes\/politica_medicamentos.pdf\" target=\"_blank\" rel=\"noopener noreferrer\"> Brasil. Minist\u00e9rio da Sa\u00fade. Pol\u00edtica Nacional de Medicamentos. Portaria 3.916<\/a><\/li>\n<li><a href=\"https:\/\/www.camara.leg.br\/proposicoesWeb\/prop_mostrarintegra?codteor=208299\" target=\"_blank\" rel=\"noopener noreferrer\"> Brasil. Lei n\u00ba 8.080, de 19 de setembro de 1990.<\/a><\/li>\n<li><a href=\"http:\/\/portal.crfsp.org.br\/noticias\/12121-resolu%C3%A7%C3%A3o-724-2022.html\" target=\"_blank\" rel=\"noopener noreferrer\">Brasil. RESOLU\u00c7\u00c3O CFF n\u00ba 724, de 29 de abril de 2022.<\/a><\/li>\n<li><a href=\"https:\/\/in.gov.br\/en\/web\/dou\/-\/resolucao-n-711-de-30-julho-de-2021-337525053\" target=\"_blank\" rel=\"noopener noreferrer\">BRASIL. RESOLU\u00c7\u00c3O N\u00ba 711, DE 30 JULHO DE 2021. <\/a><\/li>\n<li><a href=\"https:\/\/bvsms.saude.gov.br\/bvs\/publicacoes\/partes\/guia_farmacia1.pdf\" target=\"_blank\" rel=\"noopener noreferrer\"> Brasil. Minist\u00e9rio da Sa\u00fade. Guia b\u00e1sico para farm\u00e1cia hospitalar.<\/a><\/li>\n<li><a href=\"https:\/\/www.gov.br\/saude\/pt-br\/vacinacao\" target=\"_blank\" rel=\"noopener noreferrer\">Brasil. Minist\u00e9rio da Sa\u00fade<\/a><\/li>\n<li><a href=\"https:\/\/www.cff.org.br\/sistemas\/geral\/revista\/pdf\/76\/08-codigodeetica.pdf\" target=\"_blank\" rel=\"noopener noreferrer\">CFF. C\u00f3digo de \u00c9tica<\/a><\/li>\n<li><a href=\"https:\/\/www.cff.org.br\/userfiles\/file\/resolucoes\/586.pdf\" target=\"_blank\" rel=\"noopener noreferrer\">CFF. RESOLU\u00c7\u00c3O N. 586, de 29 de agosto de 2013. Regula a prescri\u00e7\u00e3o farmac\u00eautica e d\u00e1 outras provid\u00eancias.<\/a><\/li>\n<li><a href=\"https:\/\/bvsms.saude.gov.br\/bvs\/publicacoes\/colec_progestores_livro7.pdf\" target=\"_blank\" rel=\"noopener noreferrer\">CONASS. Minist\u00e9rio da Sa\u00fade. Assist\u00eancia farmac\u00eautica no SUS<\/a><\/li>\n<li><a href=\"http:\/\/portal.crfsp.org.br\/index.php?option=com_content&amp;view=article&amp;id=2597:resolucao-rdc-no-67-de-08-de-outubro-de-2007-anexos-iv-v-e-vi\" target=\"_blank\" rel=\"noopener noreferrer\">CRFESP. Boas pr\u00e1ticas de manipula\u00e7\u00e3o de prepara\u00e7\u00f5es homeop\u00e1ticas (BPMH) em farm\u00e1cias. <\/a><\/li>\n<li><a href=\"https:\/\/www.crfsp.org.br\/images\/cartilhas\/hospitalar.pdf\" target=\"_blank\" rel=\"noopener noreferrer\">CRF-SP. Farm\u00e1cia Hospitalar<\/a><\/li>\n<li><a href=\"http:\/\/www.crfsp.org.br\/documentos\/materiaistecnicos\/Conduta_e_Postura_Profissional.pdf\" target=\"_blank\" rel=\"noopener noreferrer\">CRFSP. Manual de Orienta\u00e7\u00e3o ao Profissional Farmac\u00eautico<\/a><\/li>\n<li><a href=\"https:\/\/laveg.paginas.ufsc.br\/extensao\/atlas-de-anatomia-vegetal\/\" target=\"_blank\" rel=\"noopener noreferrer\">UFSC. LAVEG-Laminoteca e anatomia vegetal<\/a><\/li>\n<\/ul>\n<hr \/>\n<p><strong>Fisioterapia<\/strong><\/p>\n<ul>\n<li><a href=\"https:\/\/campusvirtual.fiocruz.br\/portal\/?q=palavra-chave-de-documentos\/associa%C3%A7%C3%A3o-brasileira-de-p%C3%B3s-gradua%C3%A7%C3%A3o-em-sa%C3%BAde-coletiva\" target=\"_blank\" rel=\"noopener noreferrer\">ABRASCO \u2013 ASSOCIA\u00c7\u00c3O BRASILEIRA DE P\u00d3S-GRADUA\u00c7\u00c3O EM SA\u00daDE COLETIVA<\/a><\/li>\n<li><a href=\"https:\/\/assobrafir.com.br\/\" target=\"_blank\" rel=\"noopener noreferrer\">ASSOBRAFIR \u2013 ASSOCIA\u00c7\u00c3O BRASILEIRA DE FISIOTERAPIA RESPIRAT\u00d3RIA<\/a><\/li>\n<li><a href=\"https:\/\/www.crefito1.org.br\/imagens\/revistas\/CARTILHA-FIINAL-WEB-codigo-etica-2016.pdf\" target=\"_blank\" rel=\"noopener noreferrer\">C\u00d3DIGO DE \u00c9TICA<\/a><\/li>\n<li><a href=\"http:\/\/www.crefito3.org.br\/dsn\/\" target=\"_blank\" rel=\"noopener noreferrer\">CREFFITO 3 \u2013 Conselho Regional de Fisioterapia e Terapia Ocupacional<\/a><\/li>\n<li><a href=\"https:\/\/www.fenafito.com.br\/\" target=\"_blank\" rel=\"noopener noreferrer\">FENAFITO \u2013 Federa\u00e7\u00e3o Nacional dos Fisioterapeutas e Terapeutas Ocupacionais<\/a><\/li>\n<\/ul>\n<hr \/>\n<p><strong>Fonoaudiologia<\/strong><\/p>\n<ul>\n<li><a href=\"https:\/\/www.fonoaudiologia.org.br\/wp-content\/uploads\/2019\/09\/guia-norteador-2.pdf\" target=\"_blank\" rel=\"noopener noreferrer\"> Atua\u00e7\u00e3o do Fonoaudi\u00f3logo Educacional : Guia norteador <\/a><\/li>\n<li><a href=\"https:\/\/www.fonoaudiologia.org.br\/wp-content\/uploads\/2019\/09\/audio-ocupacional-1.pdf\" target=\"_blank\" rel=\"noopener noreferrer\"> Audiologia Ocupacional <\/a><\/li>\n<li><a href=\"https:\/\/www.fonoaudiologia.org.br\/Codigo_de_Etica\/2021\/12\/codigo-de-etica-fonoaudiologia-2021.pdf\" target=\"_blank\" rel=\"noopener noreferrer\">C\u00f3digo de \u00c9tica da Fonoaudiologia<\/a><\/li>\n<li><a href=\"https:\/\/www.fonoaudiologia.org.br\/wp-content\/uploads\/2020\/09\/CFFa_Diretrizes_Boas_Praticas_Em_Telefonoaudiologia_VOL1_2020-1.pdf\" target=\"_blank\" rel=\"noopener noreferrer\">Diretrizes de boas Pr\u00e1ticas em telefonoaudiologia<\/a><\/li>\n<li><a href=\"http:\/\/cffa.ml\/wp-content\/uploads\/2019\/09\/pubmanual5.pdf\" target=\"_blank\" rel=\"noopener noreferrer\">Disfagia<\/a><\/li>\n<li><a href=\"https:\/\/www.fonoaudiologia.org.br\/wp-content\/uploads\/2019\/09\/documentofonoaudiologianaeducacao-1.pdf\" target=\"_blank\" rel=\"noopener noreferrer\">Fonoaudiologia na Educa\u00e7\u00e3o<\/a><\/li>\n<li><a href=\"https:\/\/www.fonoaudiologia.org.br\/wp-content\/uploads\/2019\/09\/site-guia-otoneuro-1.pdf\" target=\"_blank\" rel=\"noopener noreferrer\">Guia de Orienta\u00e7\u00e3o Atua\u00e7\u00e3o do Fonoaudi\u00f3logo em Avalia\u00e7\u00e3o e Reabilita\u00e7\u00e3o do Equil\u00edbrio Corporal<\/a><\/li>\n<li><a href=\"https:\/\/www.fonoaudiologia.org.br\/wp-content\/uploads\/2019\/09\/Manual-de-Audiologia-1.pdf\" target=\"_blank\" rel=\"noopener noreferrer\">Guia de Orienta\u00e7\u00f5es na Avalia\u00e7\u00e3o Audiol\u00f3gica B\u00e1sica<\/a><\/li>\n<li><a href=\"https:\/\/www.fonoaudiologia.org.br\/wp-content\/uploads\/2020\/09\/CFFa_Manual_Audiologia-1.pdf\" target=\"_blank\" rel=\"noopener noreferrer\">Guia de Orienta\u00e7\u00e3o na Avalia\u00e7\u00e3o Audiol\u00f3gica<\/a><\/li>\n<li><a href=\"https:\/\/www.fonoaudiologia.org.br\/wp-content\/uploads\/2021\/04\/CFFa_Guia_do_Fonoaudiologo_Saude_Suplementar.pdf\" target=\"_blank\" rel=\"noopener noreferrer\">Guia do Fonoaudi\u00f3logo Em Sa\u00fade Suplementar<\/a><\/li>\n<li><a href=\"https:\/\/www.fonoaudiologia.org.br\/wp-content\/uploads\/2019\/09\/Manual-de-Audiologia.pdf\" target=\"_blank\" rel=\"noopener noreferrer\">Manual de Audiologia<\/a><\/li>\n<li><a href=\"https:\/\/www.fonoaudiologia.org.br\/wp-content\/uploads\/2020\/09\/CFFa_Manual_Biosseguranca.pdf\" target=\"_blank\" rel=\"noopener noreferrer\">Manual de Biosseguran\u00e7a<\/a><\/li>\n<li><a href=\"https:\/\/www.fonoaudiologia.org.br\/wp-content\/uploads\/2020\/09\/CFFa_Manual_PLANO_DE_RETOMADA_DE_ATIVIDADES_ENSINO_EM_FONOAUDIOLOGIA.pdf\" target=\"_blank\" rel=\"noopener noreferrer\">Manual de Plano de Retomada de Atividades Ensino em Fonoaudiologia<\/a><\/li>\n<li><a href=\"https:\/\/www.fonoaudiologia.org.br\/wp-content\/uploads\/2019\/09\/Parametros-Assistenciais_editado-final-1.pdf\" target=\"_blank\" rel=\"noopener noreferrer\">Par\u00e2metros Assistenciais em Fonoaudiologia<\/a><\/li>\n<li><a href=\"https:\/\/www.fonoaudiologia.org.br\/wp-content\/uploads\/2019\/09\/PPPA_flyer_A5_final.pdf\" target=\"_blank\" rel=\"noopener noreferrer\">Programa de Preven\u00e7\u00e3o de Perdas Auditivas<\/a><\/li>\n<li><a href=\"https:\/\/www.fonoaudiologia.org.br\/wp-content\/uploads\/2019\/09\/folder-tanu-1.pdf\" target=\"_blank\" rel=\"noopener noreferrer\">Triagem Auditiva Neonatal Universal &#8211; TANU <\/a><\/li>\n<\/ul>\n<hr \/>\n<p><strong>Gastronomia<\/strong><\/p>\n<ul>\n<li><a href=\"https:\/\/portal.unisepe.com.br\/univr\/wp-content\/uploads\/sites\/10004\/2022\/02\/Aromas-cores-e-sabores-do-Brasil.pdf\" target=\"_blank\" rel=\"noopener noreferrer\">Aromas do Brasil<\/a><\/li>\n<li><a href=\"https:\/\/portal.unisepe.com.br\/univr\/wp-content\/uploads\/sites\/10004\/2022\/02\/Enologia-Estudo-do-vinho.pdf\" target=\"_blank\" rel=\"noopener noreferrer\">Enologia: O estudo do vinho<\/a><\/li>\n<li><a href=\"https:\/\/portal.unisepe.com.br\/univr\/wp-content\/uploads\/sites\/10004\/2022\/02\/Introdu\u00e7\u00e3o-ao-Mundo-do-Vinho-Modulo-1-completo.pdf\" target=\"_blank\" rel=\"noopener noreferrer\">Introdu\u00e7\u00e3o ao mundo do vinho<\/a><\/li>\n<li><a href=\"https:\/\/portal.unisepe.com.br\/univr\/wp-content\/uploads\/sites\/10004\/2022\/02\/Receitas-Dr.-Oetker-Brasil-Creme-brulee.pdf\" target=\"_blank\" rel=\"noopener noreferrer\">Receitas cr\u00e8me br\u00fbl\u00e9e<\/a><\/li>\n<li><a href=\"https:\/\/portal.unisepe.com.br\/univr\/wp-content\/uploads\/sites\/10004\/2022\/02\/Recette-facile-de-petits-g\u00e2teaux-Adeline-Morisset.pdf\" target=\"_blank\" rel=\"noopener noreferrer\">Recette facile de petits g\u00e2teaux<\/a><\/li>\n<li><a href=\"https:\/\/portal.unisepe.com.br\/univr\/wp-content\/uploads\/sites\/10004\/2022\/03\/DECRETO-5296-2004.pdf\" target=\"_blank\" rel=\"noopener noreferrer\">Decreto n\u00ba 5.296 de 02 de dezembro de 2004.<\/a><\/li>\n<\/ul>\n<hr \/>\n<p><strong>Medicina Veterin\u00e1ria<\/strong><\/p>\n<ul>\n<li><a href=\"https:\/\/crmvsp.gov.br\/wp-content\/uploads\/2021\/03\/MANUAL_RT_CRMV-SP.pdf\" target=\"_blank\" rel=\"noopener noreferrer\">Manual de Responsabilidade T\u00e9cnica e Legisla\u00e7\u00e3o &#8211; CRMV<\/a><\/li>\n<\/ul>\n<hr \/>\n<p><strong>Nutri\u00e7\u00e3o<\/strong><\/p>\n<ul>\n<li><a href=\"\/wp-content\/uploads\/sites\/10003\/2016\/12\/Biblioteca_cadernos_caderno_20.pdf\" target=\"_blank\" rel=\"noopener noreferrer\">Cadernos de Aten\u00e7\u00e3o B\u00e1sica &#8211; Car\u00eancia de micronutrientes<\/a><\/li>\n<li><a href=\"\/wp-content\/uploads\/sites\/10003\/2016\/12\/Biblioteca_cadernos_caderno_36.pdf\" target=\"_blank\" rel=\"noopener noreferrer\">Cadernos de Aten\u00e7\u00e3o B\u00e1sica &#8211; Diabetes Mellitus<\/a><\/li>\n<li><a href=\"\/wp-content\/uploads\/sites\/10003\/2016\/12\/Biblioteca_cadernos_guia_alimentar_populacao_brasileira.pdf\" target=\"_blank\" rel=\"noopener noreferrer\">Guia Alimentar para a Popula\u00e7\u00e3o Brasileira<\/a><\/li>\n<li><a href=\"\/wp-content\/uploads\/sites\/10003\/2016\/12\/Biblioteca_cadernos_politica_alimentacao_nutricao.pdf\" target=\"_blank\" rel=\"noopener noreferrer\">Pol\u00edtica Nacional de Alimenta\u00e7\u00e3o e Nutri\u00e7\u00e3o<\/a><\/li>\n<li><a href=\"https:\/\/www.cfn.org.br\/wp-content\/uploads\/2017\/03\/taco_4_edicao_ampliada_e_revisada.pdf\" target=\"_blank\" rel=\"noopener noreferrer\"><span>TACO &#8211; Tabela de composi\u00e7\u00e3o<\/span><\/a><\/li>\n<\/ul>\n<hr \/>\n<p><strong>Pedagogia<\/strong><\/p>\n<ul>\n<li><a href=\"http:\/\/portal.mec.gov.br\/par\/195-secretarias-112877938\/seb-educacao-basica-2007048997\/12640-parametros-curriculares-nacionais-1o-a-4o-series\" target=\"_blank\" rel=\"noopener noreferrer\">Educa\u00e7\u00e3o ensino fundamental 1\u00aa a 4\u00aa s\u00e9ries<\/a><\/li>\n<li><a href=\"http:\/\/portal.mec.gov.br\/seb\/arquivos\/pdf\/livro01.pdf\" target=\"_blank\" rel=\"noopener noreferrer\">PCN \u2013 Introdu\u00e7\u00e3o aos pcns. V. 1<\/a><\/li>\n<li><a href=\"http:\/\/portal.mec.gov.br\/seb\/arquivos\/pdf\/livro02.pdf\" target=\"_blank\" rel=\"noopener noreferrer\">PCN \u2013 L\u00edngua portuguesa. v. 2<\/a><\/li>\n<li><a href=\"http:\/\/portal.mec.gov.br\/seb\/arquivos\/pdf\/livro03.pdf\" target=\"_blank\" rel=\"noopener noreferrer\">PCN \u2013 Matem\u00e1tica . v.3<\/a><\/li>\n<li><a href=\"http:\/\/portal.mec.gov.br\/seb\/arquivos\/pdf\/livro04.pdf\" target=\"_blank\" rel=\"noopener noreferrer\">PCN \u2013 Ciencias Naturais. v.4<\/a><\/li>\n<li><a href=\"http:\/\/portal.mec.gov.br\/seb\/arquivos\/pdf\/livro051.pdf\" target=\"_blank\" rel=\"noopener noreferrer\">PCN \u2013 Historia e Geografia v. 5.1<\/a><\/li>\n<li><a href=\"http:\/\/portal.mec.gov.br\/seb\/arquivos\/pdf\/livro052.pdf\" target=\"_blank\" rel=\"noopener noreferrer\">PCN \u2013 Historia e Geografia v. 5.2<\/a><\/li>\n<li><a href=\"http:\/\/portal.mec.gov.br\/seb\/arquivos\/pdf\/livro06.pdf\" target=\"_blank\" rel=\"noopener noreferrer\">PCN \u2013 Arte. v.6<\/a><\/li>\n<li><a href=\"http:\/\/portal.mec.gov.br\/seb\/arquivos\/pdf\/livro07.pdf\" target=\"_blank\" rel=\"noopener noreferrer\">PCN \u2013 Educa\u00e7\u00e3o F\u00edsica. v.7<\/a><\/li>\n<li><a href=\"http:\/\/portal.mec.gov.br\/seb\/arquivos\/pdf\/livro081.pdf\" target=\"_blank\" rel=\"noopener noreferrer\">PCN \u2013 Temas Transversais: Apresenta\u00e7\u00e3o. v.8.1<\/a><\/li>\n<li><a href=\"http:\/\/portal.mec.gov.br\/seb\/arquivos\/pdf\/livro082.pdf\" target=\"_blank\" rel=\"noopener noreferrer\">PCN \u2013 Temas Transversais : \u00c9tica. v.8.2<\/a><\/li>\n<li><a href=\"http:\/\/portal.mec.gov.br\/seb\/arquivos\/pdf\/livro091.pdf\" target=\"_blank\" rel=\"noopener noreferrer\">PCN \u2013 Meio Ambiente. v.9.1<\/a><\/li>\n<li><a href=\"http:\/\/portal.mec.gov.br\/seb\/arquivos\/pdf\/livro092.pdf\" target=\"_blank\" rel=\"noopener noreferrer\">PCN &#8211; Sa\u00fade. 9.2<\/a><\/li>\n<li><a href=\"http:\/\/portal.mec.gov.br\/seb\/arquivos\/pdf\/livro101.pdf\" target=\"_blank\" rel=\"noopener noreferrer\">PCN \u2013 Pluralidade Cultural. V. 10.1<\/a><\/li>\n<li><a href=\"http:\/\/portal.mec.gov.br\/seb\/arquivos\/pdf\/livro102.pdf\" target=\"_blank\" rel=\"noopener noreferrer\">PCN \u2013 Orienta\u00e7\u00e3o Sexual. v.10.2<\/a><\/li>\n<li><a href=\"http:\/\/portal.mec.gov.br\/seb\/arquivos\/pdf\/rcnei_vol1.pdf\" target=\"_blank\" rel=\"noopener noreferrer\">Referencial Curricular Educa\u00e7\u00e3o Infantil. v. 1<\/a><\/li>\n<li><a href=\"http:\/\/portal.mec.gov.br\/seb\/arquivos\/pdf\/volume3.pdf\" target=\"_blank\" rel=\"noopener noreferrer\">Referencial Curricular Educa\u00e7\u00e3o Infantil. V. 3<\/a><\/li>\n<li><a href=\"http:\/\/9cndca.sdh.gov.br\/legislacao\/Lei8069.pdf\" target=\"_blank\" rel=\"noopener noreferrer\">Estatuto da crian\u00e7a e do Adolescente<\/a><\/li>\n<li><a href=\"http:\/\/portal.mec.gov.br\/cne\/arquivos\/pdf\/PCB0498.pdf\" target=\"_blank\" rel=\"noopener noreferrer\">Parecer CNE\/CEB n\u00ba 4\/98.<\/a><\/li>\n<li><a href=\"http:\/\/portal.mec.gov.br\/cne\/arquivos\/pdf\/1998\/pceb002_98.pdf\" target=\"_blank\" rel=\"noopener noreferrer\">Diretrizes Curriculares para o Ensino Fundamental. Bras\u00edlia: MEC\/SEF, 1998.<\/a><\/li>\n<li><a href=\"http:\/\/portal.mec.gov.br\/seesp\/arquivos\/pdf\/lei9394_ldbn1.pdf\" target=\"_blank\" rel=\"noopener noreferrer\">Lei de Diretrizes e Bases da Educa\u00e7\u00e3o Nacional 9.394\/96, Bras\u00edlia:Mec, 1996<\/a><\/li>\n<li><a href=\"http:\/\/portal.mec.gov.br\/seesp\/arquivos\/pdf\/lei9394_ldbn1.pdf\" target=\"_blank\" rel=\"noopener noreferrer\">Lei de Diretrizes e Bases da Educa\u00e7\u00e3o Nacional 9.394\/96, Bras\u00edlia:Mec, 1996<\/a><\/li>\n<li><a href=\"http:\/\/basenacionalcomum.mec.gov.br\/images\/BNCC_EI_EF_110518_versaofinal_site.pdf\" target=\"_blank\" rel=\"noopener noreferrer\">Base Nacional Comum Curricular (BNCC). Educa\u00e7\u00e3o \u00e9 a Base. Bras\u00edlia, MEC\/CONSED\/UNDIME, 2017.<\/a><\/li>\n<li><a href=\"http:\/\/www.acervo.paulofreire.org:8080\/jspui\/bitstream\/7891\/4219\/2\/FPF_PTPF_12_102.pdf\" target=\"_blank\" rel=\"noopener noreferrer\">Brand\u00e3o, Carlos Rodrigues. O Que \u00e9 M\u00e9todo Paulo Freire<\/a><\/li>\n<li><a href=\"https:\/\/www2.senado.leg.br\/bdsf\/bitstream\/handle\/id\/508200\/CF88_EC85.pdf\" target=\"_blank\" rel=\"noopener noreferrer\">Constitui\u00e7\u00e3o Federal. Brasil: 1988. 14. ed. Revista dos Tribunais, S\u00e3o Paulo, 2009 <\/a><\/li>\n<li><a href=\"https:\/\/www.ohchr.org\/sites\/default\/files\/UDHR\/Documents\/UDHR_Translations\/por.pdf\" target=\"_blank\" rel=\"noopener noreferrer\">Declara\u00e7\u00e3o Universal dos Direitos Humanos<\/a><\/li>\n<li><a href=\"http:\/\/www.planalto.gov.br\/ccivil_03\/_ato2004-2006\/2005\/decreto\/d5626.htm\" target=\"_blank\" rel=\"noopener noreferrer\">Decreto n. 5.626, de 22 de dezembro de 2005. Regulamenta a Lei no 10.436, de 24 de abril de 2002, que disp\u00f5e sobre a L\u00edngua Brasileira de Sinais &#8211; Libras, e o art. 18 da Lei no 10.098, de 19 de dezembro de 2000.<\/a><\/li>\n<li><a href=\"https:\/\/www.ufmg.br\/proex\/renex\/images\/documentos\/1987-I-Encontro-Nacional-do-FORPROEX.pdf\" target=\"_blank\" rel=\"noopener noreferrer\">Encontro de Pr\u00f3-reitores de Extens\u00e3o das Universidades P\u00fablicas Brasileiras<\/a><\/li>\n<li><a href=\"http:\/\/portal.mec.gov.br\/seb\/arquivos\/pdf\/Ensfund\/ensifund9anobasefinal.pdf\" target=\"_blank\" rel=\"noopener noreferrer\">Ensino Fundamental de 9 anos: orienta\u00e7\u00f5es para a inclus\u00e3o da crian\u00e7a de seis anos de idade. 2. ed. Bras\u00edlia: FNDE, Esta\u00e7\u00e3o Gr\u00e1fica, 2007.<\/a><\/li>\n<li><a href=\"https:\/\/www.gov.br\/mdh\/pt-br\/centrais-de-conteudo\/crianca-e-adolescente\/estatuto-da-crianca-e-do-adolescente-versao-2019.pdf\" target=\"_blank\" rel=\"noopener noreferrer\">Estatuto da Crian\u00e7a e do Adolescente: Lei 8.069\/1990. Brasil: 1990.<\/a><\/li>\n<li><a href=\"https:\/\/pedagogiaparaconcurseiros.com.br\/wp-content\/uploads\/2021\/04\/Curr%C3%ADculo-e-Desenvolvimento-humanos.pdf\" target=\"_blank\" rel=\"noopener noreferrer\">Indaga\u00e7\u00f5es sobre curr\u00edculo: Curr\u00edculo e Desenvolvimento Humano \u2013 v. 1<\/a><\/li>\n<li><a href=\"https:\/\/pedagogiaparaconcurseiros.com.br\/wp-content\/uploads\/2021\/04\/Educandos-e-educadores.pdf\" target=\"_blank\" rel=\"noopener noreferrer\">Indaga\u00e7\u00f5es sobre curr\u00edculo: Educando e Educadores: seus Direitos e o Curr\u00edculo \u2013 V. 2<\/a><\/li>\n<li><a href=\"http:\/\/portal.mec.gov.br\/seb\/arquivos\/pdf\/Ensfund\/indag3.pdf\" target=\"_blank\" rel=\"noopener noreferrer\">Indaga\u00e7\u00f5es sobre curr\u00edculo: Curr\u00edculo, Conhecimento e Cultura \u2013 v. 3<\/a><\/li>\n<li><a href=\"https:\/\/pedagogiaparaconcurseiros.com.br\/wp-content\/uploads\/2021\/04\/Diversidade-e-Curr%C3%ADculo.pdf\" target=\"_blank\" rel=\"noopener noreferrer\">Indaga\u00e7\u00f5es sobre curr\u00edculo: Diversidade e Curr\u00edculo \u2013 v. 4<\/a><\/li>\n<li><a href=\"https:\/\/pedagogiaparaconcurseiros.com.br\/wp-content\/uploads\/2021\/04\/Curr%C3%ADculo-e-Avalia%C3%A7%C3%A3o.pdf\" target=\"_blank\" rel=\"noopener noreferrer\">Indaga\u00e7\u00f5es sobre curr\u00edculo: Curr\u00edculo e Avalia\u00e7\u00e3o \u2013 v. 5<\/a><\/li>\n<li><a href=\"http:\/\/www.planalto.gov.br\/ccivil_03\/leis\/l9394.htm\" target=\"_blank\" rel=\"noopener noreferrer\">Lei N\u00ba 9.394, de 20 de dezembro de 1996. Estabelece as diretrizes e bases da educa\u00e7\u00e3o nacional. 1996.<\/a><\/li>\n<li><a href=\"http:\/\/portal.mec.gov.br\/seesp\/arquivos\/pdf\/lei9394_ldbn1.pdf\" target=\"_blank\" rel=\"noopener noreferrer\">Lei de Diretrizes e Bases da Educa\u00e7\u00e3o Nacional 9.394\/96<\/a><\/li>\n<li><a href=\"http:\/\/www.planalto.gov.br\/ccivil_03\/_ato2007-2010\/2008\/lei\/l11645.htm#:~:text=Altera%20a%20Lei%20no,Afro%2DBrasileira%20e%20Ind%C3%ADgena%E2%80%9D\" target=\"_blank\" rel=\"noopener noreferrer\">Lei n\u00ba 11.645, de 10 de mar\u00e7o de 2008. Altera a Lei 9.394\/1996, modificada pela Lei 10.639\/2003, para incluir no curr\u00edculo oficial da rede ensino a obrigatoriedade da tem\u00e1tica \u201cHist\u00f3ria e Cultura Afro-Brasileira e Ind\u00edgena\u201d<\/a><\/li>\n<li><a href=\"https:\/\/wp.ufpel.edu.br\/obeducpacto\/files\/2019\/08\/Caderno-de-Apresentacao-1.pdf\" target=\"_blank\" rel=\"noopener noreferrer\">Pacto Nacional pela alfabetiza\u00e7\u00e3o na idade certa: caderno de apresenta\u00e7\u00e3o<\/a><\/li>\n<li><a href=\"http:\/\/portal.mec.gov.br\/seb\/arquivos\/pdf\/introducao.pdf\" target=\"_blank\" rel=\"noopener noreferrer\">Par\u00e2metros Curriculares Nacionais \u2013 PCN, Bras\u00edlia: MEC, 1998.<\/a><\/li>\n<li><a href=\"http:\/\/portal.mec.gov.br\/seb\/arquivos\/pdf\/livro06.pdf\" target=\"_blank\" rel=\"noopener noreferrer\">Par\u00e2metros curriculares nacionais: arte. Bras\u00edlia: MEC, 2000. v.6 .<\/a><\/li>\n<li><a href=\"http:\/\/portal.mec.gov.br\/seb\/arquivos\/pdf\/Educinf\/eduinfparqualvol1.pdf\" target=\"_blank\" rel=\"noopener noreferrer\">Par\u00e2metros Nacionais de Qualidade para a Educa\u00e7\u00e3o Infantil \u2013 v. 1<\/a><\/li>\n<li><a href=\"http:\/\/portal.mec.gov.br\/seb\/arquivos\/pdf\/Educinf\/eduinfparqualvol2.pdf\" target=\"_blank\" rel=\"noopener noreferrer\">Par\u00e2metros Nacionais de Qualidade para a Educa\u00e7\u00e3o Infantil \u2013 v. 2<\/a><\/li>\n<li><a href=\"http:\/\/portal.mec.gov.br\/seb\/arquivos\/pdf\/livro051.pdf\" target=\"_blank\" rel=\"noopener noreferrer\">Par\u00e2metros curriculares nacionais: hist\u00f3ria, geografia \/ Secretaria de Educa\u00e7\u00e3o Fundamental. \u2013 Bras\u00edlia : MEC\/SEF, 1997.<\/a><\/li>\n<li><a href=\"http:\/\/portal.mec.gov.br\/cne\/arquivos\/pdf\/CES0067.pdf\" target=\"_blank\" rel=\"noopener noreferrer\">Parecer N\u00ba 67\/2003 do CNE\/CES, estabelece um referencial para as Diretrizes Curriculares Nacionais dos Cursos de Gradua\u00e7\u00e3o.<\/a><\/li>\n<li><a href=\"https:\/\/proex.ufsc.br\/files\/2016\/04\/Pol%C3%ADtica-Nacional-de-Extens%C3%A3o-Universit%C3%A1ria-e-book.pdf\" target=\"_blank\" rel=\"noopener noreferrer\">Pol\u00edtica Nacional de Extens\u00e3o Universit\u00e1ria. <\/a><\/li>\n<li><a href=\"http:\/\/portal.mec.gov.br\/cne\/arquivos\/pdf\/1999\/pceb014_99.pdf\" target=\"_blank\" rel=\"noopener noreferrer\">Referencial Curricular Nacional para as Escolas Ind\u00edgenas. Bras\u00edlia: MEC\/ SEF, 1998.<\/a><\/li>\n<li><a href=\"http:\/\/portal.mec.gov.br\/seb\/arquivos\/pdf\/rcnei_vol1.pdf\" target=\"_blank\" rel=\"noopener noreferrer\">Referencial Curricular Nacional da Educa\u00e7\u00e3o Infantil \u2013 v. 1<\/a><\/li>\n<li><a href=\"http:\/\/www.seduc.ro.gov.br\/portal\/legislacao\/RESCNE005_2009.pdf\" target=\"_blank\" rel=\"noopener noreferrer\">Resolu\u00e7\u00e3o CNE\/CEB n\u00ba 5, de 17 de dezembro de 2009 &#8211; Fixa as Diretrizes Curriculares Nacionais para a Educa\u00e7\u00e3o Infantil. 2009.<\/a><\/li>\n<li><a href=\"http:\/\/portal.mec.gov.br\/docman\/outubro-2020-pdf\/164841-rcp001-20\/file\" target=\"_blank\" rel=\"noopener noreferrer\">Resolu\u00e7\u00e3o CNE\/CP N\u00ba 1, de 27 de outubro de 2020. Disp\u00f5e sobre as Diretrizes Curriculares Nacionais para a Forma\u00e7\u00e3o Continuada de Professores da Educa\u00e7\u00e3o B\u00e1sica e institui a Base Nacional Comum para a Forma\u00e7\u00e3o Continuada de Professores da Educa\u00e7\u00e3o B\u00e1sica (BNC-Forma\u00e7\u00e3o Continuada).<\/a><\/li>\n<li><a href=\"http:\/\/portal.mec.gov.br\/docman\/agosto-2017-pdf\/70431-res-cne-cp-002-03072015-pdf\/file\" target=\"_blank\" rel=\"noopener noreferrer\">Resolu\u00e7\u00e3o CNE\/CP N\u00ba 2, de 1\u00ba de julho de 2015. Define as Diretrizes Curriculares Nacionais para a forma\u00e7\u00e3o inicial em n\u00edvel superior (cursos de licenciatura, cursos de forma\u00e7\u00e3o pedag\u00f3gica para graduados e cursos de segunda licenciatura) e para a forma\u00e7\u00e3o continuada.<\/a><\/li>\n<li><a href=\"http:\/\/portal.mec.gov.br\/dmdocuments\/rcp001_12.pdf\" target=\"_blank\" rel=\"noopener noreferrer\">Resolu\u00e7\u00e3o n\u00ba 1, de 30 de maio de 2012. Estabelece Diretrizes Nacionais para a Educa\u00e7\u00e3o em Direitos Humanos. Di\u00e1rio Oficial da Uni\u00e3o: se\u00e7\u00e3o 1, Bras\u00edlia, DF, ano 149, p. 48,31 maios 2012.<\/a><\/li>\n<li><a href=\"http:\/\/portal.mec.gov.br\/index.php?option=com_docman&amp;view=download&amp;alias=104251-rces007-18&amp;category_slug=dezembro-2018-pdf&amp;Itemid=30192\" target=\"_blank\" rel=\"noopener noreferrer\">Resolu\u00e7\u00e3o N\u00ba 7, de 18 de dezembro de 2018. Estabelece as Diretrizes para a Extens\u00e3o na Educa\u00e7\u00e3o Superior Brasileira e regimenta o disposto na Meta 12.7 da Lei n\u00ba 13.005\/2014, que aprova o Plano Nacional de Educa\u00e7\u00e3o 2014-2024 e d\u00e1 outras providencias.<\/a><\/li>\n<li><a href=\"http:\/\/portal.mec.gov.br\/cne\/arquivos\/pdf\/rcp01_06.pdf\" target=\"_blank\" rel=\"noopener noreferrer\">Resolu\u00e7\u00e3o CNE\/CP N\u00ba 1, de 15 de maio de 2006. Institui Diretrizes Curriculares Nacionais para o Curso de Gradua\u00e7\u00e3o em Pedagogia.<\/a><\/li>\n<li><a href=\"http:\/\/portal.mec.gov.br\/docman\/dezembro-2019-pdf\/135951-rcp002-19\/file\" target=\"_blank\" rel=\"noopener noreferrer\">Resolu\u00e7\u00e3o CNE\/CP n \u00ba 2, de 20 de dezembro de 2019. Define as Diretrizes Curriculares Nacionais para a Forma\u00e7\u00e3o Inicial de Professores para a Educa\u00e7\u00e3o B\u00e1sica e institui a Base Nacional Comum para a Forma\u00e7\u00e3o Inicial de Professores da Educa\u00e7\u00e3o B\u00e1sica (BNC-Forma\u00e7\u00e3o). Bras\u00edlia, 2019.<\/a><\/li>\n<li><a href=\"https:\/\/www.scielo.br\/j\/tes\/a\/zLgxpxrzCX5GYtgFpr7VbhG\/?format=pdf&amp;lang=pt\" target=\"_blank\" rel=\"noopener noreferrer\">SAVIANI, Demerval. O choque te\u00f3rico da Politecnia.<\/a><\/li>\n<\/ul>\n<hr \/>\n<p><strong>Processos Gerenciais<\/strong><\/p>\n<ul>\n<li><a href=\"https:\/\/www.scielo.br\/j\/cest\/grid\" target=\"_blank\" rel=\"noopener noreferrer\">Caderno de Estudos<\/a><\/li>\n<li><a href=\"https:\/\/www.scielo.br\/j\/cebape\/grid\" target=\"_blank\" rel=\"noopener noreferrer\">Cadernos EBAPE.BR<\/a><\/li>\n<\/ul>\n<hr \/>\n<p><strong>Psicologia<\/strong><\/p>\n<ul>\n<li><a href=\"http:\/\/portal.unisepe.com.br\/univr\/wp-content\/uploads\/sites\/10004\/2018\/10\/Co\u0301digo-de-\u00c9tica.pdf\" target=\"_blank\" rel=\"noopener noreferrer\">C\u00f3digo de \u00e9tica do psic\u00f3logo<\/a><\/li>\n<li><a href=\"https:\/\/pne.mec.gov.br\/\" target=\"_blank\" rel=\"noopener noreferrer\">BRASIL. Minist\u00e9rio da Educa\u00e7\u00e3o. Plano Nacional de Educa\u00e7\u00e3o \u2013 PNE.<\/a><\/li>\n<li><a href=\"http:\/\/portal.mec.gov.br\/expansao-da-rede-federal\/195-secretarias-112877938\/seb-educacao-basica-2007048997\/12640-parametros-curriculares-nacionais-1o-a-4o-series\" target=\"_blank\" rel=\"noopener noreferrer\">BRASIL. Minist\u00e9rio da Educa\u00e7\u00e3o e Cultura. Par\u00e2metros Curriculares Nacionais em A\u00e7\u00e3o de 1a a 4a. Bras\u00edlia: MEC, 2011.<\/a><\/li>\n<li><a href=\"http:\/\/portal.mec.gov.br\/seesp\/arquivos\/pdf\/lei9394_ldbn1.pdf\" target=\"_blank\" rel=\"noopener noreferrer\">BRASIL. Lei de Diretrizes e Bases da Educa\u00e7\u00e3o Nacional 9.394\/96, Bras\u00edlia: MEC, 1996.<\/a><\/li>\n<li><a href=\"http:\/\/portal.mec.gov.br\/seb\/arquivos\/pdf\/blegais.pdf\" target=\"_blank\" rel=\"noopener noreferrer\">BRASIL. Minist\u00e9rio da Educa\u00e7\u00e3o. Par\u00e2metros Curriculares Nacionais Ensino M\u00e9dio. Bras\u00edlia: MEC, 2000.<\/a><\/li>\n<li><a href=\"http:\/\/portal.mec.gov.br\/expansao-da-rede-federal\/195-secretarias-112877938\/seb-educacao-basica-2007048997\/12657-parametros-curriculares-nacionais-5o-a-8o-series\" target=\"_blank\" rel=\"noopener noreferrer\">BRASIL. Minist\u00e9rio da Educa\u00e7\u00e3o e Cultura. Par\u00e2metros Curriculares Nacionais 5a a 8a s\u00e9ries. Bras\u00edlia: MEC.<\/a><\/li>\n<li><a href=\"https:\/\/observatoriodoensinomedio.ufpr.br\/wp-content\/uploads\/2014\/02\/OS-PCN-PARA-O-ENSINO-MEDIO.pdf\" target=\"_blank\" rel=\"noopener noreferrer\">LOPES, Alice Casimiro. Par\u00e2metros curriculares nacionais para o ensino m\u00e9dio e a submiss\u00e3o ao mundo produtivo: o caso do conceito de contextualiza\u00e7\u00e3o. Educa\u00e7\u00e3o e Sociedade, Campinas, v. 23, n. 80, p. 389-404, set. 2002.<\/a><\/li>\n<\/ul>\n<hr \/>\n<p><strong>Seguran\u00e7a do Trabalho<\/strong><\/p>\n<p class=\"ml-3\"><strong>Normas Regulamentadoras<\/strong><\/p>\n<ul>\n<li><a href=\"https:\/\/www.gov.br\/trabalho-e-previdencia\/pt-br\/acesso-a-informacao\/participacao-social\/conselhos-e-orgaos-colegiados\/ctpp\/arquivos\/normas-regulamentadoras\/tabela-de-classificacao-tipificacao-de-nrs-e-anexos-2022_12_14.pdf\" target=\"_blank\" rel=\"noopener noreferrer\">Tabela de Classifica\u00e7\u00e3o das Normas Regulamentadoras de Seguran\u00e7a e Sa\u00fade no Trabalho<\/a><\/li>\n<li><a href=\"https:\/\/www.gov.br\/trabalho-e-previdencia\/pt-br\/acesso-a-informacao\/participacao-social\/conselhos-e-orgaos-colegiados\/ctpp\/arquivos\/normas-regulamentadoras\/nr-01-atualizada-2022-1.pdf\" target=\"_blank\" rel=\"noopener noreferrer\">NR 1 &#8211; Disposi\u00e7\u00f5es Gerais e Gerenciamento de Riscos Ocupacionais<\/a><\/li>\n<li><a href=\"https:\/\/www.gov.br\/trabalho-e-previdencia\/pt-br\/acesso-a-informacao\/participacao-social\/conselhos-e-orgaos-colegiados\/ctpp\/arquivos\/normas-regulamentadoras\/nr-02_atualizada_2019.pdf\" target=\"_blank\" rel=\"noopener noreferrer\">NR 2 \u2013 Inspe\u00e7\u00e3o Pr\u00e9via (Revogada pela Portaria SEPRT 915, de 30 de julho de 2019) <\/a><\/li>\n<li><a href=\"https:\/\/www.gov.br\/trabalho-e-previdencia\/pt-br\/acesso-a-informacao\/participacao-social\/conselhos-e-orgaos-colegiados\/ctpp\/arquivos\/normas-regulamentadoras\/nr-03_atualizada_2019.pdf\" target=\"_blank\" rel=\"noopener noreferrer\">NR 3 &#8211; Embargos e Interdi\u00e7\u00e3o<\/a><\/li>\n<li><a href=\"https:\/\/www.gov.br\/trabalho-e-previdencia\/pt-br\/acesso-a-informacao\/participacao-social\/conselhos-e-orgaos-colegiados\/ctpp\/arquivos\/normas-regulamentadoras\/nr-04-atualizada-2022-2-1.pdf\" target=\"_blank\" rel=\"noopener noreferrer\">NR 4 &#8211; Servi\u00e7os Especializados em Engenharia de Seguran\u00e7a e em Medicina do Trabalho<\/a><\/li>\n<li><a href=\"https:\/\/www.gov.br\/trabalho-e-previdencia\/pt-br\/acesso-a-informacao\/participacao-social\/conselhos-e-orgaos-colegiados\/ctpp\/arquivos\/normas-regulamentadoras\/nr-05-atualizada-2022.pdf\" target=\"_blank\" rel=\"noopener noreferrer\">NR 5 \u2013 Comiss\u00e3o Interna de Preven\u00e7\u00e3o de Acidentes<\/a><\/li>\n<li><a href=\"https:\/\/www.gov.br\/trabalho-e-previdencia\/pt-br\/acesso-a-informacao\/participacao-social\/conselhos-e-orgaos-colegiados\/ctpp\/arquivos\/normas-regulamentadoras\/nr-06-atualizada-2022-1.pdf\" target=\"_blank\" rel=\"noopener noreferrer\">NR 6 \u2013 Equipamentos de Prote\u00e7\u00e3o Individual \u2013 EPI<\/a><\/li>\n<li><a href=\"https:\/\/www.gov.br\/trabalho-e-previdencia\/pt-br\/acesso-a-informacao\/participacao-social\/conselhos-e-orgaos-colegiados\/ctpp\/arquivos\/normas-regulamentadoras\/nr-07-atualizada-2022-1.pdf\" target=\"_blank\" rel=\"noopener noreferrer\">NR 7 &#8211; Programa de Controle M\u00e9dico de Sa\u00fade Ocupacional &#8211; PCMSO<\/a><\/li>\n<li><a href=\"https:\/\/www.gov.br\/trabalho-e-previdencia\/pt-br\/acesso-a-informacao\/participacao-social\/conselhos-e-orgaos-colegiados\/ctpp\/arquivos\/normas-regulamentadoras\/nr-08-atualizada-2022.pdf\" target=\"_blank\" rel=\"noopener noreferrer\">NR 8 &#8211; Edifica\u00e7\u00f5es<\/a><\/li>\n<li><a href=\"https:\/\/www.gov.br\/trabalho-e-previdencia\/pt-br\/acesso-a-informacao\/participacao-social\/conselhos-e-orgaos-colegiados\/ctpp\/arquivos\/normas-regulamentadoras\/nr-09-atualizada-2021-com-anexos-vibra-e-calor.pdf\" target=\"_blank\" rel=\"noopener noreferrer\">NR-9 &#8211; Avalia\u00e7\u00e3o e Controle das Exposi\u00e7\u00f5es Ocupacionais a Agentes F\u00edsicos, Qu\u00edmicos e Biol\u00f3gicos.<\/a><\/li>\n<li><a href=\"https:\/\/www.gov.br\/trabalho-e-previdencia\/pt-br\/acesso-a-informacao\/participacao-social\/conselhos-e-orgaos-colegiados\/ctpp\/arquivos\/normas-regulamentadoras\/nr-10.pdf\" target=\"_blank\" rel=\"noopener noreferrer\">NR 10 \u2013 Seguran\u00e7a em Instala\u00e7\u00f5es e Servi\u00e7os em Eletricidade.<\/a><\/li>\n<li><a href=\"https:\/\/www.gov.br\/trabalho-e-previdencia\/pt-br\/acesso-a-informacao\/participacao-social\/conselhos-e-orgaos-colegiados\/ctpp\/arquivos\/normas-regulamentadoras\/nr-11.pdf\" target=\"_blank\" rel=\"noopener noreferrer\">NR 11 \u2013 Transporte, Movimenta\u00e7\u00e3o, Armazenagem e Manuseio de Materiais.<\/a><\/li>\n<li><a href=\"https:\/\/www.gov.br\/trabalho-e-previdencia\/pt-br\/acesso-a-informacao\/participacao-social\/conselhos-e-orgaos-colegiados\/ctpp\/arquivos\/normas-regulamentadoras\/nr-11-anexo-01.pdf\" target=\"_blank\" rel=\"noopener noreferrer\">NR 11 \u2013 Anexo 1 &#8211; Transporte, Movimenta\u00e7\u00e3o, Armazenagem e Manuseio de Materiais.<\/a><\/li>\n<li><a href=\"https:\/\/www.gov.br\/trabalho-e-previdencia\/pt-br\/acesso-a-informacao\/participacao-social\/conselhos-e-orgaos-colegiados\/ctpp\/arquivos\/normas-regulamentadoras\/nr-12-atualizada-2022-1.pdf\" target=\"_blank\" rel=\"noopener noreferrer\">NR 12 \u2013 Seguran\u00e7a no Trabalho em M\u00e1quinas e Equipamentos <\/a><\/li>\n<li><a href=\"https:\/\/www.gov.br\/trabalho-e-previdencia\/pt-br\/acesso-a-informacao\/participacao-social\/conselhos-e-orgaos-colegiados\/ctpp\/arquivos\/normas-regulamentadoras\/nr-12_cartilha_nr_12_segurana_em_mquinas_para_couro_e_tratamento_de_efluentes.pdf\" target=\"_blank\" rel=\"noopener noreferrer\">Cartilha NR12 &#8211; Seguran\u00e7as em M\u00e1quinas para Couro e Tratamento de Fluentes<\/a><\/li>\n<li><a href=\"https:\/\/www.gov.br\/trabalho-e-previdencia\/pt-br\/acesso-a-informacao\/participacao-social\/conselhos-e-orgaos-colegiados\/ctpp\/arquivos\/normas-regulamentadoras\/nr-12_avaliacao_de_conformidade_de_componentes_de_sistemas_de_seguranca_de_maquinas_no_brasil.pdf\" target=\"_blank\" rel=\"noopener noreferrer\">Avalia\u00e7\u00e3o de Conformidade de Componentes de Sistemas de Seguran\u00e7a de M\u00e1quinas no Brasil.<\/a><\/li>\n<li><a href=\"https:\/\/www.gov.br\/trabalho-e-previdencia\/pt-br\/acesso-a-informacao\/participacao-social\/conselhos-e-orgaos-colegiados\/ctpp\/arquivos\/normas-regulamentadoras\/nr-13-atualizada-2022-retificada.pdf\" target=\"_blank\" rel=\"noopener noreferrer\">NR 13 \u2013 Caldeiras, Vasos de press\u00e3o, Tubula\u00e7\u00f5es e Tanques Met\u00e1licos de Armazenamento.<\/a><\/li>\n<li><a href=\"https:\/\/www.gov.br\/trabalho-e-previdencia\/pt-br\/acesso-a-informacao\/participacao-social\/conselhos-e-orgaos-colegiados\/ctpp\/arquivos\/normas-regulamentadoras\/nr-14-atualizada-2022.pdf\" target=\"_blank\" rel=\"noopener noreferrer\">NR 14 &#8211; Fornos<\/a><\/li>\n<li><a href=\"https:\/\/www.gov.br\/trabalho-e-previdencia\/pt-br\/acesso-a-informacao\/participacao-social\/conselhos-e-orgaos-colegiados\/ctpp\/arquivos\/normas-regulamentadoras\/nr-15-atualizada-2022.pdf\" target=\"_blank\" rel=\"noopener noreferrer\">NR 15 \u2013 Atividades e Opera\u00e7\u00f5es Insalubres<\/a><\/li>\n<li><a href=\"https:\/\/www.gov.br\/trabalho-e-previdencia\/pt-br\/acesso-a-informacao\/participacao-social\/conselhos-e-orgaos-colegiados\/ctpp\/arquivos\/normas-regulamentadoras\/nr-15-anexo-01.pdf\" target=\"_blank\" rel=\"noopener noreferrer\">NR 15 Anexo 1 &#8211; limites de toler\u00e2ncia para ru\u00eddo cont\u00ednuo ou intermitente<\/a><\/li>\n<li><a href=\"https:\/\/www.gov.br\/trabalho-e-previdencia\/pt-br\/acesso-a-informacao\/participacao-social\/conselhos-e-orgaos-colegiados\/ctpp\/arquivos\/normas-regulamentadoras\/nr-15-anexo-02.pdf\" target=\"_blank\" rel=\"noopener noreferrer\">NR 15 Anexo 2 &#8211; Limites de Toler\u00e2ncia para Ru\u00eddos de Impacto<\/a><\/li>\n<li><a href=\"https:\/\/www.gov.br\/trabalho-e-previdencia\/pt-br\/acesso-a-informacao\/participacao-social\/conselhos-e-orgaos-colegiados\/ctpp\/arquivos\/normas-regulamentadoras\/nr-15-anexo-05.pdf\" target=\"_blank\" rel=\"noopener noreferrer\">NR 15 Anexo 5 \u2013 Radia\u00e7\u00f5es ionizantes.<\/a><\/li>\n<li><a href=\"https:\/\/www.gov.br\/trabalho-e-previdencia\/pt-br\/acesso-a-informacao\/participacao-social\/conselhos-e-orgaos-colegiados\/ctpp\/arquivos\/normas-regulamentadoras\/NR15_Anexo_06.pdf\" target=\"_blank\" rel=\"noopener noreferrer\">NR 15 Anexo 6 &#8211; Trabalho sob condi\u00e7\u00f5es hiperb\u00e1ricas <\/a><\/li>\n<li><a href=\"https:\/\/www.gov.br\/trabalho-e-previdencia\/pt-br\/acesso-a-informacao\/participacao-social\/conselhos-e-orgaos-colegiados\/ctpp\/arquivos\/normas-regulamentadoras\/nr-15-anexo-07.pdf\" target=\"_blank\" rel=\"noopener noreferrer\">NR 15 Anexo 7 \u2013 Radia\u00e7\u00f5es n\u00e3o-ionizantes <\/a><\/li>\n<li><a href=\"https:\/\/www.gov.br\/trabalho-e-previdencia\/pt-br\/composicao\/orgaos-especificos\/secretaria-de-trabalho\/inspecao\/seguranca-e-saude-no-trabalho\/sst-portarias\/2021\/portaria-mtp-no-426-anexos-i-vibracao-e-iii-calor-da-nr-09.pdf\" target=\"_blank\" rel=\"noopener noreferrer\">NR 15 Anexo 8 &#8211; portaria n.\u00ba 426 de 07 de outubro de 2021<\/a><\/li>\n<li><a href=\"https:\/\/www.gov.br\/trabalho-e-previdencia\/pt-br\/acesso-a-informacao\/participacao-social\/conselhos-e-orgaos-colegiados\/ctpp\/arquivos\/normas-regulamentadoras\/nr-15-anexo-09.pdf\" target=\"_blank\" rel=\"noopener noreferrer\">NR 15 Anexo 9 &#8211; Frio<\/a><\/li>\n<li><a href=\"https:\/\/www.gov.br\/trabalho-e-previdencia\/pt-br\/acesso-a-informacao\/participacao-social\/conselhos-e-orgaos-colegiados\/ctpp\/arquivos\/normas-regulamentadoras\/nr-15-anexo-10.pdf\" target=\"_blank\" rel=\"noopener noreferrer\">NR 15 Anexo 10 &#8211; Umidade<\/a><\/li>\n<li><a href=\"https:\/\/www.gov.br\/trabalho-e-previdencia\/pt-br\/acesso-a-informacao\/participacao-social\/conselhos-e-orgaos-colegiados\/ctpp\/arquivos\/normas-regulamentadoras\/nr-15-anexo-11.pdf\" target=\"_blank\" rel=\"noopener noreferrer\">NR 15 Anexo 11 &#8211; Agentes qu\u00edmicos cuja insalubridade \u00e9 caracterizada por limite de toler\u00e2ncia e inspe\u00e7\u00e3o no local de trabalho<\/a><\/li>\n<li><a href=\"https:\/\/www.gov.br\/trabalho-e-previdencia\/pt-br\/acesso-a-informacao\/participacao-social\/conselhos-e-orgaos-colegiados\/ctpp\/arquivos\/normas-regulamentadoras\/nr-15-anexo-12.pdf\" target=\"_blank\" rel=\"noopener noreferrer\">NR 15 Anexo 12 &#8211; Limites de toler\u00e2ncia para poeiras minerais<\/a><\/li>\n<li><a href=\"https:\/\/www.gov.br\/trabalho-e-previdencia\/pt-br\/acesso-a-informacao\/participacao-social\/conselhos-e-orgaos-colegiados\/ctpp\/arquivos\/normas-regulamentadoras\/nr-15-anexo-13.pdf\" target=\"_blank\" rel=\"noopener noreferrer\">NR 15 Anexo 13 \u2013 Agentes Qu\u00edmicos <\/a><\/li>\n<li><a href=\"https:\/\/www.gov.br\/trabalho-e-previdencia\/pt-br\/acesso-a-informacao\/participacao-social\/conselhos-e-orgaos-colegiados\/ctpp\/arquivos\/normas-regulamentadoras\/nr-15-anexo-13a-atualizado-2022-1.pdf\" target=\"_blank\" rel=\"noopener noreferrer\">NR 15 Anexo 13 &#8211; Benzeno<\/a><\/li>\n<li><a href=\"https:\/\/www.gov.br\/trabalho-e-previdencia\/pt-br\/acesso-a-informacao\/participacao-social\/conselhos-e-orgaos-colegiados\/ctpp\/arquivos\/normas-regulamentadoras\/nr-15-anexo-14.pdf\" target=\"_blank\" rel=\"noopener noreferrer\">NR 15 Anexo 14 \u2013 Agentes Biol\u00f3gicos <\/a><\/li>\n<li><a href=\"https:\/\/www.gov.br\/trabalho-e-previdencia\/pt-br\/acesso-a-informacao\/participacao-social\/conselhos-e-orgaos-colegiados\/ctpp\/arquivos\/nr-16-atualizada-2023.pdf\" target=\"_blank\" rel=\"noopener noreferrer\">NR 16 \u2013 Atividades e Opera\u00e7\u00f5es Perigosas<\/a><\/li>\n<li><a href=\"https:\/\/www.gov.br\/trabalho-e-previdencia\/pt-br\/acesso-a-informacao\/participacao-social\/conselhos-e-orgaos-colegiados\/ctpp\/arquivos\/normas-regulamentadoras\/nr-17-atualizada-2022.pdf\" target=\"_blank\" rel=\"noopener noreferrer\">NR 17 &#8211; Ergonomia<\/a><\/li>\n<li><a href=\"https:\/\/www.gov.br\/trabalho-e-previdencia\/pt-br\/acesso-a-informacao\/participacao-social\/conselhos-e-orgaos-colegiados\/ctpp\/arquivos\/normas-regulamentadoras\/nr-17-anexo-i-checkout-atualizado-2021.pdf\" target=\"_blank\" rel=\"noopener noreferrer\">NR 17 Anexo I &#8211; Trabalho dos operadores de checkout<\/a><\/li>\n<li><a href=\"https:\/\/www.gov.br\/trabalho-e-previdencia\/pt-br\/acesso-a-informacao\/participacao-social\/conselhos-e-orgaos-colegiados\/ctpp\/arquivos\/normas-regulamentadoras\/nr-17-anexo-ii-teleatendimento-atualizado-2021.pdf\" target=\"_blank\" rel=\"noopener noreferrer\">NR 17 Anexo II &#8211; Trabalho em teleatendimento\/telemarketing<\/a><\/li>\n<li><a href=\"https:\/\/www.gov.br\/trabalho-e-previdencia\/pt-br\/acesso-a-informacao\/participacao-social\/conselhos-e-orgaos-colegiados\/ctpp\/arquivos\/normas-regulamentadoras\/nr-18-atualizada-2020-2.pdf\" target=\"_blank\" rel=\"noopener noreferrer\">NR 18 &#8211; Seguran\u00e7a e Sa\u00fade no Trabalho na Ind\u00fastria da Constru\u00e7\u00e3o<\/a><\/li>\n<li><a href=\"https:\/\/www.gov.br\/trabalho-e-previdencia\/pt-br\/acesso-a-informacao\/participacao-social\/conselhos-e-orgaos-colegiados\/ctpp\/arquivos\/normas-regulamentadoras\/nr-18_historico_reformulacao_nr_18.pdf\" target=\"_blank\" rel=\"noopener noreferrer\">Hist\u00f3rico sobre a reformula\u00e7\u00e3o da NR &#8211; 18 em 1994\/19<\/a><\/li>\n<li><a href=\"https:\/\/www.gov.br\/trabalho-e-previdencia\/pt-br\/acesso-a-informacao\/participacao-social\/conselhos-e-orgaos-colegiados\/ctpp\/arquivos\/normas-regulamentadoras\/nr-19-atualizada-2022.pdf\" target=\"_blank\" rel=\"noopener noreferrer\">NR 19 \u2013 Explosivos<\/a><\/li>\n<li><a href=\"https:\/\/www.gov.br\/trabalho-e-previdencia\/pt-br\/acesso-a-informacao\/participacao-social\/conselhos-e-orgaos-colegiados\/ctpp\/arquivos\/normas-regulamentadoras\/nr-20-atualizada-2022-1.pdf\" target=\"_blank\" rel=\"noopener noreferrer\">NR 20 &#8211; Seguran\u00e7a e Sa\u00fade no Trabalho com Inflam\u00e1veis e Combust\u00edveis<\/a><\/li>\n<li><a href=\"https:\/\/www.gov.br\/trabalho-e-previdencia\/pt-br\/acesso-a-informacao\/participacao-social\/conselhos-e-orgaos-colegiados\/ctpp\/arquivos\/normas-regulamentadoras\/nr-21.pdf\" target=\"_blank\" rel=\"noopener noreferrer\">NR 21 \u2013 Trabalhos a C\u00e9u Aberto<\/a><\/li>\n<li><a href=\"https:\/\/www.gov.br\/trabalho-e-previdencia\/pt-br\/acesso-a-informacao\/participacao-social\/conselhos-e-orgaos-colegiados\/ctpp\/arquivos\/normas-regulamentadoras\/nr-22-atualizada-2022-1.pdf\" target=\"_blank\" rel=\"noopener noreferrer\">NR 22 &#8211; Seguran\u00e7a E Sa\u00fade Ocupacional na Minera\u00e7\u00e3o<\/a><\/li>\n<li><a href=\"https:\/\/www.gov.br\/trabalho-e-previdencia\/pt-br\/acesso-a-informacao\/participacao-social\/conselhos-e-orgaos-colegiados\/ctpp\/arquivos\/normas-regulamentadoras\/nr-23-atualizada-2022.pdf\" target=\"_blank\" rel=\"noopener noreferrer\">NR 23 \u2013 Prote\u00e7\u00e3o Contra Inc\u00eandios <\/a><\/li>\n<li><a href=\"https:\/\/www.gov.br\/trabalho-e-previdencia\/pt-br\/acesso-a-informacao\/participacao-social\/conselhos-e-orgaos-colegiados\/ctpp\/arquivos\/normas-regulamentadoras\/nr-24-atualizada-2022.pdf\" target=\"_blank\" rel=\"noopener noreferrer\">NR 24 &#8211; Condi\u00e7\u00f5es Sanit\u00e1rias e de Conforto nos Locais de Trabalho<\/a><\/li>\n<li><a href=\"https:\/\/www.gov.br\/trabalho-e-previdencia\/pt-br\/acesso-a-informacao\/participacao-social\/conselhos-e-orgaos-colegiados\/ctpp\/arquivos\/normas-regulamentadoras\/nr-25-atualizada-2022-1.pdf\" target=\"_blank\" rel=\"noopener noreferrer\">NR 25 \u2013 Res\u00edduos Industriais<\/a><\/li>\n<li><a href=\"https:\/\/www.gov.br\/trabalho-e-previdencia\/pt-br\/acesso-a-informacao\/participacao-social\/conselhos-e-orgaos-colegiados\/ctpp\/arquivos\/normas-regulamentadoras\/nr-26-atualizada-2022.pdf\" target=\"_blank\" rel=\"noopener noreferrer\">NR 26 \u2013 Sinaliza\u00e7\u00e3o de Seguran\u00e7a <\/a><\/li>\n<li><a href=\"https:\/\/www.gov.br\/trabalho-e-previdencia\/pt-br\/acesso-a-informacao\/participacao-social\/conselhos-e-orgaos-colegiados\/ctpp\/arquivos\/normas-regulamentadoras\/nr-28-atualizada-2022-1.pdf\" target=\"_blank\" rel=\"noopener noreferrer\">NR 28 \u2013 Fiscaliza\u00e7\u00e3o e Penalidades <\/a><\/li>\n<li><a href=\"https:\/\/www.gov.br\/trabalho-e-previdencia\/pt-br\/acesso-a-informacao\/participacao-social\/conselhos-e-orgaos-colegiados\/ctpp\/arquivos\/normas-regulamentadoras\/nr-29-atualizada-2022-1.pdf\" target=\"_blank\" rel=\"noopener noreferrer\">NR 29 &#8211; Seguran\u00e7a e Sa\u00fade no Trabalho Portu\u00e1rio<\/a><\/li>\n<li><a href=\"https:\/\/www.gov.br\/trabalho-e-previdencia\/pt-br\/acesso-a-informacao\/participacao-social\/conselhos-e-orgaos-colegiados\/ctpp\/arquivos\/normas-regulamentadoras\/nr-30-atualizada-2022.pdf\" target=\"_blank\" rel=\"noopener noreferrer\">NR 30 &#8211; Seguran\u00e7a e Sa\u00fade no Trabalho Aquavi\u00e1rio<\/a><\/li>\n<li><a href=\"https:\/\/www.gov.br\/trabalho-e-previdencia\/pt-br\/acesso-a-informacao\/participacao-social\/conselhos-e-orgaos-colegiados\/ctpp\/arquivos\/normas-regulamentadoras\/nr-31-atualizada-2022-modif-item-31-7-4.pdf\" target=\"_blank\" rel=\"noopener noreferrer\">NR 31 &#8211; Seguran\u00e7a e Sa\u00fade no Trabalho na Agricultura, Pecu\u00e1ria, Silvicultura, Explora\u00e7\u00e3o Florestal e Aquicultura <\/a><\/li>\n<li><a href=\"https:\/\/www.gov.br\/trabalho-e-previdencia\/pt-br\/acesso-a-informacao\/participacao-social\/conselhos-e-orgaos-colegiados\/ctpp\/arquivos\/normas-regulamentadoras\/nr-32_guia_tecnico_de_riscos_biologicos_nr_32.pdf\" target=\"_blank\" rel=\"noopener noreferrer\">NR 32 &#8211; Riscos Biol\u00f3gicos Guia T\u00e9cnico<\/a><\/li>\n<li><a href=\"https:\/\/www.gov.br\/trabalho-e-previdencia\/pt-br\/acesso-a-informacao\/participacao-social\/conselhos-e-orgaos-colegiados\/ctpp\/arquivos\/normas-regulamentadoras\/nr-33-atualizada-2022-_retificada.pdf\" target=\"_blank\" rel=\"noopener noreferrer\">NR 33 \u2013 Seguran\u00e7a e Sa\u00fade nos Trabalhos em Espa\u00e7os Confinados <\/a><\/li>\n<li><a href=\"https:\/\/www.gov.br\/trabalho-e-previdencia\/pt-br\/acesso-a-informacao\/participacao-social\/conselhos-e-orgaos-colegiados\/ctpp\/arquivos\/normas-regulamentadoras\/nr-34-atualizada-2022-1.pdf\" target=\"_blank\" rel=\"noopener noreferrer\">NR 34 &#8211; Condi\u00e7\u00f5es e Meio Ambiente de Trabalho na Ind\u00fastria da Constru\u00e7\u00e3o, Repara\u00e7\u00e3o e Desmonte Naval<\/a><\/li>\n<li><a href=\"https:\/\/www.gov.br\/trabalho-e-previdencia\/pt-br\/acesso-a-informacao\/participacao-social\/conselhos-e-orgaos-colegiados\/ctpp\/arquivos\/normas-regulamentadoras\/nr-35-atualizada-2022.pdf\" target=\"_blank\" rel=\"noopener noreferrer\">NR 35 \u2013 Trabalho em Altura.<\/a><\/li>\n<li><a href=\"https:\/\/www.gov.br\/trabalho-e-previdencia\/pt-br\/acesso-a-informacao\/participacao-social\/conselhos-e-orgaos-colegiados\/ctpp\/arquivos\/normas-regulamentadoras\/nr-36-atualizada-2022.pdf\" target=\"_blank\" rel=\"noopener noreferrer\">NR 36 &#8211; Seguran\u00e7a e Sa\u00fade no Trabalho em Empresas de Abate e Processamento de Carnes e Derivados<\/a><\/li>\n<li><a href=\"https:\/\/www.gov.br\/trabalho-e-previdencia\/pt-br\/acesso-a-informacao\/participacao-social\/conselhos-e-orgaos-colegiados\/ctpp\/arquivos\/normas-regulamentadoras\/nr-37-atualizada-2022-1.pdf\" target=\"_blank\" rel=\"noopener noreferrer\">NR 37 \u2013 Seguran\u00e7a e Sa\u00fade em Plataformas de Petr\u00f3leo<\/a><\/li>\n<li><a href=\"https:\/\/www.gov.br\/trabalho-e-previdencia\/pt-br\/acesso-a-informacao\/participacao-social\/conselhos-e-orgaos-colegiados\/ctpp\/arquivos\/normas-regulamentadoras\/nr-38-atualizada-2022-1.pdf\" target=\"_blank\" rel=\"noopener noreferrer\">NR 38 \u2013 Seguran\u00e7a e Sa\u00fade no Trabalho nas Atividades de Limpeza Urbana e Manejo de res\u00edduos S\u00f3lidos.<\/a><\/li>\n<\/ul>\n<p class=\"ml-3\"><strong>Guias e Manuais<\/strong><\/p>\n<ul>\n<li><a href=\"https:\/\/www.gov.br\/trabalho-e-previdencia\/pt-br\/acesso-a-informacao\/participacao-social\/conselhos-e-orgaos-colegiados\/ctpp\/arquivos\/normas-regulamentadoras\/guia_de_elaboracao_e_revisao_de_normas.pdf\" target=\"_blank\" rel=\"noopener noreferrer\">Guia de elabora\u00e7\u00e3o e revis\u00e3o de Normas Regulamentadoras em Seguran\u00e7a e Sa\u00fade no Trabalho<\/a><\/li>\n<li><a href=\"https:\/\/www.gov.br\/trabalho-e-previdencia\/pt-br\/acesso-a-informacao\/participacao-social\/conselhos-e-orgaos-colegiados\/ctpp\/arquivos\/normas-regulamentadoras\/NR29_GUIA_DE_BOAS_PRATICAS_PARA_TRABALHO_EM_ALTURAS_NAS_ATIVIDADES_PORTURIAS.pdf\" target=\"_blank\" rel=\"noopener noreferrer\">Guia de Boas Pr\u00e1ticas para Trabalho em Altura nas Atividades Portu\u00e1rias<\/a><\/li>\n<li><a href=\"https:\/\/www.gov.br\/trabalho-e-previdencia\/pt-br\/acesso-a-informacao\/participacao-social\/conselhos-e-orgaos-colegiados\/ctpp\/arquivos\/normas-regulamentadoras\/nr-33_guia_tecnico_da_nr_33.pdf\" target=\"_blank\" rel=\"noopener noreferrer\">Guia T\u00e9cnico da NR-33. MTE<\/a><\/li>\n<li><a href=\"https:\/\/www.gov.br\/trabalho-e-previdencia\/pt-br\/acesso-a-informacao\/participacao-social\/conselhos-e-orgaos-colegiados\/ctpp\/arquivos\/normas-regulamentadoras\/nr-10_manual_de_auxilio_na_interpretacao_e_aplicacao_da_nr_10.pdf\" target=\"_blank\" rel=\"noopener noreferrer\">Manual de Auxilio na Interpreta\u00e7\u00e3o e Aplica\u00e7\u00e3o da NR10: Comentada. <\/a><\/li>\n<li><a href=\"https:\/\/www.gov.br\/trabalho-e-previdencia\/pt-br\/composicao\/orgaos-especificos\/secretaria-de-trabalho\/inspecao\/manuais-e-publicacoes\/manual-de-aplicacao-da-nr-12.pdf\" target=\"_blank\" rel=\"noopener noreferrer\">Manual de Aplica\u00e7\u00e3o da NR 12: Partes de Sistemas de Comando de M\u00e1quinas relacionadas \u00e0 Seguran\u00e7a.<\/a><\/li>\n<li><a href=\"https:\/\/www.gov.br\/trabalho-e-previdencia\/pt-br\/composicao\/orgaos-especificos\/secretaria-de-trabalho\/inspecao\/manuais-e-publicacoes\/manual_consolidado_da_nr_35.pdf\" target=\"_blank\" rel=\"noopener noreferrer\">Manual de Aux\u00edlio na Interpreta\u00e7\u00e3o a Aplica\u00e7\u00e3o da Norma Regulamentadora N.35 &#8211; Trabalho em Altura &#8211; Incluindo Anexos I e II e altera\u00e7\u00e3o do item 35.5 NR-35 Comentada.<\/a><\/li>\n<li><a href=\"https:\/\/www.gov.br\/trabalho-e-previdencia\/pt-br\/acesso-a-informacao\/participacao-social\/conselhos-e-orgaos-colegiados\/ctpp\/arquivos\/normas-regulamentadoras\/nr-36_manual_nr_36_compilado.pdf\" target=\"_blank\" rel=\"noopener noreferrer\">Manual de Aux\u00edlio na Interpreta\u00e7\u00e3o e Aplica\u00e7\u00e3o da Norma Regulamentadora n\u00ba 36: Seguran\u00e7a e Sa\u00fade no Trabalho em Empresas de Abate e Processamento de Carnes e Derivados<\/a><\/li>\n<li><a href=\"https:\/\/www.gov.br\/trabalho-e-previdencia\/pt-br\/acesso-a-informacao\/participacao-social\/conselhos-e-orgaos-colegiados\/ctpp\/arquivos\/normas-regulamentadoras\/nr-06_manual_de_orientacao_para_especificacao_das_vestimentas_de_protecao_de_arco_eletrico_e_fogo_repentino.pdf\" target=\"_blank\" rel=\"noopener noreferrer\">Manual de Orienta\u00e7\u00e3o para especifica\u00e7\u00e3o das Vestimentas de Prote\u00e7\u00e3o Contra os Efeitos T\u00e9rmicos do Arco El\u00e9trico e do Fogo Repentino.<\/a><\/li>\n<\/ul>\n<p class=\"ml-3\"><strong>Perguntas e Respostas<\/strong><\/p>\n<ul>\n<li><a href=\"https:\/\/www.gov.br\/trabalho-e-previdencia\/pt-br\/composicao\/orgaos-especificos\/secretaria-de-trabalho\/inspecao\/manuais-e-publicacoes\/nr_13_perguntas_e_respostas__2021_07_27.pdf\" target=\"_blank\" rel=\"noopener noreferrer\">Caldeiras, Vasos de press\u00e3o, Tubula\u00e7\u00f5es \u2013 Perguntas Sobre a NR 13<\/a><\/li>\n<li><a href=\"https:\/\/www.gov.br\/trabalho-e-previdencia\/pt-br\/acesso-a-informacao\/participacao-social\/conselhos-e-orgaos-colegiados\/ctpp\/arquivos\/normas-regulamentadoras\/nr-20-perguntas_respostas_nr_20.pdf\" target=\"_blank\" rel=\"noopener noreferrer\">Seguran\u00e7a e sa\u00fade no trabalho com inflam\u00e1veis e combust\u00edveis perguntas e respostas sobre a NR-20<\/a><\/li>\n<\/ul>\n<hr \/>\n<p><strong>Servi\u00e7o Social<\/strong><\/p>\n<ul>\n<li><a href=\"https:\/\/www.pucminas.br\/servicosocial\/Paginas\/areas-e-subareas-de-atuacao-profissional.aspx\" target=\"_blank\" rel=\"noopener noreferrer\">\u00c1reas e Sub\u00e1reas de Atua\u00e7\u00e3o Profissional <\/a><\/li>\n<li><a href=\"https:\/\/www.cfess.org.br\/arquivos\/2019CfessCEP-Trilingue-Site.pdf\" target=\"_blank\" rel=\"noopener noreferrer\">BRASIL. C\u00f3digo de \u00c9tica do Assistente Social<\/a><\/li>\n<li><a href=\"https:\/\/www.cfess.org.br\/\" target=\"_blank\" rel=\"noopener noreferrer\">BRASIL. Conselho Federal do Servi\u00e7o Social<\/a><\/li>\n<li><a href=\"https:\/\/www.gov.br\/mdh\/pt-br\/assuntos\/noticias\/2021\/julho\/trinta-e-um-anos-do-estatuto-da-crianca-e-do-adolescente-confira-as-novas-acoes-para-fortalecer-o-eca\/ECA2021_Digital.pdf\" target=\"_blank\" rel=\"noopener noreferrer\">BRASIL. Estatuto da Crian\u00e7a e do Adolescente<\/a><\/li>\n<li><a href=\"https:\/\/social.mg.gov.br\/images\/Docs2023\/cartilha_estatuto-comentado_bora-nos-unir.pdf\" target=\"_blank\" rel=\"noopener noreferrer\">BRASIL. Estatuto da Pessoa Idosa Comentado<\/a><\/li>\n<li><a href=\"https:\/\/www.cfess.org.br\/arquivos\/Resolucaocfess5122007.pdf\" target=\"_blank\" rel=\"noopener noreferrer\">RESOLU\u00c7\u00c3O CFESS N\u00ba. 512\/2007 de 29 de setembro de 2007. Reformula as normas gerais para o exerc\u00edcio da Fiscaliza\u00e7\u00e3o Profissional e atualiza a Pol\u00edtica Nacional de Fiscaliza\u00e7\u00e3o<\/a><\/li>\n<li><a href=\"http:\/\/cress-sp.org.br\/\" target=\"_blank\" rel=\"noopener noreferrer\">S\u00e3o Paulo. Conselho Regional do Servi\u00e7o Social<\/a><\/li>\n<li><a href=\"https:\/\/www.tjes.jus.br\/wp-content\/uploads\/Cartilha-Servi%C3%A7o-Social-25-anos-1.pdf\" target=\"_blank\" rel=\"noopener noreferrer\">Servi\u00e7o Social: 25 anos do C\u00f3digo de \u00c9tica <\/a><\/li>\n<\/ul>\n<hr \/>\n<p><strong>Teologia<\/strong><\/p>\n<ul>\n<li><a href=\"http:\/\/tede.metodista.br\/jspui\/bitstream\/tede\/594\/1\/Jose%20Luiz%20Izidoro.pdf\" target=\"_blank\" rel=\"noopener noreferrer\">IZIDORO, J. L. Cristianismo et\u00edope a partir da experi\u00eancia \u00e9tnica narrada em Atos 8,26-40. Disserta\u00e7\u00e3o de Mestrado, Universidade Metodista de S\u00e3o Paulo, S\u00e3o Bernardo do Campo, 2005. <\/a><\/li>\n<li><a href=\"https:\/\/adbgc.dglab.gov.pt\/wp-content\/uploads\/sites\/12\/2018\/10\/Comunica%C3%A7%C3%A3o-D-Jose-Cordeiro_O-s%C3%ADmbolo-o-sinal-e-o-rito-na-Liturgia-da-Igreja.pdf\" target=\"_blank\" rel=\"noopener noreferrer\">CORDEIRO, J. M. O s\u00edmbolo, o sinal e o rito na Liturgia da Igreja.<\/a><\/li>\n<li><a href=\"http:\/\/www.sagradocoracaopaulinia.org.br\/uploads\/publicacoes\/CNBBDoc100.pdf\" target=\"_blank\" rel=\"noopener noreferrer\">DOCUMENTO DA CNBB 100. Comunidade de Comunidades: uma nova par\u00f3quia \u2013 A Convers\u00e3o Pastoral da Par\u00f3quia. 52\u00aa Assembleia Geral Aparecida \u2013 SP, 30 de abril a 9 de maio de 2014. S\u00e3o Paulo: Paulinas, 2014. <\/a><\/li>\n<li><a href=\"http:\/\/www.scielo.br\/pdf\/rae\/v21n2\/v21n2a02.pdf\" target=\"_blank\" rel=\"noopener noreferrer\">MOSCOVICI. F. Compet\u00eancia interpessoal no desenvolvimento de gerentes.<\/a><\/li>\n<\/ul>\n","protected":false},"excerpt":{"rendered":"<p>Agronomia A ind\u00fastria de m\u00e1quinas agr\u00edcolas no Brasil &#8211; origens e evolu\u00e7\u00e3o. A trajet\u00f3ria da cana-de-a\u00e7\u00facar no Brasil: perspectivas geogr\u00e1fica, hist\u00f3rica e ambiental Aduba\u00e7\u00e3o verde em pomar c\u00edtrico Agroneg\u00f3cio da Cacha\u00e7a Algod\u00e3o: o produtor pergunta, a Embrapa responde Ambi\u00eancia nas instala\u00e7\u00f5es para produ\u00e7\u00e3o de leite Boas pr\u00e1ticas agropecu\u00e1rias: bovinos de<\/p>\n","protected":false},"author":1,"featured_media":0,"parent":285,"menu_order":0,"comment_status":"closed","ping_status":"closed","template":"templates\/template-pagina_menu_vertical.php","meta":{"footnotes":""},"categories":[],"tags":[],"class_list":["post-1119","page","type-page","status-publish","hentry"],"_links":{"self":[{"href":"https:\/\/portal.unisepe.com.br\/univr\/wp-json\/wp\/v2\/pages\/1119","targetHints":{"allow":["GET"]}}],"collection":[{"href":"https:\/\/portal.unisepe.com.br\/univr\/wp-json\/wp\/v2\/pages"}],"about":[{"href":"https:\/\/portal.unisepe.com.br\/univr\/wp-json\/wp\/v2\/types\/page"}],"author":[{"embeddable":true,"href":"https:\/\/portal.unisepe.com.br\/univr\/wp-json\/wp\/v2\/users\/1"}],"replies":[{"embeddable":true,"href":"https:\/\/portal.unisepe.com.br\/univr\/wp-json\/wp\/v2\/comments?post=1119"}],"version-history":[{"count":41,"href":"https:\/\/portal.unisepe.com.br\/univr\/wp-json\/wp\/v2\/pages\/1119\/revisions"}],"predecessor-version":[{"id":6259,"href":"https:\/\/portal.unisepe.com.br\/univr\/wp-json\/wp\/v2\/pages\/1119\/revisions\/6259"}],"up":[{"embeddable":true,"href":"https:\/\/portal.unisepe.com.br\/univr\/wp-json\/wp\/v2\/pages\/285"}],"wp:attachment":[{"href":"https:\/\/portal.unisepe.com.br\/univr\/wp-json\/wp\/v2\/media?parent=1119"}],"wp:term":[{"taxonomy":"category","embeddable":true,"href":"https:\/\/portal.unisepe.com.br\/univr\/wp-json\/wp\/v2\/categories?post=1119"},{"taxonomy":"post_tag","embeddable":true,"href":"https:\/\/portal.unisepe.com.br\/univr\/wp-json\/wp\/v2\/tags?post=1119"}],"curies":[{"name":"wp","href":"https:\/\/api.w.org\/{rel}","templated":true}]}}