{"id":5347,"date":"2022-03-26T12:23:12","date_gmt":"2022-03-26T15:23:12","guid":{"rendered":"https:\/\/portal.unisepe.com.br\/univr\/?page_id=5347"},"modified":"2025-04-08T16:36:58","modified_gmt":"2025-04-08T19:36:58","slug":"revistas-acesso-aberto","status":"publish","type":"page","link":"https:\/\/portal.unisepe.com.br\/univr\/biblioteca\/revistas\/revistas-acesso-aberto\/","title":{"rendered":"Revistas Acesso Aberto"},"content":{"rendered":"<p><strong>Administra\u00e7\u00e3o<\/strong><\/p>\n<ul>\n<li><a href=\"https:\/\/governet.com.br\/\">Boletim Governet de Recursos Humanos<\/a><\/li>\n<li><a href=\"http:\/\/revistaadmmade.estacio.br\/index.php\/admmade\">Revista ADM MADE<\/a><\/li>\n<li><a href=\"http:\/\/reacfat.com.br\/index.php\/reac\">Revista Administra\u00e7\u00e3o e Contabilidade da FAT \u2013 ReAC<\/a><\/li>\n<li><a href=\"http:\/\/faef.revista.inf.br\/imagens_arquivos\/arquivos_destaque\/fJEMxCRFwW6l8sM_2013-4-30-15-17-53.pdf\">Revista Administra\u00e7\u00e3o Faeg<\/a><\/li>\n<li><a href=\"https:\/\/www.ibam.org.br\/info\/institucional\/36\">Revista Administra\u00e7\u00e3o Municipal<\/a><\/li>\n<li><a href=\"https:\/\/cfc.org.br\/revista-brasileira-de-contabilidade-rbc\/\">Revista Brasileira de Contabilidade<\/a><\/li>\n<li><a href=\"https:\/\/periodicos.uninove.br\/remark\/index\">Revista Brasileira de Marketing<\/a><\/li>\n<li><a href=\"https:\/\/bar.anpad.org.br\/index.php\/bar\">Revista Brazilian Administration Review \u2013 BAR<\/a><\/li>\n<li><a href=\"https:\/\/www.revistas.usp.br\/cpst\">Revista Cadernos de Psicologia Social do Trabalho (USP)<\/a><\/li>\n<li><a href=\"https:\/\/ebape.fgv.br\/publicacoes\/cadernosebape\">Revista Cadernos Ebape<\/a><\/li>\n<li><a href=\"https:\/\/www.revistas.usp.br\/rcf\">Revista de Contabilidade e Finan\u00e7as<\/a><\/li>\n<li><a href=\"https:\/\/periodicos.ufsc.br\/index.php\/contabilidade\">Revista Contempor\u00e2nea de Contabilidade<\/a><\/li>\n<li><a href=\"https:\/\/seer.ufrgs.br\/index.php\/ConTexto\">Revista Contexto &#8211; Contabilidade em texto<\/a><\/li>\n<li><a href=\"http:\/\/www.anpec.org.br\/novosite\/br\/revista\">Revista da ANPEC<\/a><\/li>\n<li><a href=\"https:\/\/rac.anpad.org.br\/index.php\/rac\">Revista de Administra\u00e7\u00e3o Contempor\u00e2nea \u2013 RAC<\/a><\/li>\n<li><a href=\"https:\/\/www.revistas.usp.br\/rausp\">Revista de Administra\u00e7\u00e3o da Universidade de S\u00e3o Paulo \u2013 RAUSP<\/a><\/li>\n<li><a href=\"https:\/\/www.scielo.br\/j\/rae\/\">Revista de Administra\u00e7\u00e3o de Empresas \u2013 RAE<\/a><\/li>\n<li><a href=\"https:\/\/www.scielo.br\/j\/ram\/\">Revista de Administra\u00e7\u00e3o Mackenzie \u2013 RAM<\/a><\/li>\n<li><a href=\"https:\/\/ebape.fgv.br\/publicacoes\/rap\">Revista de Administra\u00e7\u00e3o P\u00fablica \u2013 RAP<\/a><\/li>\n<li><a href=\"https:\/\/periodicoscientificos.ufmt.br\/ojs\/index.php\/rcic\">Revista de Ci\u00eancias Cont\u00e1beis \u2013 RCIC<\/a><\/li>\n<li><a href=\"https:\/\/www.e-publicacoes.uerj.br\/index.php\/rcmccuerj\">Revista de Contabilidade do Mestrado de Ci\u00eancias Cont\u00e1beis da UERJ<\/a><\/li>\n<li><a href=\"https:\/\/www.revistas.usp.br\/rcf\/\">Revista de Contabilidade e Finan\u00e7as<\/a><\/li>\n<li><a href=\"https:\/\/repec.emnuvens.com.br\/repec\/index\">Revista de Educa\u00e7\u00e3o e Pesquisa em Contabilidade<\/a><\/li>\n<li><a href=\"http:\/\/revistagt.fpl.edu.br\/get\">Revista de Gest\u00e3o da Tecnologia e Sistemas de Informa\u00e7\u00e3o<\/a><\/li>\n<li><a href=\"https:\/\/www.revistas.usp.br\/rege\">Revista de gest\u00e3o da USP<\/a><\/li>\n<li><a href=\"https:\/\/ebape.fgv.br\/publicacoes\/rgplp\">Revista de Gest\u00e3o dos Pa\u00edses de L\u00edngua Portuguesa \u2013 RGPLP<\/a><\/li>\n<li><a href=\"https:\/\/crasp.gov.br\/admpro\/site\/home\/a-revista\">Revista do Conselho Regional de Administra\u00e7\u00e3o<\/a><\/li>\n<li><a href=\"https:\/\/revistas.ufrj.br\/index.php\/rec\/index\">Revista Economia Contempor\u00e2nea<\/a><\/li>\n<li><a href=\"http:\/\/www.spell.org.br\/periodicos\/ver\/26\/read--revista-eletronica-de-administracao\">Revista Eletr\u00f4nica de Administra\u00e7\u00e3o \u2013 READ<\/a><\/li>\n<li><a href=\"https:\/\/seer.faccat.br\/index.php\/contabeis\">Revista Eletr\u00f4nica de Ci\u00eancias Cont\u00e1beis<\/a><\/li>\n<li><a href=\"http:\/\/www.spell.org.br\/periodicos\/ver\/17\/gestao-org---revista-eletronica-de-gestao-organizacional\">Revista Eletr\u00f4nica de Gest\u00e3o Organizacional<\/a><\/li>\n<li><a href=\"https:\/\/periodicos.ufjf.br\/index.php\/producaoeengenharia\/issue\/view\/1559\">Revista Eletr\u00f4nica Produ\u00e7\u00e3o e Engenharia<\/a><\/li>\n<li><a href=\"http:\/\/revista.fumec.br\/index.php\/facesp\">Revista Faces: Administra\u00e7\u00e3o<\/a><\/li>\n<li><a href=\"http:\/\/www.spell.org.br\/periodicos\/ver\/22\/revista-gestao---planejamento\">Revista Gest\u00e3o &amp; Planejamento (Salvador)<\/a><\/li>\n<li><a href=\"https:\/\/www.gestaoesociedade.org\/gestaoesociedade\/index\">Revista Gest\u00e3o &amp; Sociedade<\/a><\/li>\n<li><a href=\"https:\/\/www.gestaoeproducao.com\/\">Revista Gest\u00e3o da Produ\u00e7\u00e3o UFScar<\/a><\/li>\n<li><a href=\"https:\/\/revista.feb.unesp.br\/index.php\/gepros\">Revista Gest\u00e3o da Produ\u00e7\u00e3o, Opera\u00e7\u00f5es e Sistemas \u2013 GEPROS<\/a><\/li>\n<li><a href=\"https:\/\/periodicos.utfpr.edu.br\/revistagi\">Revista Gest\u00e3o Industrial<\/a><\/li>\n<li><a href=\"https:\/\/seer.ufrgs.br\/ProdutoProducao\">Revista Produto &amp; Produ\u00e7\u00e3o<\/a><\/li>\n<li><a href=\"https:\/\/www.revistaresi.com.br\/index.php\/resi\">Revista Sistema de Informa\u00e7\u00e3o<\/a><\/li>\n<li><a href=\"http:\/\/www.techoje.com.br\">Revista Tec Hoje<\/a><\/li>\n<li><a href=\"http:\/\/www.spell.org.br\/periodicos\/ver\/65\/revista-universo-contabil\">Revista Universo Cont\u00e1bil<\/a><\/li>\n<\/ul>\n<hr \/>\n<p><strong>Agronomia<\/strong><\/p>\n<ul>\n<li><a href=\"https:\/\/www.rbcsjournal.org\/available-issues\/\" target=\"_blank\" rel=\"noopener noreferrer\">Revista Brasileira de Ci\u00eancia do solo<\/a><\/li>\n<li><a href=\"https:\/\/revistas.rcaap.pt\/rca\" target=\"_blank\" rel=\"noopener noreferrer\">Revista de Ci\u00eancias Agr\u00e1rias<\/a><\/li>\n<li><a href=\"https:\/\/revistacultivar.com.br\/acervo\/grandes-culturas\" target=\"_blank\" rel=\"noopener noreferrer\">Revista Cultivar &#8211; Grandes culturas<\/a><\/li>\n<li><a href=\"https:\/\/revistacultivar.com.br\/acervo\/hortalicas-e-frutas\" target=\"_blank\" rel=\"noopener noreferrer\">Revista Cultivar &#8211; Hortali\u00e7as e Frutas<\/a><\/li>\n<li><a href=\"https:\/\/revistacultivar.com.br\/acervo\/maquinas\" target=\"_blank\" rel=\"noopener noreferrer\">Revista Cultivar &#8211; M\u00e1quinas<\/a><\/li>\n<li><a href=\"https:\/\/www.revistas.usp.br\/sa\/issue\/archive\" target=\"_blank\" rel=\"noopener noreferrer\">Revista Scientia Agr\u00edcola<\/a><\/li>\n<li><a href=\"https:\/\/revistas.ufpr.br\/biofix\/issue\/view\/3498\" target=\"_blank\" rel=\"noopener noreferrer\">Revista Biofix<\/a><\/li>\n<li><a href=\"https:\/\/revistas.ufpr.br\/made\" target=\"_blank\" rel=\"noopener noreferrer\">Revista Desenvolvimento e meio Ambiente<\/a><\/li>\n<li><a href=\"https:\/\/revistas.ufpr.br\/floresta\" target=\"_blank\" rel=\"noopener noreferrer\">Revista Floresta<\/a><\/li>\n<li><a href=\"https:\/\/ojs.ufgd.edu.br\/index.php\/rbclima\" target=\"_blank\" rel=\"noopener noreferrer\">Revista Brasileira de Climatologia<\/a><\/li>\n<li><a href=\"https:\/\/ojs.ufgd.edu.br\/index.php\/agrarian\/about\" target=\"_blank\" rel=\"noopener noreferrer\">Revista Agrarian<\/a><\/li>\n<li><a href=\"https:\/\/revistas.unc.edu.ar\/index.php\/agris\/\" target=\"_blank\" rel=\"noopener noreferrer\">Revista Agriscientia<\/a><\/li>\n<li><a href=\"https:\/\/www.embrapa.br\/meio-norte\/agrociencia\" target=\"_blank\" rel=\"noopener noreferrer\">Revista Agrociencia<\/a><\/li>\n<li><a href=\"https:\/\/www.infoteca.cnptia.embrapa.br\/infoteca\/bitstream\/doc\/1083087\/1\/final8685.pdf\" target=\"_blank\" rel=\"noopener noreferrer\">Revista Avicultura<\/a><\/li>\n<li><a href=\"https:\/\/revistaesa.com\/ojs\/index.php\/esa\" target=\"_blank\" rel=\"noopener noreferrer\">Revista Estudos Sociedade e Agricultura<\/a><\/li>\n<li><a href=\"https:\/\/www.horticulturabrasileira.com.br\/index.php\/buscas\/artigos-das-capas\" target=\"_blank\" rel=\"noopener noreferrer\">Revista Horticultura Brasileira<\/a><\/li>\n<li><a href=\"https:\/\/www.gvaa.com.br\/revista\/index.php\/RVADS\" target=\"_blank\" rel=\"noopener noreferrer\">Revista Verde de Agroecologia e Desenvolvimento Sustent\u00e1vel<\/a><\/li>\n<li><a href=\"https:\/\/www.abcz.org.br\/revistas\" target=\"_blank\" rel=\"noopener noreferrer\">Revista Zebu<\/a><\/li>\n<li><a href=\"https:\/\/www.scielo.br\/j\/rod\/\" target=\"_blank\" rel=\"noopener noreferrer\">Rodrigu\u00e9sia: revista do jardim bot\u00e2nico do Rio de Janeiro<\/a><\/li>\n<li><a href=\"https:\/\/revistas.fw.uri.br\/index.php\/rbdta\" target=\"_blank\" rel=\"noopener noreferrer\">Revista tecnologia &amp; Ci\u00eancia agropecu\u00e1ria <\/a><\/li>\n<li><a href=\"https:\/\/conexaosafra.com\/revistas\/\" target=\"_blank\" rel=\"noopener noreferrer\">Revista safra<\/a><\/li>\n<li><a href=\"https:\/\/www.revistarural.com.br\/\" target=\"_blank\" rel=\"noopener noreferrer\">Revista Rural<\/a><\/li>\n<li><a href=\"https:\/\/www.eeaoc.gob.ar\/?publicacion=sobre-nosotros\" target=\"_blank\" rel=\"noopener noreferrer\">Revista industrial y agr\u00edcola de Tucum\u00e1n <\/a><\/li>\n<li><a href=\"https:\/\/www.revistafeedfood.com.br\/pub\/curuca\/\" target=\"_blank\" rel=\"noopener noreferrer\">Revista Feed &amp; Food<\/a><\/li>\n<li><a href=\"https:\/\/cienciasagrarias.medellin.unal.edu.co\/revistas-fna.html\" target=\"_blank\" rel=\"noopener noreferrer\">Revista facultad nacional de agronom\u00eda Medell\u00edn<\/a><\/li>\n<li><a href=\"https:\/\/periodicos.unicesumar.edu.br\/index.php\/rama\/issue\/view\/246\" target=\"_blank\" rel=\"noopener noreferrer\">Revista em agroneg\u00f3cio e meio ambiente<\/a><\/li>\n<li><a href=\"https:\/\/periodicos.ufsm.br\/reget\" target=\"_blank\" rel=\"noopener noreferrer\">Revista eletr\u00f4nica em gest\u00e3o, educa\u00e7\u00e3o e tecnologia ambiental \u2013 UFSM<\/a><\/li>\n<li><a href=\"https:\/\/biblat.unam.mx\/pt\/revista\/revista-de-proteccion-vegetal\" target=\"_blank\" rel=\"noopener noreferrer\">Revista de protecci\u00f3n vegetal<\/a><\/li>\n<li><a href=\"https:\/\/www.biotaxa.org\/RSEA\/index\" target=\"_blank\" rel=\"noopener noreferrer\">Revista de la sociedad entomologica argentina<\/a><\/li>\n<li><a href=\"http:\/\/www.etologiabrasil.org.br\/publicacoes_revista\/\" target=\"_blank\" rel=\"noopener noreferrer\">Revista de etologia<\/a><\/li>\n<li><a href=\"https:\/\/periodicos.ufv.br\/rea\/\" target=\"_blank\" rel=\"noopener noreferrer\">Revista de economia e agroneg\u00f3cio-rea<\/a><\/li>\n<li><a href=\"https:\/\/periodicos.unemat.br\/index.php\/rcaa\" target=\"_blank\" rel=\"noopener noreferrer\">Revista de ci\u00eancias agro-ambientais <\/a><\/li>\n<li><a href=\"https:\/\/www.mag.go.cr\/rev_agr\/\" target=\"_blank\" rel=\"noopener noreferrer\">Revista de agronomia costarricense<\/a><\/li>\n<li><a href=\"https:\/\/abcs.org.br\/revista-da-suinocultura\/\" target=\"_blank\" rel=\"noopener noreferrer\">Revista da suinocultura<\/a><\/li>\n<li><a href=\"https:\/\/ainfo.cnptia.embrapa.br\/digital\/bitstream\/item\/201295\/1\/OleoEssencialAlecrimPimentaRevCubPlantasMed2019.pdf\" target=\"_blank\" rel=\"noopener noreferrer\">Revista Cubana de plantas medicinales<\/a><\/li>\n<li><a href=\"http:\/\/faef.revista.inf.br\/site\/index.asp\" target=\"_blank\" rel=\"noopener noreferrer\">Revista cient\u00edfica eletr\u00f4nica de agronomia da faef<\/a><\/li>\n<li><a href=\"https:\/\/www.scielo.br\/j\/rca\/\" target=\"_blank\" rel=\"noopener noreferrer\">Revista de ci\u00eancias agron\u00f4micas<\/a><\/li>\n<li><a href=\"https:\/\/www.revistacanavieiros.com.br\/edicoes\" target=\"_blank\" rel=\"noopener noreferrer\">Revista canavieiros<\/a><\/li>\n<li><a href=\"https:\/\/www.scielo.br\/j\/rbs\/i\/2012.v34n4\/\" target=\"_blank\" rel=\"noopener noreferrer\">Revista brasileira de sementes &#8211; journal of seed Science<\/a><\/li>\n<li><a href=\"https:\/\/www.rbherbicidas.com.br\/index.php\/rbh\" target=\"_blank\" rel=\"noopener noreferrer\">Revista brasileira de herbicidas<\/a><\/li>\n<li><a href=\"https:\/\/www.scielo.br\/j\/rbf\/\" target=\"_blank\" rel=\"noopener noreferrer\">Revista brasileira de floricultura<\/a><\/li>\n<li><a href=\"https:\/\/revistas.rcaap.pt\/rca\" target=\"_blank\" rel=\"noopener noreferrer\">Revista brasileira de ci\u00eancias agr\u00e1rias<\/a><\/li>\n<li><a href=\"https:\/\/www.redalyc.org\/toc.oa?id=1797&amp;numero=13976\" target=\"_blank\" rel=\"noopener noreferrer\">Revista brasileira de ci\u00eancia av\u00edcola<\/a><\/li>\n<li><a href=\"https:\/\/www.infraestruturameioambiente.sp.gov.br\/institutodebotanica\/1978\/01\/revista-brasileira-de-botanica\/\" target=\"_blank\" rel=\"noopener noreferrer\">Revista brasileira de bot\u00e2nica <\/a><\/li>\n<li><a href=\"https:\/\/periodicos.ufv.br\/rbas\/issue\/view\/501\" target=\"_blank\" rel=\"noopener noreferrer\">Revista brasileira de agropecu\u00e1ria sustent\u00e1vel<\/a><\/li>\n<li><a href=\"https:\/\/revistas.aba-agroecologia.org.br\/rbagroecologia\" target=\"_blank\" rel=\"noopener noreferrer\">Revista brasileira de agroecologia <\/a><\/li>\n<li><a href=\"https:\/\/periodicos.ufpel.edu.br\/index.php\/CAST\" target=\"_blank\" rel=\"noopener noreferrer\">Revista Brasileira de Agroci\u00eancia \u2013 Agricultural Science and Technology<\/a><\/li>\n<li><a href=\"https:\/\/www.scielo.br\/j\/rarv\/\" target=\"_blank\" rel=\"noopener noreferrer\">Revista \u00e1rvore<\/a><\/li>\n<\/ul>\n<hr \/>\n<p><strong>An\u00e1lise e Desenvolvimento de Sistemas<\/strong><\/p>\n<ul>\n<li><a href=\"https:\/\/www.jstage.jst.go.jp\/browse\/jssst\" target=\"_blank\" rel=\"noopener noreferrer\">Revista Computer Software<\/a><\/li>\n<li><a href=\"https:\/\/seer.uscs.edu.br\/index.php\/revista_informatica_aplicada\/issue\/view\/308\" target=\"_blank\" rel=\"noopener noreferrer\">Revista de Inform\u00e1tica Aplicada \u2013 RIA<\/a><\/li>\n<li><a href=\"https:\/\/www.periodicosibepes.org.br\/index.php\/reinfo\/issue\/view\/143\" target=\"_blank\" rel=\"noopener noreferrer\">Revista Eletr\u00f4nica de Sistemas de Informa\u00e7\u00e3o &#8211; RESI<\/a><\/li>\n<li><a href=\"https:\/\/sol.sbc.org.br\/journals\/index.php\/isys\/index\" target=\"_blank\" rel=\"noopener noreferrer\">Revista Brasileira de Sistemas de Informa\u00e7\u00e3o<\/a><\/li>\n<li><a href=\"https:\/\/www.sbc.org.br\/publicacoes-2\/298-computacao-brasil\" target=\"_blank\" rel=\"noopener noreferrer\">Revista Computa\u00e7\u00e3o Brasil<\/a><\/li>\n<li><a href=\"https:\/\/www.fateccampinas.com.br\/rbti\/index.php\/fatec\/issue\/view\/7\" target=\"_blank\" rel=\"noopener noreferrer\">Revista Brasileira em Tecnologia da Informa\u00e7\u00e3o<\/a><\/li>\n<li><a href=\"https:\/\/revistas.ponteditora.org\/index.php\/rtic\/issue\/view\/44\" target=\"_blank\" rel=\"noopener noreferrer\">Revista de Tecnologias, Informa\u00e7\u00e3o e Comunica\u00e7\u00e3o &#8211; RTIC<\/a><\/li>\n<li><a href=\"https:\/\/www.e-informatyka.pl\/\" target=\"_blank\" rel=\"noopener noreferrer\">Revista de Engenharia de Software e-Inform\u00e1tica &#8211; EISEJ<\/a><\/li>\n<li><a href=\"http:\/\/www.risti.xyz\/index.php\/pt-pt\/conselho-editorial\" target=\"_blank\" rel=\"noopener noreferrer\">Revista Ib\u00e9rica de Sistemas e Tecnologias de Informa\u00e7\u00e3o &#8211; RISTI<\/a><\/li>\n<li><a href=\"https:\/\/seer.ufrgs.br\/rita\" target=\"_blank\" rel=\"noopener noreferrer\">Revista de Inform\u00e1tica Te\u00f3rica e Aplicada \u2013 RITA<\/a><\/li>\n<li><a href=\"https:\/\/seer.upf.br\/index.php\/rbca\/index\" target=\"_blank\" rel=\"noopener noreferrer\">Revista Brasileira de Computa\u00e7\u00e3o Aplicada &#8211; RBCA<\/a><\/li>\n<li><a href=\"https:\/\/seer.unirio.br\/isys\/issue\/archive\" target=\"_blank\" rel=\"noopener noreferrer\">Revista Brasileira de Sistemas de Informa\u00e7\u00e3o &#8211; ISYS<\/a><\/li>\n<li><a href=\"https:\/\/www.ufrgs.br\/det\/index.php\/det\" target=\"_blank\" rel=\"noopener noreferrer\">Revista Design &amp; Tecnologia (D&amp;T)<\/a><\/li>\n<li><a href=\"https:\/\/www.mdpi.com\/journal\/cryptography\" target=\"_blank\" rel=\"noopener noreferrer\">Revista Cryptography<\/a><\/li>\n<\/ul>\n<hr \/>\n<p><strong>Biologia<\/strong><\/p>\n<ul>\n<li><a href=\"https:\/\/periodicos.ufpb.br\/index.php\/revnebio\/issue\/view\/2757\" target=\"_blank\" rel=\"noopener noreferrer\">Revista Nordestina de Biologia<\/a><\/li>\n<li><a href=\"https:\/\/www.revistas.usp.br\/revbiologia\/issue\/view\/12506\" target=\"_blank\" rel=\"noopener noreferrer\">Revistas da Biologia<\/a><\/li>\n<li><a href=\"https:\/\/www.scielo.br\/j\/abb\/i\/2023.v37\/\" target=\"_blank\" rel=\"noopener noreferrer\">Revista Acta Botanica Brasilica<\/a><\/li>\n<li><a href=\"https:\/\/www.scielo.br\/j\/alb\/\" target=\"_blank\" rel=\"noopener noreferrer\">Revista Acta Limnologica Brasiliensia<\/a><\/li>\n<li><a href=\"https:\/\/www.scielo.br\/j\/ambiagua\/i\/2023.v18\/\" target=\"_blank\" rel=\"noopener noreferrer\">Revista Ambiente &amp; \u00c1gua<\/a><\/li>\n<li><a href=\"https:\/\/www.rbciamb.com.br\/Publicacoes_RBCIAMB\/issue\/view\/70\" target=\"_blank\" rel=\"noopener noreferrer\">Revista Brasileira de Ci\u00eancias Ambientais<\/a><\/li>\n<li><a href=\"https:\/\/periodicos.ufpel.edu.br\/index.php\/RBES\" target=\"_blank\" rel=\"noopener noreferrer\">Revista Brasileira de Engenharia e Sustentabilidade<\/a><\/li>\n<li><a href=\"https:\/\/www.scielo.br\/j\/rbent\/i\/2023.v67n1\/\" target=\"_blank\" rel=\"noopener noreferrer\">Revista Brasileira de Entomologia<\/a><\/li>\n<li><a href=\"https:\/\/www.scielo.br\/j\/babt\/i\/2023.v66\/\" target=\"_blank\" rel=\"noopener noreferrer\">Revista Brazilian Archives of Biology and Technology<\/a><\/li>\n<li><a href=\"https:\/\/www.scielo.br\/j\/rbb\/i\/2012.v35n4\/\" target=\"_blank\" rel=\"noopener noreferrer\">Revista Brazilian Journal of Botany<\/a><\/li>\n<li><a href=\"https:\/\/www.scielo.br\/j\/bjb\/i\/2024.v84\/\" target=\"_blank\" rel=\"noopener noreferrer\">Revista Brazilian Journal of Biology<\/a><\/li>\n<li><a href=\"https:\/\/www.scielo.br\/j\/bjm\/i\/2018.v49suppl1\/\" target=\"_blank\" rel=\"noopener noreferrer\">Revista Brazilian Journal of Microbiology<\/a><\/li>\n<li><a href=\"https:\/\/www.revistas.usp.br\/revbiologia\/index\" target=\"_blank\" rel=\"noopener noreferrer\">Revista da biologia &#8211; USP<\/a><\/li>\n<li><a href=\"https:\/\/proxy.furb.br\/ojs\/index.php\/rea\/issue\/view\/529\" target=\"_blank\" rel=\"noopener noreferrer\">Revista de Estudos Ambientais<\/a><\/li>\n<li><a href=\"https:\/\/periodicosonline.uems.br\/index.php\/estudosdelibras\" target=\"_blank\" rel=\"noopener noreferrer\">Revista de Estudos de Libras em Linguas de Sinais<\/a><\/li>\n<li><a href=\"https:\/\/www.scielo.br\/j\/rm\/\" target=\"_blank\" rel=\"noopener noreferrer\">Revista de Microbiologia<\/a><\/li>\n<li><a href=\"https:\/\/www.revistas.usp.br\/guspsc\" target=\"_blank\" rel=\"noopener noreferrer\">Revista de Geologia &#8211; USP<\/a><\/li>\n<li><a href=\"https:\/\/periodicos.uff.br\/ensinosaudeambiente\/index\" target=\"_blank\" rel=\"noopener noreferrer\">Revista Ensino, Sa\u00fade e Ambiente<\/a><\/li>\n<li><a href=\"https:\/\/www.scielo.br\/j\/gmb\/i\/2022.v45n3\/\" target=\"_blank\" rel=\"noopener noreferrer\">Revista Genetics and Molecular Biology<\/a><\/li>\n<li><a href=\"https:\/\/www.revistageociencias.com.br\/\" target=\"_blank\" rel=\"noopener noreferrer\">Revista Geoci\u00eancias \u2013 UNESP<\/a><\/li>\n<li><a href=\"https:\/\/www.scielo.br\/j\/hoehnea\/i\/2022.v49\/\" target=\"_blank\" rel=\"noopener noreferrer\">Revista Hoehnea &#8211; Instituto de Pesquisas Ambientais<\/a><\/li>\n<li><a href=\"https:\/\/sustenere.co\/index.php\/rica\/issue\/view\/246\" target=\"_blank\" rel=\"noopener noreferrer\">Revista Ibero-Americana de Ci\u00eancias Ambientais<\/a><\/li>\n<li><a href=\"https:\/\/periodicos.ufpb.br\/index.php\/revnebio\/issue\/view\/2757\" target=\"_blank\" rel=\"noopener noreferrer\">Revista Nordestina de Biologia<\/a><\/li>\n<\/ul>\n<hr \/>\n<p><strong>Biomedicina<\/strong><\/p>\n<ul>\n<li><a href=\"https:\/\/www.grupointegrado.br\/pesquisa\/revistas-cientificas\/sabiosrevista-de-saude-e-biologia\">Revista de Sa\u00fade e Biologia &#8211; SABIOS<\/a><br \/>\n<strong><\/strong><\/li>\n<li><a href=\"https:\/\/revistabiomedica.org\/index.php\/biomedica\/issue\/archive\">Revista Biom\u00e9dica da Col\u00f4mbia<\/a><strong><\/strong><\/li>\n<li><a href=\"https:\/\/amp.cmp.org.pe\/index.php\/AMP\">Revista Acta M\u00e9dica Peruana<\/a><strong><\/strong><\/li>\n<li><a href=\"https:\/\/www.actabiomedica.com.br\/index.php\/acta\">Revista eletr\u00f4nica \u2013 Acta Biom\u00e9dica Brasiliensia<\/a><strong><\/strong><\/li>\n<li><a href=\"https:\/\/revistabioetica.cfm.org.br\/index.php\/revista_bioetica\">Revista da Bio\u00e9tica<\/a><strong><\/strong><\/li>\n<li><a href=\"https:\/\/www.ib.usp.br\/revista\/\">Revista da Biologia da Usp.<\/a><strong><\/strong><\/li>\n<li><a href=\"https:\/\/www.scielo.br\/j\/rb\/i\/2002.v35n2\/\">Revista Radiologia Brasileira<\/a><strong><\/strong><\/li>\n<li><a href=\"https:\/\/crbm1.gov.br\/site2019\/wp-content\/uploads\/2020\/07\/Arte_Revista_ed130_final_L2_bx_Ma_L.pdf\">Revista do biom\u00e9dico<\/a><\/li>\n<li><a href=\"http:\/\/crbm1.gov.br\/\">Conselho Regional de Biomedicina 1\u00aa Regi\u00e3o<\/a><\/li>\n<li><a href=\"http:\/\/cfbm.gov.br\/\">Conselho Federal de Biomedicina \u2013 CFBM<\/a><\/li>\n<li><a href=\"http:\/\/www.crbm3.gov.br\/\">Conselho Regional de Biomedicina 3\u00aa Regi\u00e3o<\/a><\/li>\n<li><a href=\"http:\/\/www.abbm.org.br\/\">Associa\u00e7\u00e3o Brasileira de Biomedicina \u2013 ABBM<\/a><\/li>\n<li><a href=\"http:\/\/www2.fesbe.org.br\/\">Federa\u00e7\u00e3o de Sociedades de Biologia Experimental\u2013FeSBE<\/a><\/li>\n<li><a href=\"https:\/\/www.ncbi.nlm.nih.gov\/\">National Center for Biotechnology Informatin \u2013 NCBI<\/a><\/li>\n<li><a href=\"https:\/\/www.rpped.com.br\/\">Revista Paulista de Pediatria<\/a><\/li>\n<li><a href=\"http:\/\/ramb.amb.org.br\/\">Revista da Associa\u00e7\u00e3o M\u00e9dica Brasileira &#8211; RAMB<\/a><\/li>\n<li><a href=\"https:\/\/unasus2.moodle.ufsc.br\/pluginfile.php\/33454\/mod_resource\/content\/1\/un1\/top1_1.html\">Epidemiologia<\/a><\/li>\n<li><a href=\"https:\/\/cdd.org.br\/saude-publica\/\">Revista Sa\u00fade P\u00fablica<\/a><\/li>\n<li><a href=\"http:\/\/periodicos.ses.sp.bvs.br\/scielo.php?script=sci_serial&amp;pid=0073-9855&amp;lng=pt\">Revista Adolfo Lutz<\/a><\/li>\n<li><a href=\"https:\/\/www.educamaisbrasil.com.br\/enem\/biologia\/microbiologia\">Microbiologia<\/a><\/li>\n<li><a href=\"https:\/\/www.reumatologia.org.br\/doencas-reumaticas\">Reumatologia<\/a><\/li>\n<li><a href=\"http:\/\/www.imt.usp.br\">Instituto de Medicina Tropical de S\u00e3o Paulo<\/a><\/li>\n<li><a href=\"https:\/\/www.scielo.br\/j\/mioc\/\">Mem\u00f3rias do Instituto Oswaldo Cruz<\/a><\/li>\n<\/ul>\n<hr \/>\n<p><strong>Contabilidade<\/strong><\/p>\n<ul>\n<li><a href=\"http:\/\/siaiweb06.univali.br\/seer\/index.php\/ra\/index\" target=\"_blank\" rel=\"noopener noreferrer\">Revista Alcance<\/a><\/li>\n<li><a href=\"http:\/\/www.atena.org.br\/revista\/ojs-2.2.3-06\/index.php\/Ambiente\/issue\/archive\" target=\"_blank\" rel=\"noopener noreferrer\">Revista Ambiente Cont\u00e1bil<\/a><\/li>\n<li><a href=\"https:\/\/raep.emnuvens.com.br\/raep\" target=\"_blank\" rel=\"noopener noreferrer\">Revista ANGRAD<\/a><\/li>\n<li><a href=\"http:\/\/revistas.unisinos.br\/index.php\/base\/issue\/archive\" target=\"_blank\" rel=\"noopener noreferrer\">Revista Base \u2013 Administra\u00e7\u00e3o e Contabilidade da Unisinos<\/a><\/li>\n<li><a href=\"http:\/\/www.cfc.org.br\/conteudo.aspx?codMenu=291\" target=\"_blank\" rel=\"noopener noreferrer\">Revista Brasileira de Contabilidade<\/a><\/li>\n<li><a href=\"http:\/\/bibliotecadigital.fgv.br\/ojs\/index.php\/rbfin\" target=\"_blank\" rel=\"noopener noreferrer\">Revista Brasileira de Finan\u00e7as<\/a><\/li>\n<li><a href=\"http:\/\/rbgn.fecap.br\/RBGN\" target=\"_blank\" rel=\"noopener noreferrer\">Revista Brasileira de Gest\u00e3o e Neg\u00f3cios (RBGN)<\/a><\/li>\n<li><a href=\"http:\/\/www.bbronline.com.br\/\" target=\"_blank\" rel=\"noopener noreferrer\">Revista Brazilian Business Review<\/a><\/li>\n<li><a href=\"https:\/\/revista.crcsc.org.br\/index.php\/CRCSC\" target=\"_blank\" rel=\"noopener noreferrer\">Revista Catarinense da Ci\u00eancia Cont\u00e1bil<\/a><\/li>\n<li><a href=\"http:\/\/www.seer.ufrgs.br\/index.php\/ConTexto\" target=\"_blank\" rel=\"noopener noreferrer\">Revista Contexto<\/a><\/li>\n<li><a href=\"https:\/\/revistas.ufpr.br\/rcc\" target=\"_blank\" rel=\"noopener noreferrer\">Revista Contabilidade &amp; Controladoria<\/a><\/li>\n<li><a href=\"http:\/\/www.revistas.usp.br\/rco\" target=\"_blank\" rel=\"noopener noreferrer\">Revista Contabilidade e Organiza\u00e7\u00f5es<\/a><\/li>\n<li><a href=\"https:\/\/revistas.face.ufmg.br\/index.php\/contabilidadevistaerevista\" target=\"_blank\" rel=\"noopener noreferrer\">Revista Contabilidade Vista &amp; Revista<\/a><\/li>\n<li><a href=\"https:\/\/periodicos.ufsc.br\/index.php\/contabilidade\" target=\"_blank\" rel=\"noopener noreferrer\">Revista Contempor\u00e2nea de Contabilidade<\/a><\/li>\n<li><a href=\"http:\/\/periodicos.ufc.br\/contextus\" target=\"_blank\" rel=\"noopener noreferrer\">Revista Contextus<\/a><\/li>\n<li><a href=\"https:\/\/periodicos.ufpb.br\/ojs2\/index.php\/dsbr\" target=\"_blank\" rel=\"noopener noreferrer\">Revista Data Science and Business Review<\/a><\/li>\n<li><a href=\"http:\/\/www.anpad.org.br\/periodicos\/content\/frame_base.php?revista=1\" target=\"_blank\" rel=\"noopener noreferrer\">Revista de Administra\u00e7\u00e3o Contempor\u00e2nea &#8211; RAC<\/a><\/li>\n<li><a href=\"http:\/\/www.reacfat.com.br\/Index.php\/reac\" target=\"_blank\" rel=\"noopener noreferrer\">Revista de Administra\u00e7\u00e3o e Contabilidade da FAT<\/a><\/li>\n<li><a href=\"http:\/\/editorarevistas.mackenzie.br\/index.php\/RAM\" target=\"_blank\" rel=\"noopener noreferrer\">Revista de Administra\u00e7\u00e3o Mackenzie<\/a><\/li>\n<li><a href=\"http:\/\/editora.unoesc.edu.br\/index.php\/race\" target=\"_blank\" rel=\"noopener noreferrer\">Revista de Administra\u00e7\u00e3o, Contabilidade e Economia<\/a><\/li>\n<li><a href=\"https:\/\/www.fundace.org.br\/revistaracef\/index.php\/racef\" target=\"_blank\" rel=\"noopener noreferrer\">Revista de Administra\u00e7\u00e3o, Contabilidade e Economia da Fundace<\/a><\/li>\n<li><a href=\"https:\/\/periodicoscientificos.ufmt.br\/ojs\/index.php\/rcic\" target=\"_blank\" rel=\"noopener noreferrer\">Revista de Ci\u00eancias Cont\u00e1beis \u2013 RciC-UFMT<\/a><\/li>\n<li><a href=\"http:\/\/www.portalseer.ufba.br\/index.php\/rcontabilidade\" target=\"_blank\" rel=\"noopener noreferrer\">Revista de Contabilidade &#8211; UFBA<\/a><\/li>\n<li><a href=\"http:\/\/www.atena.org.br\/revista\/ojs-2.2.3-08\/index.php\/UERJ\" target=\"_blank\" rel=\"noopener noreferrer\">Revista de Contabilidade do Mestrado em Ci\u00eancias Cont\u00e1beis<\/a><\/li>\n<li><a href=\"http:\/\/ojs.fsg.br\/index.php\/revistacgf\" target=\"_blank\" rel=\"noopener noreferrer\">Revista de Contabilidade, Gest\u00e3o e Finan\u00e7as<\/a><\/li>\n<li><a href=\"http:\/\/www.repec.org.br\/index.php\/repec\" target=\"_blank\" rel=\"noopener noreferrer\">Revista de Educa\u00e7\u00e3o e Pesquisa em Contabilidade \u2013 REPEC<\/a><\/li>\n<li><a href=\"https:\/\/repec.emnuvens.com.br\/repec\/index\" target=\"_blank\" rel=\"noopener noreferrer\">Revista de Educa\u00e7\u00e3o e pesquisa em Contabilidade \u2013 Repec<\/a><\/li>\n<li><a href=\"http:\/\/bell.unochapeco.edu.br\/revistas\/index.php\/rgo\" target=\"_blank\" rel=\"noopener noreferrer\">Revista de Gest\u00e3o Organizacional (UNOCHAPEC\u00d3)<\/a><\/li>\n<li><a href=\"http:\/\/www.regeusp.com.br\/\" target=\"_blank\" rel=\"noopener noreferrer\">Revista de Gest\u00e3o USP<\/a><\/li>\n<li><a href=\"http:\/\/www.revista.ufpe.br\/ricontabeis\/index.php\/contabeis\" target=\"_blank\" rel=\"noopener noreferrer\">Revista de Informa\u00e7\u00e3o Cont\u00e1bil RIC<\/a><\/li>\n<li><a href=\"https:\/\/seer.ufrgs.br\/read\" target=\"_blank\" rel=\"noopener noreferrer\">Revista Eletr\u00f4nica de Administra\u00e7\u00e3o<\/a><\/li>\n<li><a href=\"http:\/\/www.periodicosibepes.org.br\/recadm\" target=\"_blank\" rel=\"noopener noreferrer\">Revista Eletr\u00f4nica de Ci\u00eancia Administrativa<\/a><\/li>\n<li><a href=\"https:\/\/seer.faccat.br\/index.php\/contabeis\" target=\"_blank\" rel=\"noopener noreferrer\">Revista Eletr\u00f4nica de Ci\u00eancias Cont\u00e1beis &#8211; Faccat<\/a><\/li>\n<li><a href=\"http:\/\/seer.uscs.edu.br\/index.php\/revista_gestao\/\" target=\"_blank\" rel=\"noopener noreferrer\">Revista Gest\u00e3o &amp; Regionalidade<\/a><\/li>\n<li><a href=\"http:\/\/www.revista.ufpe.br\/gestaoorg\/index.php\/gestao\" target=\"_blank\" rel=\"noopener noreferrer\">Revista Gest\u00e3o<\/a><\/li>\n<li><a href=\"https:\/\/revista.crcmg.org.br\/rmc\" target=\"_blank\" rel=\"noopener noreferrer\">Revista Mineira de Contabilidade<\/a><\/li>\n<li><a href=\"https:\/\/www.metodista.br\/revistas\/revistas-metodista\/index.php\/OC\" target=\"_blank\" rel=\"noopener noreferrer\">Revista Organiza\u00e7\u00f5es em Contexto<\/a><\/li>\n<li><a href=\"http:\/\/www.fumec.br\/revistas\/index.php\/pretext\" target=\"_blank\" rel=\"noopener noreferrer\">Revista Pretexto<\/a><\/li>\n<li><a href=\"https:\/\/periodicos.ufpb.br\/ojs2\/index.php\/prosp\" target=\"_blank\" rel=\"noopener noreferrer\">Revista Prosppectus &#8211; Perspectivas Qualitativas em Contabilidade e Organiza\u00e7\u00f5es<\/a><\/li>\n<li><a href=\"http:\/\/periodicos.uniateneu.edu.br\/index.php\/razao-contabeis-e-financas\/issue\/view\/35\" target=\"_blank\" rel=\"noopener noreferrer\">Revista Raz\u00e3o Cont\u00e1bil e Finan\u00e7as<\/a><\/li>\n<li><a href=\"http:\/\/www.seer.ufal.br\/index.php\/registrocontabil\" target=\"_blank\" rel=\"noopener noreferrer\">Revista Registro Cont\u00e1bil<\/a><\/li>\n<li><a href=\"http:\/\/revistas.una.br\/index.php\/reuna\" target=\"_blank\" rel=\"noopener noreferrer\">Revista Re\u00fana<\/a><\/li>\n<li><a href=\"https:\/\/revistas.ufrj.br\/index.php\/scg\" target=\"_blank\" rel=\"noopener noreferrer\">Revista Sociedade, Contabilidade e Gest\u00e3o &#8211; UFRJ<\/a><\/li>\n<li><a href=\"http:\/\/www.anpad.org.br\/periodicos\/content\/frame_base.php?revista=4\" target=\"_blank\" rel=\"noopener noreferrer\">Revista Tecnologias de Administra\u00e7\u00e3o e Contabilidade<\/a><\/li>\n<li><a href=\"http:\/\/proxy.furb.br\/ojs\/index.php\/universocontabil\/index\" target=\"_blank\" rel=\"noopener noreferrer\">Revista Universo Cont\u00e1bil<\/a><\/li>\n<\/ul>\n<hr \/>\n<p><strong>Direito<\/strong><a href=\"https:\/\/www.oab.org.br\/editora\/revista.asp\" target=\"_blank\" rel=\"noopener noreferrer\"><\/a><\/p>\n<ul>\n<li><a href=\"https:\/\/www.enlaw.com.br\/revista\/748\" target=\"_blank\" rel=\"noopener noreferrer\">REJUR &#8211; Revista Jur\u00eddica da UFERSA \u2013 REJUR<\/a><\/li>\n<li><a href=\"https:\/\/www.enlaw.com.br\/revista\/751\" target=\"_blank\" rel=\"noopener noreferrer\">Revista AGU<\/a><\/li>\n<li><a href=\"https:\/\/seer.imed.edu.br\/index.php\/revistadedireito\" target=\"_blank\" rel=\"noopener noreferrer\">Revista Brasileira de Direito<\/a><\/li>\n<li><a href=\"https:\/\/www.enlaw.com.br\/revista\/775\" target=\"_blank\" rel=\"noopener noreferrer\"><\/a><a href=\"https:\/\/www.enlaw.com.br\/revista\/775\" target=\"_blank\" rel=\"noopener noreferrer\">Revista Brasileira de Direito Animal<\/a><\/li>\n<li><a href=\"https:\/\/portalseer.ufba.br\/index.php\/RBDA\/index\" target=\"_blank\" rel=\"noopener noreferrer\">Revista Brasileira de Direito Animal \u2013 RBDA<\/a><\/li>\n<li><a href=\"https:\/\/seer.imed.edu.br\/index.php\/revistadedireito\/index\" target=\"_blank\" rel=\"noopener noreferrer\">Revista Brasileira de Direito IMED<\/a><\/li>\n<li><a href=\"https:\/\/www.e-publicacoes.uerj.br\/index.php\/rfduerj\" target=\"_blank\" rel=\"noopener noreferrer\">Revista da Faculdade de Direito da UERJ<\/a><\/li>\n<li><a href=\"https:\/\/revistas.ufpr.br\/direito\" target=\"_blank\" rel=\"noopener noreferrer\">Revista da Faculdade de Direito da UFPR<\/a><\/li>\n<li><a href=\"http:\/\/www.seer.ufu.br\/index.php\/revistafadir\" target=\"_blank\" rel=\"noopener noreferrer\">Revista da Faculdade de Direito da Universidade Federal de Uberl\u00e2ndia<\/a><\/li>\n<li><a href=\"http:\/\/periodicos.pucminas.br\/index.php\/Direito\" target=\"_blank\" rel=\"noopener noreferrer\">Revista da Faculdade Mineira de Direito<\/a><\/li>\n<li><a href=\"http:\/\/www.indexlaw.org\/index.php\/rdb\" target=\"_blank\" rel=\"noopener noreferrer\">Revista de Direito Brasileira RDB<\/a><\/li>\n<li><a href=\"https:\/\/www.enlaw.com.br\/revista\/752\" target=\"_blank\" rel=\"noopener noreferrer\">Revista de Direito Sanit\u00e1rio<\/a><\/li>\n<li><a href=\"http:\/\/sisbib.emnuvens.com.br\/direitosegarantias\" target=\"_blank\" rel=\"noopener noreferrer\">Revista de Direitos e Garantias Fundamentais<\/a><\/li>\n<li><a href=\"http:\/\/revistas.unisinos.br\/index.php\/RECHTD\" target=\"_blank\" rel=\"noopener noreferrer\">Revista de Estudos Constitucionais, Hermen\u00eautica e Teoria do Direito<\/a><\/li>\n<li><a href=\"http:\/\/pidcc.com.br\/br\/\" target=\"_blank\" rel=\"noopener noreferrer\">Revista de Propriedade Intelectual<\/a><\/li>\n<li><a href=\"https:\/\/www.enlaw.com.br\/revista\/761\" target=\"_blank\" rel=\"noopener noreferrer\">Revista Direito das Rela\u00e7\u00f5es Sociais e Trabalhistas<\/a><\/li>\n<li><a href=\"https:\/\/www.enlaw.com.br\/revista\/747\" target=\"_blank\" rel=\"noopener noreferrer\">Revista Direito e Desenvolvimento<\/a><\/li>\n<li><a href=\"https:\/\/direitosp.fgv.br\/publicacoes\/revista\/revista-direito-gv\" target=\"_blank\" rel=\"noopener noreferrer\">Revista Direito GV<\/a><\/li>\n<li><a href=\"https:\/\/revistades.jur.puc-rio.br\/index.php\/revistades\" target=\"_blank\" rel=\"noopener noreferrer\">Revista Direito, Estado e Sociedade<\/a><\/li>\n<li><a href=\"https:\/\/revistaeletronicardfd.unibrasil.com.br\/index.php\/rdfd\" target=\"_blank\" rel=\"noopener noreferrer\">Revista Direitos Fundamentais &amp; Democracia \u2013 UNIBRASIL<\/a><a href=\"http:\/\/www.uel.br\/revistas\/uel\/index.php\/direitopub\" target=\"_blank\" rel=\"noopener noreferrer\"><\/a><\/li>\n<li><a href=\"https:\/\/www.portaldeperiodicos.idp.edu.br\/direitopublico\" target=\"_blank\" rel=\"noopener noreferrer\">Revista do Direito P\u00fablico<\/a><\/li>\n<li><a href=\"https:\/\/www.enlaw.com.br\/revista\/765\" target=\"_blank\" rel=\"noopener noreferrer\">Revista dos Estudantes de Direito da Universidade de Bras\u00edlia<\/a><\/li>\n<li><a href=\"https:\/\/www.enlaw.com.br\/revista\/759\" target=\"_blank\" rel=\"noopener noreferrer\">Revista Eletr\u00f4nica Direito e Sociedade<\/a><\/li>\n<li><a href=\"https:\/\/www.enlaw.com.br\/revista\/755\" target=\"_blank\" rel=\"noopener noreferrer\">Revista Eletr\u00f4nica Direito e Sociedade (REDES)<\/a><\/li>\n<li><a href=\"https:\/\/www.enlaw.com.br\/revista\/758\" target=\"_blank\" rel=\"noopener noreferrer\">Revista Estudantil Manus Iuris &#8211; REM<\/a><\/li>\n<li><a href=\"https:\/\/www.enlaw.com.br\/revista\/769\" target=\"_blank\" rel=\"noopener noreferrer\">Revista Interdisciplinar de Direito<\/a><\/li>\n<li><a href=\"https:\/\/revistajuridica.presidencia.gov.br\/index.php\/saj\/index\" target=\"_blank\" rel=\"noopener noreferrer\">Revista Jur\u00eddica da Presid\u00eancia<\/a><a href=\"http:\/\/www.domhelder.edu.br\/revista\/index.php\/veredas\/index\" target=\"_blank\" rel=\"noopener noreferrer\"><\/a><\/li>\n<li><a href=\"https:\/\/www.enlaw.com.br\/revista\/753\" target=\"_blank\" rel=\"noopener noreferrer\">Revista Nomos<\/a><a href=\"https:\/\/www.enlaw.com.br\/revista\/761\" target=\"_blank\" rel=\"noopener noreferrer\"><\/a><a href=\"https:\/\/www.enlaw.com.br\/revista\/775\" target=\"_blank\" rel=\"noopener noreferrer\"><\/a><a href=\"https:\/\/www.enlaw.com.br\/revista\/775\" target=\"_blank\" rel=\"noopener noreferrer\"><\/a><a href=\"https:\/\/www.enlaw.com.br\/revista\/747\" target=\"_blank\" rel=\"noopener noreferrer\"><\/a><a href=\"https:\/\/www.enlaw.com.br\/revista\/758\" target=\"_blank\" rel=\"noopener noreferrer\"><\/a><a href=\"https:\/\/www.enlaw.com.br\/revista\/748\" target=\"_blank\" rel=\"noopener noreferrer\"><\/a><a href=\"https:\/\/www.enlaw.com.br\/revista\/755\" target=\"_blank\" rel=\"noopener noreferrer\"><\/a><a href=\"https:\/\/www.enlaw.com.br\/revista\/765\" target=\"_blank\" rel=\"noopener noreferrer\"><\/a><a href=\"https:\/\/www.enlaw.com.br\/revista\/753\" target=\"_blank\" rel=\"noopener noreferrer\"><\/a><a href=\"https:\/\/www.enlaw.com.br\/revista\/751\" target=\"_blank\" rel=\"noopener noreferrer\"><\/a><a href=\"https:\/\/www.enlaw.com.br\/revista\/759\" target=\"_blank\" rel=\"noopener noreferrer\"><\/a><\/li>\n<\/ul>\n<hr \/>\n<p><strong>Educa\u00e7\u00e3o Especial<\/strong><\/p>\n<ul>\n<li><a href=\"https:\/\/www.scielo.br\/j\/es\/\" target=\"_blank\" rel=\"noopener noreferrer\">Revista Educa\u00e7\u00e3o e Sociedade &#8211; Cadernos Cedes<\/a><\/li>\n<li><a href=\"https:\/\/www.revistas.usp.br\/ep\" target=\"_blank\" rel=\"noopener noreferrer\">Revista Educa\u00e7\u00e3o e Pesquisa<\/a><\/li>\n<li><a href=\"https:\/\/periodicos.puc-campinas.edu.br\/reveducacao\/article\/view\/284\" target=\"_blank\" rel=\"noopener noreferrer\">Revista da Educa\u00e7\u00e3o<\/a><\/li>\n<li><a href=\"https:\/\/www.periodicos.rc.biblioteca.unesp.br\/index.php\/educacao\/about\" target=\"_blank\" rel=\"noopener noreferrer\">Revista educa\u00e7\u00e3o \u2013 teoria e pratica<\/a><\/li>\n<li><a href=\"https:\/\/cienciaesaudecoletiva.com.br\/\" target=\"_blank\" rel=\"noopener noreferrer\">Revista Ci\u00eancia &amp; Sa\u00fade Coletiva<\/a><\/li>\n<li><a href=\"https:\/\/www.scielo.br\/j\/rbee\/a\/NK5b93MvqM7KwS4Ds87V48P\/?lang=pt\" target=\"_blank\" rel=\"noopener noreferrer\">Revista Inclus\u00e3o<\/a><\/li>\n<li><a href=\"https:\/\/revista.uepb.edu.br\/index.php\/REIN\" target=\"_blank\" rel=\"noopener noreferrer\">Revista Educa\u00e7\u00e3o Inclusiva &#8211; REIN<\/a><\/li>\n<li><a href=\"https:\/\/revistas.ufpr.br\/educar\" target=\"_blank\" rel=\"noopener noreferrer\">Revista Educar em Revista<\/a><\/li>\n<li><a href=\"https:\/\/periodicos.ifsul.edu.br\/index.php\/educarmais\" target=\"_blank\" rel=\"noopener noreferrer\">Revista Educar mais<\/a><\/li>\n<li><a href=\"https:\/\/periodicos.unimesvirtual.com.br\/index.php\/paideia\/index\" target=\"_blank\" rel=\"noopener noreferrer\">Revista Paideia \u2013 revista cientifica de educa\u00e7\u00e3o a dist\u00e2ncia<\/a><\/li>\n<li><a href=\"https:\/\/periodicosrefoc.com.br\/jornal\/index.php\/2\/article\/view\/27\" target=\"_blank\" rel=\"noopener noreferrer\">Revista Cient\u00edfica Educ@\u00e7\u00e3o<\/a><\/li>\n<li><a href=\"http:\/\/www.scielo.br\/pdf\/cp\/v45n155\/1980-5314-cp-45-155-00012.pdf\" target=\"_blank\" rel=\"noopener noreferrer\">Revista Cadernos de Pesquisa <\/a><\/li>\n<li><a href=\"https:\/\/www.revneuropsiq.com.br\/rbnp\" target=\"_blank\" rel=\"noopener noreferrer\">Revista. Brasileira de Psiquiatria<\/a><\/li>\n<li><a href=\"https:\/\/periodicos.uem.br\/ojs\/index.php\/TeorPratEduc\/index\" target=\"_blank\" rel=\"noopener noreferrer\">Revista Teoria e Pr\u00e1tica da Educa\u00e7\u00e3o<\/a><\/li>\n<li><a href=\"https:\/\/www.abpee.net\/revistas_1.php\" target=\"_blank\" rel=\"noopener noreferrer\">Revista Brasileira de Educa\u00e7\u00e3o Especial &#8211; ABPEE<\/a><\/li>\n<li><a href=\"https:\/\/www.editora-arara-azul.com.br\/revista\/index.php\" target=\"_blank\" rel=\"noopener noreferrer\">Revista Virtual de Cultura Surda e Diversidade<\/a><\/li>\n<li><a href=\"https:\/\/periodicos.unb.br\/index.php\/revistaptp\" target=\"_blank\" rel=\"noopener noreferrer\">Revista Psicologia teoria e Pesquisa<\/a><\/li>\n<li><a href=\"https:\/\/www.cedes.unicamp.br\/publicacoes\/11\" target=\"_blank\" rel=\"noopener noreferrer\">Revista &#8211; Cadernos Cedes<\/a><\/li>\n<li><a href=\"https:\/\/www.metodista.br\/revistas\/revistas-ims\/index.php\/EL\/index\" target=\"_blank\" rel=\"noopener noreferrer\">Revista Educa\u00e7\u00e3o &amp; Linguagem<\/a><\/li>\n<li><a href=\"https:\/\/seer.ufrgs.br\/educacaoerealidade\" target=\"_blank\" rel=\"noopener noreferrer\">Revista Educa\u00e7\u00e3o e Realidade<\/a><\/li>\n<li><a href=\"https:\/\/www.scielo.br\/j\/pee\/\" target=\"_blank\" rel=\"noopener noreferrer\">Revista Psicologia Escolar e Educacional <\/a><\/li>\n<li><a href=\"https:\/\/repositorio.ufc.br\/bitstream\/riufc\/52498\/1\/2006_art_rvfigueiredoallgomes.pdf\" target=\"_blank\" rel=\"noopener noreferrer\">Revista de Educa\u00e7\u00e3o Especial<\/a><\/li>\n<li><a href=\"https:\/\/periodicos.ufs.br\/revtee\/article\/view\/3268\" target=\"_blank\" rel=\"noopener noreferrer\">Revista Tempos e Espa\u00e7os em Educa\u00e7\u00e3o<\/a><\/li>\n<li><a href=\"https:\/\/www.scielo.br\/j\/rbee\/\" target=\"_blank\" rel=\"noopener noreferrer\">Revista  Brasileira de Educa\u00e7ao Especial<\/a><\/li>\n<li><a href=\"https:\/\/periodicos.ufsm.br\/educacaoespecial\/issue\/view\/2888\" target=\"_blank\" rel=\"noopener noreferrer\">Revista Educa\u00e7\u00e3o Especial<\/a><\/li>\n<li><a href=\"https:\/\/www.scielo.br\/j\/rbee\/i\/2024.v30\/\" target=\"_blank\" rel=\"noopener noreferrer\">Revista Brasileira de Educa\u00e7\u00e3o Especial<\/a><\/li>\n<li><a href=\"https:\/\/revistas.marilia.unesp.br\/index.php\/dialogoseperspectivas\/issue\/view\/814\" target=\"_blank\" rel=\"noopener noreferrer\">Revista Di\u00e1logos e perspectivas em Educa\u00e7\u00e3o Especial<\/a><\/li>\n<li><a href=\"https:\/\/periodicos.ufes.br\/reed\/issue\/view\/1718\" target=\"_blank\" rel=\"noopener noreferrer\">Revista Educa\u00e7\u00e3o Especial em Debate<\/a><\/li>\n<li><a href=\"https:\/\/www.periodicos.ufam.edu.br\/index.php\/educacaoInclusiva\/issue\/view\/688\" target=\"_blank\" rel=\"noopener noreferrer\">Revista Pesquisa e Pr\u00e1tica em Educa\u00e7\u00e3o Inclusiva<\/a><\/li>\n<li><a href=\"https:\/\/portaldeperiodicos.ufopa.edu.br\/index.php\/revistasaberincluir\/issue\/view\/57\" target=\"_blank\" rel=\"noopener noreferrer\">Revista Saber Incluir<\/a><\/li>\n<li><a href=\"https:\/\/periodicos.udesc.br\/index.php\/arteinclusao#:~:text=A%20Revista%20Educa%C3%A7%C3%A3o%2C%20Artes%20e,de%20Peri%C3%B3dicos%20Cient%C3%ADficos%20da%20Fapesc\" target=\"_blank\" rel=\"noopener noreferrer\">Revista Educa\u00e7\u00e3o, Artes e Inclus\u00e3o <\/a><\/li>\n<li><a href=\"http:\/\/portal.mec.gov.br\/component\/tags\/tag\/revista-inclusao\" target=\"_blank\" rel=\"noopener noreferrer\">Revista Inclus\u00e3o<\/a><\/li>\n<\/ul>\n<hr \/>\n<p><strong>Educa\u00e7\u00e3o F\u00edsica (Bacharelado e Licenciatura)<\/strong><\/p>\n<ul>\n<li><a href=\"https:\/\/portalrevistas.ucb.br\/index.php\/efr\" target=\"_blank\" rel=\"noopener noreferrer\">Educa\u00e7\u00e3o F\u00edsica em Revista<\/a><\/li>\n<li><a href=\"https:\/\/periodicos.ufpel.edu.br\/index.php\/RBAFS\" target=\"_blank\" rel=\"noopener noreferrer\">Revista Brasileira de Atividades F\u00edsica &amp; Sa\u00fade<\/a><\/li>\n<li><a href=\"https:\/\/portalrevistas.ucb.br\/index.php\/RBCM\" target=\"_blank\" rel=\"noopener noreferrer\">Revista Brasileira de Ci\u00eancia e Movimento<\/a><\/li>\n<li><a href=\"https:\/\/www.scielo.br\/j\/rbce\/\" target=\"_blank\" rel=\"noopener noreferrer\">Revista Brasileira de Ci\u00eancias do Esporte<\/a><\/li>\n<li><a href=\"https:\/\/www.scielo.br\/j\/rbcdh\/\" target=\"_blank\" rel=\"noopener noreferrer\">Revista Brasileira de Cineantropometria e Desempenho Humano<\/a><\/li>\n<li><a href=\"https:\/\/rbf.ufv.br\/index.php\/RBFutebol\/index\" target=\"_blank\" rel=\"noopener noreferrer\">Revista Brasileira de Futebol<\/a><\/li>\n<li><a href=\"http:\/\/www.rbff.com.br\/index.php\/rbff\" target=\"_blank\" rel=\"noopener noreferrer\">Revista Brasileira de Futsal e Futebol<\/a><\/li>\n<li><a href=\"http:\/\/www.rbne.com.br\/index.php\/rbne\" target=\"_blank\" rel=\"noopener noreferrer\">Revista Brasileira de Nutri\u00e7\u00e3o Esportiva<\/a><\/li>\n<li><a href=\"http:\/\/www.rbpfex.com.br\/index.php\/rbpfex\/index\" target=\"_blank\" rel=\"noopener noreferrer\">Revista Brasileira de Prescri\u00e7\u00e3o e Fisiologia do Exerc\u00edcio<\/a><\/li>\n<li><a href=\"https:\/\/portalrevistas.ucb.br\/index.php\/RBPE\" target=\"_blank\" rel=\"noopener noreferrer\">Revista Brasileira de Psicologia do Esporte<\/a><\/li>\n<li><a href=\"https:\/\/periodicos.utfpr.edu.br\/rbqv\" target=\"_blank\" rel=\"noopener noreferrer\">Revista Brasileira de Qualidade de Vida<\/a><\/li>\n<li><a href=\"https:\/\/e-revista.unioeste.br\/index.php\/cadernoedfisica\" target=\"_blank\" rel=\"noopener noreferrer\">Revista Caderno de Educa\u00e7\u00e3o F\u00edsica e Esporte<\/a><\/li>\n<li><a href=\"https:\/\/periodicoscientificos.ufmt.br\/ojs\/index.php\/corpoconsciencia\" target=\"_blank\" rel=\"noopener noreferrer\">Revista Corpoconsci\u00eancia<\/a><\/li>\n<li><a href=\"http:\/\/periodicos.uem.br\/ojs\/index.php\/RevEducFis\" target=\"_blank\" rel=\"noopener noreferrer\">Revista da Educa\u00e7\u00e3o F\u00edsica<\/a><\/li>\n<li><a href=\"https:\/\/seer.ufrgs.br\/index.php\/RevEnvelhecer\" target=\"_blank\" rel=\"noopener noreferrer\">Revista Interdisciplinares Sobre o Envelhecimento<\/a><\/li>\n<li><a href=\"https:\/\/www.revistamotricidade.com\/pt\/ed_actual.html\" target=\"_blank\" rel=\"noopener noreferrer\">Revista Motricidade<\/a><\/li>\n<li><a href=\"https:\/\/periodicos.ufsc.br\/index.php\/motrivivencia\" target=\"_blank\" rel=\"noopener noreferrer\">Revista Motriviv\u00eancia &#8211; UFSC<\/a><\/li>\n<li><a href=\"https:\/\/www.periodicos.rc.biblioteca.unesp.br\/index.php\/motriz\" target=\"_blank\" rel=\"noopener noreferrer\">Revista Motriz &#8211; UNESP<\/a><\/li>\n<li><a href=\"https:\/\/www.scielo.br\/j\/motriz\/i\/2023.v29\/\" target=\"_blank\" rel=\"noopener noreferrer\">Revista MotrizM<\/a><\/li>\n<li><a href=\"http:\/\/www.revistas.ufg.br\/index.php\/fef\" target=\"_blank\" rel=\"noopener noreferrer\">Revista Pensar a pr\u00e1tica<\/a><\/li>\n<li><a href=\"http:\/\/www.fade.up.pt\/rpcd\/entradaPT.html\" target=\"_blank\" rel=\"noopener noreferrer\">Revista Portuguesa de Ci\u00eancias do Desporto<\/a><\/li>\n<li><a href=\"https:\/\/periodicos.ufba.br\/index.php\/revteatro\" target=\"_blank\" rel=\"noopener noreferrer\">Revista Repert\u00f3rio &#8211; Teatro e Dan\u00e7a<\/a><\/li>\n<\/ul>\n<hr \/>\n<p><strong>Enfermagem e \u00e1reas afins<\/strong><\/p>\n<ul>\n<li><a href=\"http:\/\/www.actamedicaportuguesa.com\/\" target=\"_blank\" rel=\"noopener noreferrer\">Acta M\u00e9dica Portuguesa<\/a><\/li>\n<li><a href=\"https:\/\/journals.lww.com\/advancesinnursingscience\/pages\/default.aspx\" target=\"_blank\" rel=\"noopener noreferrer\">Advances in Nursing Science<\/a><\/li>\n<li><a href=\"http:\/\/ajcc.aacnjournals.org\/\" target=\"_blank\" rel=\"noopener noreferrer\">American Journal of Critical Care<\/a><\/li>\n<li><a href=\"https:\/\/journals.lww.com\/cancernursingonline\/pages\/default.aspx\" target=\"_blank\" rel=\"noopener noreferrer\">Cancer Nursing<\/a><\/li>\n<li><a href=\"http:\/\/periodicos.uem.br\/ojs\/index.php\/CiencCuidSaude\" target=\"_blank\" rel=\"noopener noreferrer\">Ci\u00eancia, Cuidado e Sa\u00fade<\/a><\/li>\n<li><a href=\"https:\/\/culturacuidados.ua.es\/\" target=\"_blank\" rel=\"noopener noreferrer\">Cultura de Los Cuidados<\/a><\/li>\n<li><a href=\"http:\/\/www.scielo.br\/scielo.php?script=sci_serial&amp;&amp;pid=1679-4508&amp;&amp;lng=en&amp;&amp;nrm=iso\" target=\"_blank\" rel=\"noopener noreferrer\">Einstein (S\u00e3o Paulo)<\/a><\/li>\n<li><a href=\"http:\/\/eean.edu.br\/\" target=\"_blank\" rel=\"noopener noreferrer\">Escola Anna Nery Revista de Enfermagem<\/a><\/li>\n<li><a href=\"https:\/\/jamanetwork.com\/journals\/jama\" target=\"_blank\" rel=\"noopener noreferrer\">JAMA Network<\/a><\/li>\n<li><a href=\"https:\/\/onlinelibrary.wiley.com\/page\/journal\/13652702\/homepage\/forauthors.html\" target=\"_blank\" rel=\"noopener noreferrer\">Journal of Clinical Nursing<\/a><\/li>\n<li><a href=\"https:\/\/www.nature.com\/\" target=\"_blank\" rel=\"noopener noreferrer\">Nature International Journal of Science<\/a><\/li>\n<li><a href=\"http:\/\/www.objnursing.uff.br\/index.php\/nursing\" target=\"_blank\" rel=\"noopener noreferrer\">Online Brazilian Journal of Nursing<\/a><\/li>\n<li><a href=\"https:\/\/onlinelibrary.wiley.com\/journal\/15251446\" target=\"_blank\" rel=\"noopener noreferrer\">Public Health Nursing<\/a><\/li>\n<li><a href=\"https:\/\/radis.ensp.fiocruz.br\/index.php\/revista\" target=\"_blank\" rel=\"noopener noreferrer\"> REDIS Comunica\u00e7\u00e3o &amp; Sa\u00fade <\/a><\/li>\n<li><a href=\"http:\/\/www.scielo.br\/scielo.php?script=sci_serial&amp;&amp;pid=0103-2100&amp;&amp;lng=en&amp;&amp;nrm=iso\" target=\"_blank\" rel=\"noopener noreferrer\">Revista Acta Paulista de Enfermagem (UNIFESP)<\/a><\/li>\n<li><a href=\"https:\/\/portalseer.ufba.br\/index.php\/enfermagem\" target=\"_blank\" rel=\"noopener noreferrer\">Revista Baiana de Enfermagem<\/a><\/li>\n<li><a href=\"http:\/\/www.scielo.br\/scielo.php?script=sci_serial&amp;&amp;pid=0034-7167&amp;&amp;lng=en&amp;&amp;nrm=iso\/\" target=\"_blank\" rel=\"noopener noreferrer\">Revista Brasileira de Enfermagem (REBEN)<\/a><\/li>\n<li><a href=\"https:\/\/revistas.ufpr.br\/cogitare\/issue\/archive\" target=\"_blank\" rel=\"noopener noreferrer\">Revista Cogitare Enfermagem (UFPR)<\/a><\/li>\n<li><a href=\"http:\/\/scielo.sld.cu\/scielo.php?script=sci_serial&amp;&amp;pid=0864-0319\" target=\"_blank\" rel=\"noopener noreferrer\">Revista Cubana de Enfermer\u00eda<\/a><\/li>\n<li><a href=\"http:\/\/www.scielo.br\/scielo.php?script=sci_serial&amp;&amp;pid=0080-6234&amp;&amp;lng=en&amp;&amp;nrm=iso\" target=\"_blank\" rel=\"noopener noreferrer\">Revista da Escola de Enfermagem da USP<\/a><\/li>\n<li><a href=\"http:\/\/periodicos.ufc.br\/rene\" target=\"_blank\" rel=\"noopener noreferrer\">Revista da Rede de Enfermagem do Nordeste<\/a><\/li>\n<li><a href=\"http:\/\/seer.fcfar.unesp.br\/rcfba\/index.php\/rcfba\/index\" target=\"_blank\" rel=\"noopener noreferrer\">Revista de Ci\u00eancias Farmac\u00eauticas B\u00e1sica e Aplicada<\/a><\/li>\n<li><a href=\"http:\/\/www.seer.unirio.br\/index.php\/cuidadofundamental\" target=\"_blank\" rel=\"noopener noreferrer\">Revista de Pesquisa: Cuidado \u00e9 Fundamental<\/a><\/li>\n<li><a href=\"http:\/\/www.scielo.br\/scielo.php?script=sci_serial&amp;&amp;pid=0034-8910&amp;&amp;lng=en&amp;&amp;nrm=iso\" target=\"_blank\" rel=\"noopener noreferrer\">Revista de Sa\u00fade P\u00fablica<\/a><\/li>\n<li><a href=\"http:\/\/www.scielo.br\/scielo.php?script=sci_serial&amp;&amp;pid=1679-4508&amp;&amp;lng=en&amp;&amp;nrm=iso\" target=\"_blank\" rel=\"noopener noreferrer\">REVISTA Einstein (S\u00e3o Paulo)<\/a><\/li>\n<li><a href=\"http:\/\/www.facenf.uerj.br\/revenfermuerj.html\" target=\"_blank\" rel=\"noopener noreferrer\">Revista Enfermagem UERJ<\/a><\/li>\n<li><a href=\"http:\/\/scielo.isciii.es\/scielo.php?script=sci_serial&amp;&amp;pid=1695-6141\" target=\"_blank\" rel=\"noopener noreferrer\">Revista Enfermer\u00eda Global<\/a><\/li>\n<li><a href=\"http:\/\/www.scielo.br\/scielo.php?script=sci_serial&amp;&amp;pid=1983-1447&amp;&amp;lng=en&amp;&amp;nrm=iso\" target=\"_blank\" rel=\"noopener noreferrer\">Revista Ga\u00facha de Enfermagem<\/a><\/li>\n<li><a href=\"http:\/\/www.scielo.br\/scielo.php?script=sci_serial&amp;&amp;pid=0104-1169&amp;&amp;lng=en&amp;&amp;nrm=iso\" target=\"_blank\" rel=\"noopener noreferrer\">Revista Latino-Americana de Enfermagem<\/a><\/li>\n<li><a href=\"http:\/\/www.reme.org.br\/sumario\" target=\"_blank\" rel=\"noopener noreferrer\">Revista Mineira de Enfermagem<\/a><\/li>\n<li><a href=\"https:\/\/www.sciencemag.org\/\" target=\"_blank\" rel=\"noopener noreferrer\">Science<\/a><\/li>\n<li><a href=\"http:\/\/www.scielo.br\/scielo.php?script=sci_serial&amp;&amp;pid=0104-0707&amp;&amp;lng=en&amp;&amp;nrm=iso\" target=\"_blank\" rel=\"noopener noreferrer\">Texto &amp; Contexto Enfermagem<\/a><\/li>\n<li><a href=\"https:\/\/www.thelancet.com\/\" target=\"_blank\" rel=\"noopener noreferrer\">THE LANCET<\/a><\/li>\n<li><a href=\"https:\/\/www.nejm.org\/\" target=\"_blank\" rel=\"noopener noreferrer\">The New England Journal of Medicine<\/a><\/li>\n<\/ul>\n<hr \/>\n<p><strong>Est\u00e9tica<\/strong><\/p>\n<ul>\n<li><a href=\"http:\/\/www.anaisdedermatologia.org.br\/\" target=\"_blank\" rel=\"noopener noreferrer\">Anais Brasileiros de Dermatologia<\/a><\/li>\n<li><a href=\"http:\/\/www.scielo.br\/scielo.php?script=sci_serial&amp;pid=0001-3765&amp;lng=en&amp;nrm=iso\" target=\"_blank\" rel=\"noopener noreferrer\">Anais da Academia Brasileira de Ci\u00eancias<\/a><\/li>\n<li><a href=\"http:\/\/www.scielo.br\/scielo.php?script=sci_serial&amp;pid=0102-311X&amp;lng=en&amp;nrm=iso\" target=\"_blank\" rel=\"noopener noreferrer\">Cadernos de Sa\u00fade P\u00fablica<\/a><\/li>\n<li><a href=\"https:\/\/scholar.google.com.br\/scholar?q=JOURNAL+OF+INVESTIGATIVE+DERMATOLOGY&amp;hl=pt-BR&amp;as_sdt=0&amp;as_vis=1&amp;oi=scholart\" target=\"_blank\" rel=\"noopener noreferrer\">Journal of Investigative Dermatology<\/a><\/li>\n<li><a href=\"https:\/\/actabioethica.uchile.cl\/\" target=\"_blank\" rel=\"noopener noreferrer\">Revista Acta Bioethica<\/a><\/li>\n<li><a href=\"http:\/\/www.scielo.org.ar\/scielo.php?script=sci_issues&amp;pid=0325-2957&amp;lng=es&amp;nrm=iso\" target=\"_blank\" rel=\"noopener noreferrer\">Revista Acta Bioqu\u00edmica Cl\u00ednica Latinoamericana &#8211; ABCL<\/a><\/li>\n<li><a href=\"http:\/\/www.scielo.br\/scielo.php?script=sci_serial&amp;pid=0102-8650&amp;lng=en&amp;nrm=iso\" target=\"_blank\" rel=\"noopener noreferrer\">Revista Acta Cir\u00fargica Brasileira<\/a><\/li>\n<li><a href=\"https:\/\/www.medicaljournals.se\/acta\/\" target=\"_blank\" rel=\"noopener noreferrer\">Revista Acta Dermato\u2013Venereologica<\/a><\/li>\n<li><a href=\"https:\/\/www.actamedicaportuguesa.com\/\" target=\"_blank\" rel=\"noopener noreferrer\">Revista Acta M\u00e9dica Portuguesa<\/a><\/li>\n<li><a href=\"https:\/\/rad-online.org.ar\/\" target=\"_blank\" rel=\"noopener noreferrer\">Revista Argentina de Dermatolog\u00eda<\/a><\/li>\n<li><a href=\"http:\/\/www.revistas.usp.br\/rbcf\" target=\"_blank\" rel=\"noopener noreferrer\">Revista Brasileira de Ci\u00eancias Farmac\u00eauticas<\/a><\/li>\n<li><a href=\"http:\/\/www.rbcp.org.br\/\" target=\"_blank\" rel=\"noopener noreferrer\">Revista Brasileira de Cirurgia Pl\u00e1stica \u2013 SBCP<\/a><\/li>\n<li><a href=\"www.scielo.br\/rbcp\" target=\"_blank\" rel=\"noopener noreferrer\">Revista Brasileira de Cirurgia Pl\u00e1stica (SciELO)<\/a><\/li>\n<li><a href=\"http:\/\/www.scielo.br\/scielo.php?script=sci_serial&amp;pid=0100-5502&amp;lng=en&amp;nrm=iso\" target=\"_blank\" rel=\"noopener noreferrer\">Revista Brasileira de Educa\u00e7\u00e3o M\u00e9dica<\/a><\/li>\n<li><a href=\"http:\/\/www.scielo.br\/scielo.php?script=sci_serial&amp;pid=0102-695X&amp;lng=en&amp;nrm=iso\" target=\"_blank\" rel=\"noopener noreferrer\">Revista Brasileira de Farmacognosia<\/a><\/li>\n<li><a href=\"http:\/\/www.scielo.br\/rbpm\" target=\"_blank\" rel=\"noopener noreferrer\">Revista Brasileira de Plantas Medicinais<\/a><\/li>\n<li><a href=\"http:\/\/scielo.isciii.es\/scielo.php?script=sci_serial&amp;pid=0376-7892&amp;lng=es&amp;nrm=iso\" target=\"_blank\" rel=\"noopener noreferrer\">Revista Cirurgia Pl\u00e1stica Ibero-Latinoamericana<\/a><\/li>\n<li><a href=\"https:\/\/www.dovepress.com\/clinical-cosmetic-and-investigational-dermatology-journal\" target=\"_blank\" rel=\"noopener noreferrer\">Revista Clinical, Cosmetic And Investigational Dermatology<\/a><\/li>\n<li><a href=\"https:\/\/onlinelibrary.wiley.com\/journal\/14732165\" target=\"_blank\" rel=\"noopener noreferrer\">Revista Cosmetic Dermatology<\/a><\/li>\n<li><a href=\"https:\/\/revista.spdv.com.pt\/index.php\/spdv\" target=\"_blank\" rel=\"noopener noreferrer\">Revista da Sociedade Portuguesa de Dermatologia e Venereologia<\/a><\/li>\n<li><a href=\"https:\/\/www.cosmeticsonline.com.br\/\" target=\"_blank\" rel=\"noopener noreferrer\">Revista de Cosm\u00e9ticos e Tecnologia Brasil<\/a><\/li>\n<li><a href=\"https:\/\/www.medigraphic.com\/cgi-bin\/new\/publicaciones.cgi?IDREVISTA=86\" target=\"_blank\" rel=\"noopener noreferrer\">Revista Dermatologia Mexicana<\/a><\/li>\n<li><a href=\"https:\/\/dcmq.com.mx\/\" target=\"_blank\" rel=\"noopener noreferrer\">Revista Dermatolog\u00eda Cosm\u00e9tica, M\u00e9dica y Quir\u00fargica<\/a><\/li>\n<li><a href=\"http:\/\/sisbib.unmsm.edu.pe\/BVRevistas\/dermatologia\/anteriores.htm\" target=\"_blank\" rel=\"noopener noreferrer\">Revista Dermatolog\u00eda Peruana<\/a><\/li>\n<li><a href=\"http:\/\/revista.svderma.org\/index.php\/ojs\/index\" target=\"_blank\" rel=\"noopener noreferrer\">Revista Dermatolog\u00eda Venezolana<\/a><\/li>\n<li><a href=\"https:\/\/www.hindawi.com\/journals\/drp\/\" target=\"_blank\" rel=\"noopener noreferrer\">Revista Dermatology Research And Practice<\/a><\/li>\n<li><a href=\"http:\/\/sisbib.unmsm.edu.pe\/BVRevistas\/folia\/folia.htm\" target=\"_blank\" rel=\"noopener noreferrer\">Revista Folia Dermatol\u00f3gica Peruana<\/a><\/li>\n<li><a href=\"https:\/\/www.revistas.usp.br\/sausoc\" target=\"_blank\" rel=\"noopener noreferrer\">Revista Sa\u00fade e Sociedade<\/a><\/li>\n<li><a href=\"www.scielo.br\/sdeb\" target=\"_blank\" rel=\"noopener noreferrer\">Revista Sa\u00fade em Debate<\/a><\/li>\n<li><a href=\"https:\/\/scholar.google.com.br\/scholar?q=SURGICAL+%26+COSMETIC+DERMATOLOGY&amp;hl=pt-BR&amp;as_sdt=0&amp;as_vis=1&amp;oi=scholart\" target=\"_blank\" rel=\"noopener noreferrer\">Revista Surgical &amp; Cosmetic Dermatology<\/a><\/li>\n<\/ul>\n<hr \/>\n<p><strong>Farm\u00e1cia<\/strong><\/p>\n<ul>\n<li><a href=\"https:\/\/www.scielo.br\/j\/bjps\/i\/2023.v59\/\" target=\"_blank\" rel=\"noopener noreferrer\">Jornal Brazilian Journal of Pharmaceutical Sciences<\/a><\/li>\n<li><a href=\"https:\/\/www.revista-aflora.com.br\/atual\" target=\"_blank\" rel=\"noopener noreferrer\">Revista A Flora<\/a><\/li>\n<li><a href=\"https:\/\/www.revistas.usp.br\/rbcf\/issue\/view\/3621\" target=\"_blank\" rel=\"noopener noreferrer\">Revista Brasileira de Ci\u00eancias Farmac\u00eauticas &#8211; USP<\/a><\/li>\n<li><a href=\"https:\/\/rbfhss.org.br\/sbrafh\" target=\"_blank\" rel=\"noopener noreferrer\">Revista Brasileira de Farm\u00e1cia Hospitalar e Servi\u00e7os de Sa\u00fade<\/a><\/li>\n<li><a href=\"https:\/\/www.scielo.br\/j\/rbfar\/i\/2019.v29n6\/\" target=\"_blank\" rel=\"noopener noreferrer\">Revista Brasileira de Farmacognosia<\/a><\/li>\n<li><a href=\"https:\/\/revfarmacia.sld.cu\/index.php\/far\" target=\"_blank\" rel=\"noopener noreferrer\">Revista Cubana de farm\u00e1cia<\/a><\/li>\n<li><a href=\"http:\/\/rcfba.fcfar.unesp.br\/index.php\/ojs\/issue\/view\/52\" target=\"_blank\" rel=\"noopener noreferrer\">Revista de Ci\u00eancias Farmac\u00eauticas B\u00e1sica e Aplicada<\/a><\/li>\n<li><a href=\"https:\/\/revistas.ufg.br\/REF\/issue\/view\/2164\" target=\"_blank\" rel=\"noopener noreferrer\">Revista Eletr\u00f4nica de Farm\u00e1cia<\/a><\/li>\n<li><a href=\"https:\/\/scielo.isciii.es\/scielo.php?script=sci_issuetoc&amp;pid=1130-634320220006&amp;lng=pt&amp;nrm=iso\" target=\"_blank\" rel=\"noopener noreferrer\">Revista Farmacia Hospitalaria<\/a><\/li>\n<li><a href=\"https:\/\/www.revistas.cff.org.br\/?journal=infarma&amp;page=information&amp;op=librarians\" target=\"_blank\" rel=\"noopener noreferrer\">Revista Infarma \u2013 Ci\u00eancias Farmac\u00eauticas \u2013 CFF<\/a><\/li>\n<li><a href=\"https:\/\/www.mdpi.com\/journal\/pharmaceutics\" target=\"_blank\" rel=\"noopener noreferrer\">Revista Pharmaceutics<\/a><\/li>\n<li><a href=\"https:\/\/www.mdpi.com\/journal\/pharmacy\" target=\"_blank\" rel=\"noopener noreferrer\">Revista Pharmacy<\/a><\/li>\n<li><a href=\"https:\/\/www.pharmacypractice.org\/index.php\/pp\/issue\/view\/74\" target=\"_blank\" rel=\"noopener noreferrer\">Revista Pharmacy practice<\/a><\/li>\n<\/ul>\n<hr \/>\n<p><strong>Fisioterapia<\/strong><\/p>\n<ul>\n<li><a href=\"https:\/\/www.scielo.br\/j\/ijcs\/i\/2023.v36\/\" target=\"_blank\" rel=\"noopener noreferrer\">International Journal of Cardiovascular Sciences<\/a><\/li>\n<li><a href=\"https:\/\/issuu.com\/internationaljournalofphysiotherapy\" target=\"_blank\" rel=\"noopener noreferrer\">International Journal of Physiotherapy (IJPHY)<\/a><\/li>\n<li><a href=\"https:\/\/ijtmb.org\/index.php\/ijtmb\/issue\/view\/79\" target=\"_blank\" rel=\"noopener noreferrer\">International Journal of Therapeutic Massage &amp; Bodywork (IJTMB)<\/a><\/li>\n<li><a href=\"https:\/\/www.ijmhr.org\/ijpr.html\" target=\"_blank\" rel=\"noopener noreferrer\">Jornal Internacional de Fisioterapia e Pesquisa<\/a><\/li>\n<li><a href=\"https:\/\/www.revistas.usp.br\/actafisiatrica\" target=\"_blank\" rel=\"noopener noreferrer\">Revista Acta Fisi\u00e1trica<\/a><\/li>\n<li><a href=\"https:\/\/www.scielo.br\/j\/aob\/i\/2023.v31n2\/\" target=\"_blank\" rel=\"noopener noreferrer\">Revista Acta Ortop\u00e9dica Brasileira<\/a><\/li>\n<li><a href=\"https:\/\/www.scielo.br\/j\/rbce\/i\/2023.v45\/\" target=\"_blank\" rel=\"noopener noreferrer\">Revista Brasileira de Ci\u00eancias do Esporte<\/a><\/li>\n<li><a href=\"https:\/\/periodicos.ufsc.br\/index.php\/rbcdh\/issue\/view\/3540\" target=\"_blank\" rel=\"noopener noreferrer\">Revista Brasileira de Cineantropometria &amp; Desempenho Humano<\/a><\/li>\n<li><a href=\"https:\/\/www.rbo.org.br\/\" target=\"_blank\" rel=\"noopener noreferrer\">Revista Brasileira de Ortopedia<\/a><\/li>\n<li><a href=\"http:\/\/www.rbpfex.com.br\/index.php\/rbpfex\/issue\/view\/108\" target=\"_blank\" rel=\"noopener noreferrer\">Revista Brasileira de Prescri\u00e7\u00e3o e Fisiologia do Exerc\u00edcio<\/a><\/li>\n<li><a href=\"https:\/\/www.scielo.br\/j\/rbso\/i\/2023.v48\/\" target=\"_blank\" rel=\"noopener noreferrer\">Revista Brasileira de Sa\u00fade Ocupacional<\/a><\/li>\n<li><a href=\"http:\/\/revista.redeunida.org.br\/ojs\/index.php\/cadernos-educacao-saude-fisioter\/issue\/view\/79\" target=\"_blank\" rel=\"noopener noreferrer\">Revista Caderno de Educa\u00e7\u00e3o, Sa\u00fade e Fisioterapia<\/a><\/li>\n<li><a href=\"https:\/\/www.scielo.br\/j\/cadbto\/i\/2023.v31\/\" target=\"_blank\" rel=\"noopener noreferrer\">Revista Cadernos Brasileiros de Terapia Ocupacional<\/a><\/li>\n<li><a href=\"https:\/\/www.scielo.br\/j\/csp\/i\/2023.v39suppl1\/\" target=\"_blank\" rel=\"noopener noreferrer\">Revista Cadernos de Sa\u00fade P\u00fablica<\/a><\/li>\n<li><a href=\"https:\/\/www.scielo.br\/j\/cadsc\/i\/2023.v31n1\/\" target=\"_blank\" rel=\"noopener noreferrer\">Revista Cadernos Sa\u00fade Coletiva<\/a><\/li>\n<li><a href=\"https:\/\/link.springer.com\/journal\/12998\/volumes-and-issues\/22-1\" target=\"_blank\" rel=\"noopener noreferrer\">Revista Chiropractic &amp; Manual Therapies<\/a><\/li>\n<li><a href=\"https:\/\/www.scielo.br\/j\/csc\/i\/2023.v28n4\/\" target=\"_blank\" rel=\"noopener noreferrer\">Revista Ci\u00eancia &amp; Sa\u00fade Coletiva<\/a><\/li>\n<li><a href=\"https:\/\/periodicos.uem.br\/ojs\/index.php\/CiencCuidSaude\/index\" target=\"_blank\" rel=\"noopener noreferrer\">Revista Ci\u00eancia, Cuidado &amp; Sa\u00fade<\/a><\/li>\n<li><a href=\"https:\/\/www.scielo.br\/j\/clin\/i\/2023.v78\/\" target=\"_blank\" rel=\"noopener noreferrer\">Revista Clinics<\/a><\/li>\n<li><a href=\"https:\/\/revistas.pucsp.br\/index.php\/RFCMS\/issue\/view\/2798\" target=\"_blank\" rel=\"noopener noreferrer\">Revista da Faculdade de Ci\u00eancias M\u00e9dicas de Sorocaba<\/a><\/li>\n<li><a href=\"https:\/\/revfisiodesp.pt\/\" target=\"_blank\" rel=\"noopener noreferrer\">Revista de Fisioterapia Desportiva<\/a><\/li>\n<li><a href=\"https:\/\/www.scielo.br\/j\/rsp\/i\/2023.v57\/\" target=\"_blank\" rel=\"noopener noreferrer\">Revista de Sa\u00fade P\u00fablica<\/a><\/li>\n<li><a href=\"https:\/\/www.scielo.br\/j\/eins\/i\/2023.v21\/\" target=\"_blank\" rel=\"noopener noreferrer\">Revista Einstein (S\u00e3o Paulo)<\/a><\/li>\n<li><a href=\"https:\/\/revista.fct.unesp.br\/index.php\/fisiounesp\/issue\/view\/487\" target=\"_blank\" rel=\"noopener noreferrer\">Revista Eletr\u00f4nica de Fisioterapia da FCT &#8211; UNESP<\/a><\/li>\n<li><a href=\"https:\/\/seer.ufrgs.br\/index.php\/RevEnvelhecer\/issue\/view\/4444\" target=\"_blank\" rel=\"noopener noreferrer\">Revista Envelhecer &#8211; Estudos Interdisciplinares sobre o envelhecimento<\/a><\/li>\n<li><a href=\"https:\/\/convergenceseditorial.com.br\/index.php\/fisioterapiabrasil\/issue\/view\/382\" target=\"_blank\" rel=\"noopener noreferrer\">Revista Fisioterapia Brasil<\/a><\/li>\n<li><a href=\"https:\/\/www.scielo.br\/j\/fp\/i\/2022.v29n4\/\" target=\"_blank\" rel=\"noopener noreferrer\">Revista Fisioterapia e Pesquisa<\/a><\/li>\n<li><a href=\"http:\/\/periodicos.ufc.br\/fisioterapiaesaudefuncional\/issue\/view\/1325\" target=\"_blank\" rel=\"noopener noreferrer\">Revista Fisioterapia e Sa\u00fade Funcional<\/a><\/li>\n<li><a href=\"https:\/\/www.scielo.br\/j\/fm\/i\/2023.v36\/\" target=\"_blank\" rel=\"noopener noreferrer\">Revista Fisioterapia em Movimento<\/a><\/li>\n<li><a href=\"http:\/\/revistams.inspirar.com.br\/?s=&amp;autor=&amp;s-edicoes=2023\" target=\"_blank\" rel=\"noopener noreferrer\">Revista Inspirar \u2013 Movimento &amp; Sa\u00fade<\/a><\/li>\n<li><a href=\"https:\/\/www.scielo.br\/j\/mioc\/i\/2023.v118\/\" target=\"_blank\" rel=\"noopener noreferrer\">Revista Mem\u00f3rias do Instituto Oswaldo Cruz<\/a><\/li>\n<li><a href=\"https:\/\/periodicos.ufsc.br\/index.php\/motrivivencia\/issue\/view\/3532\" target=\"_blank\" rel=\"noopener noreferrer\">Revista Motriviv\u00eancia<\/a><\/li>\n<li><a href=\"https:\/\/www.revista.ueg.br\/index.php\/movimenta\/issue\/view\/701\" target=\"_blank\" rel=\"noopener noreferrer\">Revista Movimenta<\/a><\/li>\n<li><a href=\"https:\/\/www.seer.ufrgs.br\/index.php\/Movimento\/issue\/view\/4781\" target=\"_blank\" rel=\"noopener noreferrer\">Revista Movimento<\/a><\/li>\n<li><a href=\"https:\/\/www5.bahiana.edu.br\/index.php\/fisioterapia\/issue\/view\/180\" target=\"_blank\" rel=\"noopener noreferrer\">Revista Pesquisa em Fisioterapia (rpf)<\/a><\/li>\n<li><a href=\"https:\/\/periodicos.unicesumar.edu.br\/index.php\/saudpesq\/issue\/view\/259\" target=\"_blank\" rel=\"noopener noreferrer\">Revista Sa\u00fade e Pesquisa<\/a><\/li>\n<li><a href=\"https:\/\/ojs.uel.br\/revistas\/uel\/index.php\/seminabio\/issue\/view\/1815\" target=\"_blank\" rel=\"noopener noreferrer\">Revista Semina: Ci\u00eancias Biol\u00f3gicas e da Sa\u00fade<\/a><\/li>\n<li><a href=\"https:\/\/www.mtprehabjournal.com\/revista\/issue\/view\/53\" target=\"_blank\" rel=\"noopener noreferrer\">Revista Terapia Manual<\/a><\/li>\n<li><a href=\"https:\/\/www.tes.epsjv.fiocruz.br\/index.php\/tes\" target=\"_blank\" rel=\"noopener noreferrer\">Revista Trabalho, Educa\u00e7\u00e3o e Sa\u00fade<\/a><\/li>\n<\/ul>\n<hr \/>\n<p><strong>Fonoaudiologia<\/strong><\/p>\n<ul>\n<li><a href=\"https:\/\/www.scielo.br\/j\/jsbf\/\" target=\"_blank\" rel=\"noopener noreferrer\">Jornal da Sociedade Brasileira de Fonoaudiologia<\/a><\/li>\n<li><a href=\"https:\/\/www.scielo.br\/j\/rboto\/i\/2009.v75n2\/\" target=\"_blank\" rel=\"noopener noreferrer\">Revista Brasileira de Otorrinolaringologia<\/a><\/li>\n<li><a href=\"https:\/\/www.scielo.br\/journal\/rcefac\/about\/\" target=\"_blank\" rel=\"noopener noreferrer\">Revista CEFAC<\/a><\/li>\n<li><a href=\"https:\/\/www.codas.org.br\" target=\"_blank\" rel=\"noopener noreferrer\">Revista CODAS<\/a><\/li>\n<li><a href=\"https:\/\/www.scielo.br\/j\/rsbf\/\" target=\"_blank\" rel=\"noopener noreferrer\">Revista da Sociedade Brasileira de Fonoaudiologia<\/a><\/li>\n<li><a href=\"https:\/\/www.scielo.br\/j\/rbee\/i\/2021.v27\/\" target=\"_blank\" rel=\"noopener noreferrer\">Revista Brasileira de Educa\u00e7\u00e3o Especial<\/a><\/li>\n<li><a href=\"https:\/\/www.fonoaudiologia.org.br\/revista-comunicar\/\" target=\"_blank\" rel=\"noopener noreferrer\">Revista Comunicar<\/a><\/li>\n<li><a href=\"https:\/\/revistas.ucm.es\/index.php\/RLOG\/\" target=\"_blank\" rel=\"noopener noreferrer\">Revista de Investigaci\u00f3n en Logopedia<\/a><\/li>\n<li><a href=\"https:\/\/www.sciencedirect.com\/journal\/revista-de-logopedia-foniatria-y-audiologia\" target=\"_blank\" rel=\"noopener noreferrer\">Revista de Logopedia, Foniatria y Audiologia<\/a><\/li>\n<li><a href=\"https:\/\/revistas.pucsp.br\/dic\" target=\"_blank\" rel=\"noopener noreferrer\">Revistas Dist\u00farbios da Comunica\u00e7\u00e3o<\/a><\/li>\n<li><a href=\"https:\/\/www.scielo.br\/j\/iao\/\" target=\"_blank\" rel=\"noopener noreferrer\">Revista Internacional Archives of otorhinolaryngology<\/a><\/li>\n<\/ul>\n<hr \/>\n<p><strong>Gastronomia<\/strong><\/p>\n<ul>\n<li><a href=\"https:\/\/revistas.ufpr.br\/alimentos\" target=\"_blank\" rel=\"noopener noreferrer\">BOLETIM DO CEPPA \u2013 CENTRO DE PESQUISA E PROCESSAMENTO DE ALIMENTOS<\/a><\/li>\n<li><a href=\"https:\/\/periodicos.utfpr.edu.br\/rebrapa\" target=\"_blank\" rel=\"noopener noreferrer\">BRAZILIAN JOURNAL OF FOOD RESEARCH<\/a><\/li>\n<li><a href=\"http:\/\/rbg.sc.senac.br\/index.php\/gastronomia\" target=\"_blank\" rel=\"noopener noreferrer\">REVISTA BRASILEIRA DE GASTRONOMIA &#8211; RBG<\/a><\/li>\n<li><a href=\"http:\/\/www.rbne.com.br\/index.php\/rbne\" target=\"_blank\" rel=\"noopener noreferrer\">REVISTA BRASILEIRA DE NUTRI\u00c7\u00c3O<\/a><\/li>\n<li><a href=\"https:\/\/www.enologia.org.br\/default\/uploads\/revista\/revista-29.pdf?cce8a628f462da7a9193ba8648091a96\" target=\"_blank\" rel=\"noopener noreferrer\">REVISTA BRASILEIRA DE VITICULTURA E ENOLOGIA<\/a><\/li>\n<li><a href=\"https:\/\/uniesp.edu.br\/sites\/_biblioteca\/revistas\/20210618131826.pdf\" target=\"_blank\" rel=\"noopener noreferrer\">REVISTA CIENTIFICA -INTR@CIENCIA<\/a><\/li>\n<li><a href=\"https:\/\/semanaacademica.org.br\/artigo\/boas-praticas-de-manipulacao-e-sua-importancia-na-producao-dos-alimentos-seguros-na\" target=\"_blank\" rel=\"noopener noreferrer\">REVISTA CIENTIFICA \u2013 SEMANA ACAD\u00caMICA<\/a><\/li>\n<li><a href=\"https:\/\/www.comidanamesa.com.br\/\" target=\"_blank\" rel=\"noopener noreferrer\">REVISTA COMIDA NA MESA<\/a><\/li>\n<li><a href=\"http:\/\/portal.revistas.bvs.br\/index.php?issn=0864-2133&amp;lang=pt\" target=\"_blank\" rel=\"noopener noreferrer\">REVISTA CUBANA ALIMENTACION Y NUTRICI\u00d3N<\/a><\/li>\n<li><a href=\"https:\/\/www.e-publicacoes.uerj.br\/index.php\/demetra\" target=\"_blank\" rel=\"noopener noreferrer\">REVISTA DEMETRA: ALIMENTA\u00c7\u00c3O, NUTRI\u00c7\u00c3O &amp; SA\u00daDE<\/a><\/li>\n<li><a href=\"https:\/\/www.scielo.br\/j\/rn\/\" target=\"_blank\" rel=\"noopener noreferrer\">REVISTA DE NUTRI\u00c7\u00c3O<\/a><\/li>\n<li><a href=\"http:\/\/revista.universo.edu.br\/index.php?journal=1CAMPOSDOSGOYTACAZES2&amp;page=article&amp;op=view&amp;path%5B%5D=5982\" target=\"_blank\" rel=\"noopener noreferrer\">REVISTA DE TRABALHOS ACAD\u00caMICOS \u2013 GASTRONOMIA BRASILEIRA<\/a><\/li>\n<li><a href=\"https:\/\/www.scielo.br\/j\/cta\/\" target=\"_blank\" rel=\"noopener noreferrer\">REVISTA FOOD SCIENCE AND TECHNOLOGY<\/a><\/li>\n<li><a href=\"https:\/\/diabeticgourmet.com\" target=\"_blank\" rel=\"noopener noreferrer\">REVISTA GOURMET DIAB\u00c9TICA MAGAZINE<\/a><\/li>\n<li><a href=\"https:\/\/www.revhosp.org\/hospitalidade\/issue\/view\/88\/showToc\" target=\"_blank\" rel=\"noopener noreferrer\">REVISTA HOSPITALIDADE<\/a><\/li>\n<li><a href=\"https:\/\/www.revistas.usp.br\/revistaingesta\/article\/download\/167795\/163591\/437403\" target=\"_blank\" rel=\"noopener noreferrer\">REVISTA INGESTA<\/a><\/li>\n<li><a href=\"http:\/\/portal.revistas.bvs.br\/index.php?issn=0034-6659&amp;lang=pt\" target=\"_blank\" rel=\"noopener noreferrer\">REVISTA NUTRITION AND FOOD SCIENCE<\/a><\/li>\n<li><a href=\"http:\/\/revistapensar1.hospedagemdesites.ws\/gastronomia\/editorial\" target=\"_blank\" rel=\"noopener noreferrer\">REVISTA PENSAR GASTRONOMIA<\/a><\/li>\n<li><a href=\"https:\/\/www.quimica.com.br\/category\/alimentos-e-bebidas\/\" target=\"_blank\" rel=\"noopener noreferrer\">REVISTA QUIMICA E DERIVADOS<\/a><\/li>\n<\/ul>\n<hr \/>\n<p><strong>Peri\u00f3dicos &#8211; Tecnologia em Gest\u00e3o P\u00fablica<\/strong><\/p>\n<ul>\n<li><a href=\"https:\/\/revistas.pucsp.br\/ecopolitica\" target=\"_blank\" rel=\"noopener noreferrer\">Revista Ecopol\u00edtica \u00a0(PUC\/SP)<\/a><\/li>\n<li><a href=\"http:\/\/periodicos.estacio.br\/index.php\/gestaocontemporanea\" target=\"_blank\" rel=\"noopener noreferrer\">Revista Gest\u00e3o Contempor\u00e2nea (FAPA)<\/a><\/li>\n<li><a href=\"https:\/\/www.consultordoprefeito.org\/revista-gestao-publica-municipal-at\" target=\"_blank\" rel=\"noopener noreferrer\">Revista Gest\u00e3o P\u00fablica Municipal<\/a><\/li>\n<li><a href=\"http:\/\/anesp.org.br\/todas-as-noticias\/tag\/Revista+Gest%C3%A3o+P%C3%BAblica+%26+Desenvolvimento\" target=\"_blank\" rel=\"noopener noreferrer\">Revista Gest\u00e3o P\u00fablica &amp; Desenvolvimento (IBAP)<\/a><\/li>\n<li><a href=\"https:\/\/periodicos.ufpe.br\/revistas\/gestaopublica\" target=\"_blank\" rel=\"noopener noreferrer\">Revista Gest\u00e3o P\u00fablica: Pr\u00e1ticas e Desafios (UFPE)<\/a><\/li>\n<li><a href=\"https:\/\/www.portaldeperiodicos.idp.edu.br\/direitopublico\/issue\/view\/255\" target=\"_blank\" rel=\"noopener noreferrer\">Revista Direito P\u00fablico \u2013 IDP<\/a><\/li>\n<li><a href=\"https:\/\/bibliotecadigital.fgv.br\/ojs\/index.php\/rap\/issue\/view\/4799\" target=\"_blank\" rel=\"noopener noreferrer\">Revista de Administra\u00e7\u00e3o P\u00fablica<\/a><\/li>\n<li><a href=\"https:\/\/bibliotecadigital.fgv.br\/ojs\/index.php\/cgpc\/issue\/view\/v27n88\" target=\"_blank\" rel=\"noopener noreferrer\">Revista Gest\u00e3o P\u00fablica e Cidadania<\/a><\/li>\n<li><a href=\"https:\/\/www.scielo.br\/j\/ln\/\" target=\"_blank\" rel=\"noopener noreferrer\">Revista Cultura e Pol\u00edtica \u2013 Lua nova\u00a0 &#8211; (CEDEC)<\/a><\/li>\n<li><a href=\"https:\/\/revistas.pucsp.br\/index.php\/pensamentorealidade\" target=\"_blank\" rel=\"noopener noreferrer\">Revista Pensamento &amp; Realidade (PUC-SP)<\/a><\/li>\n<li><a href=\"https:\/\/www.ipea.gov.br\/ppp\/index.php\/PPP\" target=\"_blank\" rel=\"noopener noreferrer\">Revista Planejamento e Pol\u00edticas P\u00fablicas (IPEA)<\/a><\/li>\n<li><a href=\"http:\/\/www.seer.uece.br\/?journal=politicaspublicasesociedade&amp;page=index\">Pol\u00edticas P\u00fablicas e Sociedade (UECE)<\/a><\/li>\n<li><a href=\"http:\/\/www.seer.uece.br\/?journal=RSPP\">http:\/\/www.seer.uece.br\/?journal=RSPP<\/a><\/li>\n<li><a href=\"https:\/\/www.ipea.gov.br\/sites\/manualeditorial\/publicacoes-do-ipea\/boletins\/politicas-sociais-bps\" target=\"_blank\" rel=\"noopener noreferrer\">Revista Pol\u00edticas Sociais: Acompanhamento e An\u00e1lise (IPEA)<\/a><\/li>\n<li><a href=\"https:\/\/www.sescsp.org.br\/\" target=\"_blank\" rel=\"noopener noreferrer\">Revista Problemas Brasileiros (SESC\/SP)<\/a><\/li>\n<li><a href=\"https:\/\/ebape.fgv.br\/publicacoes\/rap\" target=\"_blank\" rel=\"noopener noreferrer\">Revista Administra\u00e7\u00e3o P\u00fablica (FGV\/EBAPE)<\/a><\/li>\n<\/ul>\n<hr \/>\n<p><strong>Gest\u00e3o de Log\u00edstica<\/strong><\/p>\n<ul>\n<li><a href=\"http:\/\/www.sebrae.com.br\/setor\/servicos\/segmentos-apoiados\/logistica\" target=\"_blank\" rel=\"noopener noreferrer\">Log\u00edstica \u2014 Sebrae<\/a><\/li>\n<li><a href=\"http:\/\/www.logisticamoderna.com\/\" target=\"_blank\" rel=\"noopener noreferrer\">Log\u00edstica Moderna<\/a><\/li>\n<li><a href=\"http:\/\/rbgn.fecap.br\/RBGN\" target=\"_blank\" rel=\"noopener noreferrer\">Revista Brasileira de Gest\u00e3o de Neg\u00f3cios RBGN<\/a><\/li>\n<li><a href=\"http:\/\/www.anpec.org.br\/revista\/index.htm\" target=\"_blank\" rel=\"noopener noreferrer\">Revista da ANPEC<\/a><\/li>\n<li><a href=\"http:\/\/www.rausp.usp.br\/\" target=\"_blank\" rel=\"noopener noreferrer\">Revista de Administra\u00e7\u00e3o da Universidade de S\u00e3o Paulo &#8211; RAUSP<\/a><\/li>\n<li><a href=\"https:\/\/www.scielo.br\/j\/rae\/\" target=\"_blank\" rel=\"noopener noreferrer\">Revista de Administra\u00e7\u00e3o de Empresas \u2013 RAE<\/a><\/li>\n<li><a href=\"http:\/\/www.tecsi.fea.usp.br\/revistatecsi\" target=\"_blank\" rel=\"noopener noreferrer\">Revista de Gest\u00e3o da Tecnologia e Sistemas de Informa\u00e7\u00e3o<\/a><\/li>\n<li><a href=\"https:\/\/www.revistas.usp.br\/rege\" target=\"_blank\" rel=\"noopener noreferrer\">Revista de Gest\u00e3o da USP <\/a><\/li>\n<li><a href=\"https:\/\/www.scielo.br\/j\/jtl\/\" target=\"_blank\" rel=\"noopener noreferrer\">Revista de Literatura de Transp orte &#8211; SBPT<\/a><\/li>\n<li><a href=\"http:\/\/www.spell.org.br\/periodicos\/ver\/26\/read--revista-eletronica-de-administracao\" target=\"_blank\" rel=\"noopener noreferrer\">Revista Eletr\u00f4nica de Administra\u00e7\u00e3o \u2013 READ<\/a><\/li>\n<li><a href=\"http:\/\/www.bancohoje.com.br\/\" target=\"_blank\" rel=\"noopener noreferrer\">Revista Eletr\u00f4nica dos Executivos Financeiros<\/a><\/li>\n<li><a href=\"https:\/\/periodicos.ufjf.br\/index.php\/producaoeengenharia\/issue\/view\/1559\" target=\"_blank\" rel=\"noopener noreferrer\">Revista Eletr\u00f4nica Produ\u00e7\u00e3o e Engenharia<\/a><\/li>\n<li><a href=\"http:\/\/www.spell.org.br\/periodicos\/ver\/22\/revista-gestao---planejamento\" target=\"_blank\" rel=\"noopener noreferrer\">Revista Gest\u00e3o &amp; Planejamento (Salvador)<\/a><\/li>\n<li><a href=\"https:\/\/www.gestaoesociedade.org\/gestaoesociedade\/index\" target=\"_blank\" rel=\"noopener noreferrer\">Revista Gest\u00e3o &amp; Sociedade<\/a><\/li>\n<li><a href=\"https:\/\/www.gestaoeproducao.com\/\" target=\"_blank\" rel=\"noopener noreferrer\">Revista Gest\u00e3o da Produ\u00e7\u00e3o UFScar<\/a><\/li>\n<li><a href=\"https:\/\/revista.feb.unesp.br\/index.php\/gepros\" target=\"_blank\" rel=\"noopener noreferrer\">Revista Gest\u00e3o da Produ\u00e7\u00e3o, Opera\u00e7\u00f5es e Sistemas \u2013 GEPROS<\/a><\/li>\n<li><a href=\"https:\/\/periodicos.utfpr.edu.br\/revistagi\" target=\"_blank\" rel=\"noopener noreferrer\">Revista Gest\u00e3o Industrial<\/a><\/li>\n<li><a href=\"https:\/\/www.inderscience.com\/jhome.php?jcode=ijlsm\" target=\"_blank\" rel=\"noopener noreferrer\">Revista Internacional de Sistemas e Gest\u00e3o Log\u00edstica<\/a><\/li>\n<li><a href=\"https:\/\/sebrae.com.br\/sites\/PortalSebrae\" target=\"_blank\" rel=\"noopener noreferrer\">Revista Log\u00edstica &#8211; Sebrae<\/a><\/li>\n<li><a href=\"https:\/\/www.scielo.br\/j\/pope\/i\/2022.v42\/\" target=\"_blank\" rel=\"noopener noreferrer\">Revista Pesquisa Operacional<\/a><\/li>\n<li><a href=\"https:\/\/www.scielo.br\/j\/prod\/\" target=\"_blank\" rel=\"noopener noreferrer\">Revista Produ\u00e7\u00e3o <\/a><\/li>\n<li><a href=\"https:\/\/seer.ufrgs.br\/ProdutoProducao\" target=\"_blank\" rel=\"noopener noreferrer\">Revista Produto &amp; Produ\u00e7\u00e3o<\/a><\/li>\n<li><a href=\"http:\/\/www.tecnologistica.com.br\/\">Tecno log\u00edstica &#8211; O portal da log\u00edstica<\/a><\/li>\n<\/ul>\n<hr \/>\n<p><strong>Gest\u00e3o em Recursos Humanos<\/strong><\/p>\n<ul>\n<li><a href=\"http:\/\/www.rhonline.pt\/\" target=\"_blank\" rel=\"noopener noreferrer\">Revista RH Online<\/a><\/li>\n<li><a href=\"http:\/\/www.rhportal.com.br\/revistarh.php\" target=\"_blank\" rel=\"noopener noreferrer\">Revista RH Portal<\/a><\/li>\n<li><a href=\"http:\/\/www.rrhhmagazine.com\/\" target=\"_blank\" rel=\"noopener noreferrer\">Revista RRHH<\/a><\/li>\n<li><a href=\"http:\/\/revistavocerh.abril.com.br\/\" target=\"_blank\" rel=\"noopener noreferrer\">Revista Voc\u00ea RH<\/a><\/li>\n<li><a href=\"http:\/\/revistaseletronicas.pucrs.br\/teo\/ojs\/index.php\/face\/index\" target=\"_blank\" rel=\"noopener noreferrer\">Revistas An\u00e1lise \u2013\u00a0 Administra\u00e7\u00e3o da PUCRS<\/a><\/li>\n<li><a href=\"http:\/\/www.ipea.gov.br\/portal\/index.php?option=com_content&amp;view=article&amp;id=29977&amp;Itemid=9\" target=\"_blank\" rel=\"noopener noreferrer\">Revista Boletim Mercado de Trabalho &#8211; Conjuntura e An\u00e1lise<\/a><\/li>\n<li><a href=\"http:\/\/revistas.unifacs.br\/index.php\/rgb\/index\" target=\"_blank\" rel=\"noopener noreferrer\">Revista Gest\u00e3o &amp; Idealizar<\/a><\/li>\n<li><a href=\"http:\/\/seer4.fapa.com.br\/index.php\/arquivo\" target=\"_blank\" rel=\"noopener noreferrer\">Revista Gest\u00e3o Contempor\u00e2nea<\/a><\/li>\n<li><a href=\"http:\/\/www.gestaoerh.com.br\/pt_br\/publicacoes\" target=\"_blank\" rel=\"noopener noreferrer\">Revista Gest\u00e3o RH<\/a><\/li>\n<li><a href=\"http:\/\/www.revistamelhor.com.br\/\" target=\"_blank\" rel=\"noopener noreferrer\">Revista Gest\u00e3o de Pessoas<\/a><\/li>\n<li><a href=\"https:\/\/www.revistaperspectivas.org\/\" target=\"_blank\" rel=\"noopener noreferrer\">Revista Perspectivas em An\u00e1lise do Comportamento<\/a><\/li>\n<li><a href=\"http:\/\/periodicos.ufpb.br\/ojs2\/index.php\/pgc\/index\" target=\"_blank\" rel=\"noopener noreferrer\">Revista Perspectivas em Gest\u00e3o &amp; Conhecimento<\/a><\/li>\n<li><a href=\"https:\/\/www.revistas.usp.br\/rege\" target=\"_blank\" rel=\"noopener noreferrer\">Revista de Gest\u00e3o &#8211; REGE<\/a><\/li>\n<li><a href=\"http:\/\/www.periodicos.ufpa.br\/index.php\/rebac\" target=\"_blank\" rel=\"noopener noreferrer\">Revista Brasileira de An\u00e1lise do Comportamento \u2013 ReBAC<\/a><\/li>\n<li><a href=\"http:\/\/www2.pucpr.br\/reol\/pb\/index.php\/rebrae\" target=\"_blank\" rel=\"noopener noreferrer\">Revista Brasileira de Estrat\u00e9gia \u2013 REBRAE<\/a><\/li>\n<li><a href=\"http:\/\/www.scielo.gpeari.mctes.pt\/scielo.php?script=sci_serial&amp;pid=0872-9662&amp;lng=es\" target=\"_blank\" rel=\"noopener noreferrer\">Revista Comportamento Organizacional e Gest\u00e3o<\/a><\/li>\n<li><a href=\"https:\/\/cgg-amg.unb.br\/index.php\/contabil\/index\" target=\"_blank\" rel=\"noopener noreferrer\">Revista Contabilidade, Gest\u00e3o e Governan\u00e7a<\/a><\/li>\n<li><a href=\"http:\/\/www.rausp.usp.br\/\" target=\"_blank\" rel=\"noopener noreferrer\">Revista de Administra\u00e7\u00e3o \u2013 RAUSP<\/a><\/li>\n<li><a href=\"http:\/\/www.scielo.br\/scielo.php?script=sci_serial&amp;pid=1415-6555&amp;lng=pt&amp;nrm=iso\" target=\"_blank\" rel=\"noopener noreferrer\">Revista de Administra\u00e7\u00e3o Contempor\u00e2nea<\/a><\/li>\n<li><a href=\"http:\/\/rae.fgv.br\/rae\" target=\"_blank\" rel=\"noopener noreferrer\">Revista de Administra\u00e7\u00e3o de Empresas \u2013 RAE<\/a><\/li>\n<li><a href=\"https:\/\/www.revistas.usp.br\/rai\" target=\"_blank\" rel=\"noopener noreferrer\">Revista de Administra\u00e7\u00e3o e Inova\u00e7\u00e3o \u2013 RAI<\/a><\/li>\n<li><a href=\"http:\/\/www.fumec.br\/revistas\/index.php\/facesp\" target=\"_blank\" rel=\"noopener noreferrer\">Revista de Administra\u00e7\u00e3o FACES Journal<\/a><\/li>\n<li><a href=\"http:\/\/www.scielo.br\/scielo.php?script=sci_serial&amp;pid=1415-9848&amp;lng=pt&amp;nrm=iso\" target=\"_blank\" rel=\"noopener noreferrer\">Revista de Economia Contempor\u00e2nea<\/a><\/li>\n<li><a href=\"http:\/\/periodicos.pucminas.br\/index.php\/economiaegestao\/index\" target=\"_blank\" rel=\"noopener noreferrer\">Revista Economia e Gest\u00e3o E &amp; G<\/a><\/li>\n<li><a href=\"http:\/\/seer.ufrgs.br\/read\" target=\"_blank\" rel=\"noopener noreferrer\">Revista Eletr\u00f4nica de Administra\u00e7\u00e3o \u2013 REAd<\/a><\/li>\n<li><a href=\"https:\/\/periodicos.ufpe.br\/revistas\/gestaoorg\/index\" target=\"_blank\" rel=\"noopener noreferrer\">Revista Eletr\u00f4nica de Gest\u00e3o Organizacional \u2013 Gest\u00e3o.Org<\/a><\/li>\n<li><a href=\"http:\/\/bell.unochapeco.edu.br\/revistas\/index.php\/rgo\/index\" target=\"_blank\" rel=\"noopener noreferrer\">Revista Gest\u00e3o Organizacional<\/a><\/li>\n<li><a href=\"http:\/\/hbrbr.uol.com.br\/\" target=\"_blank\" rel=\"noopener noreferrer\">Revista Harvard Business Review Brasil<\/a><\/li>\n<li><a href=\"http:\/\/www.revistaoes.ufba.br\/\" target=\"_blank\" rel=\"noopener noreferrer\">Revista Organiza\u00e7\u00f5es &amp; Sociedade<\/a><\/li>\n<li><a href=\"https:\/\/periodicos.ufsc.br\/index.php\/rpot\" target=\"_blank\" rel=\"noopener noreferrer\">Revista Psicologia: Organiza\u00e7\u00f5es e Trabalho<\/a><\/li>\n<li><a href=\"http:\/\/www.abrhrj.org.br\/user_tags\/rh-news#\" target=\"_blank\" rel=\"noopener noreferrer\">Revista RH News<\/a><\/li>\n<li><a href=\"http:\/\/www.atena.org.br\/revista\/ojs-2.2.3-06\/index.php\/ufrj\" target=\"_blank\" rel=\"noopener noreferrer\">Revista Sociedade, Contabilidade e Gest\u00e3o<\/a><\/li>\n<\/ul>\n<hr \/>\n<p><strong>Internacionais<\/strong><\/p>\n<ul>\n<li><a href=\"http:\/\/www.matematicalia.net\/\" target=\"_blank\" rel=\"noopener noreferrer\">Matematic\u00e1lia &#8211; Revista Digital de Divulgaci\u00f3n Matem\u00e1tica<\/a><\/li>\n<li><a href=\"http:\/\/www.sinewton.org\/numeros\/\" target=\"_blank\" rel=\"noopener noreferrer\">N\u00fameros &#8211; Revista de Did\u00e1ctica de las Matem\u00e1ticas<\/a><\/li>\n<li><a href=\"http:\/\/www.pna.es\/\" target=\"_blank\" rel=\"noopener noreferrer\">PNA &#8211; Revista de Investigaci\u00f3n en Did\u00e1ctica de la Matem\u00e1tica<\/a><\/li>\n<li><a href=\"http:\/\/revistasuma.es\/\" target=\"_blank\" rel=\"noopener noreferrer\">SUMA &#8211; Revista de Aprendizaje e la ense\u00f1anza de las matem\u00e1ticas<\/a><\/li>\n<\/ul>\n<hr \/>\n<p><strong>Marketing<\/strong><\/p>\n<ul>\n<li><a href=\"https:\/\/rbgn.fecap.br\/RBGN\" target=\"_blank\" rel=\"noopener noreferrer\">Revista Brasileira de Gest\u00e3o &#8211; RBGN<\/a><\/li>\n<li><a href=\"https:\/\/periodicos.uninove.br\/remark\" target=\"_blank\" rel=\"noopener noreferrer\">Revista Brasileira de Marketing &#8211; ReMark \u2013<\/a><\/li>\n<li><a href=\"https:\/\/revistapmkt.com.br\/pt_br\/\" target=\"_blank\" rel=\"noopener noreferrer\">Revista Brasileira de Pesquisas de Marketing, Opini\u00e3o e M\u00eddia \u2013 PMKT<\/a><\/li>\n<li><a href=\"https:\/\/seer.uscs.edu.br\/index.php\/revista_comunicacao_inovacao\/issue\/view\/329\" target=\"_blank\" rel=\"noopener noreferrer\">Revista Comunica\u00e7\u00e3o &amp; Inova\u00e7\u00e3o <\/a><\/li>\n<li><a href=\"http:\/\/revistacmc.espm.br\/index.php\/revistacmc\/index\" target=\"_blank\" rel=\"noopener noreferrer\">Revista Comunica\u00e7\u00e3o, M\u00eddia e Consumo \u2013 ESPM<\/a><\/li>\n<li><a href=\"http:\/\/digitalmarketingmagazine.co.uk\/articles\" target=\"_blank\" rel=\"noopener noreferrer\">Revista Digital Marketing Magazine<\/a><\/li>\n<li><a href=\"https:\/\/digitalks.com.br\/revista\/\" target=\"_blank\" rel=\"noopener noreferrer\">Revista Digitalks<\/a><\/li>\n<li><a href=\"https:\/\/www.esic.edu\/editorial\" target=\"_blank\" rel=\"noopener noreferrer\">Revista Espa\u00f1ola de Investigacion de Marketing \u2013 ESIC<\/a><\/li>\n<li><a href=\"https:\/\/periodicos.uem.br\/ojs\/index.php\/rimar\" target=\"_blank\" rel=\"noopener noreferrer\">Revista Interdisciplinar de Marketing &#8211; RIMAR<\/a><\/li>\n<li><a href=\"http:\/\/revista.fumec.br\/index.php\/mediacao\/issue\/view\/444\" target=\"_blank\" rel=\"noopener noreferrer\">Revista Media\u00e7\u00e3o<\/a><\/li>\n<li><a href=\"https:\/\/www.revistas.usp.br\/Rumores\" target=\"_blank\" rel=\"noopener noreferrer\">Revista Online de Comunica\u00e7\u00e3o, Linguagem e M\u00eddia Publicada \u2013 RUMORES<\/a><\/li>\n<li><a href=\"https:\/\/ojs.letras.up.pt\/index.php\/prismacom\" target=\"_blank\" rel=\"noopener noreferrer\">Revista Prisma.com<\/a><\/li>\n<li><a href=\"https:\/\/www.revistas.usp.br\/signosdoconsumo\" target=\"_blank\" rel=\"noopener noreferrer\">Revista Signos do Consumo <\/a><\/li>\n<li><a href=\"https:\/\/strategyonline.ca\/issue\/\" target=\"_blank\" rel=\"noopener noreferrer\">Revista Strategy<\/a><\/li>\n<li><a href=\"http:\/\/marketing-bulletin.massey.ac.nz\/\" target=\"_blank\" rel=\"noopener noreferrer\">Revista The Marketing Bulletin<\/a><\/li>\n<\/ul>\n<hr \/>\n<p><strong>Matem\u00e1tica<\/strong><\/p>\n<ul>\n<li><a href=\"http:\/\/revistas.pucsp.br\/index.php\/emp\">Educa\u00e7\u00e3o Matem\u00e1tica Pesquisa ISSN 1983-3156<\/a><\/li>\n<li><a href=\"https:\/\/periodicos.ufpe.br\/revistas\/index.php\/emteia\" target=\"_blank\" rel=\"noopener noreferrer\">EM TEIA &#8211; Revista de Educa\u00e7\u00e3o Matem\u00e1tica e Tecnol\u00f3gica Ibero-americana<\/a><\/li>\n<li><a href=\"http:\/\/www.pucsp.br\/pos\/edmat\/revista.html\" target=\"_blank\" rel=\"noopener noreferrer\">PUC-SP &#8211; Revista Educa\u00e7\u00e3o Matem\u00e1tica Pesquisa<\/a><\/li>\n<li><a href=\"http:\/\/www.rbhm.org.br\/\" target=\"_blank\" rel=\"noopener noreferrer\">RBHM: Revista Brasileira de Hist\u00f3ria da Matem\u00e1tica<\/a><\/li>\n<li><a href=\"http:\/\/www.periodicos.ufsc.br\/index.php\/revemat\" target=\"_blank\" rel=\"noopener noreferrer\">Revemat: revista eletr\u00f4nica de educa\u00e7\u00e3o matem\u00e1tica<\/a><\/li>\n<li><a href=\"https:\/\/revistas.ucr.ac.cr\/index.php\/matematica\" target=\"_blank\" rel=\"noopener noreferrer\">Revista de Matem\u00e1tica: Teoria y Aplicaciones<\/a><\/li>\n<li><a href=\"http:\/\/revistas.pucsp.br\/index.php\/pdemat\" target=\"_blank\" rel=\"noopener noreferrer\">Revista de Produ\u00e7\u00e3o Discente em Educa\u00e7\u00e3o Matem\u00e1tica<\/a><\/li>\n<li><a href=\"https:\/\/revistas.pucsp.br\/IGISP\" target=\"_blank\" rel=\"noopener noreferrer\">Revista do Instituto GeoGebra Internacional de S\u00e3o Paulo<\/a><\/li>\n<li><a href=\"http:\/\/www.rpm.org.br\/\">Revista do Professor de Matem\u00e1tica<\/a><\/li>\n<li><a href=\"https:\/\/revistas.pucsp.br\/emp\" target=\"_blank\" rel=\"noopener noreferrer\">Revista Educa\u00e7\u00e3o Matem\u00e1tica Pesquisa &#8211; PUC-SP<\/a><\/li>\n<li><a href=\"http:\/\/www.fecilcam.br\/rpem\" target=\"_blank\" rel=\"noopener noreferrer\">REVISTA PARANAENSE DE EDUCA\u00c7\u00c3O Matem\u00e1tica<\/a><\/li>\n<li><a href=\"http:\/\/www.fe.unicamp.br\/zetetike\/\" target=\"_blank\" rel=\"noopener noreferrer\">Zetetike &#8211; UNICAMP<\/a><\/li>\n<li><a href=\"http:\/\/www.scielo.br\/scielo.php?script=sci_serial&amp;pid=1516-7313&amp;lng=pt&amp;nrm=iso\">http:\/\/www.scielo.br\/scielo.php?script=sci_serial&amp;pid=1516-7313&amp;lng=pt&amp;nrm=iso<\/a><\/li>\n<\/ul>\n<hr \/>\n<p><strong>Nutri\u00e7\u00e3o<\/strong><\/p>\n<ul>\n<li><a href=\"https:\/\/www.scielo.br\/j\/abem\/\" target=\"_blank\" rel=\"noopener noreferrer\">Arquivos Brasileiros de Endocrinologia &amp; Metabologia &#8211; Sociedade Brasileira de Endocrinologia e Metabologia<\/a><\/li>\n<li><a href=\"https:\/\/rbc.inca.gov.br\/index.php\/revista\/issue\/archive\" target=\"_blank\" rel=\"noopener noreferrer\">Revista Brasileira de Cancerologia<\/a><\/li>\n<li><a href=\"https:\/\/www.scielo.br\/j\/rbepid\/\" target=\"_blank\" rel=\"noopener noreferrer\">Revista Brasileira de Epidemiologia<\/a><\/li>\n<li><a href=\"https:\/\/www.sbnpe.org.br\/revista-brasileira-nutricao-clinica\" target=\"_blank\" rel=\"noopener noreferrer\">Revista Brasileira de Nutri\u00e7\u00e3o Cl\u00ednica<\/a><\/li>\n<li><a href=\"https:\/\/www.rbne.com.br\/index.php\/rbne\" target=\"_blank\" rel=\"noopener noreferrer\">Revista Brasileira de Nutri\u00e7\u00e3o Esportiva<\/a><\/li>\n<li><a href=\"https:\/\/www.rbone.com.br\/index.php\/rbone\/issue\/view\/120\" target=\"_blank\" rel=\"noopener noreferrer\">Revista Brasileira de Obesidade, Nutri\u00e7\u00e3o e Emagrecimento<\/a><\/li>\n<li><a href=\"https:\/\/www.scielo.br\/j\/rbsmi\/\" target=\"_blank\" rel=\"noopener noreferrer\">Revista Brasileira de Sa\u00fade Materno Infantil <\/a><\/li>\n<li><a href=\"https:\/\/scielo.conicyt.cl\/scielo.php?script=sci_serial&amp;pid=0717-7518&amp;lng=es&amp;nrm=iso\" target=\"_blank\" rel=\"noopener noreferrer\">Revista Chilena de Nutrici\u00f3n<\/a><\/li>\n<li><a href=\"https:\/\/www.scielo.br\/j\/rn\/\" target=\"_blank\" rel=\"noopener noreferrer\">Revista de Nutri\u00e7\u00e3o &#8211; Brazilian Journal of Nutrition <\/a><\/li>\n<li><a href=\"https:\/\/revistas.uece.br\/index.php\/nutrivisa\" target=\"_blank\" rel=\"noopener noreferrer\">Revista de Nutri\u00e7\u00e3o e Vigil\u00e2ncia em Sa\u00fade<\/a><\/li>\n<li><a href=\"https:\/\/rsp.fsp.usp.br\/\" target=\"_blank\" rel=\"noopener noreferrer\">Revista de Sa\u00fade P\u00fablica<\/a><\/li>\n<li><a href=\"https:\/\/periodicos.sbu.unicamp.br\/ojs\/index.php\/san\/index\" target=\"_blank\" rel=\"noopener noreferrer\">Revista Seguran\u00e7a Alimentar e Nutricional &#8211; NEPA<\/a><\/li>\n<\/ul>\n<hr \/>\n<p><strong>Pedagogia<\/strong><\/p>\n<ul>\n<li><a href=\"http:\/\/www.scielo.br\/scielo.php?pid=0101-3262&amp;script=sci_serial\" target=\"_blank\" rel=\"noopener noreferrer\">Cadernos CEDES &#8211; Home Page<\/a><\/li>\n<li><a href=\"http:\/\/www.scielo.br\/scielo.php?script=sci_serial&amp;pid=0100-1574&amp;nrm=iso&amp;rep=&amp;lng=pt\" target=\"_blank\" rel=\"noopener noreferrer\">Cadernos de Pesquisa &#8211; Home Page<\/a><\/li>\n<li><a href=\"http:\/\/www.fae.ufmg.br\/revista\/\" target=\"_blank\" rel=\"noopener noreferrer\">Educa\u00e7\u00e3o em Revista &#8211; FaE\/UFMG<\/a><\/li>\n<li><a href=\"http:\/\/www.crmariocovas.sp.gov.br\/inf_l.php?t=001\" target=\"_blank\" rel=\"noopener noreferrer\">Educa\u00e7\u00e3o Infantil<\/a><\/li>\n<li><a href=\"http:\/\/www.revistapsicopedagogia.com.br\/\" target=\"_blank\" rel=\"noopener noreferrer\">Psicopedagogia<\/a><\/li>\n<li><a href=\"http:\/\/www.scielo.br\/scielo.php?pid=1413-6538&amp;script=sci_serial\" target=\"_blank\" rel=\"noopener noreferrer\">Revista Brasileira de Educa\u00e7\u00e3o Especial &#8211; Home Page<\/a><\/li>\n<li><a href=\"http:\/\/www.scielo.br\/scielo.php?script=sci_serial&amp;pid=0102-2555\" target=\"_blank\" rel=\"noopener noreferrer\">Revista da Faculdade de Educa\u00e7\u00e3o &#8211; Home Page\u00a0 &#8211;\u00a0 USP<\/a><\/li>\n<li><a href=\"http:\/\/www.rpm.org.br\/\" target=\"_blank\" rel=\"noopener noreferrer\">Revista do Professor de Matem\u00e1tica<\/a><\/li>\n<li><a href=\"http:\/\/www.reveduc.ufscar.br\/\" target=\"_blank\" rel=\"noopener noreferrer\">Revista Eletr\u00f4nica de Educa\u00e7\u00e3o \u2013 UFSCAR<\/a><\/li>\n<li><a href=\"http:\/\/www.revistapatio.com.br\/\" target=\"_blank\" rel=\"noopener noreferrer\">Revista P\u00e1tio Online<\/a><\/li>\n<li><a href=\"http:\/\/www.profissaomestre.com.br\/\" target=\"_blank\" rel=\"noopener noreferrer\">Revista Profiss\u00e3o Mestre<\/a><\/li>\n<li><a href=\"http:\/\/www.sbhe.org.br\/\" target=\"_blank\" rel=\"noopener noreferrer\">Sociedade Brasileira de Hist\u00f3ria da Educa\u00e7\u00e3o<\/a><\/li>\n<li><a href=\"https:\/\/www.revistas.usp.br\/comueduc\/index\" target=\"_blank\" rel=\"noopener noreferrer\">Revista Comunica\u00e7\u00e3o &amp; Educa\u00e7\u00e3o<\/a><\/li>\n<li><a href=\"https:\/\/periodicos.unifesp.br\/index.php\/exilium\" target=\"_blank\" rel=\"noopener noreferrer\">Revista de Estudos da Contemporaneidade &#8211; Exilium<\/a><\/li>\n<li><a href=\"http:\/\/www.educacaoepesquisa.fe.usp.br\/\" target=\"_blank\" rel=\"noopener noreferrer\">Revista Educa\u00e7\u00e3o e Pesquisa<\/a><\/li>\n<li><a href=\"https:\/\/www.metodista.br\/revistas\/revistas-ims\/index.php\/EL\/index\" target=\"_blank\" rel=\"noopener noreferrer\">Revista Educa\u00e7\u00e3o e Linguagem<\/a><\/li>\n<li><a href=\"https:\/\/seer.ufrgs.br\/educacaoerealidade\" target=\"_blank\" rel=\"noopener noreferrer\">Revista Educa\u00e7\u00e3o e Realidade<\/a><\/li>\n<li><a href=\"https:\/\/bibliotecadigital.fgv.br\/ojs\/index.php\/reh\" target=\"_blank\" rel=\"noopener noreferrer\">Revista Estudos Hist\u00f3ricos \u2013 FGV<\/a><\/li>\n<li><a href=\"https:\/\/www.scielo.br\/j\/ld\/\" target=\"_blank\" rel=\"noopener noreferrer\">Revista Linguagem em Discurso<\/a><\/li>\n<li><a href=\"https:\/\/periodicos.unifesp.br\/index.php\/olhares\" target=\"_blank\" rel=\"noopener noreferrer\">Revista Olhares &#8211; Unifesp<\/a><\/li>\n<li><a href=\"https:\/\/periodicos.unifesp.br\/index.php\/pensata\" target=\"_blank\" rel=\"noopener noreferrer\">Revista Pensata<\/a><\/li>\n<li><a href=\"https:\/\/periodicos.unifesp.br\/index.php\/prometeica\/issue\/view\/763\" target=\"_blank\" rel=\"noopener noreferrer\">Revista Prometeica \u2013 Filosofia y Ci\u00eancias<\/a><\/li>\n<li><a href=\"https:\/\/www.scielo.br\/j\/pee\/\" target=\"_blank\" rel=\"noopener noreferrer\">Revista Psicologia Escolar Educacional<\/a><\/li>\n<li><a href=\"https:\/\/www.e-publicacoes.uerj.br\/index.php\/revistateias\" target=\"_blank\" rel=\"noopener noreferrer\">Revista Teias<\/a><\/li>\n<\/ul>\n<hr \/>\n<p><strong>Processos Gerenciais<\/strong><br \/>\n<strong>\u00a0 Revistas Nacionais<\/strong><\/p>\n<ul>\n<li><a href=\"https:\/\/governet.com.br\/magazine-editions\" target=\"_blank\" rel=\"noopener noreferrer\">Boletim Governet de Recursos Humanos<\/a><\/li>\n<li><a href=\"https:\/\/www.scielo.br\/j\/bar\/grid\" target=\"_blank\" rel=\"noopener noreferrer\">Brazilian Administration Review &#8211; BAR<\/a><\/li>\n<li><a href=\"http:\/\/www.revistas.usp.br\/cpst\" target=\"_blank\" rel=\"noopener noreferrer\">Cadernos de Psicologia Social do Trabalho (USP)<\/a><\/li>\n<li><a href=\"https:\/\/revistas.face.ufmg.br\/index.php\/contabilidadevistaerevista\" target=\"_blank\" rel=\"noopener noreferrer\">Contabilidade Vista &amp; Revista<\/a><\/li>\n<li><a href=\"http:\/\/www.spell.org.br\/periodicos\/ver\/78\/contabilidade--gestao-e-governanca\" target=\"_blank\" rel=\"noopener noreferrer\">Contabilidade, Gest\u00e3o e Governan\u00e7a<\/a><\/li>\n<li><a href=\"http:\/\/www.fumec.br\/revistas\/index.php\/facesp\" target=\"_blank\" rel=\"noopener noreferrer\">Faces: Revista de Administra\u00e7\u00e3o<\/a><\/li>\n<li><a href=\"http:\/\/www.spell.org.br\/periodicos\/ver\/22\/revista-gestao---planejamento\" target=\"_blank\" rel=\"noopener noreferrer\">Gest\u00e3o &amp; Planejamento (Salvador)<\/a><\/li>\n<li><a href=\"http:\/\/www.reacfat.com.br\/index.php\/reac\" target=\"_blank\" rel=\"noopener noreferrer\">Revista Administra\u00e7\u00e3o e Contabilidade da FAT &#8211; ReAC<\/a><\/li>\n<li><a href=\"http:\/\/rbc.cfc.org.br\/index.php\/rbc\/issue\/archive\" target=\"_blank\" rel=\"noopener noreferrer\">Revista Brasileira de Contabilidade<\/a><\/li>\n<li><a href=\"https:\/\/periodicos.uninove.br\/index.php?journal=remark\" target=\"_blank\" rel=\"noopener noreferrer\">Revista Brasileira de Marketing<\/a><\/li>\n<li><a href=\"https:\/\/sustenere.co\/index.php\/rbadm\/about\" target=\"_blank\" rel=\"noopener noreferrer\">Revista Brasileiras de Administra\u00e7\u00e3o Cient\u00edfica<\/a><\/li>\n<li><a href=\"https:\/\/www.scielo.br\/j\/rcf\/grid\" target=\"_blank\" rel=\"noopener noreferrer\">Revista Contabilidade &amp; Finan\u00e7as<\/a><\/li>\n<li><a href=\"https:\/\/revistas.ufpr.br\/rcc\/issue\/archive\" target=\"_blank\" rel=\"noopener noreferrer\">Revista Contabilidade e Controladoria<\/a><\/li>\n<li><a href=\"https:\/\/periodicos.ufsc.br\/index.php\/contabilidade\/issue\/archive\" target=\"_blank\" rel=\"noopener noreferrer\">Revista Contempor\u00e2nea de Contabilidade<\/a><\/li>\n<li><a href=\"http:\/\/www.anpec.org.br\/revista\/index.htm\" target=\"_blank\" rel=\"noopener noreferrer\">Revista da ANPEC<\/a><\/li>\n<li><a href=\"https:\/\/www.scielo.br\/j\/rac\/i\/2014.v18n4\/\" target=\"_blank\" rel=\"noopener noreferrer\">Revista de Administra\u00e7\u00e3o Contempor\u00e2nea &#8211; RAC<\/a><\/li>\n<li><a href=\"https:\/\/rac.anpad.org.br\/index.php\/rac\" target=\"_blank\" rel=\"noopener noreferrer\">Revista de Administra\u00e7\u00e3o Contempor\u00e2nea &#8211; Anpad<\/a><\/li>\n<li><a href=\"http:\/\/www.rausp.usp.br\/\" target=\"_blank\" rel=\"noopener noreferrer\">Revista de Administra\u00e7\u00e3o da Universidade de S\u00e3o Paulo &#8211; RAUSP<\/a><\/li>\n<li><a href=\"http:\/\/www.rae.com.br\/eletronica\/index.cfm\" target=\"_blank\" rel=\"noopener noreferrer\">Revita de Administra\u00e7\u00e3o de Empresas &#8211; RAE<\/a><\/li>\n<li><a href=\"https:\/\/www.scielo.br\/j\/ram\/grid\" target=\"_blank\" rel=\"noopener noreferrer\">Revista de Administra\u00e7\u00e3o Mackenzie &#8211; RAM<\/a><\/li>\n<li><a href=\"https:\/\/www.scielo.br\/j\/rap\/i\/2014.v48n4\/\" target=\"_blank\" rel=\"noopener noreferrer\">Revista de Administra\u00e7\u00e3o P\u00fablica &#8211; RAP<\/a><\/li>\n<li><a href=\"https:\/\/periodicoscientificos.ufmt.br\/ojs\/index.php\/rcic\/issue\/archive\" target=\"_blank\" rel=\"noopener noreferrer\">Revista de Ci\u00eancias Cont\u00e1beis &#8211; RCIC <\/a><\/li>\n<li><a href=\"https:\/\/www.e-publicacoes.uerj.br\/index.php\/rcmccuerj\/issue\/archive\" target=\"_blank\" rel=\"noopener noreferrer\">Revista de Contabilidade do Mestrado de Ci\u00eancias Cont\u00e1beis da UERJ<\/a><\/li>\n<li><a href=\"https:\/\/www.repec.org.br\/repec\/issue\/archive\" target=\"_blank\" rel=\"noopener noreferrer\">Revista de Educa\u00e7\u00e3o e Pesquisa em Contabilidade<\/a><\/li>\n<li><a href=\"http:\/\/www.uel.br\/revistas\/uel\/index.php\/rec\/issue\/archive\" target=\"_blank\" rel=\"noopener noreferrer\">Revista de Estudos Cont\u00e1beis<\/a><\/li>\n<li><a href=\"http:\/\/www.tecsi.fea.usp.br\/revistatecsi\" target=\"_blank\" rel=\"noopener noreferrer\">Revista de Gest\u00e3o da Tecnologia e Sistemas de Informa\u00e7\u00e3o<\/a><\/li>\n<li><a href=\"http:\/\/regeusp.com.br\/\" target=\"_blank\" rel=\"noopener noreferrer\">Revista de gest\u00e3o da USP \u2013 REGE<\/a><\/li>\n<li><a href=\"https:\/\/ebape.fgv.br\/publicacoes\/rgplp\" target=\"_blank\" rel=\"noopener noreferrer\">Revista de Gest\u00e3o dos Pa\u00edses de L\u00edngua Portuguesa \u2013 RGPLP<\/a><\/li>\n<li><a href=\"https:\/\/www.scielo.br\/j\/read\/grid\" target=\"_blank\" rel=\"noopener noreferrer\">Revista Eletr\u00f4nica de Administra\u00e7\u00e3o &#8211; READ<\/a><\/li>\n<li><a href=\"https:\/\/seer.faccat.br\/index.php\/contabeis\/issue\/archive\" target=\"_blank\" rel=\"noopener noreferrer\">Revista Eletr\u00f4nica de Ci\u00eancias Cont\u00e1beis<\/a><\/li>\n<li><a href=\"http:\/\/www.gestaoorg.dca.ufpe.br\/interna.htm\" target=\"_blank\" rel=\"noopener noreferrer\">Revista Eletr\u00f4nica de Gest\u00e3o Organizacional<\/a><\/li>\n<li><a href=\"http:\/\/www.fmepro.org\/ojs\/index.php\/rpe\" target=\"_blank\" rel=\"noopener noreferrer\">Revista Eletr\u00f4nica Produ\u00e7\u00e3o e Engenharia<\/a><\/li>\n<li><a href=\"https:\/\/seer.uscs.edu.br\/index.php\/revista_gestao\/user\/register\" target=\"_blank\" rel=\"noopener noreferrer\">Revista Gest\u00e3o &amp; Regionalidade<\/a><\/li>\n<li><a href=\"https:\/\/www.gestaoesociedade.org\/gestaoesociedade\" target=\"_blank\" rel=\"noopener noreferrer\">Revista Gest\u00e3o &amp; Sociedade<\/a><\/li>\n<li><a href=\"https:\/\/revista.feb.unesp.br\/index.php\/gepros\/issue\/archive\" target=\"_blank\" rel=\"noopener noreferrer\">Revista Gest\u00e3o da Produ\u00e7\u00e3o, Opera\u00e7\u00f5es e Sistemas \u2013 GEPROS<\/a><\/li>\n<li><a href=\"https:\/\/periodicos.utfpr.edu.br\/revistagi\/issue\/archive\" target=\"_blank\" rel=\"noopener noreferrer\">Revista Gest\u00e3o Industrial<\/a><\/li>\n<li><a href=\"https:\/\/seer.ufrgs.br\/index.php\/ProdutoProducao\/issue\/archive\" target=\"_blank\" rel=\"noopener noreferrer\">Revista Produto &amp; Produ\u00e7\u00e3o<\/a><\/li>\n<li><a href=\"https:\/\/www.producaoemfoco.org\/producaoemfoco\/\" target=\"_blank\" rel=\"noopener noreferrer\">Revista Produ\u00e7\u00e3o em foco<\/a><\/li>\n<li><a href=\"https:\/\/proxy.furb.br\/ojs\/index.php\/universocontabil\/issue\/archive\" target=\"_blank\" rel=\"noopener noreferrer\">Revista Universo Cont\u00e1bil<\/a><\/li>\n<\/ul>\n<p><strong>Processos Gerenciais<\/strong><br \/>\n<strong>\u00a0 Revistas Internacionais<\/strong><\/p>\n<ul>\n<li><a href=\"http:\/\/www.vancouver.wsu.edu\/acr\/home.htm\" target=\"_blank\" rel=\"noopener noreferrer\">Advances in Consumer Research<\/a><\/li>\n<li><a href=\"http:\/\/www.agsm.unsw.edu.au\/~eajm\/\" target=\"_blank\" rel=\"noopener noreferrer\">Australian Journal of Management<\/a><\/li>\n<li><a href=\"http:\/\/aux.zicklin.baruch.cuny.edu\/jbbm\/\" target=\"_blank\" rel=\"noopener noreferrer\">Journal of Business to Business Marketing<\/a><\/li>\n<li><a href=\"http:\/\/www.ascusc.org\/jcmc\" target=\"_blank\" rel=\"noopener noreferrer\">Journal of Computer-Mediated Communication<\/a><\/li>\n<li><a href=\"http:\/\/msc.city.unisa.edu.au\/msc\/jems_intro.html\" target=\"_blank\" rel=\"noopener noreferrer\">Journal of Empirical Generalizations in Marketing Science<\/a><\/li>\n<li><a href=\"http:\/\/www.jiad.org\/\" target=\"_blank\" rel=\"noopener noreferrer\">Journal of Interactive Advertising<\/a><\/li>\n<li><a href=\"http:\/\/marketing-bulletin.massey.ac.nz\/\" target=\"_blank\" rel=\"noopener noreferrer\">Marketing Bulletin<\/a><\/li>\n<\/ul>\n<hr \/>\n<p><strong>Psicologia<\/strong><\/p>\n<ul>\n<li><a href=\"https:\/\/portal.unisepe.com.br\/univr\/psicologia\/revista-eletronica\/\">Caderno de Pesquisa Interdisciplinar em Psicologia<\/a><\/li>\n<li><a href=\"https:\/\/teopsic.psicologia.ufrj.br\/revista-agora\/\" target=\"_blank\" rel=\"noopener noreferrer\">Revista \u00c1gora \u2013 Estudos em Teoria Psicanal\u00edtica<\/a><\/li>\n<li><a href=\"https:\/\/submission-pepsic.scielo.br\/index.php\/avp\/about\" target=\"_blank\" rel=\"noopener noreferrer\">Revista Avalia\u00e7\u00e3o Psicol\u00f3gica<\/a><\/li>\n<li><a href=\"https:\/\/www.sbponline.org.br\/artigos\" target=\"_blank\" rel=\"noopener noreferrer\">Revista da Sociedade Brasileira de Psicologia<\/a><\/li>\n<li><a href=\"https:\/\/seer.assis.unesp.br\/index.php\/psicologia\" target=\"_blank\" rel=\"noopener noreferrer\">Revista de Psicologia &#8211; UNESP<\/a><\/li>\n<li><a href=\"https:\/\/www.scielo.br\/j\/rdpsi\/\" target=\"_blank\" rel=\"noopener noreferrer\">Revista de Psicologia \u2013 A fractal<\/a><\/li>\n<li><a href=\"https:\/\/www.pssa.ucdb.br\/pssa\" target=\"_blank\" rel=\"noopener noreferrer\">Revista de Psicologia e Sa\u00fade<\/a><\/li>\n<li><a href=\"https:\/\/periodicos.uem.br\/ojs\/index.php\/PsicolEstud\/index\" target=\"_blank\" rel=\"noopener noreferrer\">Revista de Psicologia em Estudo<\/a><\/li>\n<li><a href=\"https:\/\/periodicos.unb.br\/index.php\/revistaptp\" target=\"_blank\" rel=\"noopener noreferrer\">Revista de Psicologia: Teoria e Pesquisa<\/a><\/li>\n<li><a href=\"https:\/\/revistapsicologia.uchile.cl\/\" target=\"_blank\" rel=\"noopener noreferrer\">Revista de Psicologia: Universidade de Chile<\/a><\/li>\n<li><a href=\"https:\/\/revistaepsi.com\/\" target=\"_blank\" rel=\"noopener noreferrer\">Revista E-PSI<\/a><\/li>\n<li><a href=\"https:\/\/www.scielo.br\/j\/estpsi\/\" target=\"_blank\" rel=\"noopener noreferrer\">Revista Estudos de Psicologia<\/a><\/li>\n<li><a href=\"http:\/\/periodicoseletronicos.ufma.br\/index.php\/fenomenolpsicol\/\" target=\"_blank\" rel=\"noopener noreferrer\">Revista Fenomenologia e Psicologia <\/a><\/li>\n<li><a href=\"https:\/\/dialnet.unirioja.es\/servlet\/revista?codigo=6173\" target=\"_blank\" rel=\"noopener noreferrer\">Revista Latino-americana de Psicologia <\/a><\/li>\n<li><a href=\"https:\/\/www.metodista.br\/revistas\/revistas-metodista\/index.php\/MUD\" target=\"_blank\" rel=\"noopener noreferrer\">Revista Mudan\u00e7as Psicologia da Sa\u00fade<\/a><\/li>\n<li><a href=\"https:\/\/revistas.pucsp.br\/index.php\/psicorevista\/about\/#openAccessPolicy\" target=\"_blank\" rel=\"noopener noreferrer\">Revista Psicologia<\/a><\/li>\n<li><a href=\"http:\/\/periodicos.pucminas.br\/index.php\/psicologiaemrevista\" target=\"_blank\" rel=\"noopener noreferrer\">Revista Psicologia \u2013 PUCMINAS<\/a><\/li>\n<li><a href=\"https:\/\/www.revistas.usp.br\/psicousp\" target=\"_blank\" rel=\"noopener noreferrer\">Revista Psicologia &#8211; USP<\/a><\/li>\n<li><a href=\"https:\/\/revistas.cesmac.edu.br\/psicologia\" target=\"_blank\" rel=\"noopener noreferrer\">Revista Psicologia &amp; Saberes<\/a><\/li>\n<li><a href=\"https:\/\/revistas.anchieta.br\/index.php\/revistaargumento\" target=\"_blank\" rel=\"noopener noreferrer\">Revista Psicologia Argumento<\/a><\/li>\n<li><a href=\"https:\/\/www.scielo.br\/j\/pc\/\" target=\"_blank\" rel=\"noopener noreferrer\">Revista Psicologia Cl\u00ednica <\/a><\/li>\n<li><a href=\"https:\/\/www.scielo.br\/j\/psoc\/\" target=\"_blank\" rel=\"noopener noreferrer\">Revista Psicologia e Sociedade <\/a><\/li>\n<li><a href=\"https:\/\/www.scielo.br\/j\/pe\/\" target=\"_blank\" rel=\"noopener noreferrer\">Revista Psicologia em Estudo<\/a><\/li>\n<li><a href=\"https:\/\/revistas.fw.uri.br\/index.php\/psicologiaemfoco\" target=\"_blank\" rel=\"noopener noreferrer\">Revista Psicologia em Foco <\/a><\/li>\n<li><a href=\"http:\/\/periodicos.pucminas.br\/index.php\/psicologiaemrevista\" target=\"_blank\" rel=\"noopener noreferrer\">Revista Psicologia em Revista <\/a><\/li>\n<li><a href=\"https:\/\/www.scielo.br\/j\/pee\/\" target=\"_blank\" rel=\"noopener noreferrer\">Revista Psicologia Escolar e Educacional <\/a><\/li>\n<li><a href=\"https:\/\/www.scielo.br\/j\/pcp\/\" target=\"_blank\" rel=\"noopener noreferrer\">Revista Psicologia, Ci\u00eancia e Profiss\u00e3o<\/a><\/li>\n<li><a href=\"https:\/\/periodicos.ufsc.br\/index.php\/rpot\" target=\"_blank\" rel=\"noopener noreferrer\">Revista Psicologia: Organiza\u00e7\u00f5es e Trabalho<\/a><\/li>\n<li><a href=\"https:\/\/www.scielo.br\/j\/prc\/\" target=\"_blank\" rel=\"noopener noreferrer\">Revista Psicologia: Reflex\u00e3o e Cr\u00edtica <\/a><\/li>\n<li><a href=\"http:\/\/editorarevistas.mackenzie.br\/index.php\/ptp\" target=\"_blank\" rel=\"noopener noreferrer\">Revista Psicologia: Teoria e Pr\u00e1tica<\/a><\/li>\n<li><a href=\"http:\/\/pepsic.bvsalud.org\/scielo.php?script=sci_serial&amp;pid=0103-8486\" target=\"_blank\" rel=\"noopener noreferrer\">Revista Psicopedagogia<\/a><\/li>\n<li><a href=\"https:\/\/tempopsicanalitico.com.br\/tempopsicanalitico\" target=\"_blank\" rel=\"noopener noreferrer\">Revista Tempo Psicanal\u00edtico<\/a><\/li>\n<\/ul>\n<hr \/>\n<p><strong>Redes de Computador<\/strong><\/p>\n<ul>\n<li><a href=\"http:\/\/www.fatecjp.com.br\/revista\/redesdecomputadores.htm\" target=\"_blank\" rel=\"noopener noreferrer\">Revistainfo<\/a><\/li>\n<li><a href=\"http:\/\/www.larc.org.br\/\" target=\"_blank\" rel=\"noopener noreferrer\">www.larc.org.br<\/a><\/li>\n<li><a href=\"http:\/\/www.revistaconecta.com\/\" target=\"_blank\" rel=\"noopener noreferrer\">www.revistaconecta.com<\/a><\/li>\n<li><a href=\"http:\/\/www.sbc.org.br\/bibliotecadigital\" target=\"_blank\" rel=\"noopener noreferrer\">www.sbc.org.br\/bibliotecadigital<\/a><\/li>\n<\/ul>\n<hr \/>\n<p><strong>Seguran\u00e7a do Trabalho<\/strong><\/p>\n<ul>\n<li><a href=\"https:\/\/www.sciencedirect.com\/journal\/fire-safety-journal\" target=\"_blank\" rel=\"noopener noreferrer\">Jornal &#8211; Fire Safety Journal<\/a><\/li>\n<li><a href=\"https:\/\/www.sciencedirect.com\/journal\/international-journal-of-industrial-ergonomics\" target=\"_blank\" rel=\"noopener noreferrer\">Journal &#8211; International Journal of Industrial Ergonomics<\/a><\/li>\n<li><a href=\"https:\/\/www.sciencedirect.com\/journal\/accident-analysis-and-prevention\" target=\"_blank\" rel=\"noopener noreferrer\">Revista Accident Analysis &amp; Prevention<\/a><\/li>\n<li><a href=\"https:\/\/www.revistaacaoergonomica.org\/\" target=\"_blank\" rel=\"noopener noreferrer\">Revista A\u00e7\u00e3o Ergon\u00f4mica &#8211; ABERGO<\/a><\/li>\n<li><a href=\"http:\/\/www.rbmt.org.br\/\" target=\"_blank\" rel=\"noopener noreferrer\">Revista Brasileira de Medicina do Trabalho<\/a><\/li>\n<li><a href=\"https:\/\/www.scielo.br\/journal\/rbso\/about\/\" target=\"_blank\" rel=\"noopener noreferrer\">Revista Brasileira de Sa\u00fade Ocupacional<\/a><\/li>\n<li><a href=\"https:\/\/periodicos.ifpb.edu.br\/index.php\/rebrast\/issue\/archive\" target=\"_blank\" rel=\"noopener noreferrer\">Revista Brasileira de Sa\u00fade e Seguran\u00e7a no Trabalho<\/a><\/li>\n<li><a href=\"https:\/\/www.cadernosdeterapiaocupacional.ufscar.br\/index.php\/cadernos\" target=\"_blank\" rel=\"noopener noreferrer\">Revista Cadernos Brasileiros de Terapia Ocupacional &#8211; UFSCAR<\/a><\/li>\n<li><a href=\"https:\/\/cienciaesaudecoletiva.com.br\/\" target=\"_blank\" rel=\"noopener noreferrer\">Revista Ci\u00eancia e Sa\u00fade Coletiva<\/a><\/li>\n<li><a href=\"https:\/\/www.revistas.usp.br\/rto\" target=\"_blank\" rel=\"noopener noreferrer\">Revista de terapia Ocupacional da Universidade de S\u00e3o Paulo<\/a><\/li>\n<li><a href=\"https:\/\/www.insst.es\/erga-nline-listado-de-publicaciones#A0\" target=\"_blank\" rel=\"noopener noreferrer\">Revista ERGA Online<\/a><\/li>\n<li><a href=\"https:\/\/www.tandfonline.com\/toc\/terg20\/current\" target=\"_blank\" rel=\"noopener noreferrer\">Revista Ergonomics<\/a><\/li>\n<li><a href=\"https:\/\/www.revistas.usp.br\/sausoc\" target=\"_blank\" rel=\"noopener noreferrer\">Revista Sa\u00fade e Sociedade<\/a><\/li>\n<li><a href=\"https:\/\/www.sciencedirect.com\/journal\/safety-and-health-at-work\/vol\/14\/issue\/1\" target=\"_blank\" rel=\"noopener noreferrer\">Revista Safety and Health at Work<\/a><\/li>\n<\/ul>\n<hr \/>\n<p><strong>Servi\u00e7o Social<\/strong><\/p>\n<ul>\n<li><a href=\"https:\/\/revistaseletronicas.pucrs.br\/ojs\/index.php\/civitas\/index\" target=\"_blank\" rel=\"noopener noreferrer\">Revista Civitas Ci\u00eancias Sociais<\/a><\/li>\n<li><a href=\"https:\/\/www.scielo.br\/j\/ref\/\" target=\"_blank\" rel=\"noopener noreferrer\">Revista de Estudos Feministas<\/a><\/li>\n<li><a href=\"https:\/\/periodicoscientificos.ufmt.br\/ojs\/index.php\/rdtps\/issue\/view\/720\" target=\"_blank\" rel=\"noopener noreferrer\">Revista Direitos, trabalho e pol\u00edtica social<\/a><\/li>\n<li><a href=\"https:\/\/seer.ufu.br\/index.php\/reveducpop\/article\/view\/53271\" target=\"_blank\" rel=\"noopener noreferrer\">Revista Educa\u00e7\u00e3o Popular<\/a><\/li>\n<li><a href=\"https:\/\/www.e-publicacoes.uerj.br\/index.php\/revistaempauta\/index\" target=\"_blank\" rel=\"noopener noreferrer\">Revista Em Pauta: teoria social e realidade contempor\u00e2nea<\/a><\/li>\n<li><a href=\"https:\/\/revistas.uepg.br\/index.php\/emancipacao\/index\" target=\"_blank\" rel=\"noopener noreferrer\">Revista Emancipa\u00e7\u00e3o<\/a><\/li>\n<li><a href=\"https:\/\/www.scielo.br\/j\/ha\/\" target=\"_blank\" rel=\"noopener noreferrer\">Revista Horizontes Antropol\u00f3gicos<\/a><\/li>\n<li><a href=\"https:\/\/periodicos.ufsc.br\/index.php\/katalysis\" target=\"_blank\" rel=\"noopener noreferrer\">Revista Kat\u00e1lysis<\/a><\/li>\n<li><a href=\"https:\/\/periodicos.ufjf.br\/index.php\/libertas\" target=\"_blank\" rel=\"noopener noreferrer\">Revista Libertas<\/a><\/li>\n<li><a href=\"https:\/\/periodicos.ufv.br\/oikos\/\" target=\"_blank\" rel=\"noopener noreferrer\">Revista Oikos: Fam\u00edlia e Sociedade em Debate<\/a><\/li>\n<li><a href=\"https:\/\/periodicos.unb.br\/index.php\/SER_Social\" target=\"_blank\" rel=\"noopener noreferrer\">Revista Ser Social<\/a><\/li>\n<li><a href=\"https:\/\/www.scielo.br\/j\/sssoc\/grid\" target=\"_blank\" rel=\"noopener noreferrer\">Revista Servi\u00e7o Social &amp; Sociedade<\/a><\/li>\n<li><a href=\"https:\/\/revista.uemg.br\/index.php\/serv-soc-debate\/issue\/view\/454\" target=\"_blank\" rel=\"noopener noreferrer\">Revista Servi\u00e7o Social em Debate<\/a><\/li>\n<li><a href=\"https:\/\/www.periodicos.unimontes.br\/index.php\/sesoperspectiva\/index\" target=\"_blank\" rel=\"noopener noreferrer\">Revista Servi\u00e7o Social em Perspectiva<\/a><\/li>\n<li><a href=\"https:\/\/ojs.uel.br\/revistas\/uel\/index.php\/ssrevista\/about\" target=\"_blank\" rel=\"noopener noreferrer\">Revista Servi\u00e7o Social em Revistas<\/a><\/li>\n<li><a href=\"https:\/\/periodicos.ufsm.br\/sociaisehumanas\/article\/view\/36876\" target=\"_blank\" rel=\"noopener noreferrer\">Revista Sociais e Humanas<\/a><\/li>\n<li><a href=\"https:\/\/periodicos.ufes.br\/temporalis\/about\" target=\"_blank\" rel=\"noopener noreferrer\">Revista Temporalis<\/a><\/li>\n<li><a href=\"https:\/\/revistaseletronicas.pucrs.br\/ojs\/index.php\/fass\/index\" target=\"_blank\" rel=\"noopener noreferrer\">Revista textos &amp; Contratextos<\/a><\/li>\n<\/ul>\n<hr \/>\n<p><strong>Teologia<\/strong><\/p>\n<ul>\n<li><a href=\"https:\/\/www1.unicap.br\/ojs\/index.php\/agora\/index\" target=\"_blank\" rel=\"noopener noreferrer\">Revista \u00c1gora Filos\u00f3fica &#8211; UNICAP<\/a><\/li>\n<li><a href=\"https:\/\/revistas.ucsc.cl\/index.php\/analesdeteologia\" target=\"_blank\" rel=\"noopener noreferrer\">Revista Anales de Teolog\u00eda &#8211; UCSC<\/a><\/li>\n<li><a href=\"http:\/\/www.revistaancora.com.br\/\" target=\"_blank\" rel=\"noopener noreferrer\">Revista \u00c2ncora &#8211; revista digital de estudos em religi\u00e3o <\/a><\/li>\n<li><a href=\"https:\/\/periodicos.ufsm.br\/animus\" target=\"_blank\" rel=\"noopener noreferrer\">Revista Animus &#8211; Interamericana de Comunica\u00e7\u00e3o Midi\u00e1tica &#8211; UFSM<\/a><\/li>\n<li><a href=\"https:\/\/seer.ufrgs.br\/anos90\" target=\"_blank\" rel=\"noopener noreferrer\">Revista Anos 90 &#8211; UFRGS<\/a><\/li>\n<li><a href=\"https:\/\/ojs.uel.br\/revistas\/uel\/index.php\/antiteses\" target=\"_blank\" rel=\"noopener noreferrer\">Revista Ant\u00edteses &#8211; UEL<\/a><\/li>\n<li><a href=\"https:\/\/www.maxwell.vrac.puc-rio.br\/rev_ateo.php\" target=\"_blank\" rel=\"noopener noreferrer\">Revista Atualidade Teol\u00f3gica &#8211; PUCRJ<\/a><\/li>\n<li><a href=\"https:\/\/revista.faculdaderefidim.edu.br\/index.php\/azusa\" target=\"_blank\" rel=\"noopener noreferrer\">Revista Azusa &#8211; Estudos Pentecostais<\/a><\/li>\n<li><a href=\"https:\/\/revistaseletronicas.pucrs.br\/ojs\/index.php\/ReBiblica\" target=\"_blank\" rel=\"noopener noreferrer\">Revista Brasileira de Interpreta\u00e7\u00e3o B\u00edblica<\/a><\/li>\n<li><a href=\"https:\/\/periodicos.unb.br\/index.php\/rbfr\" target=\"_blank\" rel=\"noopener noreferrer\">Revista Brasileira de Filosofia da Religi\u00e3o &#8211; UNB<\/a><\/li>\n<li><a href=\"https:\/\/periodicos.uem.br\/ojs\/index.php\/RbhrAnpuh\/index\" target=\"_blank\" rel=\"noopener noreferrer\">Revista Brasileira de Hist\u00f3ria das Religi\u00f5es &#8211; UEM<\/a><\/li>\n<li><a href=\"https:\/\/revistas.pucsp.br\/culturateo\" target=\"_blank\" rel=\"noopener noreferrer\">Revista de Cultura Teol\u00f3gica &#8211; PUC-SP<\/a><\/li>\n<li><a href=\"http:\/\/www.periodicos.ufc.br\/argumentos\" target=\"_blank\" rel=\"noopener noreferrer\">Revista de Filosofia &#8211; Argumentos<\/a><\/li>\n<li><a href=\"https:\/\/revistas.pucsp.br\/teoliteraria\" target=\"_blank\" rel=\"noopener noreferrer\">Revista de Literaturas e Teologias &#8211; Teoliter\u00e1ria &#8211; PUC<\/a><\/li>\n<li><a href=\"https:\/\/www.revistas.usp.br\/ceru\/\" target=\"_blank\" rel=\"noopener noreferrer\">Revista Ceru &#8211; USP<\/a><\/li>\n<li><a href=\"https:\/\/www.revistas.usp.br\/espinosanos\" target=\"_blank\" rel=\"noopener noreferrer\">Caderno Espinosanos<\/a><\/li>\n<li><a href=\"https:\/\/itepa.com.br\/categoria\/materiais\/revista-cci\/\" target=\"_blank\" rel=\"noopener noreferrer\">Revista Caminhando com o ITEPA<\/a><\/li>\n<li><a href=\"https:\/\/seer.pucgoias.edu.br\/index.php\/caminhos\/index\" target=\"_blank\" rel=\"noopener noreferrer\">Revista Caminhos &#8211; Ci\u00eancias da Religi\u00e3o &#8211; PUC\/Goi\u00e1s<\/a><\/li>\n<li><a href=\"https:\/\/editorarevistas.mackenzie.br\/index.php\/cr\" target=\"_blank\" rel=\"noopener noreferrer\">Revista Ci\u00eancias da Religi\u00e3o &#8211; Hist\u00f3ria e Sociedade<\/a><\/li>\n<li><a href=\"https:\/\/revistaseletronicas.pucrs.br\/ojs\/index.php\/civitas\" target=\"_blank\" rel=\"noopener noreferrer\">Revista Civitas &#8211; Ci\u00eancias Sociais<\/a><\/li>\n<li><a href=\"https:\/\/revistaclareira.com.br\/edicoes-anteriores\" target=\"_blank\" rel=\"noopener noreferrer\">Revista Clareira &#8211; Revista de Filosofia da Regi\u00e3o Amaz\u00f4nica<\/a><\/li>\n<li><a href=\"https:\/\/revistas.pucsp.br\/cognitio\" target=\"_blank\" rel=\"noopener noreferrer\">Revista Eletr\u00f4nica de Filosofia &#8211; Cognitio-Estudos<\/a><\/li>\n<li><a href=\"http:\/\/www.periodicos.est.edu.br\/index.php\/genero\/index\" target=\"_blank\" rel=\"noopener noreferrer\">Revista de Estudos feministas em Teologia e Religi\u00e3o &#8211; Coisas do G\u00eanero<\/a><\/li>\n<li><a href=\"https:\/\/www.maxwell.vrac.puc-rio.br\/rev_cre.php?strSecao=inicio&amp;fas=\" target=\"_blank\" rel=\"noopener noreferrer\">Revista CREatividade &#8211; Cultura Religiosa<\/a><\/li>\n<li><a href=\"https:\/\/revistas.pucsp.br\/PoliEtica\" target=\"_blank\" rel=\"noopener noreferrer\">Revista de \u00c9tica e Filosofia Pol\u00edtica &#8211; PUC SP<\/a><\/li>\n<li><a href=\"https:\/\/www1.unicap.br\/ojs\/index.php\/fronteiras\" target=\"_blank\" rel=\"noopener noreferrer\">Revista de teologia da UNICAP &#8211; Fronteira<\/a><\/li>\n<li><a href=\"https:\/\/periodicos.ufpb.br\/ojs2\/index.php\/dr\/index\" target=\"_blank\" rel=\"noopener noreferrer\">Revista Diversidade Religiosa<\/a><\/li>\n<li><a href=\"https:\/\/revistas.pucsp.br\/index.php\/rever\" target=\"_blank\" rel=\"noopener noreferrer\">Revista Estudos da Religi\u00e3o &#8211; Rever<\/a><\/li>\n<li><a href=\"https:\/\/revistas.est.edu.br\/index.php\/ET\/\" target=\"_blank\" rel=\"noopener noreferrer\">Revista Estudos Teol\u00f3gicos <\/a><\/li>\n<li><a href=\"https:\/\/periodicos.fclar.unesp.br\/estudos\" target=\"_blank\" rel=\"noopener noreferrer\">Revista Estudos de Sociologia &#8211; UNESP<\/a><\/li>\n<li><a href=\"https:\/\/www.cambridge.org\/core\/journals\/politics-and-religion\" target=\"_blank\" rel=\"noopener noreferrer\">Revista Pol\u00edtica e Religi\u00e3o<\/a><\/li>\n<li><a href=\"https:\/\/seer.ufs.br\/index.php\/prometeus\" target=\"_blank\" rel=\"noopener noreferrer\">Revista Prometheus filosofia em Revista<\/a><\/li>\n<li><a href=\"https:\/\/revista.fuv.edu.br\/index.php\/reflexus\/index\" target=\"_blank\" rel=\"noopener noreferrer\">Revista Reflexus &#8211; Teologia e Ci\u00eancias da Religi\u00e3o &#8211; UNIDA<\/a><\/li>\n<li><a href=\"https:\/\/ciberteologia.com.br\/\" target=\"_blank\" rel=\"noopener noreferrer\">Revista Teologia e Cultura<\/a><\/li>\n<li><a href=\"https:\/\/revista.itepa.com.br\/index.php\/teopraxis\/index\" target=\"_blank\" rel=\"noopener noreferrer\">Revista Teopr\u00e1xis <\/a><\/li>\n<li><a href=\"https:\/\/seer.ufrgs.br\/PsicReflexaoCritica\" target=\"_blank\" rel=\"noopener noreferrer\">Psicologia: Reflex\u00e3o e Cr\u00edtica<\/a><\/li>\n<li><a href=\"https:\/\/periodicos.puc-campinas.edu.br\/estudos\" target=\"_blank\" rel=\"noopener noreferrer\">Revista Estudos de Psicologia<\/a><\/li>\n<li><a href=\"https:\/\/www.metodista.br\/revistas\/revistas-ims\/index.php\/ER\" target=\"_blank\" rel=\"noopener noreferrer\">Revista Estudos de Religi\u00e3o<\/a><\/li>\n<li><a href=\"http:\/\/www.mercator.ufc.br\/mercator\" target=\"_blank\" rel=\"noopener noreferrer\">Revista Mercator<\/a><\/li>\n<li><a href=\"https:\/\/www.faje.edu.br\/periodicos\/index.php\/perspectiva\/index\" target=\"_blank\" rel=\"noopener noreferrer\">Revista Perspectiva Teol\u00f3gica<\/a><\/li>\n<li><a href=\"https:\/\/religiaoesociedade.org.br\/edicoes\" target=\"_blank\" rel=\"noopener noreferrer\">Revista Religi\u00e3o &amp; Sociedade<\/a><\/li>\n<li><a href=\"https:\/\/revistatopoi.org\/site\/\" target=\"_blank\" rel=\"noopener noreferrer\">Revista Topoi<\/a><\/li>\n<\/ul>\n<hr \/>\n<p><strong>Cursos da \u00e1rea de sa\u00fade: enfermagem, nutri\u00e7\u00e3o<\/strong><br \/>\n<strong>Peri\u00f3dicos internacionais on-line<\/strong><br \/>\n<strong>Bases de dados \u2013 Acesso livre nacionais<\/strong><\/p>\n<ul>\n<li><a href=\"http:\/\/www.unifesp.br\/dis\/bibliotecas\/index.php?pag=basedados.php\" target=\"_blank\" rel=\"noopener noreferrer\">Base de Dados &#8211; Departamento de Inform\u00e1tica em Sa\u00fade<\/a><\/li>\n<li><a href=\"http:\/\/acessolivre.capes.gov.br\/\">http:\/\/acessolivre.capes.gov.br<\/a><\/li>\n<li><a href=\"http:\/\/bvsms.saude.gov.br\/\">http:\/\/bvsms.saude.gov.br<\/a><\/li>\n<li><a href=\"http:\/\/portal.saude.gov.br\/portal\/saude\/area.cfm?id_area=1339\">http:\/\/portal.saude.gov.br\/portal\/saude\/area.cfm?id_area=1339<\/a><\/li>\n<li><a href=\"http:\/\/www.scielo.br\/\">http:\/\/www.scielo.br<\/a><\/li>\n<\/ul>\n<p><strong>Internacionais<\/strong><\/p>\n<ul>\n<li><a href=\"http:\/\/www.cebm.net\/\" target=\"_blank\" rel=\"noopener noreferrer\">Centre for Evidence-Based Medicine<\/a><\/li>\n<li><a href=\"http:\/\/www.ihop-net.org\/UniPub\/iHOP\/\" target=\"_blank\" rel=\"noopener noreferrer\">Information hyperlinked over proteins<\/a><\/li>\n<li><a href=\"http:\/\/isiknowledge.com\/\" target=\"_blank\" rel=\"noopener noreferrer\">ISI Web of Knowledge &#8211; Peri\u00f3dico de todas as \u00e1reas\/estat\u00edstica<\/a><\/li>\n<li><a href=\"http:\/\/www.openaccesscentral.com\/\" target=\"_blank\" rel=\"noopener noreferrer\">Open Access Central<\/a><\/li>\n<\/ul>\n<p><strong>Variados<\/strong><\/p>\n<ul>\n<li><a title=\"Advance for Nurses\" href=\"http:\/\/www.advancefornurses.com\/\" target=\"blank\" rel=\"noopener noreferrer\">Advance for Nurses<\/a><\/li>\n<li><a title=\"Advances in Physiology Education\" href=\"http:\/\/advan.physiology.org\/\" target=\"blank\" rel=\"noopener noreferrer\">Advances in Physiology Education<\/a><\/li>\n<li><a title=\"American Journal of Nursing\" href=\"http:\/\/nursingworld.org\/ajn\/\" target=\"blank\" rel=\"noopener noreferrer\">American Journal of Nursing<\/a><\/li>\n<li><a title=\"American Journal of Public Health\" href=\"http:\/\/www.ajph.org\/\" target=\"blank\" rel=\"noopener noreferrer\">American Journal of Public Health<\/a><\/li>\n<li><a href=\"http:\/\/www.scu.edu.au\/schools\/nhcp\/aejne\/archive\/index.html\">Australian Electronic Journal of Nursing Education <\/a><\/li>\n<li><a title=\"Cienca y enfermeria (spanish)\" href=\"http:\/\/www.scielo.cl\/scielo.php?script=sci_serial&amp;pid=0717-9553&amp;lng=en&amp;nrm=iso\" target=\"blank\" rel=\"noopener noreferrer\">Cienca y enfermeria (spanish)<\/a><\/li>\n<li><a title=\"Ci\u00eancia e Tecnologia de Alimentos\" href=\"http:\/\/www.scielo.br\/scielo.php?script=sci_serial&amp;pid=0101-2061&amp;lng=en&amp;nrm=iso\" target=\"blank\" rel=\"noopener noreferrer\">Ci\u00eancia e Tecnologia de Alimentos<\/a><\/li>\n<li><a title=\"Critical Care Nurse\" href=\"http:\/\/www.critical-care-nurse.org\/\" target=\"blank\" rel=\"noopener noreferrer\">Critical Care Nurse<\/a><\/li>\n<li><a title=\"Enfermer\u00eda Global\" href=\"http:\/\/www.um.es\/eglobal\/\" target=\"blank\" rel=\"noopener noreferrer\">Enfermer\u00eda Global<\/a><\/li>\n<li><a title=\"Enfermeria@-News\" href=\"http:\/\/www.seei.es\/boletin\/boletin.htm\" target=\"blank\" rel=\"noopener noreferrer\">Enfermeria@-News<\/a><\/li>\n<li><a title=\"Food and Nutrition Bulletin\" href=\"http:\/\/www.inffoundation.org\/FNB\/FNBindexNEW.html\" target=\"blank\" rel=\"noopener noreferrer\">Food and Nutrition Bulletin<\/a><\/li>\n<li><a title=\"International Journal of Behavioral Nutrition and Physical Activity\" href=\"http:\/\/www.ijbnpa.org\/\" target=\"blank\" rel=\"noopener noreferrer\">International Journal of Behavioral Nutrition and Physical Activity<\/a><\/li>\n<li><a title=\"InterNurse\" href=\"http:\/\/www.internurse.com\/\" target=\"blank\" rel=\"noopener noreferrer\">InterNurse<\/a><\/li>\n<li><a href=\"http:\/\/www.nutrition.org\/\">JOURNAL OF NUTRITION<\/a><\/li>\n<li><a href=\"http:\/\/www.scielo.cl\/scielo.php?pid=0717-7518&amp;script=sci_serial\">Revista Chilena de Nutrici\u00f3n <\/a><\/li>\n<li><a href=\"http:\/\/bvs.sld.cu\/revistas\/ali\/indice.html\">Revista Cubana de Alimentaci\u00f3n y Nutrici\u00f3n <\/a><\/li>\n<li><a href=\"http:\/\/www.cfn.org.br\/\">www.cfn.org.br<\/a><\/li>\n<\/ul>\n<p><strong>Peri\u00f3dicos nacionais on-line<\/strong><\/p>\n<ul>\n<li><a title=\"Anais da Academia Brasileira de Ciencias\" href=\"http:\/\/www.scielo.br\/scielo.php?script=sci_serial&amp;pid=0001-3765&amp;lng=en&amp;nrn=iso\" target=\"blank\" rel=\"noopener noreferrer\">Anais da Academia Brasileira de Ciencias<\/a><\/li>\n<li><a href=\"http:\/\/www.cienciasdasaude.famerp.br\/\">Arquivos de Ci\u00eancias da Sa\u00fade<\/a><\/li>\n<li><a title=\"Boletim Epidemiol\u00f3gico - DST\/AIDS\" href=\"http:\/\/www.aids.gov.br\/boletim.htm\" target=\"blank\" rel=\"noopener noreferrer\">Boletim Epidemiol\u00f3gico &#8211; DST\/AIDS<\/a><\/li>\n<li><a href=\"http:\/\/www.bu.ufsc.br\/www.abem-educmed.org.br\/caderno\">Cadernos da ABEM<\/a><\/li>\n<li><a title=\"Cadernos de Sa\u00fade P\u00fablica\" href=\"http:\/\/www.scielo.br\/csp\" target=\"blank\" rel=\"noopener noreferrer\">Cadernos de Sa\u00fade P\u00fablica<\/a><\/li>\n<li><a href=\"http:\/\/www.uff.br\/dst\/jornal.htm\">DST &#8211; Jornal Brasileiro de Doen\u00e7as Sexualmente Transmiss\u00edveis <\/a><\/li>\n<li><a href=\"http:\/\/dtr2001.saude.gov.br\/svs\/pub\/pub00.htm\">Epidemiologia e Servi\u00e7os de Sa\u00fade<\/a><\/li>\n<li><a href=\"http:\/\/www.puc-campinas.edu.br\/centros\/ccv\/\">Estudos de Psicologia \u2013 PUCCAMP<\/a><\/li>\n<li><a title=\"Informe Epidemiol\u00f3gico do SUS\" href=\"http:\/\/www.funasa.gov.br\/pub\/pub00.htm\" target=\"blank\" rel=\"noopener noreferrer\">Informe Epidemiol\u00f3gico do SUS<\/a><\/li>\n<li><a href=\"http:\/\/www.pontocritico.com.br\/nutricao\/\">Nutri\u00e7\u00e3o &#8211; Qualidade em Alimenta\u00e7\u00e3o<\/a><\/li>\n<li><a href=\"http:\/\/www.pontocritico.com.br\/nutricao\/\">Qualidade em Alimenta\u00e7\u00e3o Nutri\u00e7\u00e3o<\/a><\/li>\n<li><a href=\"http:\/\/www.moreirajr.com.br\/RBM\/index.html\">RBM : Revista Brasileira de Medicina<\/a><\/li>\n<li><a href=\"http:\/\/www.scielo.br\/scielo.php?script=sci_serial&amp;pid=1415-5273&amp;lng=pt&amp;nrm=iso\">Revista de Nutri\u00e7\u00e3o<\/a><\/li>\n<li><a href=\"http:\/\/www.fen.ufg.br\/revista.html\">Revista Eletr\u00f4nica de Enfermagem<\/a><\/li>\n<li><a href=\"http:\/\/www.fen.ufg.br\/revista\/\">Revista Eletr\u00f4nica de Enfermagem &#8211; UFG<\/a><\/li>\n<li><a href=\"http:\/\/www.canalciencia.ibict.br\/links\/redirecionador.php?cod_link=717&amp;categoria=Revistas\" target=\"_blank\" rel=\"noopener noreferrer\">Seguran\u00e7a Alimentar e Nutricional<\/a><\/li>\n<\/ul>\n<hr \/>\n<p><strong>Revista de Turismo<\/strong><\/p>\n<ul>\n<li><a href=\"http:\/\/revistaturismo.cidadeinternet.com.br\/links.html\">Cidade Internet<\/a><\/li>\n<\/ul>\n<hr \/>\n<p><strong>Ag\u00eancias de Turismo<\/strong><\/p>\n<ul>\n<li style=\"list-style-type: none\">\n<ul>\n<li><a href=\"http:\/\/www.abav.com.br\/\" target=\"_blank\" rel=\"noopener noreferrer\">ABAV<\/a><\/li>\n<\/ul>\n<\/li>\n<\/ul>\n<p>Site da Associa\u00e7\u00e3o Brasileira das Ag\u00eancias de Viagens. Voc\u00ea pode procurar as ag\u00eancias de viagens cadastradas na sua cidade.<\/p>\n<ul>\n<li style=\"list-style-type: none\">\n<ul>\n<li><a href=\"http:\/\/www.abreutur.com.br\/\" target=\"_blank\" rel=\"noopener noreferrer\">Abreu<\/a><\/li>\n<\/ul>\n<\/li>\n<\/ul>\n<p>Ag\u00eancia com diversos, como Tun\u00edsia, Maldivas, Egito entre outros destinos; disponibilizam a lua-de-mel como item da lista de casamento.<\/p>\n<ul>\n<li style=\"list-style-type: none\">\n<ul>\n<li><a href=\"http:\/\/www.agaxtur.com.br\/\" target=\"_blank\" rel=\"noopener noreferrer\">Agaxtur<\/a><\/li>\n<\/ul>\n<\/li>\n<\/ul>\n<p>Conhecida ag\u00eancia de turismo, oferece <strong>pacotes nacionais e internacionais<\/strong>. \u00c9 preciso fazer o download para obter mais informa\u00e7\u00f5es sobre os pacotes.<\/p>\n<ul>\n<li style=\"list-style-type: none\">\n<ul>\n<li><a href=\"http:\/\/www.amigobrasileiro.com\/\" target=\"_blank\" rel=\"noopener noreferrer\">Amigobrasileiro.com Turismo<\/a><\/li>\n<\/ul>\n<\/li>\n<\/ul>\n<p>Site interessante dessa ag\u00eancia, localizada em Macei\u00f3, que oferece diversas op\u00e7\u00f5es de viagens de acordo com o seu desejo (a\u00e9rea, rodovi\u00e1ria, spas&#8230;).<\/p>\n<ul>\n<li style=\"list-style-type: none\">\n<ul>\n<li><a href=\"http:\/\/www.bcrcruzeiros.com.br\/\" target=\"_blank\" rel=\"noopener noreferrer\">Brazilian Cruises<\/a><\/li>\n<\/ul>\n<\/li>\n<\/ul>\n<p>Ag\u00eancia especializada em <strong>cruzeiros mar\u00edtimos<\/strong>. Dicas para &#8220;marinheiros de primeira viagem&#8221;.<\/p>\n<ul>\n<li style=\"list-style-type: none\">\n<ul>\n<li><a href=\"http:\/\/www.ci.com.br\/\" target=\"_blank\" rel=\"noopener noreferrer\">Central de Interc\u00e2mbio<\/a><\/li>\n<\/ul>\n<\/li>\n<\/ul>\n<p>Ag\u00eancia de viagem especializada em interc\u00e2mbio; pode-se obter informa\u00e7\u00f5es sobre cursos b\u00e1sicos at\u00e9 o colegial, e tamb\u00e9m oportunidades de <strong>est\u00e1gio\/trabalho no exterior<\/strong>.<\/p>\n<ul>\n<li style=\"list-style-type: none\">\n<ul>\n<li><a href=\"http:\/\/www.costabrava.com.br\/\" target=\"_blank\" rel=\"noopener noreferrer\">Costa Brava<\/a><\/li>\n<\/ul>\n<\/li>\n<\/ul>\n<p>Ag\u00eancia localizada em Campinas (SP), oferece v\u00e1rios pacotes nacionais, e busca de <strong>reserva on-line<\/strong>.<\/p>\n<ul>\n<li style=\"list-style-type: none\">\n<ul>\n<li><a href=\"http:\/\/www.cvc.com.br\/\" target=\"_blank\" rel=\"noopener noreferrer\">CVC<\/a><\/li>\n<\/ul>\n<\/li>\n<\/ul>\n<p><strong>Grande ag\u00eancia de turismo<\/strong>, oferece pacotes nacionais e internacionais, incluindo cruzeiros mar\u00edtimos. Bom ponto de partida para quem n\u00e3o sabe para onde ir.<\/p>\n<ul>\n<li style=\"list-style-type: none\">\n<ul>\n<li><a href=\"http:\/\/www.destinoaventura.com.br\/\" target=\"_blank\" rel=\"noopener noreferrer\">Destino Aventura<\/a><\/li>\n<\/ul>\n<\/li>\n<\/ul>\n<p>Aqui voc\u00ea procura sua aventura por destino ou por atividade; o site tamb\u00e9m oferece <strong>roteiros de ecoturismo<\/strong>.<\/p>\n<ul>\n<li style=\"list-style-type: none\">\n<ul>\n<li><a href=\"http:\/\/www.flytour.com.br\/\" target=\"_blank\" rel=\"noopener noreferrer\">Flytour<\/a><\/li>\n<\/ul>\n<\/li>\n<\/ul>\n<p>No site desta ag\u00eancia, voc\u00ea encontrar\u00e1 <strong>diversos servi\u00e7os<\/strong>, como fusos, metr\u00f4s, parques, vistos, entre outros.<\/p>\n<ul>\n<li style=\"list-style-type: none\">\n<ul>\n<li><a href=\"http:\/\/www.jiretour.com.br\/\" target=\"_blank\" rel=\"noopener noreferrer\">Jiretour<\/a><\/li>\n<\/ul>\n<\/li>\n<\/ul>\n<p>Ag\u00eancia de turismo localizada em Santo Andr\u00e9, oferece um site completo para pesquisar roteiros por especialidade e com ampla gama de servi\u00e7os (como tirar passaporte, endere\u00e7o de embaixadas, seguro sa\u00fade&#8230;).<\/p>\n<ul>\n<li style=\"list-style-type: none\">\n<ul>\n<li><a href=\"http:\/\/www.octopustravel.com.br\/\" target=\"_blank\" rel=\"noopener noreferrer\">Octopus Travel<\/a><\/li>\n<\/ul>\n<\/li>\n<\/ul>\n<p>Ag\u00eancia de viagem on-line, que oferece grande gama de hot\u00e9is com desconto, no Brasil e no exterior. No site voc\u00ea tem acesso a mapas de v\u00e1rias cidades do mundo, guias, dicas de viagem, entre outras op\u00e7\u00f5es.<\/p>\n<ul>\n<li style=\"list-style-type: none\">\n<ul>\n<li><a href=\"http:\/\/www.queensberry.com.br\/\" target=\"_blank\" rel=\"noopener noreferrer\">Queensberry<\/a><\/li>\n<\/ul>\n<\/li>\n<\/ul>\n<p>Ag\u00eancia com <strong>pacotes nacionais e internacionais<\/strong>, tamb\u00e9m com op\u00e7\u00e3o para cruzeiros mar\u00edtimos. Site de boa visualiza\u00e7\u00e3o e consulta.<\/p>\n<ul>\n<li style=\"list-style-type: none\">\n<ul>\n<li><a href=\"http:\/\/www.stb.com.br\/\" target=\"_blank\" rel=\"noopener noreferrer\">STB<\/a><\/li>\n<\/ul>\n<\/li>\n<\/ul>\n<p>Ag\u00eancia especializada em interc\u00e2mbio, no site pode-se pesquisar os <strong>diversos destinos<\/strong> que a ag\u00eancia oferece.<\/p>\n<ul>\n<li style=\"list-style-type: none\">\n<ul>\n<li><a href=\"http:\/\/www.supertour.com.br\/\" target=\"_blank\" rel=\"noopener noreferrer\">Super Tour<\/a><\/li>\n<\/ul>\n<\/li>\n<\/ul>\n<p>Pacotes nacionais e internacionais, avi\u00e3o ou \u00f4nibus, ecoturismo, melhor idade&#8230; Este site oferece muitas informa\u00e7\u00f5es para voc\u00ea planejar sua viagem.<\/p>\n<ul>\n<li style=\"list-style-type: none\">\n<ul>\n<li><a href=\"http:\/\/www.tia-augusta.com.br\/\" target=\"_blank\" rel=\"noopener noreferrer\">Tia Augusta<\/a><\/li>\n<\/ul>\n<\/li>\n<\/ul>\n<p>Ag\u00eancia tamb\u00e9m especializada em Disney, mas que oferece outros pacotes; diferencial para o turismo radical e para o <strong>turismo corporativo<\/strong>.<\/p>\n<ul>\n<li style=\"list-style-type: none\">\n<ul>\n<li><a href=\"http:\/\/www.toptourturismo.com.br\/\" target=\"_blank\" rel=\"noopener noreferrer\">Top Tour<\/a><\/li>\n<\/ul>\n<\/li>\n<\/ul>\n<p>Ag\u00eancia de viagem especializada em destinos do Maranh\u00e3o, inclusive Len\u00e7\u00f3is Maranhenses.<\/p>\n<ul>\n<li style=\"list-style-type: none\">\n<ul>\n<li><a href=\"http:\/\/www.trilhadaaventura.com.br\/\" target=\"_blank\" rel=\"noopener noreferrer\">Trilha da Aventura<\/a><\/li>\n<\/ul>\n<\/li>\n<\/ul>\n<p>Operadora especializada em turismo ecol\u00f3gico. Roteiros nacionais e internacionais, cursos e expedi\u00e7\u00f5es s\u00e3o alguns dos itens encontrados nesse site.<\/p>\n<ul>\n<li style=\"list-style-type: none\">\n<ul>\n<li><a href=\"http:\/\/www.viagemaventura.com.br\/\" target=\"_blank\" rel=\"noopener noreferrer\">Viagem Aventura<\/a><\/li>\n<\/ul>\n<\/li>\n<\/ul>\n<p>Ag\u00eancia com roteiros diferencias &#8211; dos <strong>mais ex\u00f3ticos<\/strong> aos mais radicais.<\/p>\n<ul>\n<li style=\"list-style-type: none\">\n<ul>\n<li><a href=\"http:\/\/www.webventure.com.br\/\" target=\"_blank\" rel=\"noopener noreferrer\">Webventure<\/a><\/li>\n<\/ul>\n<\/li>\n<\/ul>\n<p>O site mostra as op\u00e7\u00f5es de ag\u00eancias de viagens que trabalham com <strong>turismo de aventura<\/strong>; neste site voc\u00ea ir\u00e1 encontrar informa\u00e7\u00f5es sobre montanhismo, biking, rafting, etc.<\/p>\n","protected":false},"excerpt":{"rendered":"<p>Administra\u00e7\u00e3o Boletim Governet de Recursos Humanos Revista ADM MADE Revista Administra\u00e7\u00e3o e Contabilidade da FAT \u2013 ReAC Revista Administra\u00e7\u00e3o Faeg Revista Administra\u00e7\u00e3o Municipal Revista Brasileira de Contabilidade Revista Brasileira de Marketing Revista Brazilian Administration Review \u2013 BAR Revista Cadernos de Psicologia Social do Trabalho (USP) Revista Cadernos Ebape Revista de<\/p>\n","protected":false},"author":10,"featured_media":0,"parent":717,"menu_order":0,"comment_status":"closed","ping_status":"closed","template":"templates\/template-pagina_menu_vertical.php","meta":{"footnotes":""},"categories":[],"tags":[],"class_list":["post-5347","page","type-page","status-publish","hentry"],"_links":{"self":[{"href":"https:\/\/portal.unisepe.com.br\/univr\/wp-json\/wp\/v2\/pages\/5347","targetHints":{"allow":["GET"]}}],"collection":[{"href":"https:\/\/portal.unisepe.com.br\/univr\/wp-json\/wp\/v2\/pages"}],"about":[{"href":"https:\/\/portal.unisepe.com.br\/univr\/wp-json\/wp\/v2\/types\/page"}],"author":[{"embeddable":true,"href":"https:\/\/portal.unisepe.com.br\/univr\/wp-json\/wp\/v2\/users\/10"}],"replies":[{"embeddable":true,"href":"https:\/\/portal.unisepe.com.br\/univr\/wp-json\/wp\/v2\/comments?post=5347"}],"version-history":[{"count":59,"href":"https:\/\/portal.unisepe.com.br\/univr\/wp-json\/wp\/v2\/pages\/5347\/revisions"}],"predecessor-version":[{"id":6365,"href":"https:\/\/portal.unisepe.com.br\/univr\/wp-json\/wp\/v2\/pages\/5347\/revisions\/6365"}],"up":[{"embeddable":true,"href":"https:\/\/portal.unisepe.com.br\/univr\/wp-json\/wp\/v2\/pages\/717"}],"wp:attachment":[{"href":"https:\/\/portal.unisepe.com.br\/univr\/wp-json\/wp\/v2\/media?parent=5347"}],"wp:term":[{"taxonomy":"category","embeddable":true,"href":"https:\/\/portal.unisepe.com.br\/univr\/wp-json\/wp\/v2\/categories?post=5347"},{"taxonomy":"post_tag","embeddable":true,"href":"https:\/\/portal.unisepe.com.br\/univr\/wp-json\/wp\/v2\/tags?post=5347"}],"curies":[{"name":"wp","href":"https:\/\/api.w.org\/{rel}","templated":true}]}}